{"id":1441,"date":"2025-08-24T23:07:23","date_gmt":"2025-08-24T23:07:23","guid":{"rendered":"https:\/\/civilwordsaps.it\/?page_id=1441"},"modified":"2026-04-20T19:49:38","modified_gmt":"2026-04-20T19:49:38","slug":"i-17-di-via-rasella","status":"publish","type":"page","link":"https:\/\/civilwordsaps.it\/en\/teatro\/i-17-di-via-rasella\/","title":{"rendered":"I 17 DI VIA RASELLA"},"content":{"rendered":"<div data-elementor-type=\"wp-page\" data-elementor-id=\"1441\" class=\"elementor elementor-1441\">\n\t\t\t\t<div class=\"elementor-element elementor-element-682f2cd e-flex e-con-boxed e-con e-parent\" data-id=\"682f2cd\" data-element_type=\"container\">\n\t\t\t\t\t<div class=\"e-con-inner\">\n\t\t\t\t<div class=\"elementor-element elementor-element-061b209 elementor-widget elementor-widget-spacer\" data-id=\"061b209\" data-element_type=\"widget\" data-widget_type=\"spacer.default\">\n\t\t\t\t\t\t\t<div class=\"elementor-spacer\">\n\t\t\t<div class=\"elementor-spacer-inner\"><\/div>\n\t\t<\/div>\n\t\t\t\t\t\t<\/div>\n\t\t\t\t<div class=\"elementor-element elementor-element-c0019e3 elementor-widget elementor-widget-text-editor\" data-id=\"c0019e3\" data-element_type=\"widget\" data-widget_type=\"text-editor.default\">\n\t\t\t\t\t\t\t\t\t<h1>I 17 DI VIA RASELLA<\/h1>\t\t\t\t\t\t\t\t<\/div>\n\t\t\t\t\t<\/div>\n\t\t\t\t<\/div>\n\t\t<div class=\"elementor-element elementor-element-eae49a3 e-grid e-con-boxed e-con e-parent\" data-id=\"eae49a3\" data-element_type=\"container\">\n\t\t\t\t\t<div class=\"e-con-inner\">\n\t\t\t\t<div class=\"elementor-element elementor-element-552d67d elementor-widget elementor-widget-image\" data-id=\"552d67d\" data-element_type=\"widget\" data-widget_type=\"image.default\">\n\t\t\t\t\t\t\t\t\t\t\t\t\t\t\t<img fetchpriority=\"high\" decoding=\"async\" width=\"1080\" height=\"1350\" src=\"https:\/\/civilwordsaps.it\/wp-content\/uploads\/2026\/01\/locandina-i-17-di-via-rasella.png\" class=\"attachment-full size-full wp-image-4420\" alt=\"I 17 di via Rasella\" srcset=\"https:\/\/civilwordsaps.it\/wp-content\/uploads\/2026\/01\/locandina-i-17-di-via-rasella.png 1080w, https:\/\/civilwordsaps.it\/wp-content\/uploads\/2026\/01\/locandina-i-17-di-via-rasella-240x300.png 240w, https:\/\/civilwordsaps.it\/wp-content\/uploads\/2026\/01\/locandina-i-17-di-via-rasella-819x1024.png 819w, https:\/\/civilwordsaps.it\/wp-content\/uploads\/2026\/01\/locandina-i-17-di-via-rasella-768x960.png 768w, https:\/\/civilwordsaps.it\/wp-content\/uploads\/2026\/01\/locandina-i-17-di-via-rasella-10x12.png 10w, https:\/\/civilwordsaps.it\/wp-content\/uploads\/2026\/01\/locandina-i-17-di-via-rasella-600x750.png 600w\" sizes=\"(max-width: 1080px) 100vw, 1080px\" \/>\t\t\t\t\t\t\t\t\t\t\t\t\t\t\t<\/div>\n\t\t\t\t<div class=\"elementor-element elementor-element-02a84d6 elementor-widget elementor-widget-text-editor\" data-id=\"02a84d6\" data-element_type=\"widget\" data-widget_type=\"text-editor.default\">\n\t\t\t\t\t\t\t\t\t<p>\u201cThe bloodiest and most sensational anti-German urban attack in all of Western Europe\u201d<\/p><p>An attack. Something too serious. A criminal act. A legitimate act of war at the time of its perpetration. Here is a sad example of the Divided Memory of Italians, with its many moral, legal, and historiographical controversies surrounding it: the GAP attack on Via Rasella.<\/p><p>When we talk about moral controversies, we are not just talking about responsibility but about a much more complex issue, centered on the eternal question \"when does the end justify the means?\"<\/p><p>Even in the face of clear evidence and over the decades, false convictions and convictions have continued to flourish. But what seems most regrettable to us is that these accusations and controversies are primarily Italian. It doesn't matter whether they are right-wing or left-wing; what's serious is that the facts are ignored and convenient truths are told while ignoring historical reality.<\/p><p>That these false beliefs come from Italians themselves is saddening and disappointing, making our country appear ungrateful and hypocritical: we tend to forget the large number of Italians who participated in the fascist movement, and we condemn the Via Rasella youth for an action that literally marked the turning point in Italy's liberation, allowing the Allies to advance and freeing Rome from Nazi occupation.<\/p><p>It's said that knowing history is important to avoid repeating the mistakes of the past. It's said that history is written by the victors. So why, despite these premises, is history poorly told or remembered? Why do we still give more importance to moralizing than to the admissions of those directly responsible and affected?<\/p><p>Civil Words begins with a contribution by historian Alessandro Barbero, who recounts the established truth of the attack and sheds light on the lies that poison Italian memory, debunking them. The text is both a warning and an invitation: each of us is responsible for transmitting past memories to future generations, and this must be done with honesty, humility, and truth. If we allowed lies to contaminate the facts that brought us to where we are today, we would compromise our future and our national identity.<\/p>\t\t\t\t\t\t\t\t<\/div>\n\t\t\t\t\t<\/div>\n\t\t\t\t<\/div>\n\t\t<div class=\"elementor-element elementor-element-3590485 e-grid e-con-boxed e-con e-parent\" data-id=\"3590485\" data-element_type=\"container\">\n\t\t\t\t\t<div class=\"e-con-inner\">\n\t\t\t\t<div class=\"elementor-element elementor-element-161063f elementor-widget elementor-widget-text-editor\" data-id=\"161063f\" data-element_type=\"widget\" data-widget_type=\"text-editor.default\">\n\t\t\t\t\t\t\t\t\t<h1>UPCOMING DATES ON THE CALENDAR:<\/h1><p><div class='ajde_evcal_calendar eventon_single_event eventon_event evo_sin_box sev cev color esty_2 etttc_custom' ><div class='evo-data'   data-ux_val='3' data-exturl='' data-mapscroll='true' data-mapformat='roadmap' data-mapzoom='18' ><\/div><div class='evo_cal_data' data-sc='{\"excerpt\":\"no\",\"expanded\":\"no\",\"ux_val\":3,\"exturl\":\"\",\"mapscroll\":\"true\",\"mapformat\":\"roadmap\",\"mapzoom\":\"18\",\"maps_load\":\"yes\"}'><\/div><div id='evcal_list' class='eventon_events_list'><div id=\"event_2273_0\" class=\"eventon_list_event evo_eventtop scheduled  event event_2273_0\" data-event_id=\"2273\" data-ri=\"0r\" data-time=\"1774213200-1774220400\" data-colr=\"#992b34\" itemscope itemtype='http:\/\/schema.org\/Event'><div class=\"evo_event_schema\" style=\"display:none\" ><a itemprop='url'  href='https:\/\/civilwordsaps.it\/en\/evento\/i-17-di-via-rasella\/'><\/a><meta itemprop='image' content=\"https:\/\/civilwordsaps.it\/wp-content\/uploads\/2026\/01\/banner-i-17-di-via-Rasella.png\" \/><meta itemprop='startDate' content=\"2026-3-22T22:00+0:00\" \/><meta itemprop='endDate' content=\"2026-3-23T00:00+0:00\" \/><meta itemprop='eventStatus' content=\"https:\/\/schema.org\/EventScheduled\" \/><item style=\"display:none\" itemprop=\"location\" itemscope itemtype=\"http:\/\/schema.org\/Place\"><span itemprop=\"name\">Spazio Polline<\/span><span itemprop=\"address\" itemscope itemtype=\"http:\/\/schema.org\/PostalAddress\"><item itemprop=\"streetAddress\">Stazione Villapizzone del Passante Ferroviario di Milano, 20156 Milano MI<\/item><\/span><\/item><item style=\"display:none\" itemprop=\"eventAttendanceMode\" itemscope itemtype=\"https:\/\/schema.org\/OfflineEventAttendanceMode\"><\/item><script type=\"application\/ld+json\">{\"@context\": \"http:\/\/schema.org\",\"@type\": \"Event\",\n\t\t\t\t\"@id\": \"event_2273_0\",\n\t\t\t\t\"eventAttendanceMode\":\"https:\/\/schema.org\/OfflineEventAttendanceMode\",\n\t\t\t\t\"name\": \"I 17 di via Rasella\",\n\t\t\t\t\"url\": \"https:\/\/civilwordsaps.it\/en\/evento\/i-17-di-via-rasella\/\",\n\t\t\t\t\"startDate\": \"2026-3-22T22:00+0:00\",\n\t\t\t\t\"endDate\": \"2026-3-23T00:00+0:00\",\n\t\t\t\t\"image\":\"https:\/\/civilwordsaps.it\/wp-content\/uploads\/2026\/01\/banner-i-17-di-via-Rasella.png\", \n\t\t\t\t\"description\":\"<span style=color: #000000;>Civil Words parte dall'intervento dello storico Alessandro Barbero per raccontare la verit\u00e0 accertata dell'attacco e per fare luce sulle menzogne che avvelenano la memoria italiana, smentendole.<\/span>    <span style=color: #000000;>La pl\u00e8ce \u00e8 tanto un monito quanto un invito: ognuno di noi \u00e8 responsabile della trasmissione della memoria passata alle future generazioni e questo dev'essere fatto in un'ottica di onest\u00e0, umilt\u00e0 e verit\u00e0; se lasciassimo che le menzogne contaminino i fatti che ci hanno portato dove siamo oggi comprometteremmo il nostro futuro e la nostra identit\u00e0 nazionale.<\/span>\",\"location\":[{\"@type\":\"Place\",\"name\":\"Spazio Polline\",\"address\":{\"@type\": \"PostalAddress\",\"streetAddress\":\"Stazione Villapizzone del Passante Ferroviario di Milano, 20156 Milano MI\"}}],\"eventStatus\":\"https:\/\/schema.org\/EventScheduled\"}<\/script><\/div>\n\t\t\t\t<p class=\"desc_trig_outter\" style=\"\"><a data-gmap_status=\"null\" data-exlk=\"0\" style=\"background-color: #992b34;\" id=\"evc_17742132002273\" class=\"desc_trig sin_val evcal_list_a\" data-ux_val=\"1\" data-ux_val_mob=\"-\"  ><span class='evoet_c2 evoet_cx'><span class='evoet_dayblock evcal_cblock' data-bgcolor='#992b34' data-smon='Marzo' data-syr='2026'><span class='evo_start'><em class='date'>22<\/em><em class='month'>mar<\/em><em class='time'>21:00<\/em><\/span><span class='evo_end only_time'><em class='time'>23:00<\/em><\/span><\/span><\/span><span style='display:none' class='event_location_attrs'  data-location_address=\"Stazione Villapizzone del Passante Ferroviario di Milano, 20156 Milano MI\" data-location_type=\"address\" data-location_name=\"Spazio Polline\" data-location_url=\"https:\/\/civilwordsaps.it\/en\/event-location\/spazio-polline\/\" data-location_status=\"true\"><\/span><span class='evoet_c3 evoet_cx evcal_desc evo_info' ><span class='evoet_tags evo_above_title'><\/span><span class='evoet_title evcal_desc2 evcal_event_title' itemprop='name'>I 17 di via Rasella<\/span><span class='evoet_subtitle evo_below_title'><span class='evcal_event_subtitle' >THEATRE SHOW<\/span><\/span><span class='evoet_time_expand level_3 evcal_desc_info evogap10'><\/span><span class='evcal_desc3'><\/span><\/span><em class='evoet_data' style='display:none' data-bgc='#992b34'data-bggrad=''><\/em><\/a><\/p><div class='event_description evcal_eventcard' style=\"display:none\"><div class='evocard_row'><div class='evocard_box ftimage' data-c='ffffff' \n\t\t\t\t\tstyle='background-color:#ffffff'><div class='evo_metarow_directimg evcal_evdata_row'><img class='evo_event_main_img' src='https:\/\/civilwordsaps.it\/wp-content\/uploads\/2026\/01\/banner-i-17-di-via-Rasella.png' \/><\/div><\/div><\/div><div class='evocard_row bx2 bx'><div class='evocard_box time' data-c='ffffff' \n\t\t\t\t\tstyle='background-color:#ffffff'><div class='evo_metarow_time evorow evcal_evdata_row evcal_evrow_sm'>\n\t\t<span class='evcal_evdata_icons'><i class='fa fa-clock'><\/i><\/span>\n\t\t<div class='evcal_evdata_cell'>\t\t\t\t\t\t\t\n\t\t\t<h3 class='evo_h3'><span class='evcal_evdata_icons'><i class='fa fa-clock'><\/i><\/span>Hours<\/h3><p><span class='evo_eventcard_time_t'>22\/03\/2026 21:00 &#8211; 23:00<\/span><\/p>\n\t\t<\/div>\n\t<\/div><\/div><div class='evocard_box location' data-c='ffffff' \n\t\t\t\t\tstyle='background-color:#ffffff'><div class='evcal_evdata_row evo_metarow_time_location evorow'>\n\t\t\n\t\t\t<span class='evcal_evdata_icons'><i class='fa fa-map-marker'><\/i><\/span>\n\t\t\t<div class='evcal_evdata_cell' data-loc_tax_id='50'><h3 class='evo_h3'><span class='evcal_evdata_icons'><i class='fa fa-map-marker'><\/i><\/span><a target=\"\" href=\"https:\/\/lebelleartiaps.it\/eventi\/categoria\/spazio-polline-stazione-di-villapizzone\/\">Location<\/a><\/h3><p class='evo_location_name' style='margin-bottom:10px; font-size:15px;'><a target=\"\" href=\"https:\/\/lebelleartiaps.it\/eventi\/categoria\/spazio-polline-stazione-di-villapizzone\/\">Spazio Polline<\/a><\/p><p class='evo_location_address evodfxi evogap10'><a target=\"\" href=\"https:\/\/lebelleartiaps.it\/eventi\/categoria\/spazio-polline-stazione-di-villapizzone\/\">Stazione Villapizzone del Passante Ferroviario di Milano, 20156 Milano MI<\/a><a href='https:\/\/www.google.com\/maps?q=Stazione+Villapizzone+del+Passante+Ferroviario+di+Milano%2C+20156+Milano+MI' target='_blank'><i class='fa fa-arrow-up-right-from-square'><\/i><\/a><\/p><\/div>\n\t\t\n\t<\/div><\/div><\/div><div class='evocard_row'><div class='evocard_box eventdetails' data-c='ffffff' \n\t\t\t\t\tstyle='background-color:#ffffff'><div class=\"evo_metarow_details evorow evcal_evdata_row evcal_event_details\">\n    <div class=\"event_excerpt\" style=\"display:none\"><h3 class=\"padb5 evo_h3\">Event details<\/h3><p>Civil Words parte dall&#8217;intervento dello storico Alessandro Barbero per raccontare la verit\u00e0 accertata dell&#8217;attacco e per fare luce sulle menzogne che avvelenano la memoria italiana, smentendole.\r\n\r\nLa<\/p><\/div><span class='evcal_evdata_icons'><i class='fa fa-align-justify'><\/i><\/span>    <div class=\"evcal_evdata_cell\">\n        <div class=\"eventon_full_description\">\n            <h3 class=\"padb5 evo_h3\"><span class='evcal_evdata_icons'><i class='fa fa-align-justify'><\/i><\/span>Event details<\/h3>\n            <div class=\"eventon_desc_in\" itemprop=\"description\">\n                <span style=\"color: #000000;\">Civil Words begins with a presentation by historian Alessandro Barbero to reveal the established truth of the attack and to shed light on the lies that poison Italian memory, debunking them.<\/span>\r\n\r\n<span style=\"color: #000000;\">The plea is both a warning and an invitation: each of us is responsible for passing on the memory of the past to future generations, and this must be done with honesty, humility, and truth. If we allow lies to contaminate the facts that have brought us to where we are today, we will compromise our future and our national identity.<\/span>            <\/div>\n            <div class='clear'><\/div>        <\/div>\n    <\/div>\n<\/div><\/div><\/div><div class='evocard_row'><div class='evocard_box learnmore' data-c='ffffff' \n\t\t\t\t\tstyle='background-color:#ffffff'><div class='evo_metarow_learnM evo_metarow_learnmore evorow'>\n\t\t\t\t\t\t\t<a class='evcal_evdata_row evo_clik_row' href='https:\/\/civilwordsaps.it\/en\/i-17-di-via-rasella\/' >\n\t\t\t\t\t\t\t\t<span class='evcal_evdata_icons'><i class='fa fa-link'><\/i><\/span>\n\t\t\t\t\t\t\t\t<h3 class='evo_h3 evopad0i'>Learn more<\/h3>\n\t\t\t\t\t\t\t<\/a>\n\t\t\t\t\t\t\t<\/div><\/div><\/div><div class='evo_card_row_end evcal_close' title='Chiudi'><\/div><\/div><div class='clear end'><\/div><\/div><\/div><\/div><\/p><hr \/><h1>SHOW ARCHIVE:<\/h1>\t\t\t\t\t\t\t\t<\/div>\n\t\t\t\t\t<\/div>\n\t\t\t\t<\/div>\n\t\t<div class=\"elementor-element elementor-element-94b61de e-grid e-con-boxed e-con e-parent\" data-id=\"94b61de\" data-element_type=\"container\">\n\t\t\t\t\t<div class=\"e-con-inner\">\n\t\t\t\t<div class=\"elementor-element elementor-element-3f5cedc elementor-widget elementor-widget-text-editor\" data-id=\"3f5cedc\" data-element_type=\"widget\" data-widget_type=\"text-editor.default\">\n\t\t\t\t\t\t\t\t\t<p><div class='ajde_evcal_calendar eventon_single_event eventon_event evo_sin_box sev cev color esty_2 etttc_custom' ><div class='evo-data'   data-ux_val='3' data-exturl='' data-mapscroll='true' data-mapformat='roadmap' data-mapzoom='18' ><\/div><div class='evo_cal_data' data-sc='{\"excerpt\":\"no\",\"expanded\":\"no\",\"ux_val\":3,\"exturl\":\"\",\"mapscroll\":\"true\",\"mapformat\":\"roadmap\",\"mapzoom\":\"18\",\"maps_load\":\"yes\"}'><\/div><div id='evcal_list' class='eventon_events_list'><div id=\"event_2596_0\" class=\"eventon_list_event evo_eventtop scheduled  event event_2596_0\" data-event_id=\"2596\" data-ri=\"0r\" data-time=\"1711227600-1711234800\" data-colr=\"#992b34\" itemscope itemtype='http:\/\/schema.org\/Event'><div class=\"evo_event_schema\" style=\"display:none\" ><a itemprop='url'  href='https:\/\/civilwordsaps.it\/en\/evento\/i-17-di-via-rasella-paullo\/'><\/a><meta itemprop='image' content=\"https:\/\/civilwordsaps.it\/wp-content\/uploads\/2025\/12\/banner-calendario-i-17-di-via-rasella.png\" \/><meta itemprop='startDate' content=\"2024-3-23T22:00+0:00\" \/><meta itemprop='endDate' content=\"2024-3-24T00:00+0:00\" \/><meta itemprop='eventStatus' content=\"https:\/\/schema.org\/EventScheduled\" \/><item style=\"display:none\" itemprop=\"eventAttendanceMode\" itemscope itemtype=\"https:\/\/schema.org\/OfflineEventAttendanceMode\"><\/item><script type=\"application\/ld+json\">{\"@context\": \"http:\/\/schema.org\",\"@type\": \"Event\",\n\t\t\t\t\"@id\": \"event_2596_0\",\n\t\t\t\t\"eventAttendanceMode\":\"https:\/\/schema.org\/OfflineEventAttendanceMode\",\n\t\t\t\t\"name\": \"I 17 di via Rasella - Paullo MI\",\n\t\t\t\t\"url\": \"https:\/\/civilwordsaps.it\/en\/evento\/i-17-di-via-rasella-paullo\/\",\n\t\t\t\t\"startDate\": \"2024-3-23T22:00+0:00\",\n\t\t\t\t\"endDate\": \"2024-3-24T00:00+0:00\",\n\t\t\t\t\"image\":\"https:\/\/civilwordsaps.it\/wp-content\/uploads\/2025\/12\/banner-calendario-i-17-di-via-rasella.png\", \n\t\t\t\t\"description\":\"<span style=color: #000000;>Civil Words parte dall'intervento dello storico Alessandro Barbero per raccontare la verit\u00e0 accertata dell'attacco e per fare luce sulle menzogne che avvelenano la memoria italiana, smentendole.<\/span>    <span style=color: #000000;>La pl\u00e8ce \u00e8 tanto un monito quanto un invito: ognuno di noi \u00e8 responsabile della trasmissione della memoria passata alle future generazioni e questo dev'essere fatto in un'ottica di onest\u00e0, umilt\u00e0 e verit\u00e0; se lasciassimo che le menzogne contaminino i fatti che ci hanno portato dove siamo oggi comprometteremmo il nostro futuro e la nostra identit\u00e0 nazionale.<\/span>\",\"eventStatus\":\"https:\/\/schema.org\/EventScheduled\"}<\/script><\/div>\n\t\t\t\t<p class=\"desc_trig_outter\" style=\"\"><a data-gmap_status=\"null\" data-exlk=\"0\" style=\"background-color: #992b34;\" id=\"evc_17112276002596\" class=\"desc_trig sin_val evcal_list_a\" data-ux_val=\"1\" data-ux_val_mob=\"-\"  ><span class='evoet_c2 evoet_cx'><span class='evoet_dayblock evcal_cblock' data-bgcolor='#992b34' data-smon='Marzo' data-syr='2024'><span class='evo_start'><em class='date'>23<\/em><em class='month'>mar<\/em><em class='time'>21:00<\/em><\/span><span class='evo_end only_time'><em class='time'>23:00<\/em><\/span><\/span><\/span><span class='evoet_c3 evoet_cx evcal_desc evo_info' ><span class='evoet_tags evo_above_title'><\/span><span class='evoet_title evcal_desc2 evcal_event_title' itemprop='name'>I 17 di via Rasella &#8211; Paullo MI<\/span><span class='evoet_subtitle evo_below_title'><span class='evcal_event_subtitle' >THEATRE SHOW<\/span><\/span><span class='evoet_time_expand level_3 evcal_desc_info evogap10'><\/span><\/span><\/span><em class='evoet_data' style='display:none' data-bgc='#992b34'data-bggrad=''><\/em><\/a><\/p><div class='event_description evcal_eventcard' style=\"display:none\"><div class='evocard_row'><div class='evocard_box ftimage' data-c='ffffff' \n\t\t\t\t\tstyle='background-color:#ffffff'><div class='evo_metarow_directimg evcal_evdata_row'><img class='evo_event_main_img' src='https:\/\/civilwordsaps.it\/wp-content\/uploads\/2025\/12\/banner-calendario-i-17-di-via-rasella.png' \/><\/div><\/div><\/div><div class='evocard_row bx2 bx'><div class='evocard_box time' data-c='ffffff' \n\t\t\t\t\tstyle='background-color:#ffffff'><div class='evo_metarow_time evorow evcal_evdata_row evcal_evrow_sm'>\n\t\t<span class='evcal_evdata_icons'><i class='fa fa-clock'><\/i><\/span>\n\t\t<div class='evcal_evdata_cell'>\t\t\t\t\t\t\t\n\t\t\t<h3 class='evo_h3'><span class='evcal_evdata_icons'><i class='fa fa-clock'><\/i><\/span>Hours<\/h3><p><span class='evo_eventcard_time_t'>23\/03\/2024 21:00 &#8211; 23:00<\/span><\/p>\n\t\t<\/div>\n\t<\/div><\/div><div class='evocard_box location' data-c='ffffff' \n\t\t\t\t\tstyle='background-color:#ffffff'><div class='evcal_evdata_row evo_metarow_time_location evorow'>\n\t\t\n\t\t\t<span class='evcal_evdata_icons'><i class='fa fa-map-marker'><\/i><\/span>\n\t\t\t<div class='evcal_evdata_cell' data-loc_tax_id='63'><h3 class='evo_h3'><span class='evcal_evdata_icons'><i class='fa fa-map-marker'><\/i><\/span>Location<\/h3><p class='evo_location_name' style='margin-bottom:10px; font-size:15px;'>Paullo &#8211; Auditorium P.G. Frassati<\/p><\/div>\n\t\t\n\t<\/div><\/div><\/div><div class='evocard_row'><div class='evocard_box eventdetails' data-c='ffffff' \n\t\t\t\t\tstyle='background-color:#ffffff'><div class=\"evo_metarow_details evorow evcal_evdata_row evcal_event_details\">\n    <div class=\"event_excerpt\" style=\"display:none\"><h3 class=\"padb5 evo_h3\">Event details<\/h3><p>Civil Words parte dall&#8217;intervento dello storico Alessandro Barbero per raccontare la verit\u00e0 accertata dell&#8217;attacco e per fare luce sulle menzogne che avvelenano la memoria italiana, smentendole.\r\n\r\nLa<\/p><\/div><span class='evcal_evdata_icons'><i class='fa fa-align-justify'><\/i><\/span>    <div class=\"evcal_evdata_cell\">\n        <div class=\"eventon_full_description\">\n            <h3 class=\"padb5 evo_h3\"><span class='evcal_evdata_icons'><i class='fa fa-align-justify'><\/i><\/span>Event details<\/h3>\n            <div class=\"eventon_desc_in\" itemprop=\"description\">\n                <span style=\"color: #000000;\">Civil Words begins with a presentation by historian Alessandro Barbero to reveal the established truth of the attack and to shed light on the lies that poison Italian memory, debunking them.<\/span>\r\n\r\n<span style=\"color: #000000;\">The plea is both a warning and an invitation: each of us is responsible for passing on the memory of the past to future generations, and this must be done with honesty, humility, and truth. If we allow lies to contaminate the facts that have brought us to where we are today, we will compromise our future and our national identity.<\/span>            <\/div>\n            <div class='clear'><\/div>        <\/div>\n    <\/div>\n<\/div><\/div><\/div><div class='evocard_row'><div class='evocard_box learnmore' data-c='ffffff' \n\t\t\t\t\tstyle='background-color:#ffffff'><div class='evo_metarow_learnM evo_metarow_learnmore evorow'>\n\t\t\t\t\t\t\t<a class='evcal_evdata_row evo_clik_row' href='https:\/\/civilwordsaps.it\/en\/i-17-di-via-rasella\/' >\n\t\t\t\t\t\t\t\t<span class='evcal_evdata_icons'><i class='fa fa-link'><\/i><\/span>\n\t\t\t\t\t\t\t\t<h3 class='evo_h3 evopad0i'>Learn more<\/h3>\n\t\t\t\t\t\t\t<\/a>\n\t\t\t\t\t\t\t<\/div><\/div><\/div><div class='evo_card_row_end evcal_close' title='Chiudi'><\/div><\/div><div class='clear end'><\/div><\/div><\/div><\/div><\/p>\t\t\t\t\t\t\t\t<\/div>\n\t\t\t\t<div class=\"elementor-element elementor-element-cefc671 elementor-widget elementor-widget-text-editor\" data-id=\"cefc671\" data-element_type=\"widget\" data-widget_type=\"text-editor.default\">\n\t\t\t\t\t\t\t\t\t<p><div class='ajde_evcal_calendar eventon_single_event eventon_event evo_sin_box sev cev color esty_2 etttc_custom' ><div class='evo-data'   data-ux_val='3' data-exturl='' data-mapscroll='true' data-mapformat='roadmap' data-mapzoom='18' ><\/div><div class='evo_cal_data' data-sc='{\"excerpt\":\"no\",\"expanded\":\"no\",\"ux_val\":3,\"exturl\":\"\",\"mapscroll\":\"true\",\"mapformat\":\"roadmap\",\"mapzoom\":\"18\",\"maps_load\":\"yes\"}'><\/div><div id='evcal_list' class='eventon_events_list'><div id=\"event_2597_0\" class=\"eventon_list_event evo_eventtop scheduled  event event_2597_0\" data-event_id=\"2597\" data-ri=\"0r\" data-time=\"1714251600-1714258800\" data-colr=\"#992b34\" itemscope itemtype='http:\/\/schema.org\/Event'><div class=\"evo_event_schema\" style=\"display:none\" ><a itemprop='url'  href='https:\/\/civilwordsaps.it\/en\/evento\/i-17-di-via-rasella-bussero\/'><\/a><meta itemprop='image' content=\"https:\/\/civilwordsaps.it\/wp-content\/uploads\/2025\/12\/banner-calendario-i-17-di-via-rasella.png\" \/><meta itemprop='startDate' content=\"2024-4-27T23:00+0:00\" \/><meta itemprop='endDate' content=\"2024-4-28T01:00+0:00\" \/><meta itemprop='eventStatus' content=\"https:\/\/schema.org\/EventScheduled\" \/><item style=\"display:none\" itemprop=\"eventAttendanceMode\" itemscope itemtype=\"https:\/\/schema.org\/OfflineEventAttendanceMode\"><\/item><script type=\"application\/ld+json\">{\"@context\": \"http:\/\/schema.org\",\"@type\": \"Event\",\n\t\t\t\t\"@id\": \"event_2597_0\",\n\t\t\t\t\"eventAttendanceMode\":\"https:\/\/schema.org\/OfflineEventAttendanceMode\",\n\t\t\t\t\"name\": \"I 17 di via Rasella - Bussero MI\",\n\t\t\t\t\"url\": \"https:\/\/civilwordsaps.it\/en\/evento\/i-17-di-via-rasella-bussero\/\",\n\t\t\t\t\"startDate\": \"2024-4-27T23:00+0:00\",\n\t\t\t\t\"endDate\": \"2024-4-28T01:00+0:00\",\n\t\t\t\t\"image\":\"https:\/\/civilwordsaps.it\/wp-content\/uploads\/2025\/12\/banner-calendario-i-17-di-via-rasella.png\", \n\t\t\t\t\"description\":\"<span style=color: #000000;>Civil Words parte dall'intervento dello storico Alessandro Barbero per raccontare la verit\u00e0 accertata dell'attacco e per fare luce sulle menzogne che avvelenano la memoria italiana, smentendole.<\/span>    <span style=color: #000000;>La pl\u00e8ce \u00e8 tanto un monito quanto un invito: ognuno di noi \u00e8 responsabile della trasmissione della memoria passata alle future generazioni e questo dev'essere fatto in un'ottica di onest\u00e0, umilt\u00e0 e verit\u00e0; se lasciassimo che le menzogne contaminino i fatti che ci hanno portato dove siamo oggi comprometteremmo il nostro futuro e la nostra identit\u00e0 nazionale.<\/span>\",\"eventStatus\":\"https:\/\/schema.org\/EventScheduled\"}<\/script><\/div>\n\t\t\t\t<p class=\"desc_trig_outter\" style=\"\"><a data-gmap_status=\"null\" data-exlk=\"0\" style=\"background-color: #992b34;\" id=\"evc_17142516002597\" class=\"desc_trig sin_val evcal_list_a\" data-ux_val=\"1\" data-ux_val_mob=\"-\"  ><span class='evoet_c2 evoet_cx'><span class='evoet_dayblock evcal_cblock' data-bgcolor='#992b34' data-smon='Aprile' data-syr='2024'><span class='evo_start'><em class='date'>27<\/em><em class='month'>apr<\/em><em class='time'>21:00<\/em><\/span><span class='evo_end only_time'><em class='time'>23:00<\/em><\/span><\/span><\/span><span class='evoet_c3 evoet_cx evcal_desc evo_info' ><span class='evoet_tags evo_above_title'><\/span><span class='evoet_title evcal_desc2 evcal_event_title' itemprop='name'>I 17 di via Rasella &#8211; Bussero MI<\/span><span class='evoet_subtitle evo_below_title'><span class='evcal_event_subtitle' >THEATRE SHOW<\/span><\/span><span class='evoet_time_expand level_3 evcal_desc_info evogap10'><\/span><\/span><\/span><em class='evoet_data' style='display:none' data-bgc='#992b34'data-bggrad=''><\/em><\/a><\/p><div class='event_description evcal_eventcard' style=\"display:none\"><div class='evocard_row'><div class='evocard_box ftimage' data-c='ffffff' \n\t\t\t\t\tstyle='background-color:#ffffff'><div class='evo_metarow_directimg evcal_evdata_row'><img class='evo_event_main_img' src='https:\/\/civilwordsaps.it\/wp-content\/uploads\/2025\/12\/banner-calendario-i-17-di-via-rasella.png' \/><\/div><\/div><\/div><div class='evocard_row bx2 bx'><div class='evocard_box time' data-c='ffffff' \n\t\t\t\t\tstyle='background-color:#ffffff'><div class='evo_metarow_time evorow evcal_evdata_row evcal_evrow_sm'>\n\t\t<span class='evcal_evdata_icons'><i class='fa fa-clock'><\/i><\/span>\n\t\t<div class='evcal_evdata_cell'>\t\t\t\t\t\t\t\n\t\t\t<h3 class='evo_h3'><span class='evcal_evdata_icons'><i class='fa fa-clock'><\/i><\/span>Hours<\/h3><p><span class='evo_eventcard_time_t'>27\/04\/2024 21:00 &#8211; 23:00<\/span><\/p>\n\t\t<\/div>\n\t<\/div><\/div><div class='evocard_box location' data-c='ffffff' \n\t\t\t\t\tstyle='background-color:#ffffff'><div class='evcal_evdata_row evo_metarow_time_location evorow'>\n\t\t\n\t\t\t<span class='evcal_evdata_icons'><i class='fa fa-map-marker'><\/i><\/span>\n\t\t\t<div class='evcal_evdata_cell' data-loc_tax_id='64'><h3 class='evo_h3'><span class='evcal_evdata_icons'><i class='fa fa-map-marker'><\/i><\/span>Location<\/h3><p class='evo_location_name' style='margin-bottom:10px; font-size:15px;'>Bussero &#8211; Spaziosfera<\/p><\/div>\n\t\t\n\t<\/div><\/div><\/div><div class='evocard_row'><div class='evocard_box eventdetails' data-c='ffffff' \n\t\t\t\t\tstyle='background-color:#ffffff'><div class=\"evo_metarow_details evorow evcal_evdata_row evcal_event_details\">\n    <div class=\"event_excerpt\" style=\"display:none\"><h3 class=\"padb5 evo_h3\">Event details<\/h3><p>Civil Words parte dall&#8217;intervento dello storico Alessandro Barbero per raccontare la verit\u00e0 accertata dell&#8217;attacco e per fare luce sulle menzogne che avvelenano la memoria italiana, smentendole.\r\n\r\nLa<\/p><\/div><span class='evcal_evdata_icons'><i class='fa fa-align-justify'><\/i><\/span>    <div class=\"evcal_evdata_cell\">\n        <div class=\"eventon_full_description\">\n            <h3 class=\"padb5 evo_h3\"><span class='evcal_evdata_icons'><i class='fa fa-align-justify'><\/i><\/span>Event details<\/h3>\n            <div class=\"eventon_desc_in\" itemprop=\"description\">\n                <span style=\"color: #000000;\">Civil Words begins with a presentation by historian Alessandro Barbero to reveal the established truth of the attack and to shed light on the lies that poison Italian memory, debunking them.<\/span>\r\n\r\n<span style=\"color: #000000;\">The plea is both a warning and an invitation: each of us is responsible for passing on the memory of the past to future generations, and this must be done with honesty, humility, and truth. If we allow lies to contaminate the facts that have brought us to where we are today, we will compromise our future and our national identity.<\/span>            <\/div>\n            <div class='clear'><\/div>        <\/div>\n    <\/div>\n<\/div><\/div><\/div><div class='evocard_row'><div class='evocard_box learnmore' data-c='ffffff' \n\t\t\t\t\tstyle='background-color:#ffffff'><div class='evo_metarow_learnM evo_metarow_learnmore evorow'>\n\t\t\t\t\t\t\t<a class='evcal_evdata_row evo_clik_row' href='https:\/\/civilwordsaps.it\/en\/i-17-di-via-rasella\/' >\n\t\t\t\t\t\t\t\t<span class='evcal_evdata_icons'><i class='fa fa-link'><\/i><\/span>\n\t\t\t\t\t\t\t\t<h3 class='evo_h3 evopad0i'>Learn more<\/h3>\n\t\t\t\t\t\t\t<\/a>\n\t\t\t\t\t\t\t<\/div><\/div><\/div><div class='evo_card_row_end evcal_close' title='Chiudi'><\/div><\/div><div class='clear end'><\/div><\/div><\/div><\/div><\/p>\t\t\t\t\t\t\t\t<\/div>\n\t\t\t\t<div class=\"elementor-element elementor-element-2622e28 elementor-widget elementor-widget-text-editor\" data-id=\"2622e28\" data-element_type=\"widget\" data-widget_type=\"text-editor.default\">\n\t\t\t\t\t\t\t\t\t<p><div class='ajde_evcal_calendar eventon_single_event eventon_event evo_sin_box sev cev color esty_2 etttc_custom' ><div class='evo-data'   data-ux_val='3' data-exturl='' data-mapscroll='true' data-mapformat='roadmap' data-mapzoom='18' ><\/div><div class='evo_cal_data' data-sc='{\"excerpt\":\"no\",\"expanded\":\"no\",\"ux_val\":3,\"exturl\":\"\",\"mapscroll\":\"true\",\"mapformat\":\"roadmap\",\"mapzoom\":\"18\",\"maps_load\":\"yes\"}'><\/div><div id='evcal_list' class='eventon_events_list'><div id=\"event_2598_0\" class=\"eventon_list_event evo_eventtop scheduled  event event_2598_0\" data-event_id=\"2598\" data-ri=\"0r\" data-time=\"1716757200-1716764400\" data-colr=\"#992b34\" itemscope itemtype='http:\/\/schema.org\/Event'><div class=\"evo_event_schema\" style=\"display:none\" ><a itemprop='url'  href='https:\/\/civilwordsaps.it\/en\/evento\/i-17-di-via-rasella-mediglia\/'><\/a><meta itemprop='image' content=\"https:\/\/civilwordsaps.it\/wp-content\/uploads\/2025\/12\/banner-calendario-i-17-di-via-rasella.png\" \/><meta itemprop='startDate' content=\"2024-5-26T23:00+0:00\" \/><meta itemprop='endDate' content=\"2024-5-27T01:00+0:00\" \/><meta itemprop='eventStatus' content=\"https:\/\/schema.org\/EventScheduled\" \/><item style=\"display:none\" itemprop=\"eventAttendanceMode\" itemscope itemtype=\"https:\/\/schema.org\/OfflineEventAttendanceMode\"><\/item><script type=\"application\/ld+json\">{\"@context\": \"http:\/\/schema.org\",\"@type\": \"Event\",\n\t\t\t\t\"@id\": \"event_2598_0\",\n\t\t\t\t\"eventAttendanceMode\":\"https:\/\/schema.org\/OfflineEventAttendanceMode\",\n\t\t\t\t\"name\": \"I 17 di via Rasella - Mediglia MI\",\n\t\t\t\t\"url\": \"https:\/\/civilwordsaps.it\/en\/evento\/i-17-di-via-rasella-mediglia\/\",\n\t\t\t\t\"startDate\": \"2024-5-26T23:00+0:00\",\n\t\t\t\t\"endDate\": \"2024-5-27T01:00+0:00\",\n\t\t\t\t\"image\":\"https:\/\/civilwordsaps.it\/wp-content\/uploads\/2025\/12\/banner-calendario-i-17-di-via-rasella.png\", \n\t\t\t\t\"description\":\"<span style=color: #000000;>Civil Words parte dall'intervento dello storico Alessandro Barbero per raccontare la verit\u00e0 accertata dell'attacco e per fare luce sulle menzogne che avvelenano la memoria italiana, smentendole.<\/span>    <span style=color: #000000;>La pl\u00e8ce \u00e8 tanto un monito quanto un invito: ognuno di noi \u00e8 responsabile della trasmissione della memoria passata alle future generazioni e questo dev'essere fatto in un'ottica di onest\u00e0, umilt\u00e0 e verit\u00e0; se lasciassimo che le menzogne contaminino i fatti che ci hanno portato dove siamo oggi comprometteremmo il nostro futuro e la nostra identit\u00e0 nazionale.<\/span>\",\"eventStatus\":\"https:\/\/schema.org\/EventScheduled\"}<\/script><\/div>\n\t\t\t\t<p class=\"desc_trig_outter\" style=\"\"><a data-gmap_status=\"null\" data-exlk=\"0\" style=\"background-color: #992b34;\" id=\"evc_17167572002598\" class=\"desc_trig sin_val evcal_list_a\" data-ux_val=\"1\" data-ux_val_mob=\"-\"  ><span class='evoet_c2 evoet_cx'><span class='evoet_dayblock evcal_cblock' data-bgcolor='#992b34' data-smon='Maggio' data-syr='2024'><span class='evo_start'><em class='date'>26<\/em><em class='month'>may<\/em><em class='time'>21:00<\/em><\/span><span class='evo_end only_time'><em class='time'>23:00<\/em><\/span><\/span><\/span><span class='evoet_c3 evoet_cx evcal_desc evo_info' ><span class='evoet_tags evo_above_title'><\/span><span class='evoet_title evcal_desc2 evcal_event_title' itemprop='name'>I 17 di via Rasella &#8211; Mediglia MI<\/span><span class='evoet_subtitle evo_below_title'><span class='evcal_event_subtitle' >THEATRE SHOW<\/span><\/span><span class='evoet_time_expand level_3 evcal_desc_info evogap10'><\/span><\/span><\/span><em class='evoet_data' style='display:none' data-bgc='#992b34'data-bggrad=''><\/em><\/a><\/p><div class='event_description evcal_eventcard' style=\"display:none\"><div class='evocard_row'><div class='evocard_box ftimage' data-c='ffffff' \n\t\t\t\t\tstyle='background-color:#ffffff'><div class='evo_metarow_directimg evcal_evdata_row'><img class='evo_event_main_img' src='https:\/\/civilwordsaps.it\/wp-content\/uploads\/2025\/12\/banner-calendario-i-17-di-via-rasella.png' \/><\/div><\/div><\/div><div class='evocard_row bx2 bx'><div class='evocard_box time' data-c='ffffff' \n\t\t\t\t\tstyle='background-color:#ffffff'><div class='evo_metarow_time evorow evcal_evdata_row evcal_evrow_sm'>\n\t\t<span class='evcal_evdata_icons'><i class='fa fa-clock'><\/i><\/span>\n\t\t<div class='evcal_evdata_cell'>\t\t\t\t\t\t\t\n\t\t\t<h3 class='evo_h3'><span class='evcal_evdata_icons'><i class='fa fa-clock'><\/i><\/span>Hours<\/h3><p><span class='evo_eventcard_time_t'>26\/05\/2024 21:00 &#8211; 23:00<\/span><\/p>\n\t\t<\/div>\n\t<\/div><\/div><div class='evocard_box location' data-c='ffffff' \n\t\t\t\t\tstyle='background-color:#ffffff'><div class='evcal_evdata_row evo_metarow_time_location evorow'>\n\t\t\n\t\t\t<span class='evcal_evdata_icons'><i class='fa fa-map-marker'><\/i><\/span>\n\t\t\t<div class='evcal_evdata_cell' data-loc_tax_id='66'><h3 class='evo_h3'><span class='evcal_evdata_icons'><i class='fa fa-map-marker'><\/i><\/span>Location<\/h3><p class='evo_location_name' style='margin-bottom:10px; font-size:15px;'>Mediglia (MI)<\/p><\/div>\n\t\t\n\t<\/div><\/div><\/div><div class='evocard_row'><div class='evocard_box eventdetails' data-c='ffffff' \n\t\t\t\t\tstyle='background-color:#ffffff'><div class=\"evo_metarow_details evorow evcal_evdata_row evcal_event_details\">\n    <div class=\"event_excerpt\" style=\"display:none\"><h3 class=\"padb5 evo_h3\">Event details<\/h3><p>Civil Words parte dall&#8217;intervento dello storico Alessandro Barbero per raccontare la verit\u00e0 accertata dell&#8217;attacco e per fare luce sulle menzogne che avvelenano la memoria italiana, smentendole.\r\n\r\nLa<\/p><\/div><span class='evcal_evdata_icons'><i class='fa fa-align-justify'><\/i><\/span>    <div class=\"evcal_evdata_cell\">\n        <div class=\"eventon_full_description\">\n            <h3 class=\"padb5 evo_h3\"><span class='evcal_evdata_icons'><i class='fa fa-align-justify'><\/i><\/span>Event details<\/h3>\n            <div class=\"eventon_desc_in\" itemprop=\"description\">\n                <span style=\"color: #000000;\">Civil Words begins with a presentation by historian Alessandro Barbero to reveal the established truth of the attack and to shed light on the lies that poison Italian memory, debunking them.<\/span>\r\n\r\n<span style=\"color: #000000;\">The plea is both a warning and an invitation: each of us is responsible for passing on the memory of the past to future generations, and this must be done with honesty, humility, and truth. If we allow lies to contaminate the facts that have brought us to where we are today, we will compromise our future and our national identity.<\/span>            <\/div>\n            <div class='clear'><\/div>        <\/div>\n    <\/div>\n<\/div><\/div><\/div><div class='evocard_row'><div class='evocard_box learnmore' data-c='ffffff' \n\t\t\t\t\tstyle='background-color:#ffffff'><div class='evo_metarow_learnM evo_metarow_learnmore evorow'>\n\t\t\t\t\t\t\t<a class='evcal_evdata_row evo_clik_row' href='https:\/\/civilwordsaps.it\/en\/i-17-di-via-rasella\/' >\n\t\t\t\t\t\t\t\t<span class='evcal_evdata_icons'><i class='fa fa-link'><\/i><\/span>\n\t\t\t\t\t\t\t\t<h3 class='evo_h3 evopad0i'>Learn more<\/h3>\n\t\t\t\t\t\t\t<\/a>\n\t\t\t\t\t\t\t<\/div><\/div><\/div><div class='evo_card_row_end evcal_close' title='Chiudi'><\/div><\/div><div class='clear end'><\/div><\/div><\/div><\/div><\/p>\t\t\t\t\t\t\t\t<\/div>\n\t\t\t\t<div class=\"elementor-element elementor-element-17ef384 elementor-widget elementor-widget-text-editor\" data-id=\"17ef384\" data-element_type=\"widget\" data-widget_type=\"text-editor.default\">\n\t\t\t\t\t\t\t\t\t<p><div class='ajde_evcal_calendar eventon_single_event eventon_event evo_sin_box sev cev color esty_2 etttc_custom' ><div class='evo-data'   data-ux_val='3' data-exturl='' data-mapscroll='true' data-mapformat='roadmap' data-mapzoom='18' ><\/div><div class='evo_cal_data' data-sc='{\"excerpt\":\"no\",\"expanded\":\"no\",\"ux_val\":3,\"exturl\":\"\",\"mapscroll\":\"true\",\"mapformat\":\"roadmap\",\"mapzoom\":\"18\",\"maps_load\":\"yes\"}'><\/div><div id='evcal_list' class='eventon_events_list'><div id=\"event_2600_0\" class=\"eventon_list_event evo_eventtop scheduled  event event_2600_0\" data-event_id=\"2600\" data-ri=\"0r\" data-time=\"1719003600-1719010800\" data-colr=\"#992b34\" itemscope itemtype='http:\/\/schema.org\/Event'><div class=\"evo_event_schema\" style=\"display:none\" ><a itemprop='url'  href='https:\/\/civilwordsaps.it\/en\/evento\/i-17-di-via-rasella-gorizia\/'><\/a><meta itemprop='image' content=\"https:\/\/civilwordsaps.it\/wp-content\/uploads\/2025\/12\/banner-calendario-i-17-di-via-rasella.png\" \/><meta itemprop='startDate' content=\"2024-6-21T23:00+0:00\" \/><meta itemprop='endDate' content=\"2024-6-22T01:00+0:00\" \/><meta itemprop='eventStatus' content=\"https:\/\/schema.org\/EventScheduled\" \/><item style=\"display:none\" itemprop=\"eventAttendanceMode\" itemscope itemtype=\"https:\/\/schema.org\/OfflineEventAttendanceMode\"><\/item><script type=\"application\/ld+json\">{\"@context\": \"http:\/\/schema.org\",\"@type\": \"Event\",\n\t\t\t\t\"@id\": \"event_2600_0\",\n\t\t\t\t\"eventAttendanceMode\":\"https:\/\/schema.org\/OfflineEventAttendanceMode\",\n\t\t\t\t\"name\": \"I 17 di via Rasella - Gorizia\",\n\t\t\t\t\"url\": \"https:\/\/civilwordsaps.it\/en\/evento\/i-17-di-via-rasella-gorizia\/\",\n\t\t\t\t\"startDate\": \"2024-6-21T23:00+0:00\",\n\t\t\t\t\"endDate\": \"2024-6-22T01:00+0:00\",\n\t\t\t\t\"image\":\"https:\/\/civilwordsaps.it\/wp-content\/uploads\/2025\/12\/banner-calendario-i-17-di-via-rasella.png\", \n\t\t\t\t\"description\":\"<span style=color: #000000;>Civil Words parte dall'intervento dello storico Alessandro Barbero per raccontare la verit\u00e0 accertata dell'attacco e per fare luce sulle menzogne che avvelenano la memoria italiana, smentendole.<\/span>    <span style=color: #000000;>La pl\u00e8ce \u00e8 tanto un monito quanto un invito: ognuno di noi \u00e8 responsabile della trasmissione della memoria passata alle future generazioni e questo dev'essere fatto in un'ottica di onest\u00e0, umilt\u00e0 e verit\u00e0; se lasciassimo che le menzogne contaminino i fatti che ci hanno portato dove siamo oggi comprometteremmo il nostro futuro e la nostra identit\u00e0 nazionale.<\/span>\",\"eventStatus\":\"https:\/\/schema.org\/EventScheduled\"}<\/script><\/div>\n\t\t\t\t<p class=\"desc_trig_outter\" style=\"\"><a data-gmap_status=\"null\" data-exlk=\"0\" style=\"background-color: #992b34;\" id=\"evc_17190036002600\" class=\"desc_trig sin_val evcal_list_a\" data-ux_val=\"1\" data-ux_val_mob=\"-\"  ><span class='evoet_c2 evoet_cx'><span class='evoet_dayblock evcal_cblock' data-bgcolor='#992b34' data-smon='Giugno' data-syr='2024'><span class='evo_start'><em class='date'>21<\/em><em class='month'>jun<\/em><em class='time'>21:00<\/em><\/span><span class='evo_end only_time'><em class='time'>23:00<\/em><\/span><\/span><\/span><span class='evoet_c3 evoet_cx evcal_desc evo_info' ><span class='evoet_tags evo_above_title'><\/span><span class='evoet_title evcal_desc2 evcal_event_title' itemprop='name'>I 17 di via Rasella &#8211; Gorizia<\/span><span class='evoet_subtitle evo_below_title'><span class='evcal_event_subtitle' >THEATRE SHOW<\/span><\/span><span class='evoet_time_expand level_3 evcal_desc_info evogap10'><\/span><\/span><\/span><em class='evoet_data' style='display:none' data-bgc='#992b34'data-bggrad=''><\/em><\/a><\/p><div class='event_description evcal_eventcard' style=\"display:none\"><div class='evocard_row'><div class='evocard_box ftimage' data-c='ffffff' \n\t\t\t\t\tstyle='background-color:#ffffff'><div class='evo_metarow_directimg evcal_evdata_row'><img class='evo_event_main_img' src='https:\/\/civilwordsaps.it\/wp-content\/uploads\/2025\/12\/banner-calendario-i-17-di-via-rasella.png' \/><\/div><\/div><\/div><div class='evocard_row bx2 bx'><div class='evocard_box time' data-c='ffffff' \n\t\t\t\t\tstyle='background-color:#ffffff'><div class='evo_metarow_time evorow evcal_evdata_row evcal_evrow_sm'>\n\t\t<span class='evcal_evdata_icons'><i class='fa fa-clock'><\/i><\/span>\n\t\t<div class='evcal_evdata_cell'>\t\t\t\t\t\t\t\n\t\t\t<h3 class='evo_h3'><span class='evcal_evdata_icons'><i class='fa fa-clock'><\/i><\/span>Hours<\/h3><p><span class='evo_eventcard_time_t'>21\/06\/2024 21:00 &#8211; 23:00<\/span><\/p>\n\t\t<\/div>\n\t<\/div><\/div><div class='evocard_box location' data-c='ffffff' \n\t\t\t\t\tstyle='background-color:#ffffff'><div class='evcal_evdata_row evo_metarow_time_location evorow'>\n\t\t\n\t\t\t<span class='evcal_evdata_icons'><i class='fa fa-map-marker'><\/i><\/span>\n\t\t\t<div class='evcal_evdata_cell' data-loc_tax_id='67'><h3 class='evo_h3'><span class='evcal_evdata_icons'><i class='fa fa-map-marker'><\/i><\/span>Location<\/h3><p class='evo_location_name' style='margin-bottom:10px; font-size:15px;'>Gorizia<\/p><\/div>\n\t\t\n\t<\/div><\/div><\/div><div class='evocard_row'><div class='evocard_box eventdetails' data-c='ffffff' \n\t\t\t\t\tstyle='background-color:#ffffff'><div class=\"evo_metarow_details evorow evcal_evdata_row evcal_event_details\">\n    <div class=\"event_excerpt\" style=\"display:none\"><h3 class=\"padb5 evo_h3\">Event details<\/h3><p>Civil Words parte dall&#8217;intervento dello storico Alessandro Barbero per raccontare la verit\u00e0 accertata dell&#8217;attacco e per fare luce sulle menzogne che avvelenano la memoria italiana, smentendole.\r\n\r\nLa<\/p><\/div><span class='evcal_evdata_icons'><i class='fa fa-align-justify'><\/i><\/span>    <div class=\"evcal_evdata_cell\">\n        <div class=\"eventon_full_description\">\n            <h3 class=\"padb5 evo_h3\"><span class='evcal_evdata_icons'><i class='fa fa-align-justify'><\/i><\/span>Event details<\/h3>\n            <div class=\"eventon_desc_in\" itemprop=\"description\">\n                <span style=\"color: #000000;\">Civil Words begins with a presentation by historian Alessandro Barbero to reveal the established truth of the attack and to shed light on the lies that poison Italian memory, debunking them.<\/span>\r\n\r\n<span style=\"color: #000000;\">The plea is both a warning and an invitation: each of us is responsible for passing on the memory of the past to future generations, and this must be done with honesty, humility, and truth. If we allow lies to contaminate the facts that have brought us to where we are today, we will compromise our future and our national identity.<\/span>            <\/div>\n            <div class='clear'><\/div>        <\/div>\n    <\/div>\n<\/div><\/div><\/div><div class='evocard_row'><div class='evocard_box learnmore' data-c='ffffff' \n\t\t\t\t\tstyle='background-color:#ffffff'><div class='evo_metarow_learnM evo_metarow_learnmore evorow'>\n\t\t\t\t\t\t\t<a class='evcal_evdata_row evo_clik_row' href='https:\/\/civilwordsaps.it\/en\/i-17-di-via-rasella\/' >\n\t\t\t\t\t\t\t\t<span class='evcal_evdata_icons'><i class='fa fa-link'><\/i><\/span>\n\t\t\t\t\t\t\t\t<h3 class='evo_h3 evopad0i'>Learn more<\/h3>\n\t\t\t\t\t\t\t<\/a>\n\t\t\t\t\t\t\t<\/div><\/div><\/div><div class='evo_card_row_end evcal_close' title='Chiudi'><\/div><\/div><div class='clear end'><\/div><\/div><\/div><\/div><\/p>\t\t\t\t\t\t\t\t<\/div>\n\t\t\t\t<div class=\"elementor-element elementor-element-9de1dd4 elementor-widget elementor-widget-text-editor\" data-id=\"9de1dd4\" data-element_type=\"widget\" data-widget_type=\"text-editor.default\">\n\t\t\t\t\t\t\t\t\t<p><div class='ajde_evcal_calendar eventon_single_event eventon_event evo_sin_box sev cev color esty_2 etttc_custom' ><div class='evo-data'   data-ux_val='3' data-exturl='' data-mapscroll='true' data-mapformat='roadmap' data-mapzoom='18' ><\/div><div class='evo_cal_data' data-sc='{\"excerpt\":\"no\",\"expanded\":\"no\",\"ux_val\":3,\"exturl\":\"\",\"mapscroll\":\"true\",\"mapformat\":\"roadmap\",\"mapzoom\":\"18\",\"maps_load\":\"yes\"}'><\/div><div id='evcal_list' class='eventon_events_list'><div id=\"event_2601_0\" class=\"eventon_list_event evo_eventtop scheduled  event event_2601_0\" data-event_id=\"2601\" data-ri=\"0r\" data-time=\"1720990800-1720998000\" data-colr=\"#992b34\" itemscope itemtype='http:\/\/schema.org\/Event'><div class=\"evo_event_schema\" style=\"display:none\" ><a itemprop='url'  href='https:\/\/civilwordsaps.it\/en\/evento\/i-17-di-via-rasella-milano\/'><\/a><meta itemprop='image' content=\"https:\/\/civilwordsaps.it\/wp-content\/uploads\/2025\/12\/banner-calendario-i-17-di-via-rasella.png\" \/><meta itemprop='startDate' content=\"2024-7-14T23:00+0:00\" \/><meta itemprop='endDate' content=\"2024-7-15T01:00+0:00\" \/><meta itemprop='eventStatus' content=\"https:\/\/schema.org\/EventScheduled\" \/><item style=\"display:none\" itemprop=\"eventAttendanceMode\" itemscope itemtype=\"https:\/\/schema.org\/OfflineEventAttendanceMode\"><\/item><script type=\"application\/ld+json\">{\"@context\": \"http:\/\/schema.org\",\"@type\": \"Event\",\n\t\t\t\t\"@id\": \"event_2601_0\",\n\t\t\t\t\"eventAttendanceMode\":\"https:\/\/schema.org\/OfflineEventAttendanceMode\",\n\t\t\t\t\"name\": \"I 17 di via Rasella - Milano\",\n\t\t\t\t\"url\": \"https:\/\/civilwordsaps.it\/en\/evento\/i-17-di-via-rasella-milano\/\",\n\t\t\t\t\"startDate\": \"2024-7-14T23:00+0:00\",\n\t\t\t\t\"endDate\": \"2024-7-15T01:00+0:00\",\n\t\t\t\t\"image\":\"https:\/\/civilwordsaps.it\/wp-content\/uploads\/2025\/12\/banner-calendario-i-17-di-via-rasella.png\", \n\t\t\t\t\"description\":\"<span style=color: #000000;>Civil Words parte dall'intervento dello storico Alessandro Barbero per raccontare la verit\u00e0 accertata dell'attacco e per fare luce sulle menzogne che avvelenano la memoria italiana, smentendole.<\/span>    <span style=color: #000000;>La pl\u00e8ce \u00e8 tanto un monito quanto un invito: ognuno di noi \u00e8 responsabile della trasmissione della memoria passata alle future generazioni e questo dev'essere fatto in un'ottica di onest\u00e0, umilt\u00e0 e verit\u00e0; se lasciassimo che le menzogne contaminino i fatti che ci hanno portato dove siamo oggi comprometteremmo il nostro futuro e la nostra identit\u00e0 nazionale.<\/span>\",\"eventStatus\":\"https:\/\/schema.org\/EventScheduled\"}<\/script><\/div>\n\t\t\t\t<p class=\"desc_trig_outter\" style=\"\"><a data-gmap_status=\"null\" data-exlk=\"0\" style=\"background-color: #992b34;\" id=\"evc_17209908002601\" class=\"desc_trig sin_val evcal_list_a\" data-ux_val=\"1\" data-ux_val_mob=\"-\"  ><span class='evoet_c2 evoet_cx'><span class='evoet_dayblock evcal_cblock' data-bgcolor='#992b34' data-smon='Luglio' data-syr='2024'><span class='evo_start'><em class='date'>14<\/em><em class='month'>jul<\/em><em class='time'>21:00<\/em><\/span><span class='evo_end only_time'><em class='time'>23:00<\/em><\/span><\/span><\/span><span class='evoet_c3 evoet_cx evcal_desc evo_info' ><span class='evoet_tags evo_above_title'><\/span><span class='evoet_title evcal_desc2 evcal_event_title' itemprop='name'>I 17 di via Rasella &#8211; Milano<\/span><span class='evoet_subtitle evo_below_title'><span class='evcal_event_subtitle' >THEATRE SHOW<\/span><\/span><span class='evoet_time_expand level_3 evcal_desc_info evogap10'><\/span><\/span><\/span><em class='evoet_data' style='display:none' data-bgc='#992b34'data-bggrad=''><\/em><\/a><\/p><div class='event_description evcal_eventcard' style=\"display:none\"><div class='evocard_row'><div class='evocard_box ftimage' data-c='ffffff' \n\t\t\t\t\tstyle='background-color:#ffffff'><div class='evo_metarow_directimg evcal_evdata_row'><img class='evo_event_main_img' src='https:\/\/civilwordsaps.it\/wp-content\/uploads\/2025\/12\/banner-calendario-i-17-di-via-rasella.png' \/><\/div><\/div><\/div><div class='evocard_row bx2 bx'><div class='evocard_box time' data-c='ffffff' \n\t\t\t\t\tstyle='background-color:#ffffff'><div class='evo_metarow_time evorow evcal_evdata_row evcal_evrow_sm'>\n\t\t<span class='evcal_evdata_icons'><i class='fa fa-clock'><\/i><\/span>\n\t\t<div class='evcal_evdata_cell'>\t\t\t\t\t\t\t\n\t\t\t<h3 class='evo_h3'><span class='evcal_evdata_icons'><i class='fa fa-clock'><\/i><\/span>Hours<\/h3><p><span class='evo_eventcard_time_t'>14\/07\/2024 21:00 &#8211; 23:00<\/span><\/p>\n\t\t<\/div>\n\t<\/div><\/div><div class='evocard_box location' data-c='ffffff' \n\t\t\t\t\tstyle='background-color:#ffffff'><div class='evcal_evdata_row evo_metarow_time_location evorow'>\n\t\t\n\t\t\t<span class='evcal_evdata_icons'><i class='fa fa-map-marker'><\/i><\/span>\n\t\t\t<div class='evcal_evdata_cell' data-loc_tax_id='68'><h3 class='evo_h3'><span class='evcal_evdata_icons'><i class='fa fa-map-marker'><\/i><\/span>Location<\/h3><p class='evo_location_name' style='margin-bottom:10px; font-size:15px;'>Milano<\/p><\/div>\n\t\t\n\t<\/div><\/div><\/div><div class='evocard_row'><div class='evocard_box eventdetails' data-c='ffffff' \n\t\t\t\t\tstyle='background-color:#ffffff'><div class=\"evo_metarow_details evorow evcal_evdata_row evcal_event_details\">\n    <div class=\"event_excerpt\" style=\"display:none\"><h3 class=\"padb5 evo_h3\">Event details<\/h3><p>Civil Words parte dall&#8217;intervento dello storico Alessandro Barbero per raccontare la verit\u00e0 accertata dell&#8217;attacco e per fare luce sulle menzogne che avvelenano la memoria italiana, smentendole.\r\n\r\nLa<\/p><\/div><span class='evcal_evdata_icons'><i class='fa fa-align-justify'><\/i><\/span>    <div class=\"evcal_evdata_cell\">\n        <div class=\"eventon_full_description\">\n            <h3 class=\"padb5 evo_h3\"><span class='evcal_evdata_icons'><i class='fa fa-align-justify'><\/i><\/span>Event details<\/h3>\n            <div class=\"eventon_desc_in\" itemprop=\"description\">\n                <span style=\"color: #000000;\">Civil Words begins with a presentation by historian Alessandro Barbero to reveal the established truth of the attack and to shed light on the lies that poison Italian memory, debunking them.<\/span>\r\n\r\n<span style=\"color: #000000;\">The plea is both a warning and an invitation: each of us is responsible for passing on the memory of the past to future generations, and this must be done with honesty, humility, and truth. If we allow lies to contaminate the facts that have brought us to where we are today, we will compromise our future and our national identity.<\/span>            <\/div>\n            <div class='clear'><\/div>        <\/div>\n    <\/div>\n<\/div><\/div><\/div><div class='evocard_row'><div class='evocard_box learnmore' data-c='ffffff' \n\t\t\t\t\tstyle='background-color:#ffffff'><div class='evo_metarow_learnM evo_metarow_learnmore evorow'>\n\t\t\t\t\t\t\t<a class='evcal_evdata_row evo_clik_row' href='https:\/\/civilwordsaps.it\/en\/i-17-di-via-rasella\/' >\n\t\t\t\t\t\t\t\t<span class='evcal_evdata_icons'><i class='fa fa-link'><\/i><\/span>\n\t\t\t\t\t\t\t\t<h3 class='evo_h3 evopad0i'>Learn more<\/h3>\n\t\t\t\t\t\t\t<\/a>\n\t\t\t\t\t\t\t<\/div><\/div><\/div><div class='evo_card_row_end evcal_close' title='Chiudi'><\/div><\/div><div class='clear end'><\/div><\/div><\/div><\/div><\/p>\t\t\t\t\t\t\t\t<\/div>\n\t\t\t\t\t<\/div>\n\t\t\t\t<\/div>\n\t\t<div class=\"elementor-element elementor-element-2031024 e-flex e-con-boxed e-con e-parent\" data-id=\"2031024\" data-element_type=\"container\">\n\t\t\t\t\t<div class=\"e-con-inner\">\n\t\t\t\t<div class=\"elementor-element elementor-element-98e2e70 elementor-widget elementor-widget-text-editor\" data-id=\"98e2e70\" data-element_type=\"widget\" data-widget_type=\"text-editor.default\">\n\t\t\t\t\t\t\t\t\t<h1>OTHER EVENTS:<\/h1>\t\t\t\t\t\t\t\t<\/div>\n\t\t\t\t<div class=\"elementor-element elementor-element-12dd57b elementor-widget elementor-widget-ucaddon_card_carousel\" data-id=\"12dd57b\" data-element_type=\"widget\" data-widget_type=\"ucaddon_card_carousel.default\">\n\t\t\t\t<div class=\"elementor-widget-container\">\n\t\t\t\t\t\n<!-- start Card Carousel -->\n\t\t<link id='font-awesome-css' href='https:\/\/civilwordsaps.it\/wp-content\/plugins\/unlimited-elements-for-elementor\/assets_libraries\/font-awesome6\/fontawesome-all.min.css' type='text\/css' rel='stylesheet' >\n\t\t<link id='font-awesome-4-shim-css' href='https:\/\/civilwordsaps.it\/wp-content\/plugins\/unlimited-elements-for-elementor\/assets_libraries\/font-awesome6\/fontawesome-v4-shims.min.css' type='text\/css' rel='stylesheet' >\n\t\t<link id='owl-carousel-css' href='https:\/\/civilwordsaps.it\/wp-content\/plugins\/unlimited-elements-for-elementor\/assets_libraries\/owl-carousel-new\/assets\/owl.carousel.css' type='text\/css' rel='stylesheet' >\n\t\t<link id='uc_ac_assets_file_animate_css_77907-css' href='https:\/\/civilwordsaps.it\/wp-content\/uploads\/ac_assets\/uc_classic_carousel\/animate.css' type='text\/css' rel='stylesheet' >\n\n<style>\/* widget: Card Carousel *\/\n\n#uc_card_carousel_elementor_12dd57b-wrapper{\n  min-height:1px;\n}\n\n#uc_card_carousel_elementor_12dd57b *{\n\t-webkit-box-sizing: border-box;\n\t-moz-box-sizing: border-box;\n\tbox-sizing: border-box;\n}\n\n#uc_card_carousel_elementor_12dd57b .ue-carousel-item{\n  overflow:hidden;\n  transition:0.3s;\n}\n\n#uc_card_carousel_elementor_12dd57b .uc_classic_carousel_container_holder{\n\tdisplay:block;\n\tposition:relative;\n\twidth:100%;\n    box-sizing: border-box;\n}\n#uc_card_carousel_elementor_12dd57b .uc_classic_carousel_placeholder{\n   position:relative;\n}\n\n\n#uc_card_carousel_elementor_12dd57b .uc_classic_carousel_placeholder img, #uc_card_carousel_elementor_12dd57b .ue_card_carousel_image_overlay{\n  transition: all 300ms;\n}\n\n.card_carousel_title{\n\tfont-size:21px;\n}\n\n.uc_classic_carousel .uc_classic_carousel_border{\n\tdisplay:block;\n    margin:0 auto;\n}\n\n.uc_classic_carousel  .uc_classic_carousel_placeholder img{\n\twidth:100%;    \n    display:block;\n}\n\n.uc_classic_carousel .uc_classic_carousel_content{\n  display: flex;\n  flex-flow: column nowrap;\n}\n\n.uc_classic_carousel .ue_button{\n  margin-top:auto;\n}\n\n.uc_classic_carousel .uc_classic_carousel_content .uc_more_btn {\n\tdisplay:inline-block;\n\ttext-decoration:none;\n\ttransition: all 0.5s ease;\n}\n\n#uc_card_carousel_elementor_12dd57b .owl-dots {\n  overflow:hidden;\n  text-align:center;\n}\n\n#uc_card_carousel_elementor_12dd57b .owl-dot {\n  border-radius:50%;\n  display:inline-block;\n}\n\n#uc_card_carousel_elementor_12dd57b .owl-nav .owl-prev,\n#uc_card_carousel_elementor_12dd57b .owl-nav .owl-next{\n    position:absolute;\n    display:flex;\n  \tjustify-content: center;\n  \talign-items: center;\n    text-align:center;\n}\n\n#uc_card_carousel_elementor_12dd57b .owl-nav .disabled{\n    display: none;  \n}\n\n\n#uc_card_carousel_elementor_12dd57b .ue-item-icon{\n  line-height:1em;\n  display:inline-flex;\n  justify-content:center;\n  align-items:center;  \n}\n\n#uc_card_carousel_elementor_12dd57b .ue-item-icon svg{\n  height:1em;\n  width:1em;\n}\n\n#uc_card_carousel_elementor_12dd57b .ue-item-icon-wrapper{\n  display:flex;\n}\n\n#uc_card_carousel_elementor_12dd57b .uc_classic_carousel_container_holder {\n\t max-width: ;\n}\n\n\n\n@media screen and (max-width: 1024px) {\n  #uc_card_carousel_elementor_12dd57b .uc_classic_carousel_container_holder {\n\t max-width: ;\n  }\n}\n\n@media screen and (max-width: 767px) {\n  #uc_card_carousel_elementor_12dd57b .uc_classic_carousel_container_holder {\n    max-width: ;\n  }\n}\n\n<\/style>\n\n<div class=\"uc_classic_carousel\" id=\"uc_card_carousel_elementor_12dd57b-wrapper\">\n  <div class=\"uc_carousel owl-carousel uc-items-wrapper\" id=\"uc_card_carousel_elementor_12dd57b\"  >\n    \n\n\n<div id=\"uc_card_carousel_elementor_12dd57b_item1\" class=\"uc_classic_carousel_container_holder ue-item elementor-repeater-item-f6cb553\" data-hide-item=\"false\">  \n  <div class=\"ue-carousel-item\">\n    \n        \n    \n          <div class=\"uc_classic_carousel_placeholder\">\n        <a href=\"https:\/\/civilwordsaps.it\/en\/puro-puro-puro\/\" title=\"\" >          <img decoding=\"async\" src=\"https:\/\/civilwordsaps.it\/wp-content\/uploads\/2026\/01\/SITO-CW-HOME-PUROPUROPURO.png\"  alt=\"https:\/\/civilwordsaps.it\/puro-puro-puro\/\" width=\"1080\" height=\"1600\">\n        <\/a>              <\/div>\n    \n    <div class=\"uc_classic_carousel_content\" style=\"direction:ltr;\">    \n\n      \n            <div class=\"card_carousel_text\">THEATRE SHOW<\/div>          <a href=\"https:\/\/civilwordsaps.it\/en\/puro-puro-puro\/\" ><div  class=\"card_carousel_title\">PURO PURO PURO!<\/div><\/a>\n  \t\n\n      \t\n      \n    <\/div>\n    \n  <\/div>\n<\/div>\n\n\n\n<div id=\"uc_card_carousel_elementor_12dd57b_item2\" class=\"uc_classic_carousel_container_holder ue-item elementor-repeater-item-dc62ec8\" data-hide-item=\"false\">  \n  <div class=\"ue-carousel-item\">\n    \n        \n    \n          <div class=\"uc_classic_carousel_placeholder\">\n        <a href=\"https:\/\/civilwordsaps.it\/en\/civil-readings\/\" title=\"\" >          <img decoding=\"async\" src=\"\">\n        <\/a>              <\/div>\n    \n    <div class=\"uc_classic_carousel_content\" style=\"direction:ltr;\">    \n\n      \n            <div class=\"card_carousel_text\">STAGED READING<\/div>          <a href=\"https:\/\/civilwordsaps.it\/en\/civil-readings\/\" ><div  class=\"card_carousel_title\">CIVIL READINGS<\/div><\/a>\n  \t\n\n      \t\n      \n    <\/div>\n    \n  <\/div>\n<\/div>\n\n\n\n<div id=\"uc_card_carousel_elementor_12dd57b_item3\" class=\"uc_classic_carousel_container_holder ue-item elementor-repeater-item-3688e13\" data-hide-item=\"false\">  \n  <div class=\"ue-carousel-item\">\n    \n        \n    \n          <div class=\"uc_classic_carousel_placeholder\">\n        <a href=\"https:\/\/civilwordsaps.it\/en\/prodotto\/corso-avanzato-di-recitazione-lattore-integrato\/\" title=\"\" >          <img decoding=\"async\" src=\"https:\/\/civilwordsaps.it\/wp-content\/uploads\/2026\/01\/SITO-CW-HOME-SLIDE-1-MOBILE-01-768x1138.png\"  alt=\"CORSO ATTORE INTEGRATO 2026\" width=\"768\" height=\"1138\">\n        <\/a>              <\/div>\n    \n    <div class=\"uc_classic_carousel_content\" style=\"direction:ltr;\">    \n\n      \n            <div class=\"card_carousel_text\">WORKSHOP<\/div>          <a href=\"https:\/\/civilwordsaps.it\/en\/prodotto\/corso-avanzato-di-recitazione-lattore-integrato\/\" ><div  class=\"card_carousel_title\">INTEGRATED ACTOR 2026<\/div><\/a>\n  \t\n\n      \t\n      \n    <\/div>\n    \n  <\/div>\n<\/div>\n\n  <\/div>\n<\/div>\n<!-- end Card Carousel -->\t\t\t\t<\/div>\n\t\t\t\t<\/div>\n\t\t\t\t\t<\/div>\n\t\t\t\t<\/div>\n\t\t\t\t<\/div>","protected":false},"excerpt":{"rendered":"<p>I 17 DI VIA RASELLA \u201cIl pi\u00f9 sanguinoso e clamoroso attentato urbano antitedesco in tutta l\u2019Europa Occidentale\u201d Un attentato. Una cosa troppo grossa. Un\u2019azione criminale. Un atto di guerra legittimo nel momento della sua attuazione. Ecco un triste esempio della Memoria Divisa degli italiani, con le sue troppe controversie morali e giuridiche e storiografiche che&hellip;&nbsp;<a href=\"https:\/\/civilwordsaps.it\/en\/teatro\/i-17-di-via-rasella\/\" rel=\"bookmark\"><span class=\"screen-reader-text\">I 17 DI VIA RASELLA<\/span><\/a><\/p>","protected":false},"author":1,"featured_media":0,"parent":5358,"menu_order":0,"comment_status":"closed","ping_status":"closed","template":"","meta":{"_exactmetrics_skip_tracking":false,"_exactmetrics_sitenote_active":false,"_exactmetrics_sitenote_note":"","_exactmetrics_sitenote_category":0,"neve_meta_sidebar":"","neve_meta_container":"contained","neve_meta_enable_content_width":"off","neve_meta_content_width":100,"neve_meta_title_alignment":"","neve_meta_author_avatar":"","neve_post_elements_order":"","neve_meta_disable_header":"","neve_meta_disable_footer":"","neve_meta_disable_title":"on","footnotes":""},"class_list":["post-1441","page","type-page","status-publish","hentry"],"yoast_head":"<!-- This site is optimized with the Yoast SEO plugin v25.7 - https:\/\/yoast.com\/wordpress\/plugins\/seo\/ -->\n<title>I 17 di via Rasella | Teatro | Civil Words<\/title>\n<meta name=\"description\" content=\"I 17 di via Rasella racconta la verit\u00e0 accertata dell\u2019attacco e f\u00e0 luce sulle menzogne che avvelenano la memoria italiana, smentendole.\" \/>\n<meta name=\"robots\" content=\"index, follow, max-snippet:-1, max-image-preview:large, max-video-preview:-1\" \/>\n<link rel=\"canonical\" href=\"https:\/\/civilwordsaps.it\/en\/teatro\/i-17-di-via-rasella\/\" \/>\n<meta property=\"og:locale\" content=\"en_GB\" \/>\n<meta property=\"og:type\" content=\"article\" \/>\n<meta property=\"og:title\" content=\"I 17 di via Rasella | Teatro | Civil Words\" \/>\n<meta property=\"og:description\" content=\"I 17 di via Rasella racconta la verit\u00e0 accertata dell\u2019attacco e f\u00e0 luce sulle menzogne che avvelenano la memoria italiana, smentendole.\" \/>\n<meta property=\"og:url\" content=\"https:\/\/civilwordsaps.it\/en\/teatro\/i-17-di-via-rasella\/\" \/>\n<meta property=\"og:site_name\" content=\"CIVIL WORDS\" \/>\n<meta property=\"article:publisher\" content=\"https:\/\/www.facebook.com\/CivWords\" \/>\n<meta property=\"article:modified_time\" content=\"2026-04-20T19:49:38+00:00\" \/>\n<meta property=\"og:image\" content=\"https:\/\/civilwordsaps.it\/wp-content\/uploads\/2026\/01\/locandina-i-17-di-via-rasella.png\" \/>\n\t<meta property=\"og:image:width\" content=\"1080\" \/>\n\t<meta property=\"og:image:height\" content=\"1350\" \/>\n\t<meta property=\"og:image:type\" content=\"image\/png\" \/>\n<meta name=\"twitter:card\" content=\"summary_large_image\" \/>\n<meta name=\"twitter:label1\" content=\"Estimated reading time\" \/>\n\t<meta name=\"twitter:data1\" content=\"3 minutes\" \/>\n<script type=\"application\/ld+json\" class=\"yoast-schema-graph\">{\"@context\":\"https:\/\/schema.org\",\"@graph\":[{\"@type\":\"WebPage\",\"@id\":\"https:\/\/civilwordsaps.it\/teatro\/i-17-di-via-rasella\/\",\"url\":\"https:\/\/civilwordsaps.it\/teatro\/i-17-di-via-rasella\/\",\"name\":\"I 17 di via Rasella | Teatro | Civil Words\",\"isPartOf\":{\"@id\":\"https:\/\/civilwordsaps.it\/#website\"},\"primaryImageOfPage\":{\"@id\":\"https:\/\/civilwordsaps.it\/teatro\/i-17-di-via-rasella\/#primaryimage\"},\"image\":{\"@id\":\"https:\/\/civilwordsaps.it\/teatro\/i-17-di-via-rasella\/#primaryimage\"},\"thumbnailUrl\":\"https:\/\/civilwordsaps.it\/wp-content\/uploads\/2026\/01\/locandina-i-17-di-via-rasella.png\",\"datePublished\":\"2025-08-24T23:07:23+00:00\",\"dateModified\":\"2026-04-20T19:49:38+00:00\",\"description\":\"I 17 di via Rasella racconta la verit\u00e0 accertata dell\u2019attacco e f\u00e0 luce sulle menzogne che avvelenano la memoria italiana, smentendole.\",\"breadcrumb\":{\"@id\":\"https:\/\/civilwordsaps.it\/teatro\/i-17-di-via-rasella\/#breadcrumb\"},\"inLanguage\":\"en-GB\",\"potentialAction\":[{\"@type\":\"ReadAction\",\"target\":[\"https:\/\/civilwordsaps.it\/teatro\/i-17-di-via-rasella\/\"]}]},{\"@type\":\"ImageObject\",\"inLanguage\":\"en-GB\",\"@id\":\"https:\/\/civilwordsaps.it\/teatro\/i-17-di-via-rasella\/#primaryimage\",\"url\":\"https:\/\/civilwordsaps.it\/wp-content\/uploads\/2026\/01\/locandina-i-17-di-via-rasella.png\",\"contentUrl\":\"https:\/\/civilwordsaps.it\/wp-content\/uploads\/2026\/01\/locandina-i-17-di-via-rasella.png\"},{\"@type\":\"BreadcrumbList\",\"@id\":\"https:\/\/civilwordsaps.it\/teatro\/i-17-di-via-rasella\/#breadcrumb\",\"itemListElement\":[{\"@type\":\"ListItem\",\"position\":1,\"name\":\"Home\",\"item\":\"https:\/\/civilwordsaps.it\/\"},{\"@type\":\"ListItem\",\"position\":2,\"name\":\"TEATRO\",\"item\":\"https:\/\/civilwordsaps.it\/teatro\/\"},{\"@type\":\"ListItem\",\"position\":3,\"name\":\"I 17 DI VIA RASELLA\"}]},{\"@type\":\"WebSite\",\"@id\":\"https:\/\/civilwordsaps.it\/#website\",\"url\":\"https:\/\/civilwordsaps.it\/\",\"name\":\"Civil Words\",\"description\":\"STAY HUMAN\",\"publisher\":{\"@id\":\"https:\/\/civilwordsaps.it\/#organization\"},\"potentialAction\":[{\"@type\":\"SearchAction\",\"target\":{\"@type\":\"EntryPoint\",\"urlTemplate\":\"https:\/\/civilwordsaps.it\/?s={search_term_string}\"},\"query-input\":{\"@type\":\"PropertyValueSpecification\",\"valueRequired\":true,\"valueName\":\"search_term_string\"}}],\"inLanguage\":\"en-GB\"},{\"@type\":\"Organization\",\"@id\":\"https:\/\/civilwordsaps.it\/#organization\",\"name\":\"Civil Words\",\"url\":\"https:\/\/civilwordsaps.it\/\",\"logo\":{\"@type\":\"ImageObject\",\"inLanguage\":\"en-GB\",\"@id\":\"https:\/\/civilwordsaps.it\/#\/schema\/logo\/image\/\",\"url\":\"https:\/\/civilwordsaps.it\/wp-content\/uploads\/2025\/08\/logo-civil-words.png\",\"contentUrl\":\"https:\/\/civilwordsaps.it\/wp-content\/uploads\/2025\/08\/logo-civil-words.png\",\"width\":279,\"height\":105,\"caption\":\"Civil Words\"},\"image\":{\"@id\":\"https:\/\/civilwordsaps.it\/#\/schema\/logo\/image\/\"},\"sameAs\":[\"https:\/\/www.facebook.com\/CivWords\",\"https:\/\/www.instagram.com\/civilwords\/\",\"https:\/\/www.youtube.com\/@civilwords\/\"]}]}<\/script>\n<!-- \/ Yoast SEO plugin. -->","yoast_head_json":{"title":"I 17 di via Rasella | Teatro | Civil Words","description":"I 17 di via Rasella racconta la verit\u00e0 accertata dell\u2019attacco e f\u00e0 luce sulle menzogne che avvelenano la memoria italiana, smentendole.","robots":{"index":"index","follow":"follow","max-snippet":"max-snippet:-1","max-image-preview":"max-image-preview:large","max-video-preview":"max-video-preview:-1"},"canonical":"https:\/\/civilwordsaps.it\/en\/teatro\/i-17-di-via-rasella\/","og_locale":"en_GB","og_type":"article","og_title":"I 17 di via Rasella | Teatro | Civil Words","og_description":"I 17 di via Rasella racconta la verit\u00e0 accertata dell\u2019attacco e f\u00e0 luce sulle menzogne che avvelenano la memoria italiana, smentendole.","og_url":"https:\/\/civilwordsaps.it\/en\/teatro\/i-17-di-via-rasella\/","og_site_name":"CIVIL WORDS","article_publisher":"https:\/\/www.facebook.com\/CivWords","article_modified_time":"2026-04-20T19:49:38+00:00","og_image":[{"width":1080,"height":1350,"url":"https:\/\/civilwordsaps.it\/wp-content\/uploads\/2026\/01\/locandina-i-17-di-via-rasella.png","type":"image\/png"}],"twitter_card":"summary_large_image","twitter_misc":{"Estimated reading time":"3 minutes"},"schema":{"@context":"https:\/\/schema.org","@graph":[{"@type":"WebPage","@id":"https:\/\/civilwordsaps.it\/teatro\/i-17-di-via-rasella\/","url":"https:\/\/civilwordsaps.it\/teatro\/i-17-di-via-rasella\/","name":"I 17 di via Rasella | Teatro | Civil Words","isPartOf":{"@id":"https:\/\/civilwordsaps.it\/#website"},"primaryImageOfPage":{"@id":"https:\/\/civilwordsaps.it\/teatro\/i-17-di-via-rasella\/#primaryimage"},"image":{"@id":"https:\/\/civilwordsaps.it\/teatro\/i-17-di-via-rasella\/#primaryimage"},"thumbnailUrl":"https:\/\/civilwordsaps.it\/wp-content\/uploads\/2026\/01\/locandina-i-17-di-via-rasella.png","datePublished":"2025-08-24T23:07:23+00:00","dateModified":"2026-04-20T19:49:38+00:00","description":"I 17 di via Rasella racconta la verit\u00e0 accertata dell\u2019attacco e f\u00e0 luce sulle menzogne che avvelenano la memoria italiana, smentendole.","breadcrumb":{"@id":"https:\/\/civilwordsaps.it\/teatro\/i-17-di-via-rasella\/#breadcrumb"},"inLanguage":"en-GB","potentialAction":[{"@type":"ReadAction","target":["https:\/\/civilwordsaps.it\/teatro\/i-17-di-via-rasella\/"]}]},{"@type":"ImageObject","inLanguage":"en-GB","@id":"https:\/\/civilwordsaps.it\/teatro\/i-17-di-via-rasella\/#primaryimage","url":"https:\/\/civilwordsaps.it\/wp-content\/uploads\/2026\/01\/locandina-i-17-di-via-rasella.png","contentUrl":"https:\/\/civilwordsaps.it\/wp-content\/uploads\/2026\/01\/locandina-i-17-di-via-rasella.png"},{"@type":"BreadcrumbList","@id":"https:\/\/civilwordsaps.it\/teatro\/i-17-di-via-rasella\/#breadcrumb","itemListElement":[{"@type":"ListItem","position":1,"name":"Home","item":"https:\/\/civilwordsaps.it\/"},{"@type":"ListItem","position":2,"name":"TEATRO","item":"https:\/\/civilwordsaps.it\/teatro\/"},{"@type":"ListItem","position":3,"name":"I 17 DI VIA RASELLA"}]},{"@type":"WebSite","@id":"https:\/\/civilwordsaps.it\/#website","url":"https:\/\/civilwordsaps.it\/","name":"Civil Words","description":"STAY HUMAN","publisher":{"@id":"https:\/\/civilwordsaps.it\/#organization"},"potentialAction":[{"@type":"SearchAction","target":{"@type":"EntryPoint","urlTemplate":"https:\/\/civilwordsaps.it\/?s={search_term_string}"},"query-input":{"@type":"PropertyValueSpecification","valueRequired":true,"valueName":"search_term_string"}}],"inLanguage":"en-GB"},{"@type":"Organization","@id":"https:\/\/civilwordsaps.it\/#organization","name":"Civil Words","url":"https:\/\/civilwordsaps.it\/","logo":{"@type":"ImageObject","inLanguage":"en-GB","@id":"https:\/\/civilwordsaps.it\/#\/schema\/logo\/image\/","url":"https:\/\/civilwordsaps.it\/wp-content\/uploads\/2025\/08\/logo-civil-words.png","contentUrl":"https:\/\/civilwordsaps.it\/wp-content\/uploads\/2025\/08\/logo-civil-words.png","width":279,"height":105,"caption":"Civil Words"},"image":{"@id":"https:\/\/civilwordsaps.it\/#\/schema\/logo\/image\/"},"sameAs":["https:\/\/www.facebook.com\/CivWords","https:\/\/www.instagram.com\/civilwords\/","https:\/\/www.youtube.com\/@civilwords\/"]}]}},"_links":{"self":[{"href":"https:\/\/civilwordsaps.it\/en\/wp-json\/wp\/v2\/pages\/1441","targetHints":{"allow":["GET"]}}],"collection":[{"href":"https:\/\/civilwordsaps.it\/en\/wp-json\/wp\/v2\/pages"}],"about":[{"href":"https:\/\/civilwordsaps.it\/en\/wp-json\/wp\/v2\/types\/page"}],"author":[{"embeddable":true,"href":"https:\/\/civilwordsaps.it\/en\/wp-json\/wp\/v2\/users\/1"}],"replies":[{"embeddable":true,"href":"https:\/\/civilwordsaps.it\/en\/wp-json\/wp\/v2\/comments?post=1441"}],"version-history":[{"count":84,"href":"https:\/\/civilwordsaps.it\/en\/wp-json\/wp\/v2\/pages\/1441\/revisions"}],"predecessor-version":[{"id":5813,"href":"https:\/\/civilwordsaps.it\/en\/wp-json\/wp\/v2\/pages\/1441\/revisions\/5813"}],"up":[{"embeddable":true,"href":"https:\/\/civilwordsaps.it\/en\/wp-json\/wp\/v2\/pages\/5358"}],"wp:attachment":[{"href":"https:\/\/civilwordsaps.it\/en\/wp-json\/wp\/v2\/media?parent=1441"}],"curies":[{"name":"wp","href":"https:\/\/api.w.org\/{rel}","templated":true}]}}