{"id":2618,"date":"2025-12-23T14:59:27","date_gmt":"2025-12-23T14:59:27","guid":{"rendered":"https:\/\/civilwordsaps.it\/?page_id=2618"},"modified":"2026-04-01T08:19:44","modified_gmt":"2026-04-01T08:19:44","slug":"eventi-passati","status":"publish","type":"page","link":"https:\/\/civilwordsaps.it\/en\/calendario\/eventi-passati\/","title":{"rendered":"PAST EVENTS"},"content":{"rendered":"<div data-elementor-type=\"wp-page\" data-elementor-id=\"2618\" class=\"elementor elementor-2618\">\n\t\t\t\t<div class=\"elementor-element elementor-element-60dd9ee e-flex e-con-boxed e-con e-parent\" data-id=\"60dd9ee\" data-element_type=\"container\">\n\t\t\t\t\t<div class=\"e-con-inner\">\n\t\t\t\t<div class=\"elementor-element elementor-element-68ed500 elementor-widget elementor-widget-spacer\" data-id=\"68ed500\" data-element_type=\"widget\" data-widget_type=\"spacer.default\">\n\t\t\t\t\t\t\t<div class=\"elementor-spacer\">\n\t\t\t<div class=\"elementor-spacer-inner\"><\/div>\n\t\t<\/div>\n\t\t\t\t\t\t<\/div>\n\t\t\t\t<div class=\"elementor-element elementor-element-874beba elementor-widget elementor-widget-text-editor\" data-id=\"874beba\" data-element_type=\"widget\" data-widget_type=\"text-editor.default\">\n\t\t\t\t\t\t\t\t\t<h1>PAST EVENTS:<\/h1>\t\t\t\t\t\t\t\t<\/div>\n\t\t\t\t\t<\/div>\n\t\t\t\t<\/div>\n\t\t<div class=\"elementor-element elementor-element-1a9dab5 e-grid e-con-boxed e-con e-parent\" data-id=\"1a9dab5\" data-element_type=\"container\">\n\t\t\t\t\t<div class=\"e-con-inner\">\n\t\t\t\t<div class=\"elementor-element elementor-element-3f26e42 elementor-widget elementor-widget-ucaddon_card_carousel\" data-id=\"3f26e42\" data-element_type=\"widget\" data-widget_type=\"ucaddon_card_carousel.default\">\n\t\t\t\t<div class=\"elementor-widget-container\">\n\t\t\t\t\t\n<!-- start Card Carousel -->\n\t\t<link id='font-awesome-css' href='https:\/\/civilwordsaps.it\/wp-content\/plugins\/unlimited-elements-for-elementor\/assets_libraries\/font-awesome6\/fontawesome-all.min.css' type='text\/css' rel='stylesheet' >\n\t\t<link id='font-awesome-4-shim-css' href='https:\/\/civilwordsaps.it\/wp-content\/plugins\/unlimited-elements-for-elementor\/assets_libraries\/font-awesome6\/fontawesome-v4-shims.min.css' type='text\/css' rel='stylesheet' >\n\t\t<link id='owl-carousel-css' href='https:\/\/civilwordsaps.it\/wp-content\/plugins\/unlimited-elements-for-elementor\/assets_libraries\/owl-carousel-new\/assets\/owl.carousel.css' type='text\/css' rel='stylesheet' >\n\t\t<link id='uc_ac_assets_file_animate_css_77907-css' href='https:\/\/civilwordsaps.it\/wp-content\/uploads\/ac_assets\/uc_classic_carousel\/animate.css' type='text\/css' rel='stylesheet' >\n\n<style>\/* widget: Card Carousel *\/\n\n#uc_card_carousel_elementor_3f26e42-wrapper{\n  min-height:1px;\n}\n\n#uc_card_carousel_elementor_3f26e42 *{\n\t-webkit-box-sizing: border-box;\n\t-moz-box-sizing: border-box;\n\tbox-sizing: border-box;\n}\n\n#uc_card_carousel_elementor_3f26e42 .ue-carousel-item{\n  overflow:hidden;\n  transition:0.3s;\n}\n\n#uc_card_carousel_elementor_3f26e42 .uc_classic_carousel_container_holder{\n\tdisplay:block;\n\tposition:relative;\n\twidth:100%;\n    box-sizing: border-box;\n}\n#uc_card_carousel_elementor_3f26e42 .uc_classic_carousel_placeholder{\n   position:relative;\n}\n\n\n#uc_card_carousel_elementor_3f26e42 .uc_classic_carousel_placeholder img, #uc_card_carousel_elementor_3f26e42 .ue_card_carousel_image_overlay{\n  transition: all 300ms;\n}\n\n.card_carousel_title{\n\tfont-size:21px;\n}\n\n.uc_classic_carousel .uc_classic_carousel_border{\n\tdisplay:block;\n    margin:0 auto;\n}\n\n.uc_classic_carousel  .uc_classic_carousel_placeholder img{\n\twidth:100%;    \n    display:block;\n}\n\n.uc_classic_carousel .uc_classic_carousel_content{\n  display: flex;\n  flex-flow: column nowrap;\n}\n\n.uc_classic_carousel .ue_button{\n  margin-top:auto;\n}\n\n.uc_classic_carousel .uc_classic_carousel_content .uc_more_btn {\n\tdisplay:inline-block;\n\ttext-decoration:none;\n\ttransition: all 0.5s ease;\n}\n\n#uc_card_carousel_elementor_3f26e42 .owl-dots {\n  overflow:hidden;\n  text-align:center;\n}\n\n#uc_card_carousel_elementor_3f26e42 .owl-dot {\n  border-radius:50%;\n  display:inline-block;\n}\n\n#uc_card_carousel_elementor_3f26e42 .owl-nav .owl-prev,\n#uc_card_carousel_elementor_3f26e42 .owl-nav .owl-next{\n    position:absolute;\n    display:flex;\n  \tjustify-content: center;\n  \talign-items: center;\n    text-align:center;\n}\n\n#uc_card_carousel_elementor_3f26e42 .owl-nav .disabled{\n    display: none;  \n}\n\n\n#uc_card_carousel_elementor_3f26e42 .ue-item-icon{\n  line-height:1em;\n  display:inline-flex;\n  justify-content:center;\n  align-items:center;  \n}\n\n#uc_card_carousel_elementor_3f26e42 .ue-item-icon svg{\n  height:1em;\n  width:1em;\n}\n\n#uc_card_carousel_elementor_3f26e42 .ue-item-icon-wrapper{\n  display:flex;\n}\n\n#uc_card_carousel_elementor_3f26e42 .uc_classic_carousel_container_holder {\n\t max-width: ;\n}\n\n\n\n@media screen and (max-width: 1024px) {\n  #uc_card_carousel_elementor_3f26e42 .uc_classic_carousel_container_holder {\n\t max-width: ;\n  }\n}\n\n@media screen and (max-width: 767px) {\n  #uc_card_carousel_elementor_3f26e42 .uc_classic_carousel_container_holder {\n    max-width: ;\n  }\n}\n\n<\/style>\n\n<div class=\"uc_classic_carousel\" id=\"uc_card_carousel_elementor_3f26e42-wrapper\">\n  <div class=\"uc_carousel owl-carousel uc-items-wrapper\" id=\"uc_card_carousel_elementor_3f26e42\"  >\n    \n\n\n<div id=\"uc_card_carousel_elementor_3f26e42_item1\" class=\"uc_classic_carousel_container_holder ue-item elementor-repeater-item-0ef988b\" data-hide-item=\"false\">  \n  <div class=\"ue-carousel-item\">\n    \n        \n    \n          <div class=\"uc_classic_carousel_placeholder\">\n        <a href=\"#\" title=\"DETTAGLI\" >          <img fetchpriority=\"high\" decoding=\"async\" src=\"https:\/\/civilwordsaps.it\/wp-content\/uploads\/2026\/01\/Spettacoli-anteprima-La-scelta-768x768.jpg\"  alt=\"La Scelta\" width=\"768\" height=\"768\">\n        <\/a>              <\/div>\n    \n    <div class=\"uc_classic_carousel_content\" style=\"direction:ltr;\">    \n\n      \n            <div class=\"card_carousel_text\">THEATRE SHOW<\/div>          <a href=\"#\" ><div  class=\"card_carousel_title\">LA SCELTA<\/div><\/a>\n  \t\n\n      \t\n      \n    <\/div>\n    \n  <\/div>\n<\/div>\n\n\n\n<div id=\"uc_card_carousel_elementor_3f26e42_item2\" class=\"uc_classic_carousel_container_holder ue-item elementor-repeater-item-cc67604\" data-hide-item=\"false\">  \n  <div class=\"ue-carousel-item\">\n    \n        \n    \n          <div class=\"uc_classic_carousel_placeholder\">\n        <a href=\"https:\/\/civilwordsaps.it\/en\/eufree\/\" title=\"\" >          <img decoding=\"async\" src=\"https:\/\/civilwordsaps.it\/wp-content\/uploads\/2025\/12\/EUFREE_cover.avif\"  alt=\"EUFREE_cover\" width=\"1162\" height=\"355\">\n        <\/a>              <\/div>\n    \n    <div class=\"uc_classic_carousel_content\" style=\"direction:ltr;\">    \n\n      \n            <div class=\"card_carousel_text\">FESTIVAL<\/div>          <a href=\"https:\/\/civilwordsaps.it\/en\/eufree\/\" ><div  class=\"card_carousel_title\">EUFREE<\/div><\/a>\n  \t\n\n      \t\n      \n    <\/div>\n    \n  <\/div>\n<\/div>\n\n\n\n<div id=\"uc_card_carousel_elementor_3f26e42_item3\" class=\"uc_classic_carousel_container_holder ue-item elementor-repeater-item-590705f\" data-hide-item=\"false\">  \n  <div class=\"ue-carousel-item\">\n    \n        \n    \n          <div class=\"uc_classic_carousel_placeholder\">\n        <a href=\"https:\/\/civilwordsaps.it\/en\/i-17-di-via-rasella\/\" title=\"DETTAGLI\" >          <img decoding=\"async\" src=\"https:\/\/civilwordsaps.it\/wp-content\/uploads\/2026\/01\/Spettacoli-anteprima-i-17-di-via-Rasella-768x768.jpg\"  alt=\"Spettacoli anteprima - i 17 di via Rasella\" width=\"768\" height=\"768\">\n        <\/a>              <\/div>\n    \n    <div class=\"uc_classic_carousel_content\" style=\"direction:ltr;\">    \n\n      \n            <div class=\"card_carousel_text\">THEATRE SHOW<\/div>          <a href=\"https:\/\/civilwordsaps.it\/en\/i-17-di-via-rasella\/\" ><div  class=\"card_carousel_title\">I 17 DI VIA RASELLA<\/div><\/a>\n  \t\n\n      \t\n      \n    <\/div>\n    \n  <\/div>\n<\/div>\n\n\n\n<div id=\"uc_card_carousel_elementor_3f26e42_item4\" class=\"uc_classic_carousel_container_holder ue-item elementor-repeater-item-1a01801\" data-hide-item=\"false\">  \n  <div class=\"ue-carousel-item\">\n    \n        \n    \n          <div class=\"uc_classic_carousel_placeholder\">\n        <a href=\"https:\/\/civilwordsaps.it\/en\/tedx-countdown\/\" title=\"\" >          <img loading=\"lazy\" decoding=\"async\" src=\"https:\/\/civilwordsaps.it\/wp-content\/uploads\/2025\/08\/ACxGC-TEDx-Copy.jpg\"  alt=\"ACxGC TEDx - Copy\" width=\"739\" height=\"1600\">\n        <\/a>              <\/div>\n    \n    <div class=\"uc_classic_carousel_content\" style=\"direction:ltr;\">    \n\n      \n            <div class=\"card_carousel_text\">FESTIVAL<\/div>          <a href=\"https:\/\/civilwordsaps.it\/en\/tedx-countdown\/\" ><div  class=\"card_carousel_title\">TEDX COUNTDOWN<\/div><\/a>\n  \t\n\n      \t\n      \n    <\/div>\n    \n  <\/div>\n<\/div>\n\n\n\n<div id=\"uc_card_carousel_elementor_3f26e42_item5\" class=\"uc_classic_carousel_container_holder ue-item elementor-repeater-item-04d0805\" data-hide-item=\"false\">  \n  <div class=\"ue-carousel-item\">\n    \n        \n    \n          <div class=\"uc_classic_carousel_placeholder\">\n        <a href=\"https:\/\/civilwordsaps.it\/en\/still-waiting-for-godot\/\" title=\"DETTAGLI\" >          <img loading=\"lazy\" decoding=\"async\" src=\"https:\/\/civilwordsaps.it\/wp-content\/uploads\/2026\/01\/Spettacoli-anteprima-SWFG.jpg\"  alt=\"Still waiting for Godot Civil Words\" width=\"1080\" height=\"1080\">\n        <\/a>              <\/div>\n    \n    <div class=\"uc_classic_carousel_content\" style=\"direction:ltr;\">    \n\n      \n            <div class=\"card_carousel_text\">THEATRE SHOW<\/div>          <a href=\"https:\/\/civilwordsaps.it\/en\/still-waiting-for-godot\/\" ><div  class=\"card_carousel_title\">STILL WAITING FOR GODOT<\/div><\/a>\n  \t\n\n      \t\n      \n    <\/div>\n    \n  <\/div>\n<\/div>\n\n\n\n<div id=\"uc_card_carousel_elementor_3f26e42_item6\" class=\"uc_classic_carousel_container_holder ue-item elementor-repeater-item-b26daa1\" data-hide-item=\"false\">  \n  <div class=\"ue-carousel-item\">\n    \n        \n    \n          <div class=\"uc_classic_carousel_placeholder\">\n        <a href=\"https:\/\/civilwordsaps.it\/en\/civil-readings\/\" title=\"\" >          <img loading=\"lazy\" decoding=\"async\" src=\"https:\/\/civilwordsaps.it\/wp-content\/uploads\/2025\/11\/Civil-Readings-Luca-Cardetta.webp\"  alt=\"Civil Readings Luca Cardetta\" width=\"1080\" height=\"1080\">\n        <\/a>              <\/div>\n    \n    <div class=\"uc_classic_carousel_content\" style=\"direction:ltr;\">    \n\n      \n            <div class=\"card_carousel_text\">CIVIL READINGS<\/div>          <a href=\"https:\/\/civilwordsaps.it\/en\/civil-readings\/\" ><div  class=\"card_carousel_title\">WHAT IS OIL FOR?<\/div><\/a>\n  \t\n\n      \t\n      \n    <\/div>\n    \n  <\/div>\n<\/div>\n\n\n\n<div id=\"uc_card_carousel_elementor_3f26e42_item7\" class=\"uc_classic_carousel_container_holder ue-item elementor-repeater-item-847df7b\" data-hide-item=\"false\">  \n  <div class=\"ue-carousel-item\">\n    \n        \n    \n          <div class=\"uc_classic_carousel_placeholder\">\n        <a href=\"https:\/\/civilwordsaps.it\/en\/innamorati-di-carlo-goldoni\/\" title=\"\" >          <img loading=\"lazy\" decoding=\"async\" src=\"https:\/\/civilwordsaps.it\/wp-content\/uploads\/2026\/01\/Spettacoli-anteprima-glinnamorati.jpg\"  alt=\"Gl&#039;Innamorati di Carlo Goldoni\" width=\"1080\" height=\"1080\">\n        <\/a>              <\/div>\n    \n    <div class=\"uc_classic_carousel_content\" style=\"direction:ltr;\">    \n\n      \n            <div class=\"card_carousel_text\">THEATRE SHOW<\/div>          <a href=\"https:\/\/civilwordsaps.it\/en\/innamorati-di-carlo-goldoni\/\" ><div  class=\"card_carousel_title\">GL'INNAMORATI<\/div><\/a>\n  \t\n\n      \t\n      \n    <\/div>\n    \n  <\/div>\n<\/div>\n\n\n\n<div id=\"uc_card_carousel_elementor_3f26e42_item8\" class=\"uc_classic_carousel_container_holder ue-item elementor-repeater-item-a264c91\" data-hide-item=\"false\">  \n  <div class=\"ue-carousel-item\">\n    \n        \n    \n          <div class=\"uc_classic_carousel_placeholder\">\n        <a href=\"https:\/\/civilwordsaps.it\/en\/actival\/\" title=\"\" >          <img loading=\"lazy\" decoding=\"async\" src=\"https:\/\/civilwordsaps.it\/wp-content\/uploads\/2025\/08\/Actival-for-Future.png\"  alt=\"Actival-for-Future\" width=\"940\" height=\"788\">\n        <\/a>              <\/div>\n    \n    <div class=\"uc_classic_carousel_content\" style=\"direction:ltr;\">    \n\n      \n            <div class=\"card_carousel_text\">FESTIVAL<\/div>          <a href=\"https:\/\/civilwordsaps.it\/en\/actival\/\" ><div  class=\"card_carousel_title\">ACTival<\/div><\/a>\n  \t\n\n      \t\n      \n    <\/div>\n    \n  <\/div>\n<\/div>\n\n\n\n<div id=\"uc_card_carousel_elementor_3f26e42_item9\" class=\"uc_classic_carousel_container_holder ue-item elementor-repeater-item-2c482be\" data-hide-item=\"false\">  \n  <div class=\"ue-carousel-item\">\n    \n        \n    \n          <div class=\"uc_classic_carousel_placeholder\">\n        <a href=\"#\" title=\"DETTAGLI\" >          <img loading=\"lazy\" decoding=\"async\" src=\"https:\/\/civilwordsaps.it\/wp-content\/uploads\/2026\/01\/Spettacoli-anteprima-ifiori-di-ciliegio-768x768.jpg\"  alt=\"Fiori di Ciliegio Civil Words\" width=\"768\" height=\"768\">\n        <\/a>              <\/div>\n    \n    <div class=\"uc_classic_carousel_content\" style=\"direction:ltr;\">    \n\n      \n            <div class=\"card_carousel_text\">THEATRE SHOW<\/div>          <a href=\"#\" ><div  class=\"card_carousel_title\">FIORI DI CILIEGIO<\/div><\/a>\n  \t\n\n      \t\n      \n    <\/div>\n    \n  <\/div>\n<\/div>\n\n  <\/div>\n<\/div>\n<!-- end Card Carousel -->\t\t\t\t<\/div>\n\t\t\t\t<\/div>\n\t\t\t\t\t<\/div>\n\t\t\t\t<\/div>\n\t\t<div class=\"elementor-element elementor-element-57cabd5 e-flex e-con-boxed e-con e-parent\" data-id=\"57cabd5\" data-element_type=\"container\">\n\t\t\t\t\t<div class=\"e-con-inner\">\n\t\t\t\t<div class=\"elementor-element elementor-element-10bf80 elementor-widget elementor-widget-text-editor\" data-id=\"10bf80\" data-element_type=\"widget\" data-widget_type=\"text-editor.default\">\n\t\t\t\t\t\t\t\t\t<p style=\"text-align: left;\"><a href=\"https:\/\/civilwordsaps.it\/en\/calendario\/\">View future events &gt;&gt;&gt;<\/a>\u00a0<\/p>\t\t\t\t\t\t\t\t<\/div>\n\t\t\t\t\t<\/div>\n\t\t\t\t<\/div>\n\t\t<div class=\"elementor-element elementor-element-0280906 e-flex e-con-boxed e-con e-parent\" data-id=\"0280906\" data-element_type=\"container\">\n\t\t\t\t\t<div class=\"e-con-inner\">\n\t\t\t\t<div class=\"elementor-element elementor-element-e547ebe elementor-widget elementor-widget-text-editor\" data-id=\"e547ebe\" data-element_type=\"widget\" data-widget_type=\"text-editor.default\">\n\t\t\t\t\t\t\t\t\t<p><!-- EventON Calendar --><div id='evcal_calendar_215' class='list_cal ajde_evcal_calendar sev cev color esty_2 ul etttc_custom' ><div id='evcal_head' class='calendar_header' ><div class='evo_cal_above'><span class='evo-search'><\/span><span class='evo-gototoday-btn evo_hide' style='display:none;' data-mo='7' data-yr='2017' data-dy=''>Current month<\/span><span class='evo-filter-btn'><em><\/em><\/span><span class='evo-sort-btn'><div class='eventon_sort_line' style='display:none'><p data-val='sort_date' data-type='date' class='evs_btn evo_sort_option evs_hide select' >Date<\/p><p data-val='sort_title' data-type='title' class='evs_btn evo_sort_option' >Title<\/p><\/div><\/span><\/div><div class='evo_cal_above_content'>\t\t\t\t\t\n\t\t\t\t<div class='evo_search_bar evo_hidden'>\n\t\t\t\t\t<div class='evo_search_bar_in' >\n\t\t\t\t\t\t<input id='evo_search_bar_in_215' type=\"text\" placeholder='Search events' data-role=\"none\"\/>\n\n\t\t\t\t\t\t<a class=\"evosr_search_clear_btn\"><i class=\"fa fa-close\"><\/i><\/a>\n\t\t\t\t\t\t<a class=\"evosr_search_btn\"><i class=\"fa fa-search\"><\/i><\/a>\n\t\t\t\t\t<\/div>\n\t\t\t\t<\/div>\n\n\t\t\t<\/div><\/div><div class='eventon_sorting_section' style='display:none'><div class='eventon_filter_line'><div class='eventon_filter evo_sortOpt evo_sortList_event_type' data-filter_field='event_type' data-filter_val='all' data-filter_type='tax' data-fl_o='IN ' data-fldef='all'>\n\t\t\t\t\t\t\t\t\t<p class='filtering_set_val'>Event Type<em class='fa fa-check'><\/em><\/p>\n\t\t\t\t\t\t\t\t\t<div class='eventon_filter_dropdown' style='display:none'><p class='evo_filter_val select all' data-filter_val='all'>All<\/p><p class='evo_filter_val select event_type_54 agora' data-filter_val='54' data-filter_slug='agora'>Agora<\/p><p class='evo_filter_val select event_type_52 civil-readings' data-filter_val='52' data-filter_slug='civil-readings'>Civil Readings<\/p><p class='evo_filter_val select event_type_53 class' data-filter_val='53' data-filter_slug='class'>Class<\/p><p class='evo_filter_val select event_type_55 festival' data-filter_val='55' data-filter_slug='festival'>Festival<\/p><p class='evo_filter_val select event_type_51 produzioni-teatrali' data-filter_val='51' data-filter_slug='produzioni-teatrali'>Produzioni Teatrali<\/p><p class='evo_filter_val select event_type_46 workshop' data-filter_val='46' data-filter_slug='workshop'>Workshop<\/p><\/div>\t\n\t\t\t\t\t\t\t<\/div><div class='eventon_filter evo_sortOpt evo_sortList_event_location' data-filter_field='event_location' data-filter_val='all' data-filter_type='tax' data-fl_o='IN ' data-fldef='all'>\n\t\t\t\t\t\t\t\t\t<p class='filtering_set_val'>Event location<em class='fa fa-check'><\/em><\/p>\n\t\t\t\t\t\t\t\t\t<div class='eventon_filter_dropdown' style='display:none'><p class='evo_filter_val select all' data-filter_val='all'>All<\/p><p class='evo_filter_val select event_location_62 anfiteatro-ulianova-radice-giardino-dei-giusti-milano' data-filter_val='62' data-filter_slug='anfiteatro-ulianova-radice-giardino-dei-giusti-milano'>Anfiteatro Ulianova Radice, Giardino dei Giusti (Milano)<\/p><p class='evo_filter_val select event_location_71 bosnia-ed-erzegovina' data-filter_val='71' data-filter_slug='bosnia-ed-erzegovina'>Bosnia ed Erzegovina<\/p><p class='evo_filter_val select event_location_58 brescia' data-filter_val='58' data-filter_slug='brescia'>Brescia<\/p><p class='evo_filter_val select event_location_64 bussero-spaziosfera' data-filter_val='64' data-filter_slug='bussero-spaziosfera'>Bussero &#8211; Spaziosfera<\/p><p class='evo_filter_val select event_location_42 elf-teatro' data-filter_val='42' data-filter_slug='elf-teatro'>ELF Teatro<\/p><p class='evo_filter_val select event_location_57 enoteca' data-filter_val='57' data-filter_slug='enoteca'>Enoteca<\/p><p class='evo_filter_val select event_location_61 frosinone' data-filter_val='61' data-filter_slug='frosinone'>Frosinone<\/p><p class='evo_filter_val select event_location_67 gorizia' data-filter_val='67' data-filter_slug='gorizia'>Gorizia<\/p><p class='evo_filter_val select event_location_73 jana-off-festival' data-filter_val='73' data-filter_slug='jana-off-festival'>Jana Off Festival<\/p><p class='evo_filter_val select event_location_74 jana-off-festival-amorosi-bt' data-filter_val='74' data-filter_slug='jana-off-festival-amorosi-bt'>Jana Off Festival @ Amorosi (BT)<\/p><p class='evo_filter_val select event_location_70 lubeck' data-filter_val='70' data-filter_slug='lubeck'>Lubeck<\/p><p class='evo_filter_val select event_location_66 mediglia-mi' data-filter_val='66' data-filter_slug='mediglia-mi'>Mediglia (MI)<\/p><p class='evo_filter_val select event_location_68 milano' data-filter_val='68' data-filter_slug='milano'>Milano<\/p><p class='evo_filter_val select event_location_69 monfalcone' data-filter_val='69' data-filter_slug='monfalcone'>Monfalcone<\/p><p class='evo_filter_val select event_location_63 paullo-auditorium-p-g-frassati' data-filter_val='63' data-filter_slug='paullo-auditorium-p-g-frassati'>Paullo &#8211; Auditorium P.G. Frassati<\/p><p class='evo_filter_val select event_location_72 sela-na-krasu' data-filter_val='72' data-filter_slug='sela-na-krasu'>Sela Na Krasu<\/p><p class='evo_filter_val select event_location_65 slap-viale-delle-rimembranze-di-lambrate-16-milano' data-filter_val='65' data-filter_slug='slap-viale-delle-rimembranze-di-lambrate-16-milano'>SLAP, Viale delle Rimembranze di Lambrate 16, Milano<\/p><p class='evo_filter_val select event_location_50 spazio-polline' data-filter_val='50' data-filter_slug='spazio-polline'>Spazio Polline<\/p><p class='evo_filter_val select event_location_59 tbd' data-filter_val='59' data-filter_slug='tbd'>TBD<\/p><p class='evo_filter_val select event_location_56 teatro-blu' data-filter_val='56' data-filter_slug='teatro-blu'>Teatro Blu<\/p><\/div>\t\n\t\t\t\t\t\t\t<\/div><div class='eventon_filter evo_hideshow_pastfuture' data-filter_field='event_past_future' \n\t\t\t\t\t\t\t\tdata-filter_val='all' data-filter_type='custom' data-fldef='all'><div class='eventon_filter_selection'><p class='filtering_set_val' data-opts='evs4_in'>Past and future events<em class='fa fa-check'><\/em><\/p><div class='eventon_filter_dropdown evo_hideshow select_one' style='display:none'><p class='evo_filter_val select all' data-filter_val='all'>All<\/p><p class='evo_filter_val past select' data-filter_val='past'>Solo eventi passati<\/p><p class='evo_filter_val future select' data-filter_val='future'>Solo eventi futuri<\/p><\/div>\n\t\t\t\t\t\t\t\t<\/div><div class='clear'><\/div>\n\t\t\t\t\t\t\t<\/div><\/div><div class='clear'><\/div><\/div><div id='eventon_loadbar_section'><div id='eventon_loadbar'><\/div><\/div><!-- Events List --><div id='evcal_list' \n\t\t\t\t\tclass='eventon_events_list sep_months evcal_list_month'><div class='evcal_month_line' data-d='eml_7_2017'><p>July 2017<\/p><\/div><div class='sep_month_events' data-d='eml_7_2017'><div id=\"event_2645_0\" class=\"eventon_list_event evo_eventtop scheduled past_event event event_2645_0\" data-event_id=\"2645\" data-ri=\"0r\" data-time=\"1499767200-1499803200\" data-colr=\"#992b34\" itemscope itemtype='http:\/\/schema.org\/Event'><div class=\"evo_event_schema\" style=\"display:none\" ><a itemprop='url'  href='https:\/\/civilwordsaps.it\/en\/evento\/commemorazione-srebernica-2017\/'><\/a><meta itemprop='image'  \/><meta itemprop='startDate' content=\"2017-7-11T12:00+0:00\" \/><meta itemprop='endDate' content=\"2017-7-11T22:00+0:00\" \/><meta itemprop='eventStatus' content=\"https:\/\/schema.org\/EventScheduled\" \/><item style=\"display:none\" itemprop=\"eventAttendanceMode\" itemscope itemtype=\"https:\/\/schema.org\/OfflineEventAttendanceMode\"><\/item><script type=\"application\/ld+json\">{\"@context\": \"http:\/\/schema.org\",\"@type\": \"Event\",\n\t\t\t\t\"@id\": \"event_2645_0\",\n\t\t\t\t\"eventAttendanceMode\":\"https:\/\/schema.org\/OfflineEventAttendanceMode\",\n\t\t\t\t\"name\": \"Srebernica 2017\",\n\t\t\t\t\"url\": \"https:\/\/civilwordsaps.it\/en\/evento\/commemorazione-srebernica-2017\/\",\n\t\t\t\t\"startDate\": \"2017-7-11T12:00+0:00\",\n\t\t\t\t\"endDate\": \"2017-7-11T22:00+0:00\",\n\t\t\t\t\"image\":\"\", \n\t\t\t\t\"description\":\"Srebernica 2017\",\"eventStatus\":\"https:\/\/schema.org\/EventScheduled\"}<\/script><\/div>\n\t\t\t\t<p class=\"desc_trig_outter\" style=\"\"><a data-gmap_status=\"null\" data-exlk=\"0\" style=\"background-color: #992b34;\" id=\"evc_14997672002645\" class=\"desc_trig sin_val evcal_list_a\" data-ux_val=\"1\" data-ux_val_mob=\"-\"  ><span class='evoet_c2 evoet_cx'><span class='evoet_dayblock evcal_cblock' data-bgcolor='#992b34' data-smon='Luglio' data-syr='2017'><span class='evo_start'><em class='date'>11<\/em><em class='month'>jul<\/em><em class='time'>10:00<\/em><\/span><span class='evo_end only_time'><em class='time'>20:00<\/em><\/span><\/span><\/span><span class='evoet_c3 evoet_cx evcal_desc evo_info' ><span class='evoet_tags evo_above_title'><\/span><span class='evoet_title evcal_desc2 evcal_event_title' itemprop='name'>Srebernica 2017<\/span><span class='evoet_subtitle evo_below_title'><span class='evcal_event_subtitle' >COMMEMORATION<\/span><\/span><span class='evoet_time_expand level_3 evcal_desc_info evogap10'><\/span><span class='evcal_desc3'><\/span><\/span><em class='evoet_data' style='display:none' data-bgc='#992b34'data-bggrad=''><\/em><\/a><\/p><div class='event_description evcal_eventcard' style=\"display:none\"><div class='evocard_row bx2 bx'><div class='evocard_box time' data-c='ffffff' \n\t\t\t\t\tstyle='background-color:#ffffff'><div class='evo_metarow_time evorow evcal_evdata_row evcal_evrow_sm'>\n\t\t<span class='evcal_evdata_icons'><i class='fa fa-clock'><\/i><\/span>\n\t\t<div class='evcal_evdata_cell'>\t\t\t\t\t\t\t\n\t\t\t<h3 class='evo_h3'><span class='evcal_evdata_icons'><i class='fa fa-clock'><\/i><\/span>Hours<\/h3><p><span class='evo_eventcard_time_t'>11\/07\/2017 10:00 &#8211; 20:00<\/span><\/p>\n\t\t<\/div>\n\t<\/div><\/div><div class='evocard_box location' data-c='ffffff' \n\t\t\t\t\tstyle='background-color:#ffffff'><div class='evcal_evdata_row evo_metarow_time_location evorow'>\n\t\t\n\t\t\t<span class='evcal_evdata_icons'><i class='fa fa-map-marker'><\/i><\/span>\n\t\t\t<div class='evcal_evdata_cell' data-loc_tax_id='71'><h3 class='evo_h3'><span class='evcal_evdata_icons'><i class='fa fa-map-marker'><\/i><\/span>Location<\/h3><p class='evo_location_name' style='margin-bottom:10px; font-size:15px;'>Bosnia ed Erzegovina<\/p><\/div>\n\t\t\n\t<\/div><\/div><\/div><div class='evocard_row'><div class='evocard_box learnmore' data-c='ffffff' \n\t\t\t\t\tstyle='background-color:#ffffff'><div class='evo_metarow_learnM evo_metarow_learnmore evorow'>\n\t\t\t\t\t\t\t<a class='evcal_evdata_row evo_clik_row' href='https:\/\/civilwordsaps.it\/en\/commemorazione-srebernica-2017\/' >\n\t\t\t\t\t\t\t\t<span class='evcal_evdata_icons'><i class='fa fa-link'><\/i><\/span>\n\t\t\t\t\t\t\t\t<h3 class='evo_h3 evopad0i'>Learn more<\/h3>\n\t\t\t\t\t\t\t<\/a>\n\t\t\t\t\t\t\t<\/div><\/div><\/div><div class='evo_card_row_end evcal_close' title='Chiudi'><\/div><\/div><div class='clear end'><\/div><\/div><\/div><div class='evcal_month_line' data-d='eml_9_2020'><p>September 2020<\/p><\/div><div class='sep_month_events' data-d='eml_9_2020'><div id=\"event_1665_0\" class=\"eventon_list_event evo_eventtop scheduled past_event event event_1665_0\" data-event_id=\"1665\" data-ri=\"0r\" data-time=\"1599728400-1599951600\" data-colr=\"#d3686e\" itemscope itemtype='http:\/\/schema.org\/Event'><div class=\"evo_event_schema\" style=\"display:none\" ><a itemprop='url'  href='https:\/\/civilwordsaps.it\/en\/evento\/eufree-event-1\/'><\/a><meta itemprop='image' content=\"https:\/\/civilwordsaps.it\/wp-content\/uploads\/2025\/12\/EUFREE_cover.avif\" \/><meta itemprop='startDate' content=\"2020-9-10T11:00+0:00\" \/><meta itemprop='endDate' content=\"2020-9-13T01:00+0:00\" \/><meta itemprop='eventStatus' content=\"https:\/\/schema.org\/EventScheduled\" \/><item style=\"display:none\" itemprop=\"eventAttendanceMode\" itemscope itemtype=\"https:\/\/schema.org\/OfflineEventAttendanceMode\"><\/item><script type=\"application\/ld+json\">{\"@context\": \"http:\/\/schema.org\",\"@type\": \"Event\",\n\t\t\t\t\"@id\": \"event_1665_0\",\n\t\t\t\t\"eventAttendanceMode\":\"https:\/\/schema.org\/OfflineEventAttendanceMode\",\n\t\t\t\t\"name\": \"EUFREE | EVENT #1 - PROJECT LAUNCH - Aquileia (Italy)\",\n\t\t\t\t\"url\": \"https:\/\/civilwordsaps.it\/en\/evento\/eufree-event-1\/\",\n\t\t\t\t\"startDate\": \"2020-9-10T11:00+0:00\",\n\t\t\t\t\"endDate\": \"2020-9-13T01:00+0:00\",\n\t\t\t\t\"image\":\"https:\/\/civilwordsaps.it\/wp-content\/uploads\/2025\/12\/EUFREE_cover.avif\", \n\t\t\t\t\"description\":\"EUFREE | EVENT #1 - PROJECT LAUNCH - Aquileia (Italy)\",\"eventStatus\":\"https:\/\/schema.org\/EventScheduled\"}<\/script><\/div>\n\t\t\t\t<p class=\"desc_trig_outter\" style=\"\"><a data-gmap_status=\"null\" data-exlk=\"0\" style=\"background-color: #d3686e;\" id=\"evc_15997284001665\" class=\"desc_trig mul_val evcal_list_a\" data-ux_val=\"1\" data-ux_val_mob=\"-\"  ><span class='evoet_c2 evoet_cx'><span class='evoet_dayblock evcal_cblock' data-bgcolor='#d3686e' data-smon='Settembre' data-syr='2020'><span class='evo_start'><em class='date'>10<\/em><em class='month'>sep<\/em><em class='time'><i t=\"y\">(set 10)<\/i>9:00<\/em><\/span><span class='evo_end'><em class='date'>12<\/em><em class='time'><i t=\"y\">(set 12)<\/i>23:00<\/em><\/span><\/span><\/span><span class='evoet_c3 evoet_cx evcal_desc evo_info' ><span class='evoet_tags evo_above_title'><\/span><span class='evoet_title evcal_desc2 evcal_event_title' itemprop='name'>EUFREE | EVENT #1 &#8211; PROJECT LAUNCH &#8211; Aquileia (Italy)<\/span><span class='evoet_subtitle evo_below_title'><span class='evcal_event_subtitle' >GRANT &amp; FESTIVAL<\/span><\/span><span class='evoet_time_expand level_3 evcal_desc_info evogap10'><\/span><span class='evcal_desc3'><\/span><\/span><em class='evoet_data' style='display:none' data-bgc='#d3686e'data-bggrad=''><\/em><\/a><\/p><div class='event_description evcal_eventcard' style=\"display:none\"><div class='evocard_row'><div class='evocard_box ftimage' data-c='ffffff' \n\t\t\t\t\tstyle='background-color:#ffffff'><div class='evo_metarow_directimg evcal_evdata_row'><img class='evo_event_main_img' src='https:\/\/civilwordsaps.it\/wp-content\/uploads\/2025\/12\/EUFREE_cover.avif' \/><\/div><\/div><\/div><div class='evocard_row'><div class='evocard_box time' data-c='ffffff' \n\t\t\t\t\tstyle='background-color:#ffffff'><div class='evo_metarow_time evorow evcal_evdata_row evcal_evrow_sm'>\n\t\t<span class='evcal_evdata_icons'><i class='fa fa-clock'><\/i><\/span>\n\t\t<div class='evcal_evdata_cell'>\t\t\t\t\t\t\t\n\t\t\t<h3 class='evo_h3'><span class='evcal_evdata_icons'><i class='fa fa-clock'><\/i><\/span>Hours<\/h3><p><span class='evo_eventcard_time_t'>10\/09\/2020 9:00 &#8211; 12\/09\/2020 23:00<\/span><\/p>\n\t\t<\/div>\n\t<\/div><\/div><\/div><div class='evocard_row'><div class='evocard_box learnmore' data-c='ffffff' \n\t\t\t\t\tstyle='background-color:#ffffff'><div class='evo_metarow_learnM evo_metarow_learnmore evorow'>\n\t\t\t\t\t\t\t<a class='evcal_evdata_row evo_clik_row' href='https:\/\/civilwordsaps.it\/en\/eufree\/' >\n\t\t\t\t\t\t\t\t<span class='evcal_evdata_icons'><i class='fa fa-link'><\/i><\/span>\n\t\t\t\t\t\t\t\t<h3 class='evo_h3 evopad0i'>Learn more<\/h3>\n\t\t\t\t\t\t\t<\/a>\n\t\t\t\t\t\t\t<\/div><\/div><\/div><div class='evocard_row'><div class='evocard_box relatedEvents' data-c='' \n\t\t\t\t\tstyle=''><div class='evo_metarow_rel_events evorow evcal_evdata_row'>\n\t<span class='evcal_evdata_icons'><i class='fa fa-calendar-plus'><\/i><\/span>\n\t<div class='evcal_evdata_cell'>\n\t\t<h3 class='evo_h3'>Eventi correlati<\/h3>\n\t\t<div class='evcal_cell_rel_events'>\n\t\t<a class='hasimg' href='https:\/\/civilwordsaps.it\/en\/evento\/eufree-event-2-1\/'>\n\t\t\t\t<span class='img' style='background-image: url(https:\/\/civilwordsaps.it\/wp-content\/uploads\/2025\/12\/EUFREE_cover.avif)'><\/span>\t\t\t\t\t\t\t\t\t\t\t\t\n\t\t\t\t<span class='evomar15'>\n\t\t\t\t\t<h4 class='evo_h4'>EUFREE | EVENT #2.1 &#8211; EUROPE YESTERDAY &#8211; Belgrade (Serbia)<\/h4>\n\t\t\t\t\t<em><i class='fa fa-clock-o'><\/i> 07\/09\/2021 9:00 &#8211; 10\/09\/2021 23:00<\/em>\n\t\t\t\t<\/span>\n\n\t\t\t\t<\/a>\t\t<\/div>\n\t<\/div>\n<\/div>\n<\/div><\/div><div class='evo_card_row_end evcal_close' title='Chiudi'><\/div><\/div><div class='clear end'><\/div><\/div><\/div><div class='evcal_month_line' data-d='eml_9_2021'><p>September 2021<\/p><\/div><div class='sep_month_events' data-d='eml_9_2021'><div id=\"event_1666_0\" class=\"eventon_list_event evo_eventtop scheduled past_event event event_1666_0\" data-event_id=\"1666\" data-ri=\"0r\" data-time=\"1631005200-1631314800\" data-colr=\"#d3686e\" itemscope itemtype='http:\/\/schema.org\/Event'><div class=\"evo_event_schema\" style=\"display:none\" ><a itemprop='url'  href='https:\/\/civilwordsaps.it\/en\/evento\/eufree-event-2-1\/'><\/a><meta itemprop='image' content=\"https:\/\/civilwordsaps.it\/wp-content\/uploads\/2025\/12\/EUFREE_cover.avif\" \/><meta itemprop='startDate' content=\"2021-9-7T11:00+0:00\" \/><meta itemprop='endDate' content=\"2021-9-11T01:00+0:00\" \/><meta itemprop='eventStatus' content=\"https:\/\/schema.org\/EventScheduled\" \/><item style=\"display:none\" itemprop=\"eventAttendanceMode\" itemscope itemtype=\"https:\/\/schema.org\/OfflineEventAttendanceMode\"><\/item><script type=\"application\/ld+json\">{\"@context\": \"http:\/\/schema.org\",\"@type\": \"Event\",\n\t\t\t\t\"@id\": \"event_1666_0\",\n\t\t\t\t\"eventAttendanceMode\":\"https:\/\/schema.org\/OfflineEventAttendanceMode\",\n\t\t\t\t\"name\": \"EUFREE | EVENT #2.1 - EUROPE YESTERDAY - Belgrade (Serbia)\",\n\t\t\t\t\"url\": \"https:\/\/civilwordsaps.it\/en\/evento\/eufree-event-2-1\/\",\n\t\t\t\t\"startDate\": \"2021-9-7T11:00+0:00\",\n\t\t\t\t\"endDate\": \"2021-9-11T01:00+0:00\",\n\t\t\t\t\"image\":\"https:\/\/civilwordsaps.it\/wp-content\/uploads\/2025\/12\/EUFREE_cover.avif\", \n\t\t\t\t\"description\":\"EUFREE | EVENT #2.1 - EUROPE YESTERDAY - Belgrade (Serbia)\",\"eventStatus\":\"https:\/\/schema.org\/EventScheduled\"}<\/script><\/div>\n\t\t\t\t<p class=\"desc_trig_outter\" style=\"\"><a data-gmap_status=\"null\" data-exlk=\"0\" style=\"background-color: #d3686e;\" id=\"evc_16310052001666\" class=\"desc_trig mul_val evcal_list_a\" data-ux_val=\"1\" data-ux_val_mob=\"-\"  ><span class='evoet_c2 evoet_cx'><span class='evoet_dayblock evcal_cblock' data-bgcolor='#d3686e' data-smon='Settembre' data-syr='2021'><span class='evo_start'><em class='date'>07<\/em><em class='month'>sep<\/em><em class='time'><i t=\"y\">(set 7)<\/i>9:00<\/em><\/span><span class='evo_end'><em class='date'>10<\/em><em class='time'><i t=\"y\">(set 10)<\/i>23:00<\/em><\/span><\/span><\/span><span class='evoet_c3 evoet_cx evcal_desc evo_info' ><span class='evoet_tags evo_above_title'><\/span><span class='evoet_title evcal_desc2 evcal_event_title' itemprop='name'>EUFREE | EVENT #2.1 &#8211; EUROPE YESTERDAY &#8211; Belgrade (Serbia)<\/span><span class='evoet_subtitle evo_below_title'><span class='evcal_event_subtitle' >GRANT &amp; FESTIVAL<\/span><\/span><span class='evoet_time_expand level_3 evcal_desc_info evogap10'><\/span><span class='evcal_desc3'><\/span><\/span><em class='evoet_data' style='display:none' data-bgc='#d3686e'data-bggrad=''><\/em><\/a><\/p><div class='event_description evcal_eventcard' style=\"display:none\"><div class='evocard_row'><div class='evocard_box ftimage' data-c='ffffff' \n\t\t\t\t\tstyle='background-color:#ffffff'><div class='evo_metarow_directimg evcal_evdata_row'><img class='evo_event_main_img' src='https:\/\/civilwordsaps.it\/wp-content\/uploads\/2025\/12\/EUFREE_cover.avif' \/><\/div><\/div><\/div><div class='evocard_row'><div class='evocard_box time' data-c='ffffff' \n\t\t\t\t\tstyle='background-color:#ffffff'><div class='evo_metarow_time evorow evcal_evdata_row evcal_evrow_sm'>\n\t\t<span class='evcal_evdata_icons'><i class='fa fa-clock'><\/i><\/span>\n\t\t<div class='evcal_evdata_cell'>\t\t\t\t\t\t\t\n\t\t\t<h3 class='evo_h3'><span class='evcal_evdata_icons'><i class='fa fa-clock'><\/i><\/span>Hours<\/h3><p><span class='evo_eventcard_time_t'>07\/09\/2021 9:00 &#8211; 10\/09\/2021 23:00<\/span><\/p>\n\t\t<\/div>\n\t<\/div><\/div><\/div><div class='evocard_row'><div class='evocard_box learnmore' data-c='ffffff' \n\t\t\t\t\tstyle='background-color:#ffffff'><div class='evo_metarow_learnM evo_metarow_learnmore evorow'>\n\t\t\t\t\t\t\t<a class='evcal_evdata_row evo_clik_row' href='https:\/\/civilwordsaps.it\/en\/eufree\/' >\n\t\t\t\t\t\t\t\t<span class='evcal_evdata_icons'><i class='fa fa-link'><\/i><\/span>\n\t\t\t\t\t\t\t\t<h3 class='evo_h3 evopad0i'>Learn more<\/h3>\n\t\t\t\t\t\t\t<\/a>\n\t\t\t\t\t\t\t<\/div><\/div><\/div><div class='evocard_row'><div class='evocard_box relatedEvents' data-c='' \n\t\t\t\t\tstyle=''><div class='evo_metarow_rel_events evorow evcal_evdata_row'>\n\t<span class='evcal_evdata_icons'><i class='fa fa-calendar-plus'><\/i><\/span>\n\t<div class='evcal_evdata_cell'>\n\t\t<h3 class='evo_h3'>Eventi correlati<\/h3>\n\t\t<div class='evcal_cell_rel_events'>\n\t\t<a class='hasimg' href='https:\/\/civilwordsaps.it\/en\/evento\/eufree-event-1\/'>\n\t\t\t\t<span class='img' style='background-image: url(https:\/\/civilwordsaps.it\/wp-content\/uploads\/2025\/12\/EUFREE_cover.avif)'><\/span>\t\t\t\t\t\t\t\t\t\t\t\t\n\t\t\t\t<span class='evomar15'>\n\t\t\t\t\t<h4 class='evo_h4'>EUFREE | EVENT #1 &#8211; PROJECT LAUNCH &#8211; Aquileia (Italy)<\/h4>\n\t\t\t\t\t<em><i class='fa fa-clock-o'><\/i> 10\/09\/2020 9:00 &#8211; 12\/09\/2020 23:00<\/em>\n\t\t\t\t<\/span>\n\n\t\t\t\t<\/a>\t\t<\/div>\n\t<\/div>\n<\/div>\n<\/div><\/div><div class='evo_card_row_end evcal_close' title='Chiudi'><\/div><\/div><div class='clear end'><\/div><\/div><div id=\"event_1667_0\" class=\"eventon_list_event evo_eventtop scheduled past_event event event_1667_0\" data-event_id=\"1667\" data-ri=\"0r\" data-time=\"1631264400-1631660400\" data-colr=\"#d3686e\" itemscope itemtype='http:\/\/schema.org\/Event'><div class=\"evo_event_schema\" style=\"display:none\" ><a itemprop='url'  href='https:\/\/civilwordsaps.it\/en\/evento\/eufree-event-2-2\/'><\/a><meta itemprop='image' content=\"https:\/\/civilwordsaps.it\/wp-content\/uploads\/2025\/12\/EUFREE_cover.avif\" \/><meta itemprop='startDate' content=\"2021-9-10T11:00+0:00\" \/><meta itemprop='endDate' content=\"2021-9-15T01:00+0:00\" \/><meta itemprop='eventStatus' content=\"https:\/\/schema.org\/EventScheduled\" \/><item style=\"display:none\" itemprop=\"eventAttendanceMode\" itemscope itemtype=\"https:\/\/schema.org\/OfflineEventAttendanceMode\"><\/item><script type=\"application\/ld+json\">{\"@context\": \"http:\/\/schema.org\",\"@type\": \"Event\",\n\t\t\t\t\"@id\": \"event_1667_0\",\n\t\t\t\t\"eventAttendanceMode\":\"https:\/\/schema.org\/OfflineEventAttendanceMode\",\n\t\t\t\t\"name\": \"EUFREE | EVENT #2.2 - MULTI-GENERATIONAL JOURNEY OF MEMORY\",\n\t\t\t\t\"url\": \"https:\/\/civilwordsaps.it\/en\/evento\/eufree-event-2-2\/\",\n\t\t\t\t\"startDate\": \"2021-9-10T11:00+0:00\",\n\t\t\t\t\"endDate\": \"2021-9-15T01:00+0:00\",\n\t\t\t\t\"image\":\"https:\/\/civilwordsaps.it\/wp-content\/uploads\/2025\/12\/EUFREE_cover.avif\", \n\t\t\t\t\"description\":\"EUFREE | EVENT #2.2 - MULTI-GENERATIONAL JOURNEY OF MEMORY\",\"eventStatus\":\"https:\/\/schema.org\/EventScheduled\"}<\/script><\/div>\n\t\t\t\t<p class=\"desc_trig_outter\" style=\"\"><a data-gmap_status=\"null\" data-exlk=\"0\" style=\"background-color: #d3686e;\" id=\"evc_16312644001667\" class=\"desc_trig mul_val evcal_list_a\" data-ux_val=\"1\" data-ux_val_mob=\"-\"  ><span class='evoet_c2 evoet_cx'><span class='evoet_dayblock evcal_cblock' data-bgcolor='#d3686e' data-smon='Settembre' data-syr='2021'><span class='evo_start'><em class='date'>10<\/em><em class='month'>sep<\/em><em class='time'><i t=\"y\">(set 10)<\/i>9:00<\/em><\/span><span class='evo_end'><em class='date'>14<\/em><em class='time'><i t=\"y\">(set 14)<\/i>23:00<\/em><\/span><\/span><\/span><span class='evoet_c3 evoet_cx evcal_desc evo_info' ><span class='evoet_tags evo_above_title'><\/span><span class='evoet_title evcal_desc2 evcal_event_title' itemprop='name'>EUFREE | EVENT #2.2 &#8211; MULTI-GENERATIONAL JOURNEY OF MEMORY<\/span><span class='evoet_subtitle evo_below_title'><span class='evcal_event_subtitle' >GRANT &amp; FESTIVAL<\/span><\/span><span class='evoet_time_expand level_3 evcal_desc_info evogap10'><\/span><span class='evcal_desc3'><\/span><\/span><em class='evoet_data' style='display:none' data-bgc='#d3686e'data-bggrad=''><\/em><\/a><\/p><div class='event_description evcal_eventcard' style=\"display:none\"><div class='evocard_row'><div class='evocard_box ftimage' data-c='ffffff' \n\t\t\t\t\tstyle='background-color:#ffffff'><div class='evo_metarow_directimg evcal_evdata_row'><img class='evo_event_main_img' src='https:\/\/civilwordsaps.it\/wp-content\/uploads\/2025\/12\/EUFREE_cover.avif' \/><\/div><\/div><\/div><div class='evocard_row'><div class='evocard_box time' data-c='ffffff' \n\t\t\t\t\tstyle='background-color:#ffffff'><div class='evo_metarow_time evorow evcal_evdata_row evcal_evrow_sm'>\n\t\t<span class='evcal_evdata_icons'><i class='fa fa-clock'><\/i><\/span>\n\t\t<div class='evcal_evdata_cell'>\t\t\t\t\t\t\t\n\t\t\t<h3 class='evo_h3'><span class='evcal_evdata_icons'><i class='fa fa-clock'><\/i><\/span>Hours<\/h3><p><span class='evo_eventcard_time_t'>10\/09\/2021 9:00 &#8211; 14\/09\/2021 23:00<\/span><\/p>\n\t\t<\/div>\n\t<\/div><\/div><\/div><div class='evocard_row'><div class='evocard_box learnmore' data-c='ffffff' \n\t\t\t\t\tstyle='background-color:#ffffff'><div class='evo_metarow_learnM evo_metarow_learnmore evorow'>\n\t\t\t\t\t\t\t<a class='evcal_evdata_row evo_clik_row' href='https:\/\/civilwordsaps.it\/en\/eufree\/' >\n\t\t\t\t\t\t\t\t<span class='evcal_evdata_icons'><i class='fa fa-link'><\/i><\/span>\n\t\t\t\t\t\t\t\t<h3 class='evo_h3 evopad0i'>Learn more<\/h3>\n\t\t\t\t\t\t\t<\/a>\n\t\t\t\t\t\t\t<\/div><\/div><\/div><div class='evocard_row'><div class='evocard_box relatedEvents' data-c='' \n\t\t\t\t\tstyle=''><div class='evo_metarow_rel_events evorow evcal_evdata_row'>\n\t<span class='evcal_evdata_icons'><i class='fa fa-calendar-plus'><\/i><\/span>\n\t<div class='evcal_evdata_cell'>\n\t\t<h3 class='evo_h3'>Eventi correlati<\/h3>\n\t\t<div class='evcal_cell_rel_events'>\n\t\t<a class='hasimg' href='https:\/\/civilwordsaps.it\/en\/evento\/eufree-event-1\/'>\n\t\t\t\t<span class='img' style='background-image: url(https:\/\/civilwordsaps.it\/wp-content\/uploads\/2025\/12\/EUFREE_cover.avif)'><\/span>\t\t\t\t\t\t\t\t\t\t\t\t\n\t\t\t\t<span class='evomar15'>\n\t\t\t\t\t<h4 class='evo_h4'>EUFREE | EVENT #1 &#8211; PROJECT LAUNCH &#8211; Aquileia (Italy)<\/h4>\n\t\t\t\t\t<em><i class='fa fa-clock-o'><\/i> 10\/09\/2020 9:00 &#8211; 12\/09\/2020 23:00<\/em>\n\t\t\t\t<\/span>\n\n\t\t\t\t<\/a><a class='hasimg' href='https:\/\/civilwordsaps.it\/en\/evento\/eufree-event-2-1\/'>\n\t\t\t\t<span class='img' style='background-image: url(https:\/\/civilwordsaps.it\/wp-content\/uploads\/2025\/12\/EUFREE_cover.avif)'><\/span>\t\t\t\t\t\t\t\t\t\t\t\t\n\t\t\t\t<span class='evomar15'>\n\t\t\t\t\t<h4 class='evo_h4'>EUFREE | EVENT #2.1 &#8211; EUROPE YESTERDAY &#8211; Belgrade (Serbia)<\/h4>\n\t\t\t\t\t<em><i class='fa fa-clock-o'><\/i> 07\/09\/2021 9:00 &#8211; 10\/09\/2021 23:00<\/em>\n\t\t\t\t<\/span>\n\n\t\t\t\t<\/a>\t\t<\/div>\n\t<\/div>\n<\/div>\n<\/div><\/div><div class='evo_card_row_end evcal_close' title='Chiudi'><\/div><\/div><div class='clear end'><\/div><\/div><\/div><div class='evcal_month_line' data-d='eml_4_2022'><p>April 2022<\/p><\/div><div class='sep_month_events' data-d='eml_4_2022'><div id=\"event_1662_0\" class=\"eventon_list_event evo_eventtop scheduled past_event event event_1662_0\" data-event_id=\"1662\" data-ri=\"0r\" data-time=\"1649322000-1649710800\" data-colr=\"#d88f95\" itemscope itemtype='http:\/\/schema.org\/Event'><div class=\"evo_event_schema\" style=\"display:none\" ><a itemprop='url'  href='https:\/\/civilwordsaps.it\/en\/evento\/actival\/'><\/a><meta itemprop='image' content=\"https:\/\/civilwordsaps.it\/wp-content\/uploads\/2025\/08\/Actival-for-Future.png\" \/><meta itemprop='startDate' content=\"2022-4-7T11:00+0:00\" \/><meta itemprop='endDate' content=\"2022-4-11T23:00+0:00\" \/><meta itemprop='eventStatus' content=\"https:\/\/schema.org\/EventScheduled\" \/><item style=\"display:none\" itemprop=\"eventAttendanceMode\" itemscope itemtype=\"https:\/\/schema.org\/OfflineEventAttendanceMode\"><\/item><script type=\"application\/ld+json\">{\"@context\": \"http:\/\/schema.org\",\"@type\": \"Event\",\n\t\t\t\t\"@id\": \"event_1662_0\",\n\t\t\t\t\"eventAttendanceMode\":\"https:\/\/schema.org\/OfflineEventAttendanceMode\",\n\t\t\t\t\"name\": \"ACTival\",\n\t\t\t\t\"url\": \"https:\/\/civilwordsaps.it\/en\/evento\/actival\/\",\n\t\t\t\t\"startDate\": \"2022-4-7T11:00+0:00\",\n\t\t\t\t\"endDate\": \"2022-4-11T23:00+0:00\",\n\t\t\t\t\"image\":\"https:\/\/civilwordsaps.it\/wp-content\/uploads\/2025\/08\/Actival-for-Future.png\", \n\t\t\t\t\"description\":\"ACTival\",\"eventStatus\":\"https:\/\/schema.org\/EventScheduled\"}<\/script><\/div>\n\t\t\t\t<p class=\"desc_trig_outter\" style=\"\"><a data-gmap_status=\"null\" data-exlk=\"0\" style=\"background-color: #d88f95;\" id=\"evc_16493220001662\" class=\"desc_trig mul_val evcal_list_a\" data-ux_val=\"1\" data-ux_val_mob=\"-\"  ><span class='evoet_c2 evoet_cx'><span class='evoet_dayblock evcal_cblock' data-bgcolor='#d88f95' data-smon='Aprile' data-syr='2022'><span class='evo_start'><em class='date'>07<\/em><em class='month'>apr<\/em><em class='time'><i t=\"y\">(apr 7)<\/i>9:00<\/em><\/span><span class='evo_end'><em class='date'>11<\/em><em class='time'><i t=\"y\">(apr 11)<\/i>21:00<\/em><\/span><\/span><\/span><span class='evoet_c3 evoet_cx evcal_desc evo_info' ><span class='evoet_tags evo_above_title'><\/span><span class='evoet_title evcal_desc2 evcal_event_title' itemprop='name'>ACTival<\/span><span class='evoet_subtitle evo_below_title'><span class='evcal_event_subtitle' >GRANT &amp; FESTIVAL<\/span><\/span><span class='evoet_time_expand level_3 evcal_desc_info evogap10'><\/span><span class='evcal_desc3'><\/span><\/span><em class='evoet_data' style='display:none' data-bgc='#d88f95'data-bggrad=''><\/em><\/a><\/p><div class='event_description evcal_eventcard' style=\"display:none\"><div class='evocard_row'><div class='evocard_box ftimage' data-c='ffffff' \n\t\t\t\t\tstyle='background-color:#ffffff'><div class='evo_metarow_directimg evcal_evdata_row'><img class='evo_event_main_img' src='https:\/\/civilwordsaps.it\/wp-content\/uploads\/2025\/08\/Actival-for-Future.png' \/><\/div><\/div><\/div><div class='evocard_row'><div class='evocard_box time' data-c='ffffff' \n\t\t\t\t\tstyle='background-color:#ffffff'><div class='evo_metarow_time evorow evcal_evdata_row evcal_evrow_sm'>\n\t\t<span class='evcal_evdata_icons'><i class='fa fa-clock'><\/i><\/span>\n\t\t<div class='evcal_evdata_cell'>\t\t\t\t\t\t\t\n\t\t\t<h3 class='evo_h3'><span class='evcal_evdata_icons'><i class='fa fa-clock'><\/i><\/span>Hours<\/h3><p><span class='evo_eventcard_time_t'>07\/04\/2022 9:00 &#8211; 11\/04\/2022 21:00<\/span><\/p>\n\t\t<\/div>\n\t<\/div><\/div><\/div><div class='evocard_row'><div class='evocard_box learnmore' data-c='ffffff' \n\t\t\t\t\tstyle='background-color:#ffffff'><div class='evo_metarow_learnM evo_metarow_learnmore evorow'>\n\t\t\t\t\t\t\t<a class='evcal_evdata_row evo_clik_row' href='https:\/\/civilwordsaps.it\/en\/actival\/' >\n\t\t\t\t\t\t\t\t<span class='evcal_evdata_icons'><i class='fa fa-link'><\/i><\/span>\n\t\t\t\t\t\t\t\t<h3 class='evo_h3 evopad0i'>Learn more<\/h3>\n\t\t\t\t\t\t\t<\/a>\n\t\t\t\t\t\t\t<\/div><\/div><\/div><div class='evo_card_row_end evcal_close' title='Chiudi'><\/div><\/div><div class='clear end'><\/div><\/div><div id=\"event_1669_0\" class=\"eventon_list_event evo_eventtop scheduled past_event event event_1669_0\" data-event_id=\"1669\" data-ri=\"0r\" data-time=\"1650272400-1650841200\" data-colr=\"#d3686e\" itemscope itemtype='http:\/\/schema.org\/Event'><div class=\"evo_event_schema\" style=\"display:none\" ><a itemprop='url'  href='https:\/\/civilwordsaps.it\/en\/evento\/eufree-event-3\/'><\/a><meta itemprop='image' content=\"https:\/\/civilwordsaps.it\/wp-content\/uploads\/2025\/12\/EUFREE_cover.avif\" \/><meta itemprop='startDate' content=\"2022-4-18T11:00+0:00\" \/><meta itemprop='endDate' content=\"2022-4-25T01:00+0:00\" \/><meta itemprop='eventStatus' content=\"https:\/\/schema.org\/EventScheduled\" \/><item style=\"display:none\" itemprop=\"eventAttendanceMode\" itemscope itemtype=\"https:\/\/schema.org\/OfflineEventAttendanceMode\"><\/item><script type=\"application\/ld+json\">{\"@context\": \"http:\/\/schema.org\",\"@type\": \"Event\",\n\t\t\t\t\"@id\": \"event_1669_0\",\n\t\t\t\t\"eventAttendanceMode\":\"https:\/\/schema.org\/OfflineEventAttendanceMode\",\n\t\t\t\t\"name\": \"EUFREE | EVENT #3 - EUROPE TODAY in Sarajevo and Tuzla (Bosnia and Herzegovina)\",\n\t\t\t\t\"url\": \"https:\/\/civilwordsaps.it\/en\/evento\/eufree-event-3\/\",\n\t\t\t\t\"startDate\": \"2022-4-18T11:00+0:00\",\n\t\t\t\t\"endDate\": \"2022-4-25T01:00+0:00\",\n\t\t\t\t\"image\":\"https:\/\/civilwordsaps.it\/wp-content\/uploads\/2025\/12\/EUFREE_cover.avif\", \n\t\t\t\t\"description\":\"EUFREE | EVENT #3 - EUROPE TODAY in Sarajevo and Tuzla (Bosnia and Herzegovina)\",\"eventStatus\":\"https:\/\/schema.org\/EventScheduled\"}<\/script><\/div>\n\t\t\t\t<p class=\"desc_trig_outter\" style=\"\"><a data-gmap_status=\"null\" data-exlk=\"0\" style=\"background-color: #d3686e;\" id=\"evc_16502724001669\" class=\"desc_trig mul_val evcal_list_a\" data-ux_val=\"1\" data-ux_val_mob=\"-\"  ><span class='evoet_c2 evoet_cx'><span class='evoet_dayblock evcal_cblock' data-bgcolor='#d3686e' data-smon='Aprile' data-syr='2022'><span class='evo_start'><em class='date'>18<\/em><em class='month'>apr<\/em><em class='time'><i t=\"y\">(apr 18)<\/i>9:00<\/em><\/span><span class='evo_end'><em class='date'>24<\/em><em class='time'><i t=\"y\">(apr 24)<\/i>23:00<\/em><\/span><\/span><\/span><span class='evoet_c3 evoet_cx evcal_desc evo_info' ><span class='evoet_tags evo_above_title'><\/span><span class='evoet_title evcal_desc2 evcal_event_title' itemprop='name'>EUFREE | EVENT #3 &#8211; EUROPE TODAY in Sarajevo and Tuzla (Bosnia and Herzegovina)<\/span><span class='evoet_subtitle evo_below_title'><span class='evcal_event_subtitle' >GRANT &amp; FESTIVAL<\/span><\/span><span class='evoet_time_expand level_3 evcal_desc_info evogap10'><\/span><span class='evcal_desc3'><\/span><\/span><em class='evoet_data' style='display:none' data-bgc='#d3686e'data-bggrad=''><\/em><\/a><\/p><div class='event_description evcal_eventcard' style=\"display:none\"><div class='evocard_row'><div class='evocard_box ftimage' data-c='ffffff' \n\t\t\t\t\tstyle='background-color:#ffffff'><div class='evo_metarow_directimg evcal_evdata_row'><img class='evo_event_main_img' src='https:\/\/civilwordsaps.it\/wp-content\/uploads\/2025\/12\/EUFREE_cover.avif' \/><\/div><\/div><\/div><div class='evocard_row'><div class='evocard_box time' data-c='ffffff' \n\t\t\t\t\tstyle='background-color:#ffffff'><div class='evo_metarow_time evorow evcal_evdata_row evcal_evrow_sm'>\n\t\t<span class='evcal_evdata_icons'><i class='fa fa-clock'><\/i><\/span>\n\t\t<div class='evcal_evdata_cell'>\t\t\t\t\t\t\t\n\t\t\t<h3 class='evo_h3'><span class='evcal_evdata_icons'><i class='fa fa-clock'><\/i><\/span>Hours<\/h3><p><span class='evo_eventcard_time_t'>18\/04\/2022 9:00 &#8211; 24\/04\/2022 23:00<\/span><\/p>\n\t\t<\/div>\n\t<\/div><\/div><\/div><div class='evocard_row'><div class='evocard_box learnmore' data-c='ffffff' \n\t\t\t\t\tstyle='background-color:#ffffff'><div class='evo_metarow_learnM evo_metarow_learnmore evorow'>\n\t\t\t\t\t\t\t<a class='evcal_evdata_row evo_clik_row' href='https:\/\/civilwordsaps.it\/en\/eufree\/' >\n\t\t\t\t\t\t\t\t<span class='evcal_evdata_icons'><i class='fa fa-link'><\/i><\/span>\n\t\t\t\t\t\t\t\t<h3 class='evo_h3 evopad0i'>Learn more<\/h3>\n\t\t\t\t\t\t\t<\/a>\n\t\t\t\t\t\t\t<\/div><\/div><\/div><div class='evocard_row'><div class='evocard_box relatedEvents' data-c='' \n\t\t\t\t\tstyle=''><div class='evo_metarow_rel_events evorow evcal_evdata_row'>\n\t<span class='evcal_evdata_icons'><i class='fa fa-calendar-plus'><\/i><\/span>\n\t<div class='evcal_evdata_cell'>\n\t\t<h3 class='evo_h3'>Eventi correlati<\/h3>\n\t\t<div class='evcal_cell_rel_events'>\n\t\t<a class='hasimg' href='https:\/\/civilwordsaps.it\/en\/evento\/eufree-event-2-2\/'>\n\t\t\t\t<span class='img' style='background-image: url(https:\/\/civilwordsaps.it\/wp-content\/uploads\/2025\/12\/EUFREE_cover.avif)'><\/span>\t\t\t\t\t\t\t\t\t\t\t\t\n\t\t\t\t<span class='evomar15'>\n\t\t\t\t\t<h4 class='evo_h4'>EUFREE | EVENT #2.2 &#8211; MULTI-GENERATIONAL JOURNEY OF MEMORY<\/h4>\n\t\t\t\t\t<em><i class='fa fa-clock-o'><\/i> 10\/09\/2021 9:00 &#8211; 14\/09\/2021 23:00<\/em>\n\t\t\t\t<\/span>\n\n\t\t\t\t<\/a><a class='hasimg' href='https:\/\/civilwordsaps.it\/en\/evento\/eufree-event-2-1\/'>\n\t\t\t\t<span class='img' style='background-image: url(https:\/\/civilwordsaps.it\/wp-content\/uploads\/2025\/12\/EUFREE_cover.avif)'><\/span>\t\t\t\t\t\t\t\t\t\t\t\t\n\t\t\t\t<span class='evomar15'>\n\t\t\t\t\t<h4 class='evo_h4'>EUFREE | EVENT #2.1 &#8211; EUROPE YESTERDAY &#8211; Belgrade (Serbia)<\/h4>\n\t\t\t\t\t<em><i class='fa fa-clock-o'><\/i> 07\/09\/2021 9:00 &#8211; 10\/09\/2021 23:00<\/em>\n\t\t\t\t<\/span>\n\n\t\t\t\t<\/a><a class='hasimg' href='https:\/\/civilwordsaps.it\/en\/evento\/eufree-event-1\/'>\n\t\t\t\t<span class='img' style='background-image: url(https:\/\/civilwordsaps.it\/wp-content\/uploads\/2025\/12\/EUFREE_cover.avif)'><\/span>\t\t\t\t\t\t\t\t\t\t\t\t\n\t\t\t\t<span class='evomar15'>\n\t\t\t\t\t<h4 class='evo_h4'>EUFREE | EVENT #1 &#8211; PROJECT LAUNCH &#8211; Aquileia (Italy)<\/h4>\n\t\t\t\t\t<em><i class='fa fa-clock-o'><\/i> 10\/09\/2020 9:00 &#8211; 12\/09\/2020 23:00<\/em>\n\t\t\t\t<\/span>\n\n\t\t\t\t<\/a>\t\t<\/div>\n\t<\/div>\n<\/div>\n<\/div><\/div><div class='evo_card_row_end evcal_close' title='Chiudi'><\/div><\/div><div class='clear end'><\/div><\/div><\/div><div class='evcal_month_line' data-d='eml_6_2022'><p>June 2022<\/p><\/div><div class='sep_month_events' data-d='eml_6_2022'><div id=\"event_2649_0\" class=\"eventon_list_event evo_eventtop scheduled past_event event event_2649_0\" data-event_id=\"2649\" data-ri=\"0r\" data-time=\"1654938000-1654963200\" data-colr=\"#d3686e\" itemscope itemtype='http:\/\/schema.org\/Event'><div class=\"evo_event_schema\" style=\"display:none\" ><a itemprop='url'  href='https:\/\/civilwordsaps.it\/en\/evento\/eufree-workshop-gorizia\/'><\/a><meta itemprop='image' content=\"https:\/\/civilwordsaps.it\/wp-content\/uploads\/2025\/12\/EUFREE_cover.avif\" \/><meta itemprop='startDate' content=\"2022-6-11T11:00+0:00\" \/><meta itemprop='endDate' content=\"2022-6-11T18:00+0:00\" \/><meta itemprop='eventStatus' content=\"https:\/\/schema.org\/EventScheduled\" \/><item style=\"display:none\" itemprop=\"eventAttendanceMode\" itemscope itemtype=\"https:\/\/schema.org\/OfflineEventAttendanceMode\"><\/item><script type=\"application\/ld+json\">{\"@context\": \"http:\/\/schema.org\",\"@type\": \"Event\",\n\t\t\t\t\"@id\": \"event_2649_0\",\n\t\t\t\t\"eventAttendanceMode\":\"https:\/\/schema.org\/OfflineEventAttendanceMode\",\n\t\t\t\t\"name\": \"EUFREE | Workshop Gorizia\",\n\t\t\t\t\"url\": \"https:\/\/civilwordsaps.it\/en\/evento\/eufree-workshop-gorizia\/\",\n\t\t\t\t\"startDate\": \"2022-6-11T11:00+0:00\",\n\t\t\t\t\"endDate\": \"2022-6-11T18:00+0:00\",\n\t\t\t\t\"image\":\"https:\/\/civilwordsaps.it\/wp-content\/uploads\/2025\/12\/EUFREE_cover.avif\", \n\t\t\t\t\"description\":\"EUFREE | Workshop Gorizia\",\"eventStatus\":\"https:\/\/schema.org\/EventScheduled\"}<\/script><\/div>\n\t\t\t\t<p class=\"desc_trig_outter\" style=\"\"><a data-gmap_status=\"null\" data-exlk=\"0\" style=\"background-color: #d3686e;\" id=\"evc_16549380002649\" class=\"desc_trig sin_val evcal_list_a\" data-ux_val=\"1\" data-ux_val_mob=\"-\"  ><span class='evoet_c2 evoet_cx'><span class='evoet_dayblock evcal_cblock' data-bgcolor='#d3686e' data-smon='Giugno' data-syr='2022'><span class='evo_start'><em class='date'>11<\/em><em class='month'>jun<\/em><em class='time'>9:00<\/em><\/span><span class='evo_end only_time'><em class='time'>16:00<\/em><\/span><\/span><\/span><span class='evoet_c3 evoet_cx evcal_desc evo_info' ><span class='evoet_tags evo_above_title'><\/span><span class='evoet_title evcal_desc2 evcal_event_title' itemprop='name'>EUFREE | Workshop Gorizia<\/span><span class='evoet_subtitle evo_below_title'><span class='evcal_event_subtitle' >GRANT &amp; FESTIVAL<\/span><\/span><span class='evoet_time_expand level_3 evcal_desc_info evogap10'><\/span><span class='evcal_desc3'><\/span><\/span><em class='evoet_data' style='display:none' data-bgc='#d3686e'data-bggrad=''><\/em><\/a><\/p><div class='event_description evcal_eventcard' style=\"display:none\"><div class='evocard_row'><div class='evocard_box ftimage' data-c='ffffff' \n\t\t\t\t\tstyle='background-color:#ffffff'><div class='evo_metarow_directimg evcal_evdata_row'><img class='evo_event_main_img' src='https:\/\/civilwordsaps.it\/wp-content\/uploads\/2025\/12\/EUFREE_cover.avif' \/><\/div><\/div><\/div><div class='evocard_row bx2 bx'><div class='evocard_box time' data-c='ffffff' \n\t\t\t\t\tstyle='background-color:#ffffff'><div class='evo_metarow_time evorow evcal_evdata_row evcal_evrow_sm'>\n\t\t<span class='evcal_evdata_icons'><i class='fa fa-clock'><\/i><\/span>\n\t\t<div class='evcal_evdata_cell'>\t\t\t\t\t\t\t\n\t\t\t<h3 class='evo_h3'><span class='evcal_evdata_icons'><i class='fa fa-clock'><\/i><\/span>Hours<\/h3><p><span class='evo_eventcard_time_t'>11\/06\/2022 9:00 &#8211; 16:00<\/span><\/p>\n\t\t<\/div>\n\t<\/div><\/div><div class='evocard_box location' data-c='ffffff' \n\t\t\t\t\tstyle='background-color:#ffffff'><div class='evcal_evdata_row evo_metarow_time_location evorow'>\n\t\t\n\t\t\t<span class='evcal_evdata_icons'><i class='fa fa-map-marker'><\/i><\/span>\n\t\t\t<div class='evcal_evdata_cell' data-loc_tax_id='67'><h3 class='evo_h3'><span class='evcal_evdata_icons'><i class='fa fa-map-marker'><\/i><\/span>Location<\/h3><p class='evo_location_name' style='margin-bottom:10px; font-size:15px;'>Gorizia<\/p><\/div>\n\t\t\n\t<\/div><\/div><\/div><div class='evocard_row'><div class='evocard_box learnmore' data-c='ffffff' \n\t\t\t\t\tstyle='background-color:#ffffff'><div class='evo_metarow_learnM evo_metarow_learnmore evorow'>\n\t\t\t\t\t\t\t<a class='evcal_evdata_row evo_clik_row' href='https:\/\/civilwordsaps.it\/en\/eufree\/' >\n\t\t\t\t\t\t\t\t<span class='evcal_evdata_icons'><i class='fa fa-link'><\/i><\/span>\n\t\t\t\t\t\t\t\t<h3 class='evo_h3 evopad0i'>Learn more<\/h3>\n\t\t\t\t\t\t\t<\/a>\n\t\t\t\t\t\t\t<\/div><\/div><\/div><div class='evocard_row'><div class='evocard_box relatedEvents' data-c='' \n\t\t\t\t\tstyle=''><div class='evo_metarow_rel_events evorow evcal_evdata_row'>\n\t<span class='evcal_evdata_icons'><i class='fa fa-calendar-plus'><\/i><\/span>\n\t<div class='evcal_evdata_cell'>\n\t\t<h3 class='evo_h3'>Eventi correlati<\/h3>\n\t\t<div class='evcal_cell_rel_events'>\n\t\t\t\t<\/div>\n\t<\/div>\n<\/div>\n<\/div><\/div><div class='evo_card_row_end evcal_close' title='Chiudi'><\/div><\/div><div class='clear end'><\/div><\/div><\/div><div class='evcal_month_line' data-d='eml_11_2022'><p>November 2022<\/p><\/div><div class='sep_month_events' data-d='eml_11_2022'><div id=\"event_1670_0\" class=\"eventon_list_event evo_eventtop scheduled past_event event event_1670_0\" data-event_id=\"1670\" data-ri=\"0r\" data-time=\"1668243600-1668639600\" data-colr=\"#d3686e\" itemscope itemtype='http:\/\/schema.org\/Event'><div class=\"evo_event_schema\" style=\"display:none\" ><a itemprop='url'  href='https:\/\/civilwordsaps.it\/en\/evento\/eufree-event-4\/'><\/a><meta itemprop='image' content=\"https:\/\/civilwordsaps.it\/wp-content\/uploads\/2025\/12\/EUFREE_cover.avif\" \/><meta itemprop='startDate' content=\"2022-11-12T10:00+0:00\" \/><meta itemprop='endDate' content=\"2022-11-17T00:00+0:00\" \/><meta itemprop='eventStatus' content=\"https:\/\/schema.org\/EventScheduled\" \/><item style=\"display:none\" itemprop=\"eventAttendanceMode\" itemscope itemtype=\"https:\/\/schema.org\/OfflineEventAttendanceMode\"><\/item><script type=\"application\/ld+json\">{\"@context\": \"http:\/\/schema.org\",\"@type\": \"Event\",\n\t\t\t\t\"@id\": \"event_1670_0\",\n\t\t\t\t\"eventAttendanceMode\":\"https:\/\/schema.org\/OfflineEventAttendanceMode\",\n\t\t\t\t\"name\": \"EUFREE | EVENT #4 - EUROPE TOMORROW in Gorizia (Italy) and Nova Gorica (Slovenia)\",\n\t\t\t\t\"url\": \"https:\/\/civilwordsaps.it\/en\/evento\/eufree-event-4\/\",\n\t\t\t\t\"startDate\": \"2022-11-12T10:00+0:00\",\n\t\t\t\t\"endDate\": \"2022-11-17T00:00+0:00\",\n\t\t\t\t\"image\":\"https:\/\/civilwordsaps.it\/wp-content\/uploads\/2025\/12\/EUFREE_cover.avif\", \n\t\t\t\t\"description\":\"EUFREE | EVENT #4 - EUROPE TOMORROW in Gorizia (Italy) and Nova Gorica (Slovenia)\",\"eventStatus\":\"https:\/\/schema.org\/EventScheduled\"}<\/script><\/div>\n\t\t\t\t<p class=\"desc_trig_outter\" style=\"\"><a data-gmap_status=\"null\" data-exlk=\"0\" style=\"background-color: #d3686e;\" id=\"evc_16682436001670\" class=\"desc_trig mul_val evcal_list_a\" data-ux_val=\"1\" data-ux_val_mob=\"-\"  ><span class='evoet_c2 evoet_cx'><span class='evoet_dayblock evcal_cblock' data-bgcolor='#d3686e' data-smon='Novembre' data-syr='2022'><span class='evo_start'><em class='date'>12<\/em><em class='month'>nov<\/em><em class='time'><i t=\"y\">(nov 12)<\/i>9:00<\/em><\/span><span class='evo_end'><em class='date'>16<\/em><em class='time'><i t=\"y\">(nov 16)<\/i>23:00<\/em><\/span><\/span><\/span><span class='evoet_c3 evoet_cx evcal_desc evo_info' ><span class='evoet_tags evo_above_title'><\/span><span class='evoet_title evcal_desc2 evcal_event_title' itemprop='name'>EUFREE | EVENT #4 &#8211; EUROPE TOMORROW in Gorizia (Italy) and Nova Gorica (Slovenia)<\/span><span class='evoet_subtitle evo_below_title'><span class='evcal_event_subtitle' >GRANT &amp; FESTIVAL<\/span><\/span><span class='evoet_time_expand level_3 evcal_desc_info evogap10'><\/span><span class='evcal_desc3'><\/span><\/span><em class='evoet_data' style='display:none' data-bgc='#d3686e'data-bggrad=''><\/em><\/a><\/p><div class='event_description evcal_eventcard' style=\"display:none\"><div class='evocard_row'><div class='evocard_box ftimage' data-c='ffffff' \n\t\t\t\t\tstyle='background-color:#ffffff'><div class='evo_metarow_directimg evcal_evdata_row'><img class='evo_event_main_img' src='https:\/\/civilwordsaps.it\/wp-content\/uploads\/2025\/12\/EUFREE_cover.avif' \/><\/div><\/div><\/div><div class='evocard_row'><div class='evocard_box time' data-c='ffffff' \n\t\t\t\t\tstyle='background-color:#ffffff'><div class='evo_metarow_time evorow evcal_evdata_row evcal_evrow_sm'>\n\t\t<span class='evcal_evdata_icons'><i class='fa fa-clock'><\/i><\/span>\n\t\t<div class='evcal_evdata_cell'>\t\t\t\t\t\t\t\n\t\t\t<h3 class='evo_h3'><span class='evcal_evdata_icons'><i class='fa fa-clock'><\/i><\/span>Hours<\/h3><p><span class='evo_eventcard_time_t'>12\/11\/2022 9:00 &#8211; 16\/11\/2022 23:00<\/span><\/p>\n\t\t<\/div>\n\t<\/div><\/div><\/div><div class='evocard_row'><div class='evocard_box learnmore' data-c='ffffff' \n\t\t\t\t\tstyle='background-color:#ffffff'><div class='evo_metarow_learnM evo_metarow_learnmore evorow'>\n\t\t\t\t\t\t\t<a class='evcal_evdata_row evo_clik_row' href='https:\/\/civilwordsaps.it\/en\/eufree\/' >\n\t\t\t\t\t\t\t\t<span class='evcal_evdata_icons'><i class='fa fa-link'><\/i><\/span>\n\t\t\t\t\t\t\t\t<h3 class='evo_h3 evopad0i'>Learn more<\/h3>\n\t\t\t\t\t\t\t<\/a>\n\t\t\t\t\t\t\t<\/div><\/div><\/div><div class='evocard_row'><div class='evocard_box relatedEvents' data-c='' \n\t\t\t\t\tstyle=''><div class='evo_metarow_rel_events evorow evcal_evdata_row'>\n\t<span class='evcal_evdata_icons'><i class='fa fa-calendar-plus'><\/i><\/span>\n\t<div class='evcal_evdata_cell'>\n\t\t<h3 class='evo_h3'>Eventi correlati<\/h3>\n\t\t<div class='evcal_cell_rel_events'>\n\t\t<a class='hasimg' href='https:\/\/civilwordsaps.it\/en\/evento\/eufree-event-1\/'>\n\t\t\t\t<span class='img' style='background-image: url(https:\/\/civilwordsaps.it\/wp-content\/uploads\/2025\/12\/EUFREE_cover.avif)'><\/span>\t\t\t\t\t\t\t\t\t\t\t\t\n\t\t\t\t<span class='evomar15'>\n\t\t\t\t\t<h4 class='evo_h4'>EUFREE | EVENT #1 &#8211; PROJECT LAUNCH &#8211; Aquileia (Italy)<\/h4>\n\t\t\t\t\t<em><i class='fa fa-clock-o'><\/i> 10\/09\/2020 9:00 &#8211; 12\/09\/2020 23:00<\/em>\n\t\t\t\t<\/span>\n\n\t\t\t\t<\/a><a class='hasimg' href='https:\/\/civilwordsaps.it\/en\/evento\/eufree-event-2-1\/'>\n\t\t\t\t<span class='img' style='background-image: url(https:\/\/civilwordsaps.it\/wp-content\/uploads\/2025\/12\/EUFREE_cover.avif)'><\/span>\t\t\t\t\t\t\t\t\t\t\t\t\n\t\t\t\t<span class='evomar15'>\n\t\t\t\t\t<h4 class='evo_h4'>EUFREE | EVENT #2.1 &#8211; EUROPE YESTERDAY &#8211; Belgrade (Serbia)<\/h4>\n\t\t\t\t\t<em><i class='fa fa-clock-o'><\/i> 07\/09\/2021 9:00 &#8211; 10\/09\/2021 23:00<\/em>\n\t\t\t\t<\/span>\n\n\t\t\t\t<\/a><a class='hasimg' href='https:\/\/civilwordsaps.it\/en\/evento\/eufree-event-2-2\/'>\n\t\t\t\t<span class='img' style='background-image: url(https:\/\/civilwordsaps.it\/wp-content\/uploads\/2025\/12\/EUFREE_cover.avif)'><\/span>\t\t\t\t\t\t\t\t\t\t\t\t\n\t\t\t\t<span class='evomar15'>\n\t\t\t\t\t<h4 class='evo_h4'>EUFREE | EVENT #2.2 &#8211; MULTI-GENERATIONAL JOURNEY OF MEMORY<\/h4>\n\t\t\t\t\t<em><i class='fa fa-clock-o'><\/i> 10\/09\/2021 9:00 &#8211; 14\/09\/2021 23:00<\/em>\n\t\t\t\t<\/span>\n\n\t\t\t\t<\/a><a class='hasimg' href='https:\/\/civilwordsaps.it\/en\/evento\/eufree-event-3\/'>\n\t\t\t\t<span class='img' style='background-image: url(https:\/\/civilwordsaps.it\/wp-content\/uploads\/2025\/12\/EUFREE_cover.avif)'><\/span>\t\t\t\t\t\t\t\t\t\t\t\t\n\t\t\t\t<span class='evomar15'>\n\t\t\t\t\t<h4 class='evo_h4'>EUFREE | EVENT #3 &#8211; EUROPE TODAY in Sarajevo and Tuzla (Bosnia and Herzegovina)<\/h4>\n\t\t\t\t\t<em><i class='fa fa-clock-o'><\/i> 18\/04\/2022 9:00 &#8211; 24\/04\/2022 23:00<\/em>\n\t\t\t\t<\/span>\n\n\t\t\t\t<\/a>\t\t<\/div>\n\t<\/div>\n<\/div>\n<\/div><\/div><div class='evo_card_row_end evcal_close' title='Chiudi'><\/div><\/div><div class='clear end'><\/div><\/div><div id=\"event_2650_0\" class=\"eventon_list_event evo_eventtop scheduled past_event event event_2650_0\" data-event_id=\"2650\" data-ri=\"0r\" data-time=\"1668416400-1668441600\" data-colr=\"#d3686e\" itemscope itemtype='http:\/\/schema.org\/Event'><div class=\"evo_event_schema\" style=\"display:none\" ><a itemprop='url'  href='https:\/\/civilwordsaps.it\/en\/evento\/eufree-workshop-sela-na-krasu\/'><\/a><meta itemprop='image' content=\"https:\/\/civilwordsaps.it\/wp-content\/uploads\/2025\/12\/EUFREE_cover.avif\" \/><meta itemprop='startDate' content=\"2022-11-14T10:00+0:00\" \/><meta itemprop='endDate' content=\"2022-11-14T17:00+0:00\" \/><meta itemprop='eventStatus' content=\"https:\/\/schema.org\/EventScheduled\" \/><item style=\"display:none\" itemprop=\"eventAttendanceMode\" itemscope itemtype=\"https:\/\/schema.org\/OfflineEventAttendanceMode\"><\/item><script type=\"application\/ld+json\">{\"@context\": \"http:\/\/schema.org\",\"@type\": \"Event\",\n\t\t\t\t\"@id\": \"event_2650_0\",\n\t\t\t\t\"eventAttendanceMode\":\"https:\/\/schema.org\/OfflineEventAttendanceMode\",\n\t\t\t\t\"name\": \"EUFREE | Workshop Sela Na Krasu\",\n\t\t\t\t\"url\": \"https:\/\/civilwordsaps.it\/en\/evento\/eufree-workshop-sela-na-krasu\/\",\n\t\t\t\t\"startDate\": \"2022-11-14T10:00+0:00\",\n\t\t\t\t\"endDate\": \"2022-11-14T17:00+0:00\",\n\t\t\t\t\"image\":\"https:\/\/civilwordsaps.it\/wp-content\/uploads\/2025\/12\/EUFREE_cover.avif\", \n\t\t\t\t\"description\":\"EUFREE | Workshop Sela Na Krasu\",\"eventStatus\":\"https:\/\/schema.org\/EventScheduled\"}<\/script><\/div>\n\t\t\t\t<p class=\"desc_trig_outter\" style=\"\"><a data-gmap_status=\"null\" data-exlk=\"0\" style=\"background-color: #d3686e;\" id=\"evc_16684164002650\" class=\"desc_trig sin_val evcal_list_a\" data-ux_val=\"1\" data-ux_val_mob=\"-\"  ><span class='evoet_c2 evoet_cx'><span class='evoet_dayblock evcal_cblock' data-bgcolor='#d3686e' data-smon='Novembre' data-syr='2022'><span class='evo_start'><em class='date'>14<\/em><em class='month'>nov<\/em><em class='time'>9:00<\/em><\/span><span class='evo_end only_time'><em class='time'>16:00<\/em><\/span><\/span><\/span><span class='evoet_c3 evoet_cx evcal_desc evo_info' ><span class='evoet_tags evo_above_title'><\/span><span class='evoet_title evcal_desc2 evcal_event_title' itemprop='name'>EUFREE | Workshop Sela Na Krasu<\/span><span class='evoet_subtitle evo_below_title'><span class='evcal_event_subtitle' >GRANT &amp; FESTIVAL<\/span><\/span><span class='evoet_time_expand level_3 evcal_desc_info evogap10'><\/span><span class='evcal_desc3'><\/span><\/span><em class='evoet_data' style='display:none' data-bgc='#d3686e'data-bggrad=''><\/em><\/a><\/p><div class='event_description evcal_eventcard' style=\"display:none\"><div class='evocard_row'><div class='evocard_box ftimage' data-c='ffffff' \n\t\t\t\t\tstyle='background-color:#ffffff'><div class='evo_metarow_directimg evcal_evdata_row'><img class='evo_event_main_img' src='https:\/\/civilwordsaps.it\/wp-content\/uploads\/2025\/12\/EUFREE_cover.avif' \/><\/div><\/div><\/div><div class='evocard_row bx2 bx'><div class='evocard_box time' data-c='ffffff' \n\t\t\t\t\tstyle='background-color:#ffffff'><div class='evo_metarow_time evorow evcal_evdata_row evcal_evrow_sm'>\n\t\t<span class='evcal_evdata_icons'><i class='fa fa-clock'><\/i><\/span>\n\t\t<div class='evcal_evdata_cell'>\t\t\t\t\t\t\t\n\t\t\t<h3 class='evo_h3'><span class='evcal_evdata_icons'><i class='fa fa-clock'><\/i><\/span>Hours<\/h3><p><span class='evo_eventcard_time_t'>14\/11\/2022 9:00 &#8211; 16:00<\/span><\/p>\n\t\t<\/div>\n\t<\/div><\/div><div class='evocard_box location' data-c='ffffff' \n\t\t\t\t\tstyle='background-color:#ffffff'><div class='evcal_evdata_row evo_metarow_time_location evorow'>\n\t\t\n\t\t\t<span class='evcal_evdata_icons'><i class='fa fa-map-marker'><\/i><\/span>\n\t\t\t<div class='evcal_evdata_cell' data-loc_tax_id='72'><h3 class='evo_h3'><span class='evcal_evdata_icons'><i class='fa fa-map-marker'><\/i><\/span>Location<\/h3><p class='evo_location_name' style='margin-bottom:10px; font-size:15px;'>Sela Na Krasu<\/p><\/div>\n\t\t\n\t<\/div><\/div><\/div><div class='evocard_row'><div class='evocard_box learnmore' data-c='ffffff' \n\t\t\t\t\tstyle='background-color:#ffffff'><div class='evo_metarow_learnM evo_metarow_learnmore evorow'>\n\t\t\t\t\t\t\t<a class='evcal_evdata_row evo_clik_row' href='https:\/\/civilwordsaps.it\/en\/eufree\/' >\n\t\t\t\t\t\t\t\t<span class='evcal_evdata_icons'><i class='fa fa-link'><\/i><\/span>\n\t\t\t\t\t\t\t\t<h3 class='evo_h3 evopad0i'>Learn more<\/h3>\n\t\t\t\t\t\t\t<\/a>\n\t\t\t\t\t\t\t<\/div><\/div><\/div><div class='evocard_row'><div class='evocard_box relatedEvents' data-c='' \n\t\t\t\t\tstyle=''><div class='evo_metarow_rel_events evorow evcal_evdata_row'>\n\t<span class='evcal_evdata_icons'><i class='fa fa-calendar-plus'><\/i><\/span>\n\t<div class='evcal_evdata_cell'>\n\t\t<h3 class='evo_h3'>Eventi correlati<\/h3>\n\t\t<div class='evcal_cell_rel_events'>\n\t\t\t\t<\/div>\n\t<\/div>\n<\/div>\n<\/div><\/div><div class='evo_card_row_end evcal_close' title='Chiudi'><\/div><\/div><div class='clear end'><\/div><\/div><div id=\"event_2610_0\" class=\"eventon_list_event evo_eventtop scheduled past_event event event_2610_0\" data-event_id=\"2610\" data-ri=\"0r\" data-time=\"1669280400-1669323600\" data-colr=\"#d88f95\" itemscope itemtype='http:\/\/schema.org\/Event'><div class=\"evo_event_schema\" style=\"display:none\" ><a itemprop='url'  href='https:\/\/civilwordsaps.it\/en\/evento\/actival-road-to-lubeck\/'><\/a><meta itemprop='image' content=\"https:\/\/civilwordsaps.it\/wp-content\/uploads\/2025\/08\/Actival-for-Future.png\" \/><meta itemprop='startDate' content=\"2022-11-24T10:00+0:00\" \/><meta itemprop='endDate' content=\"2022-11-24T22:00+0:00\" \/><meta itemprop='eventStatus' content=\"https:\/\/schema.org\/EventScheduled\" \/><item style=\"display:none\" itemprop=\"eventAttendanceMode\" itemscope itemtype=\"https:\/\/schema.org\/OfflineEventAttendanceMode\"><\/item><script type=\"application\/ld+json\">{\"@context\": \"http:\/\/schema.org\",\"@type\": \"Event\",\n\t\t\t\t\"@id\": \"event_2610_0\",\n\t\t\t\t\"eventAttendanceMode\":\"https:\/\/schema.org\/OfflineEventAttendanceMode\",\n\t\t\t\t\"name\": \"ACTival - Road to Lubeck\",\n\t\t\t\t\"url\": \"https:\/\/civilwordsaps.it\/en\/evento\/actival-road-to-lubeck\/\",\n\t\t\t\t\"startDate\": \"2022-11-24T10:00+0:00\",\n\t\t\t\t\"endDate\": \"2022-11-24T22:00+0:00\",\n\t\t\t\t\"image\":\"https:\/\/civilwordsaps.it\/wp-content\/uploads\/2025\/08\/Actival-for-Future.png\", \n\t\t\t\t\"description\":\"ACTival - Road to Lubeck\",\"eventStatus\":\"https:\/\/schema.org\/EventScheduled\"}<\/script><\/div>\n\t\t\t\t<p class=\"desc_trig_outter\" style=\"\"><a data-gmap_status=\"null\" data-exlk=\"0\" style=\"background-color: #d88f95;\" id=\"evc_16692804002610\" class=\"desc_trig sin_val evcal_list_a\" data-ux_val=\"1\" data-ux_val_mob=\"-\"  ><span class='evoet_c2 evoet_cx'><span class='evoet_dayblock evcal_cblock' data-bgcolor='#d88f95' data-smon='Novembre' data-syr='2022'><span class='evo_start'><em class='date'>24<\/em><em class='month'>nov<\/em><em class='time'>9:00<\/em><\/span><span class='evo_end only_time'><em class='time'>21:00<\/em><\/span><\/span><\/span><span class='evoet_c3 evoet_cx evcal_desc evo_info' ><span class='evoet_tags evo_above_title'><\/span><span class='evoet_title evcal_desc2 evcal_event_title' itemprop='name'>ACTival &#8211; Road to Lubeck<\/span><span class='evoet_subtitle evo_below_title'><span class='evcal_event_subtitle' >GRANT &amp; FESTIVAL<\/span><\/span><span class='evoet_time_expand level_3 evcal_desc_info evogap10'><\/span><span class='evcal_desc3'><\/span><\/span><em class='evoet_data' style='display:none' data-bgc='#d88f95'data-bggrad=''><\/em><\/a><\/p><div class='event_description evcal_eventcard' style=\"display:none\"><div class='evocard_row'><div class='evocard_box ftimage' data-c='ffffff' \n\t\t\t\t\tstyle='background-color:#ffffff'><div class='evo_metarow_directimg evcal_evdata_row'><img class='evo_event_main_img' src='https:\/\/civilwordsaps.it\/wp-content\/uploads\/2025\/08\/Actival-for-Future.png' \/><\/div><\/div><\/div><div class='evocard_row bx2 bx'><div class='evocard_box time' data-c='ffffff' \n\t\t\t\t\tstyle='background-color:#ffffff'><div class='evo_metarow_time evorow evcal_evdata_row evcal_evrow_sm'>\n\t\t<span class='evcal_evdata_icons'><i class='fa fa-clock'><\/i><\/span>\n\t\t<div class='evcal_evdata_cell'>\t\t\t\t\t\t\t\n\t\t\t<h3 class='evo_h3'><span class='evcal_evdata_icons'><i class='fa fa-clock'><\/i><\/span>Hours<\/h3><p><span class='evo_eventcard_time_t'>24\/11\/2022 9:00 &#8211; 21:00<\/span><\/p>\n\t\t<\/div>\n\t<\/div><\/div><div class='evocard_box location' data-c='ffffff' \n\t\t\t\t\tstyle='background-color:#ffffff'><div class='evcal_evdata_row evo_metarow_time_location evorow'>\n\t\t\n\t\t\t<span class='evcal_evdata_icons'><i class='fa fa-map-marker'><\/i><\/span>\n\t\t\t<div class='evcal_evdata_cell' data-loc_tax_id='70'><h3 class='evo_h3'><span class='evcal_evdata_icons'><i class='fa fa-map-marker'><\/i><\/span>Location<\/h3><p class='evo_location_name' style='margin-bottom:10px; font-size:15px;'>Lubeck<\/p><\/div>\n\t\t\n\t<\/div><\/div><\/div><div class='evocard_row'><div class='evocard_box learnmore' data-c='ffffff' \n\t\t\t\t\tstyle='background-color:#ffffff'><div class='evo_metarow_learnM evo_metarow_learnmore evorow'>\n\t\t\t\t\t\t\t<a class='evcal_evdata_row evo_clik_row' href='https:\/\/civilwordsaps.it\/en\/actival\/' >\n\t\t\t\t\t\t\t\t<span class='evcal_evdata_icons'><i class='fa fa-link'><\/i><\/span>\n\t\t\t\t\t\t\t\t<h3 class='evo_h3 evopad0i'>Learn more<\/h3>\n\t\t\t\t\t\t\t<\/a>\n\t\t\t\t\t\t\t<\/div><\/div><\/div><div class='evo_card_row_end evcal_close' title='Chiudi'><\/div><\/div><div class='clear end'><\/div><\/div><\/div><div class='evcal_month_line' data-d='eml_1_2023'><p>January 2023<\/p><\/div><div class='sep_month_events' data-d='eml_1_2023'><div id=\"event_2611_0\" class=\"eventon_list_event evo_eventtop scheduled past_event event event_2611_0\" data-event_id=\"2611\" data-ri=\"0r\" data-time=\"1672736400-1672779600\" data-colr=\"#d88f95\" itemscope itemtype='http:\/\/schema.org\/Event'><div class=\"evo_event_schema\" style=\"display:none\" ><a itemprop='url'  href='https:\/\/civilwordsaps.it\/en\/evento\/actival-the-workshop\/'><\/a><meta itemprop='image' content=\"https:\/\/civilwordsaps.it\/wp-content\/uploads\/2025\/08\/Actival-for-Future.png\" \/><meta itemprop='startDate' content=\"2023-1-3T10:00+0:00\" \/><meta itemprop='endDate' content=\"2023-1-3T22:00+0:00\" \/><meta itemprop='eventStatus' content=\"https:\/\/schema.org\/EventScheduled\" \/><item style=\"display:none\" itemprop=\"eventAttendanceMode\" itemscope itemtype=\"https:\/\/schema.org\/OfflineEventAttendanceMode\"><\/item><script type=\"application\/ld+json\">{\"@context\": \"http:\/\/schema.org\",\"@type\": \"Event\",\n\t\t\t\t\"@id\": \"event_2611_0\",\n\t\t\t\t\"eventAttendanceMode\":\"https:\/\/schema.org\/OfflineEventAttendanceMode\",\n\t\t\t\t\"name\": \"ACTival - The Workshop\",\n\t\t\t\t\"url\": \"https:\/\/civilwordsaps.it\/en\/evento\/actival-the-workshop\/\",\n\t\t\t\t\"startDate\": \"2023-1-3T10:00+0:00\",\n\t\t\t\t\"endDate\": \"2023-1-3T22:00+0:00\",\n\t\t\t\t\"image\":\"https:\/\/civilwordsaps.it\/wp-content\/uploads\/2025\/08\/Actival-for-Future.png\", \n\t\t\t\t\"description\":\"ACTival - The Workshop\",\"eventStatus\":\"https:\/\/schema.org\/EventScheduled\"}<\/script><\/div>\n\t\t\t\t<p class=\"desc_trig_outter\" style=\"\"><a data-gmap_status=\"null\" data-exlk=\"0\" style=\"background-color: #d88f95;\" id=\"evc_16727364002611\" class=\"desc_trig sin_val evcal_list_a\" data-ux_val=\"1\" data-ux_val_mob=\"-\"  ><span class='evoet_c2 evoet_cx'><span class='evoet_dayblock evcal_cblock' data-bgcolor='#d88f95' data-smon='Gennaio' data-syr='2023'><span class='evo_start'><em class='date'>03<\/em><em class='month'>Jan<\/em><em class='time'>9:00<\/em><\/span><span class='evo_end only_time'><em class='time'>21:00<\/em><\/span><\/span><\/span><span class='evoet_c3 evoet_cx evcal_desc evo_info' ><span class='evoet_tags evo_above_title'><\/span><span class='evoet_title evcal_desc2 evcal_event_title' itemprop='name'>ACTival &#8211; The Workshop<\/span><span class='evoet_subtitle evo_below_title'><span class='evcal_event_subtitle' >GRANT &amp; FESTIVAL<\/span><\/span><span class='evoet_time_expand level_3 evcal_desc_info evogap10'><\/span><span class='evcal_desc3'><\/span><\/span><em class='evoet_data' style='display:none' data-bgc='#d88f95'data-bggrad=''><\/em><\/a><\/p><div class='event_description evcal_eventcard' style=\"display:none\"><div class='evocard_row'><div class='evocard_box ftimage' data-c='ffffff' \n\t\t\t\t\tstyle='background-color:#ffffff'><div class='evo_metarow_directimg evcal_evdata_row'><img class='evo_event_main_img' src='https:\/\/civilwordsaps.it\/wp-content\/uploads\/2025\/08\/Actival-for-Future.png' \/><\/div><\/div><\/div><div class='evocard_row bx2 bx'><div class='evocard_box time' data-c='ffffff' \n\t\t\t\t\tstyle='background-color:#ffffff'><div class='evo_metarow_time evorow evcal_evdata_row evcal_evrow_sm'>\n\t\t<span class='evcal_evdata_icons'><i class='fa fa-clock'><\/i><\/span>\n\t\t<div class='evcal_evdata_cell'>\t\t\t\t\t\t\t\n\t\t\t<h3 class='evo_h3'><span class='evcal_evdata_icons'><i class='fa fa-clock'><\/i><\/span>Hours<\/h3><p><span class='evo_eventcard_time_t'>03\/01\/2023 9:00 &#8211; 21:00<\/span><\/p>\n\t\t<\/div>\n\t<\/div><\/div><div class='evocard_box location' data-c='ffffff' \n\t\t\t\t\tstyle='background-color:#ffffff'><div class='evcal_evdata_row evo_metarow_time_location evorow'>\n\t\t\n\t\t\t<span class='evcal_evdata_icons'><i class='fa fa-map-marker'><\/i><\/span>\n\t\t\t<div class='evcal_evdata_cell' data-loc_tax_id='70'><h3 class='evo_h3'><span class='evcal_evdata_icons'><i class='fa fa-map-marker'><\/i><\/span>Location<\/h3><p class='evo_location_name' style='margin-bottom:10px; font-size:15px;'>Lubeck<\/p><\/div>\n\t\t\n\t<\/div><\/div><\/div><div class='evocard_row'><div class='evocard_box learnmore' data-c='ffffff' \n\t\t\t\t\tstyle='background-color:#ffffff'><div class='evo_metarow_learnM evo_metarow_learnmore evorow'>\n\t\t\t\t\t\t\t<a class='evcal_evdata_row evo_clik_row' href='https:\/\/civilwordsaps.it\/en\/actival\/' >\n\t\t\t\t\t\t\t\t<span class='evcal_evdata_icons'><i class='fa fa-link'><\/i><\/span>\n\t\t\t\t\t\t\t\t<h3 class='evo_h3 evopad0i'>Learn more<\/h3>\n\t\t\t\t\t\t\t<\/a>\n\t\t\t\t\t\t\t<\/div><\/div><\/div><div class='evo_card_row_end evcal_close' title='Chiudi'><\/div><\/div><div class='clear end'><\/div><\/div><div id=\"event_2612_0\" class=\"eventon_list_event evo_eventtop scheduled past_event event event_2612_0\" data-event_id=\"2612\" data-ri=\"0r\" data-time=\"1673082000-1673125200\" data-colr=\"#d88f95\" itemscope itemtype='http:\/\/schema.org\/Event'><div class=\"evo_event_schema\" style=\"display:none\" ><a itemprop='url'  href='https:\/\/civilwordsaps.it\/en\/evento\/actival-migranterstanding\/'><\/a><meta itemprop='image' content=\"https:\/\/civilwordsaps.it\/wp-content\/uploads\/2025\/08\/Actival-for-Future.png\" \/><meta itemprop='startDate' content=\"2023-1-7T10:00+0:00\" \/><meta itemprop='endDate' content=\"2023-1-7T22:00+0:00\" \/><meta itemprop='eventStatus' content=\"https:\/\/schema.org\/EventScheduled\" \/><item style=\"display:none\" itemprop=\"eventAttendanceMode\" itemscope itemtype=\"https:\/\/schema.org\/OfflineEventAttendanceMode\"><\/item><script type=\"application\/ld+json\">{\"@context\": \"http:\/\/schema.org\",\"@type\": \"Event\",\n\t\t\t\t\"@id\": \"event_2612_0\",\n\t\t\t\t\"eventAttendanceMode\":\"https:\/\/schema.org\/OfflineEventAttendanceMode\",\n\t\t\t\t\"name\": \"ACTival - Migranterstanding\",\n\t\t\t\t\"url\": \"https:\/\/civilwordsaps.it\/en\/evento\/actival-migranterstanding\/\",\n\t\t\t\t\"startDate\": \"2023-1-7T10:00+0:00\",\n\t\t\t\t\"endDate\": \"2023-1-7T22:00+0:00\",\n\t\t\t\t\"image\":\"https:\/\/civilwordsaps.it\/wp-content\/uploads\/2025\/08\/Actival-for-Future.png\", \n\t\t\t\t\"description\":\"ACTival - Migranterstanding\",\"eventStatus\":\"https:\/\/schema.org\/EventScheduled\"}<\/script><\/div>\n\t\t\t\t<p class=\"desc_trig_outter\" style=\"\"><a data-gmap_status=\"null\" data-exlk=\"0\" style=\"background-color: #d88f95;\" id=\"evc_16730820002612\" class=\"desc_trig sin_val evcal_list_a\" data-ux_val=\"1\" data-ux_val_mob=\"-\"  ><span class='evoet_c2 evoet_cx'><span class='evoet_dayblock evcal_cblock' data-bgcolor='#d88f95' data-smon='Gennaio' data-syr='2023'><span class='evo_start'><em class='date'>07<\/em><em class='month'>Jan<\/em><em class='time'>9:00<\/em><\/span><span class='evo_end only_time'><em class='time'>21:00<\/em><\/span><\/span><\/span><span class='evoet_c3 evoet_cx evcal_desc evo_info' ><span class='evoet_tags evo_above_title'><\/span><span class='evoet_title evcal_desc2 evcal_event_title' itemprop='name'>ACTival &#8211; Migranterstanding<\/span><span class='evoet_subtitle evo_below_title'><span class='evcal_event_subtitle' >GRANT &amp; FESTIVAL<\/span><\/span><span class='evoet_time_expand level_3 evcal_desc_info evogap10'><\/span><span class='evcal_desc3'><\/span><\/span><em class='evoet_data' style='display:none' data-bgc='#d88f95'data-bggrad=''><\/em><\/a><\/p><div class='event_description evcal_eventcard' style=\"display:none\"><div class='evocard_row'><div class='evocard_box ftimage' data-c='ffffff' \n\t\t\t\t\tstyle='background-color:#ffffff'><div class='evo_metarow_directimg evcal_evdata_row'><img class='evo_event_main_img' src='https:\/\/civilwordsaps.it\/wp-content\/uploads\/2025\/08\/Actival-for-Future.png' \/><\/div><\/div><\/div><div class='evocard_row bx2 bx'><div class='evocard_box time' data-c='ffffff' \n\t\t\t\t\tstyle='background-color:#ffffff'><div class='evo_metarow_time evorow evcal_evdata_row evcal_evrow_sm'>\n\t\t<span class='evcal_evdata_icons'><i class='fa fa-clock'><\/i><\/span>\n\t\t<div class='evcal_evdata_cell'>\t\t\t\t\t\t\t\n\t\t\t<h3 class='evo_h3'><span class='evcal_evdata_icons'><i class='fa fa-clock'><\/i><\/span>Hours<\/h3><p><span class='evo_eventcard_time_t'>07\/01\/2023 9:00 &#8211; 21:00<\/span><\/p>\n\t\t<\/div>\n\t<\/div><\/div><div class='evocard_box location' data-c='ffffff' \n\t\t\t\t\tstyle='background-color:#ffffff'><div class='evcal_evdata_row evo_metarow_time_location evorow'>\n\t\t\n\t\t\t<span class='evcal_evdata_icons'><i class='fa fa-map-marker'><\/i><\/span>\n\t\t\t<div class='evcal_evdata_cell' data-loc_tax_id='70'><h3 class='evo_h3'><span class='evcal_evdata_icons'><i class='fa fa-map-marker'><\/i><\/span>Location<\/h3><p class='evo_location_name' style='margin-bottom:10px; font-size:15px;'>Lubeck<\/p><\/div>\n\t\t\n\t<\/div><\/div><\/div><div class='evocard_row'><div class='evocard_box learnmore' data-c='ffffff' \n\t\t\t\t\tstyle='background-color:#ffffff'><div class='evo_metarow_learnM evo_metarow_learnmore evorow'>\n\t\t\t\t\t\t\t<a class='evcal_evdata_row evo_clik_row' href='https:\/\/civilwordsaps.it\/en\/actival\/' >\n\t\t\t\t\t\t\t\t<span class='evcal_evdata_icons'><i class='fa fa-link'><\/i><\/span>\n\t\t\t\t\t\t\t\t<h3 class='evo_h3 evopad0i'>Learn more<\/h3>\n\t\t\t\t\t\t\t<\/a>\n\t\t\t\t\t\t\t<\/div><\/div><\/div><div class='evo_card_row_end evcal_close' title='Chiudi'><\/div><\/div><div class='clear end'><\/div><\/div><\/div><div class='evcal_month_line' data-d='eml_2_2023'><p>February 2023<\/p><\/div><div class='sep_month_events' data-d='eml_2_2023'><div id=\"event_1671_0\" class=\"eventon_list_event evo_eventtop scheduled past_event event event_1671_0\" data-event_id=\"1671\" data-ri=\"0r\" data-time=\"1677229200-1677452400\" data-colr=\"#d3686e\" itemscope itemtype='http:\/\/schema.org\/Event'><div class=\"evo_event_schema\" style=\"display:none\" ><a itemprop='url'  href='https:\/\/civilwordsaps.it\/en\/evento\/eufree-event-5\/'><\/a><meta itemprop='image' content=\"https:\/\/civilwordsaps.it\/wp-content\/uploads\/2025\/12\/EUFREE_cover.avif\" \/><meta itemprop='startDate' content=\"2023-2-24T10:00+0:00\" \/><meta itemprop='endDate' content=\"2023-2-27T00:00+0:00\" \/><meta itemprop='eventStatus' content=\"https:\/\/schema.org\/EventScheduled\" \/><item style=\"display:none\" itemprop=\"eventAttendanceMode\" itemscope itemtype=\"https:\/\/schema.org\/OfflineEventAttendanceMode\"><\/item><script type=\"application\/ld+json\">{\"@context\": \"http:\/\/schema.org\",\"@type\": \"Event\",\n\t\t\t\t\"@id\": \"event_1671_0\",\n\t\t\t\t\"eventAttendanceMode\":\"https:\/\/schema.org\/OfflineEventAttendanceMode\",\n\t\t\t\t\"name\": \"EUFREE | EVENT #5 - FINAL EVENT in Zagreb (Croatia)\",\n\t\t\t\t\"url\": \"https:\/\/civilwordsaps.it\/en\/evento\/eufree-event-5\/\",\n\t\t\t\t\"startDate\": \"2023-2-24T10:00+0:00\",\n\t\t\t\t\"endDate\": \"2023-2-27T00:00+0:00\",\n\t\t\t\t\"image\":\"https:\/\/civilwordsaps.it\/wp-content\/uploads\/2025\/12\/EUFREE_cover.avif\", \n\t\t\t\t\"description\":\"EUFREE | EVENT #5 - FINAL EVENT in Zagreb (Croatia)\",\"eventStatus\":\"https:\/\/schema.org\/EventScheduled\"}<\/script><\/div>\n\t\t\t\t<p class=\"desc_trig_outter\" style=\"\"><a data-gmap_status=\"null\" data-exlk=\"0\" style=\"background-color: #d3686e;\" id=\"evc_16772292001671\" class=\"desc_trig mul_val evcal_list_a\" data-ux_val=\"1\" data-ux_val_mob=\"-\"  ><span class='evoet_c2 evoet_cx'><span class='evoet_dayblock evcal_cblock' data-bgcolor='#d3686e' data-smon='Febbraio' data-syr='2023'><span class='evo_start'><em class='date'>24<\/em><em class='month'>feb<\/em><em class='time'><i t=\"y\">(feb 24)<\/i>9:00<\/em><\/span><span class='evo_end'><em class='date'>26<\/em><em class='time'><i t=\"y\">(feb 26)<\/i>23:00<\/em><\/span><\/span><\/span><span class='evoet_c3 evoet_cx evcal_desc evo_info' ><span class='evoet_tags evo_above_title'><\/span><span class='evoet_title evcal_desc2 evcal_event_title' itemprop='name'>EUFREE | EVENT #5 &#8211; FINAL EVENT in Zagreb (Croatia)<\/span><span class='evoet_subtitle evo_below_title'><span class='evcal_event_subtitle' >GRANT &amp; FESTIVAL<\/span><\/span><span class='evoet_time_expand level_3 evcal_desc_info evogap10'><\/span><span class='evcal_desc3'><\/span><\/span><em class='evoet_data' style='display:none' data-bgc='#d3686e'data-bggrad=''><\/em><\/a><\/p><div class='event_description evcal_eventcard' style=\"display:none\"><div class='evocard_row'><div class='evocard_box ftimage' data-c='ffffff' \n\t\t\t\t\tstyle='background-color:#ffffff'><div class='evo_metarow_directimg evcal_evdata_row'><img class='evo_event_main_img' src='https:\/\/civilwordsaps.it\/wp-content\/uploads\/2025\/12\/EUFREE_cover.avif' \/><\/div><\/div><\/div><div class='evocard_row'><div class='evocard_box time' data-c='ffffff' \n\t\t\t\t\tstyle='background-color:#ffffff'><div class='evo_metarow_time evorow evcal_evdata_row evcal_evrow_sm'>\n\t\t<span class='evcal_evdata_icons'><i class='fa fa-clock'><\/i><\/span>\n\t\t<div class='evcal_evdata_cell'>\t\t\t\t\t\t\t\n\t\t\t<h3 class='evo_h3'><span class='evcal_evdata_icons'><i class='fa fa-clock'><\/i><\/span>Hours<\/h3><p><span class='evo_eventcard_time_t'>24\/02\/2023 9:00 &#8211; 26\/02\/2023 23:00<\/span><\/p>\n\t\t<\/div>\n\t<\/div><\/div><\/div><div class='evocard_row'><div class='evocard_box learnmore' data-c='ffffff' \n\t\t\t\t\tstyle='background-color:#ffffff'><div class='evo_metarow_learnM evo_metarow_learnmore evorow'>\n\t\t\t\t\t\t\t<a class='evcal_evdata_row evo_clik_row' href='https:\/\/civilwordsaps.it\/en\/eufree\/' >\n\t\t\t\t\t\t\t\t<span class='evcal_evdata_icons'><i class='fa fa-link'><\/i><\/span>\n\t\t\t\t\t\t\t\t<h3 class='evo_h3 evopad0i'>Learn more<\/h3>\n\t\t\t\t\t\t\t<\/a>\n\t\t\t\t\t\t\t<\/div><\/div><\/div><div class='evocard_row'><div class='evocard_box relatedEvents' data-c='' \n\t\t\t\t\tstyle=''><div class='evo_metarow_rel_events evorow evcal_evdata_row'>\n\t<span class='evcal_evdata_icons'><i class='fa fa-calendar-plus'><\/i><\/span>\n\t<div class='evcal_evdata_cell'>\n\t\t<h3 class='evo_h3'>Eventi correlati<\/h3>\n\t\t<div class='evcal_cell_rel_events'>\n\t\t<a class='hasimg' href='https:\/\/civilwordsaps.it\/en\/evento\/eufree-event-1\/'>\n\t\t\t\t<span class='img' style='background-image: url(https:\/\/civilwordsaps.it\/wp-content\/uploads\/2025\/12\/EUFREE_cover.avif)'><\/span>\t\t\t\t\t\t\t\t\t\t\t\t\n\t\t\t\t<span class='evomar15'>\n\t\t\t\t\t<h4 class='evo_h4'>EUFREE | EVENT #1 &#8211; PROJECT LAUNCH &#8211; Aquileia (Italy)<\/h4>\n\t\t\t\t\t<em><i class='fa fa-clock-o'><\/i> 10\/09\/2020 9:00 &#8211; 12\/09\/2020 23:00<\/em>\n\t\t\t\t<\/span>\n\n\t\t\t\t<\/a><a class='hasimg' href='https:\/\/civilwordsaps.it\/en\/evento\/eufree-event-2-1\/'>\n\t\t\t\t<span class='img' style='background-image: url(https:\/\/civilwordsaps.it\/wp-content\/uploads\/2025\/12\/EUFREE_cover.avif)'><\/span>\t\t\t\t\t\t\t\t\t\t\t\t\n\t\t\t\t<span class='evomar15'>\n\t\t\t\t\t<h4 class='evo_h4'>EUFREE | EVENT #2.1 &#8211; EUROPE YESTERDAY &#8211; Belgrade (Serbia)<\/h4>\n\t\t\t\t\t<em><i class='fa fa-clock-o'><\/i> 07\/09\/2021 9:00 &#8211; 10\/09\/2021 23:00<\/em>\n\t\t\t\t<\/span>\n\n\t\t\t\t<\/a><a class='hasimg' href='https:\/\/civilwordsaps.it\/en\/evento\/eufree-event-2-2\/'>\n\t\t\t\t<span class='img' style='background-image: url(https:\/\/civilwordsaps.it\/wp-content\/uploads\/2025\/12\/EUFREE_cover.avif)'><\/span>\t\t\t\t\t\t\t\t\t\t\t\t\n\t\t\t\t<span class='evomar15'>\n\t\t\t\t\t<h4 class='evo_h4'>EUFREE | EVENT #2.2 &#8211; MULTI-GENERATIONAL JOURNEY OF MEMORY<\/h4>\n\t\t\t\t\t<em><i class='fa fa-clock-o'><\/i> 10\/09\/2021 9:00 &#8211; 14\/09\/2021 23:00<\/em>\n\t\t\t\t<\/span>\n\n\t\t\t\t<\/a><a class='hasimg' href='https:\/\/civilwordsaps.it\/en\/evento\/eufree-event-3\/'>\n\t\t\t\t<span class='img' style='background-image: url(https:\/\/civilwordsaps.it\/wp-content\/uploads\/2025\/12\/EUFREE_cover.avif)'><\/span>\t\t\t\t\t\t\t\t\t\t\t\t\n\t\t\t\t<span class='evomar15'>\n\t\t\t\t\t<h4 class='evo_h4'>EUFREE | EVENT #3 &#8211; EUROPE TODAY in Sarajevo and Tuzla (Bosnia and Herzegovina)<\/h4>\n\t\t\t\t\t<em><i class='fa fa-clock-o'><\/i> 18\/04\/2022 9:00 &#8211; 24\/04\/2022 23:00<\/em>\n\t\t\t\t<\/span>\n\n\t\t\t\t<\/a><a class='hasimg' href='https:\/\/civilwordsaps.it\/en\/evento\/eufree-event-4\/'>\n\t\t\t\t<span class='img' style='background-image: url(https:\/\/civilwordsaps.it\/wp-content\/uploads\/2025\/12\/EUFREE_cover.avif)'><\/span>\t\t\t\t\t\t\t\t\t\t\t\t\n\t\t\t\t<span class='evomar15'>\n\t\t\t\t\t<h4 class='evo_h4'>EUFREE | EVENT #4 &#8211; EUROPE TOMORROW in Gorizia (Italy) and Nova Gorica (Slovenia)<\/h4>\n\t\t\t\t\t<em><i class='fa fa-clock-o'><\/i> 12\/11\/2022 9:00 &#8211; 16\/11\/2022 23:00<\/em>\n\t\t\t\t<\/span>\n\n\t\t\t\t<\/a>\t\t<\/div>\n\t<\/div>\n<\/div>\n<\/div><\/div><div class='evo_card_row_end evcal_close' title='Chiudi'><\/div><\/div><div class='clear end'><\/div><\/div><\/div><div class='evcal_month_line' data-d='eml_3_2023'><p>March 2023<\/p><\/div><div class='sep_month_events' data-d='eml_3_2023'><div id=\"event_2591_0\" class=\"eventon_list_event evo_eventtop scheduled past_event event event_2591_0\" data-event_id=\"2591\" data-ri=\"0r\" data-time=\"1678395600-1678402800\" data-colr=\"#992b34\" itemscope itemtype='http:\/\/schema.org\/Event'><div class=\"evo_event_schema\" style=\"display:none\" ><a itemprop='url'  href='https:\/\/civilwordsaps.it\/en\/evento\/la-scelta-9-marzo\/'><\/a><meta itemprop='image' content=\"https:\/\/civilwordsaps.it\/wp-content\/uploads\/2025\/12\/lascelta1.jpg\" \/><meta itemprop='startDate' content=\"2023-3-9T22:00+0:00\" \/><meta itemprop='endDate' content=\"2023-3-10T00:00+0:00\" \/><meta itemprop='eventStatus' content=\"https:\/\/schema.org\/EventScheduled\" \/><item style=\"display:none\" itemprop=\"eventAttendanceMode\" itemscope itemtype=\"https:\/\/schema.org\/OfflineEventAttendanceMode\"><\/item><script type=\"application\/ld+json\">{\"@context\": \"http:\/\/schema.org\",\"@type\": \"Event\",\n\t\t\t\t\"@id\": \"event_2591_0\",\n\t\t\t\t\"eventAttendanceMode\":\"https:\/\/schema.org\/OfflineEventAttendanceMode\",\n\t\t\t\t\"name\": \"La Scelta - Paullo MI\",\n\t\t\t\t\"url\": \"https:\/\/civilwordsaps.it\/en\/evento\/la-scelta-9-marzo\/\",\n\t\t\t\t\"startDate\": \"2023-3-9T22:00+0:00\",\n\t\t\t\t\"endDate\": \"2023-3-10T00:00+0:00\",\n\t\t\t\t\"image\":\"https:\/\/civilwordsaps.it\/wp-content\/uploads\/2025\/12\/lascelta1.jpg\", \n\t\t\t\t\"description\":\"La Scelta - Paullo MI\",\"eventStatus\":\"https:\/\/schema.org\/EventScheduled\"}<\/script><\/div>\n\t\t\t\t<p class=\"desc_trig_outter\" style=\"\"><a data-gmap_status=\"null\" data-exlk=\"0\" style=\"background-color: #992b34;\" id=\"evc_16783956002591\" class=\"desc_trig sin_val evcal_list_a\" data-ux_val=\"1\" data-ux_val_mob=\"-\"  ><span class='evoet_c2 evoet_cx'><span class='evoet_dayblock evcal_cblock' data-bgcolor='#992b34' data-smon='Marzo' data-syr='2023'><span class='evo_start'><em class='date'>09<\/em><em class='month'>mar<\/em><em class='time'>21:00<\/em><\/span><span class='evo_end only_time'><em class='time'>23:00<\/em><\/span><\/span><\/span><span class='evoet_c3 evoet_cx evcal_desc evo_info' ><span class='evoet_tags evo_above_title'><\/span><span class='evoet_title evcal_desc2 evcal_event_title' itemprop='name'>La Scelta &#8211; Paullo MI<\/span><span class='evoet_subtitle evo_below_title'><span class='evcal_event_subtitle' >THEATRE SHOW<\/span><\/span><span class='evoet_time_expand level_3 evcal_desc_info evogap10'><\/span><span class='evcal_desc3'><\/span><\/span><em class='evoet_data' style='display:none' data-bgc='#992b34'data-bggrad=''><\/em><\/a><\/p><div class='event_description evcal_eventcard' style=\"display:none\"><div class='evocard_row'><div class='evocard_box ftimage' data-c='ffffff' \n\t\t\t\t\tstyle='background-color:#ffffff'><div class='evo_metarow_directimg evcal_evdata_row'><img class='evo_event_main_img' src='https:\/\/civilwordsaps.it\/wp-content\/uploads\/2025\/12\/lascelta1.jpg' \/><\/div><\/div><\/div><div class='evocard_row bx2 bx'><div class='evocard_box time' data-c='ffffff' \n\t\t\t\t\tstyle='background-color:#ffffff'><div class='evo_metarow_time evorow evcal_evdata_row evcal_evrow_sm'>\n\t\t<span class='evcal_evdata_icons'><i class='fa fa-clock'><\/i><\/span>\n\t\t<div class='evcal_evdata_cell'>\t\t\t\t\t\t\t\n\t\t\t<h3 class='evo_h3'><span class='evcal_evdata_icons'><i class='fa fa-clock'><\/i><\/span>Hours<\/h3><p><span class='evo_eventcard_time_t'>09\/03\/2023 21:00 &#8211; 23:00<\/span><\/p>\n\t\t<\/div>\n\t<\/div><\/div><div class='evocard_box location' data-c='ffffff' \n\t\t\t\t\tstyle='background-color:#ffffff'><div class='evcal_evdata_row evo_metarow_time_location evorow'>\n\t\t\n\t\t\t<span class='evcal_evdata_icons'><i class='fa fa-map-marker'><\/i><\/span>\n\t\t\t<div class='evcal_evdata_cell' data-loc_tax_id='63'><h3 class='evo_h3'><span class='evcal_evdata_icons'><i class='fa fa-map-marker'><\/i><\/span>Location<\/h3><p class='evo_location_name' style='margin-bottom:10px; font-size:15px;'>Paullo &#8211; Auditorium P.G. Frassati<\/p><\/div>\n\t\t\n\t<\/div><\/div><\/div><div class='evocard_row'><div class='evocard_box learnmore' data-c='ffffff' \n\t\t\t\t\tstyle='background-color:#ffffff'><div class='evo_metarow_learnM evo_metarow_learnmore evorow'>\n\t\t\t\t\t\t\t<a class='evcal_evdata_row evo_clik_row' href='https:\/\/civilwordsaps.it\/en\/la-scelta\/' >\n\t\t\t\t\t\t\t\t<span class='evcal_evdata_icons'><i class='fa fa-link'><\/i><\/span>\n\t\t\t\t\t\t\t\t<h3 class='evo_h3 evopad0i'>Learn more<\/h3>\n\t\t\t\t\t\t\t<\/a>\n\t\t\t\t\t\t\t<\/div><\/div><\/div><div class='evo_card_row_end evcal_close' title='Chiudi'><\/div><\/div><div class='clear end'><\/div><\/div><div id=\"event_2592_0\" class=\"eventon_list_event evo_eventtop scheduled past_event event event_2592_0\" data-event_id=\"2592\" data-ri=\"0r\" data-time=\"1678482000-1678489200\" data-colr=\"#992b34\" itemscope itemtype='http:\/\/schema.org\/Event'><div class=\"evo_event_schema\" style=\"display:none\" ><a itemprop='url'  href='https:\/\/civilwordsaps.it\/en\/evento\/la-scelta-10-marzo\/'><\/a><meta itemprop='image' content=\"https:\/\/civilwordsaps.it\/wp-content\/uploads\/2025\/12\/lascelta1.jpg\" \/><meta itemprop='startDate' content=\"2023-3-10T22:00+0:00\" \/><meta itemprop='endDate' content=\"2023-3-11T00:00+0:00\" \/><meta itemprop='eventStatus' content=\"https:\/\/schema.org\/EventScheduled\" \/><item style=\"display:none\" itemprop=\"eventAttendanceMode\" itemscope itemtype=\"https:\/\/schema.org\/OfflineEventAttendanceMode\"><\/item><script type=\"application\/ld+json\">{\"@context\": \"http:\/\/schema.org\",\"@type\": \"Event\",\n\t\t\t\t\"@id\": \"event_2592_0\",\n\t\t\t\t\"eventAttendanceMode\":\"https:\/\/schema.org\/OfflineEventAttendanceMode\",\n\t\t\t\t\"name\": \"La Scelta - Bussero MI\",\n\t\t\t\t\"url\": \"https:\/\/civilwordsaps.it\/en\/evento\/la-scelta-10-marzo\/\",\n\t\t\t\t\"startDate\": \"2023-3-10T22:00+0:00\",\n\t\t\t\t\"endDate\": \"2023-3-11T00:00+0:00\",\n\t\t\t\t\"image\":\"https:\/\/civilwordsaps.it\/wp-content\/uploads\/2025\/12\/lascelta1.jpg\", \n\t\t\t\t\"description\":\"La Scelta - Bussero MI\",\"eventStatus\":\"https:\/\/schema.org\/EventScheduled\"}<\/script><\/div>\n\t\t\t\t<p class=\"desc_trig_outter\" style=\"\"><a data-gmap_status=\"null\" data-exlk=\"0\" style=\"background-color: #992b34;\" id=\"evc_16784820002592\" class=\"desc_trig sin_val evcal_list_a\" data-ux_val=\"1\" data-ux_val_mob=\"-\"  ><span class='evoet_c2 evoet_cx'><span class='evoet_dayblock evcal_cblock' data-bgcolor='#992b34' data-smon='Marzo' data-syr='2023'><span class='evo_start'><em class='date'>10<\/em><em class='month'>mar<\/em><em class='time'>21:00<\/em><\/span><span class='evo_end only_time'><em class='time'>23:00<\/em><\/span><\/span><\/span><span class='evoet_c3 evoet_cx evcal_desc evo_info' ><span class='evoet_tags evo_above_title'><\/span><span class='evoet_title evcal_desc2 evcal_event_title' itemprop='name'>La Scelta &#8211; Bussero MI<\/span><span class='evoet_subtitle evo_below_title'><span class='evcal_event_subtitle' >THEATRE SHOW<\/span><\/span><span class='evoet_time_expand level_3 evcal_desc_info evogap10'><\/span><span class='evcal_desc3'><\/span><\/span><em class='evoet_data' style='display:none' data-bgc='#992b34'data-bggrad=''><\/em><\/a><\/p><div class='event_description evcal_eventcard' style=\"display:none\"><div class='evocard_row'><div class='evocard_box ftimage' data-c='ffffff' \n\t\t\t\t\tstyle='background-color:#ffffff'><div class='evo_metarow_directimg evcal_evdata_row'><img class='evo_event_main_img' src='https:\/\/civilwordsaps.it\/wp-content\/uploads\/2025\/12\/lascelta1.jpg' \/><\/div><\/div><\/div><div class='evocard_row bx2 bx'><div class='evocard_box time' data-c='ffffff' \n\t\t\t\t\tstyle='background-color:#ffffff'><div class='evo_metarow_time evorow evcal_evdata_row evcal_evrow_sm'>\n\t\t<span class='evcal_evdata_icons'><i class='fa fa-clock'><\/i><\/span>\n\t\t<div class='evcal_evdata_cell'>\t\t\t\t\t\t\t\n\t\t\t<h3 class='evo_h3'><span class='evcal_evdata_icons'><i class='fa fa-clock'><\/i><\/span>Hours<\/h3><p><span class='evo_eventcard_time_t'>10\/03\/2023 21:00 &#8211; 23:00<\/span><\/p>\n\t\t<\/div>\n\t<\/div><\/div><div class='evocard_box location' data-c='ffffff' \n\t\t\t\t\tstyle='background-color:#ffffff'><div class='evcal_evdata_row evo_metarow_time_location evorow'>\n\t\t\n\t\t\t<span class='evcal_evdata_icons'><i class='fa fa-map-marker'><\/i><\/span>\n\t\t\t<div class='evcal_evdata_cell' data-loc_tax_id='64'><h3 class='evo_h3'><span class='evcal_evdata_icons'><i class='fa fa-map-marker'><\/i><\/span>Location<\/h3><p class='evo_location_name' style='margin-bottom:10px; font-size:15px;'>Bussero &#8211; Spaziosfera<\/p><\/div>\n\t\t\n\t<\/div><\/div><\/div><div class='evocard_row'><div class='evocard_box learnmore' data-c='ffffff' \n\t\t\t\t\tstyle='background-color:#ffffff'><div class='evo_metarow_learnM evo_metarow_learnmore evorow'>\n\t\t\t\t\t\t\t<a class='evcal_evdata_row evo_clik_row' href='https:\/\/civilwordsaps.it\/en\/la-scelta\/' >\n\t\t\t\t\t\t\t\t<span class='evcal_evdata_icons'><i class='fa fa-link'><\/i><\/span>\n\t\t\t\t\t\t\t\t<h3 class='evo_h3 evopad0i'>Learn more<\/h3>\n\t\t\t\t\t\t\t<\/a>\n\t\t\t\t\t\t\t<\/div><\/div><\/div><div class='evo_card_row_end evcal_close' title='Chiudi'><\/div><\/div><div class='clear end'><\/div><\/div><\/div><div class='evcal_month_line' data-d='eml_9_2023'><p>September 2023<\/p><\/div><div class='sep_month_events' data-d='eml_9_2023'><div id=\"event_1680_0\" class=\"eventon_list_event evo_eventtop scheduled past_event event event_1680_0\" data-event_id=\"1680\" data-ri=\"0r\" data-time=\"1694206800-1694215800\" data-colr=\"#992b34\" itemscope itemtype='http:\/\/schema.org\/Event'><div class=\"evo_event_schema\" style=\"display:none\" ><a itemprop='url'  href='https:\/\/civilwordsaps.it\/en\/evento\/fiori-di-ciliegio\/'><\/a><meta itemprop='image' content=\"https:\/\/civilwordsaps.it\/wp-content\/uploads\/2025\/08\/fiori-di-ciliegio-1080x1350-1.jpg\" \/><meta itemprop='startDate' content=\"2023-9-8T23:00+0:00\" \/><meta itemprop='endDate' content=\"2023-9-9T01:30+0:00\" \/><meta itemprop='eventStatus' content=\"https:\/\/schema.org\/EventScheduled\" \/><item style=\"display:none\" itemprop=\"eventAttendanceMode\" itemscope itemtype=\"https:\/\/schema.org\/OfflineEventAttendanceMode\"><\/item><script type=\"application\/ld+json\">{\"@context\": \"http:\/\/schema.org\",\"@type\": \"Event\",\n\t\t\t\t\"@id\": \"event_1680_0\",\n\t\t\t\t\"eventAttendanceMode\":\"https:\/\/schema.org\/OfflineEventAttendanceMode\",\n\t\t\t\t\"name\": \"Fiori di Ciliegio - Milano\",\n\t\t\t\t\"url\": \"https:\/\/civilwordsaps.it\/en\/evento\/fiori-di-ciliegio\/\",\n\t\t\t\t\"startDate\": \"2023-9-8T23:00+0:00\",\n\t\t\t\t\"endDate\": \"2023-9-9T01:30+0:00\",\n\t\t\t\t\"image\":\"https:\/\/civilwordsaps.it\/wp-content\/uploads\/2025\/08\/fiori-di-ciliegio-1080x1350-1.jpg\", \n\t\t\t\t\"description\":\"Fiori di Ciliegio - Milano\",\"eventStatus\":\"https:\/\/schema.org\/EventScheduled\"}<\/script><\/div>\n\t\t\t\t<p class=\"desc_trig_outter\" style=\"\"><a data-gmap_status=\"null\" data-exlk=\"0\" style=\"background-color: #992b34;\" id=\"evc_16942068001680\" class=\"desc_trig sin_val evcal_list_a\" data-ux_val=\"1\" data-ux_val_mob=\"-\"  ><span class='evoet_c2 evoet_cx'><span class='evoet_dayblock evcal_cblock' data-bgcolor='#992b34' data-smon='Settembre' data-syr='2023'><span class='evo_start'><em class='date'>08<\/em><em class='month'>sep<\/em><em class='time'>21:00<\/em><\/span><span class='evo_end only_time'><em class='time'>23:30<\/em><\/span><\/span><\/span><span class='evoet_c3 evoet_cx evcal_desc evo_info' ><span class='evoet_tags evo_above_title'><\/span><span class='evoet_title evcal_desc2 evcal_event_title' itemprop='name'>Fiori di Ciliegio &#8211; Milano<\/span><span class='evoet_subtitle evo_below_title'><span class='evcal_event_subtitle' >THEATRE SHOW<\/span><\/span><span class='evoet_time_expand level_3 evcal_desc_info evogap10'><\/span><span class='evcal_desc3'><\/span><\/span><em class='evoet_data' style='display:none' data-bgc='#992b34'data-bggrad=''><\/em><\/a><\/p><div class='event_description evcal_eventcard' style=\"display:none\"><div class='evocard_row'><div class='evocard_box ftimage' data-c='ffffff' \n\t\t\t\t\tstyle='background-color:#ffffff'><div class='evo_metarow_directimg evcal_evdata_row'><img class='evo_event_main_img' src='https:\/\/civilwordsaps.it\/wp-content\/uploads\/2025\/08\/fiori-di-ciliegio-1080x1350-1.jpg' \/><\/div><\/div><\/div><div class='evocard_row bx2 bx'><div class='evocard_box time' data-c='ffffff' \n\t\t\t\t\tstyle='background-color:#ffffff'><div class='evo_metarow_time evorow evcal_evdata_row evcal_evrow_sm'>\n\t\t<span class='evcal_evdata_icons'><i class='fa fa-clock'><\/i><\/span>\n\t\t<div class='evcal_evdata_cell'>\t\t\t\t\t\t\t\n\t\t\t<h3 class='evo_h3'><span class='evcal_evdata_icons'><i class='fa fa-clock'><\/i><\/span>Hours<\/h3><p><span class='evo_eventcard_time_t'>08\/09\/2023 21:00 &#8211; 23:30<\/span><\/p>\n\t\t<\/div>\n\t<\/div><\/div><div class='evocard_box location' data-c='ffffff' \n\t\t\t\t\tstyle='background-color:#ffffff'><div class='evcal_evdata_row evo_metarow_time_location evorow'>\n\t\t\n\t\t\t<span class='evcal_evdata_icons'><i class='fa fa-map-marker'><\/i><\/span>\n\t\t\t<div class='evcal_evdata_cell' data-loc_tax_id='62'><h3 class='evo_h3'><span class='evcal_evdata_icons'><i class='fa fa-map-marker'><\/i><\/span>Location<\/h3><p class='evo_location_name' style='margin-bottom:10px; font-size:15px;'>Anfiteatro Ulianova Radice, Giardino dei Giusti (Milano)<\/p><\/div>\n\t\t\n\t<\/div><\/div><\/div><div class='evocard_row'><div class='evocard_box learnmore' data-c='ffffff' \n\t\t\t\t\tstyle='background-color:#ffffff'><div class='evo_metarow_learnM evo_metarow_learnmore evorow'>\n\t\t\t\t\t\t\t<a class='evcal_evdata_row evo_clik_row' href='https:\/\/civilwordsaps.it\/en\/fiori-di-ciliegio\/' >\n\t\t\t\t\t\t\t\t<span class='evcal_evdata_icons'><i class='fa fa-link'><\/i><\/span>\n\t\t\t\t\t\t\t\t<h3 class='evo_h3 evopad0i'>Learn more<\/h3>\n\t\t\t\t\t\t\t<\/a>\n\t\t\t\t\t\t\t<\/div><\/div><\/div><div class='evo_card_row_end evcal_close' title='Chiudi'><\/div><\/div><div class='clear end'><\/div><\/div><\/div><div class='evcal_month_line' data-d='eml_3_2024'><p>March 2024<\/p><\/div><div class='sep_month_events' data-d='eml_3_2024'><div id=\"event_2596_0\" class=\"eventon_list_event evo_eventtop scheduled past_event event event_2596_0\" data-event_id=\"2596\" data-ri=\"0r\" data-time=\"1711227600-1711234800\" data-colr=\"#992b34\" itemscope itemtype='http:\/\/schema.org\/Event'><div class=\"evo_event_schema\" style=\"display:none\" ><a itemprop='url'  href='https:\/\/civilwordsaps.it\/en\/evento\/i-17-di-via-rasella-paullo\/'><\/a><meta itemprop='image' content=\"https:\/\/civilwordsaps.it\/wp-content\/uploads\/2025\/12\/banner-calendario-i-17-di-via-rasella.png\" \/><meta itemprop='startDate' content=\"2024-3-23T22:00+0:00\" \/><meta itemprop='endDate' content=\"2024-3-24T00:00+0:00\" \/><meta itemprop='eventStatus' content=\"https:\/\/schema.org\/EventScheduled\" \/><item style=\"display:none\" itemprop=\"eventAttendanceMode\" itemscope itemtype=\"https:\/\/schema.org\/OfflineEventAttendanceMode\"><\/item><script type=\"application\/ld+json\">{\"@context\": \"http:\/\/schema.org\",\"@type\": \"Event\",\n\t\t\t\t\"@id\": \"event_2596_0\",\n\t\t\t\t\"eventAttendanceMode\":\"https:\/\/schema.org\/OfflineEventAttendanceMode\",\n\t\t\t\t\"name\": \"I 17 di via Rasella - Paullo MI\",\n\t\t\t\t\"url\": \"https:\/\/civilwordsaps.it\/en\/evento\/i-17-di-via-rasella-paullo\/\",\n\t\t\t\t\"startDate\": \"2024-3-23T22:00+0:00\",\n\t\t\t\t\"endDate\": \"2024-3-24T00:00+0:00\",\n\t\t\t\t\"image\":\"https:\/\/civilwordsaps.it\/wp-content\/uploads\/2025\/12\/banner-calendario-i-17-di-via-rasella.png\", \n\t\t\t\t\"description\":\"<span style=color: #000000;>Civil Words parte dall'intervento dello storico Alessandro Barbero per raccontare la verit\u00e0 accertata dell'attacco e per fare luce sulle menzogne che avvelenano la memoria italiana, smentendole.<\/span>    <span style=color: #000000;>La pl\u00e8ce \u00e8 tanto un monito quanto un invito: ognuno di noi \u00e8 responsabile della trasmissione della memoria passata alle future generazioni e questo dev'essere fatto in un'ottica di onest\u00e0, umilt\u00e0 e verit\u00e0; se lasciassimo che le menzogne contaminino i fatti che ci hanno portato dove siamo oggi comprometteremmo il nostro futuro e la nostra identit\u00e0 nazionale.<\/span>\",\"eventStatus\":\"https:\/\/schema.org\/EventScheduled\"}<\/script><\/div>\n\t\t\t\t<p class=\"desc_trig_outter\" style=\"\"><a data-gmap_status=\"null\" data-exlk=\"0\" style=\"background-color: #992b34;\" id=\"evc_17112276002596\" class=\"desc_trig sin_val evcal_list_a\" data-ux_val=\"1\" data-ux_val_mob=\"-\"  ><span class='evoet_c2 evoet_cx'><span class='evoet_dayblock evcal_cblock' data-bgcolor='#992b34' data-smon='Marzo' data-syr='2024'><span class='evo_start'><em class='date'>23<\/em><em class='month'>mar<\/em><em class='time'>21:00<\/em><\/span><span class='evo_end only_time'><em class='time'>23:00<\/em><\/span><\/span><\/span><span class='evoet_c3 evoet_cx evcal_desc evo_info' ><span class='evoet_tags evo_above_title'><\/span><span class='evoet_title evcal_desc2 evcal_event_title' itemprop='name'>I 17 di via Rasella &#8211; Paullo MI<\/span><span class='evoet_subtitle evo_below_title'><span class='evcal_event_subtitle' >THEATRE SHOW<\/span><\/span><span class='evoet_time_expand level_3 evcal_desc_info evogap10'><\/span><span class='evcal_desc3'><\/span><\/span><em class='evoet_data' style='display:none' data-bgc='#992b34'data-bggrad=''><\/em><\/a><\/p><div class='event_description evcal_eventcard' style=\"display:none\"><div class='evocard_row'><div class='evocard_box ftimage' data-c='ffffff' \n\t\t\t\t\tstyle='background-color:#ffffff'><div class='evo_metarow_directimg evcal_evdata_row'><img class='evo_event_main_img' src='https:\/\/civilwordsaps.it\/wp-content\/uploads\/2025\/12\/banner-calendario-i-17-di-via-rasella.png' \/><\/div><\/div><\/div><div class='evocard_row bx2 bx'><div class='evocard_box time' data-c='ffffff' \n\t\t\t\t\tstyle='background-color:#ffffff'><div class='evo_metarow_time evorow evcal_evdata_row evcal_evrow_sm'>\n\t\t<span class='evcal_evdata_icons'><i class='fa fa-clock'><\/i><\/span>\n\t\t<div class='evcal_evdata_cell'>\t\t\t\t\t\t\t\n\t\t\t<h3 class='evo_h3'><span class='evcal_evdata_icons'><i class='fa fa-clock'><\/i><\/span>Hours<\/h3><p><span class='evo_eventcard_time_t'>23\/03\/2024 21:00 &#8211; 23:00<\/span><\/p>\n\t\t<\/div>\n\t<\/div><\/div><div class='evocard_box location' data-c='ffffff' \n\t\t\t\t\tstyle='background-color:#ffffff'><div class='evcal_evdata_row evo_metarow_time_location evorow'>\n\t\t\n\t\t\t<span class='evcal_evdata_icons'><i class='fa fa-map-marker'><\/i><\/span>\n\t\t\t<div class='evcal_evdata_cell' data-loc_tax_id='63'><h3 class='evo_h3'><span class='evcal_evdata_icons'><i class='fa fa-map-marker'><\/i><\/span>Location<\/h3><p class='evo_location_name' style='margin-bottom:10px; font-size:15px;'>Paullo &#8211; Auditorium P.G. Frassati<\/p><\/div>\n\t\t\n\t<\/div><\/div><\/div><div class='evocard_row'><div class='evocard_box eventdetails' data-c='ffffff' \n\t\t\t\t\tstyle='background-color:#ffffff'><div class=\"evo_metarow_details evorow evcal_evdata_row evcal_event_details\">\n    <div class=\"event_excerpt\" style=\"display:none\"><h3 class=\"padb5 evo_h3\">Event details<\/h3><p>Civil Words parte dall&#8217;intervento dello storico Alessandro Barbero per raccontare la verit\u00e0 accertata dell&#8217;attacco e per fare luce sulle menzogne che avvelenano la memoria italiana, smentendole.\r\n\r\nLa<\/p><\/div><span class='evcal_evdata_icons'><i class='fa fa-align-justify'><\/i><\/span>    <div class=\"evcal_evdata_cell\">\n        <div class=\"eventon_full_description\">\n            <h3 class=\"padb5 evo_h3\"><span class='evcal_evdata_icons'><i class='fa fa-align-justify'><\/i><\/span>Event details<\/h3>\n            <div class=\"eventon_desc_in\" itemprop=\"description\">\n                <span style=\"color: #000000;\">Civil Words begins with a presentation by historian Alessandro Barbero to reveal the established truth of the attack and to shed light on the lies that poison Italian memory, debunking them.<\/span>\r\n\r\n<span style=\"color: #000000;\">The plea is both a warning and an invitation: each of us is responsible for passing on the memory of the past to future generations, and this must be done with honesty, humility, and truth. If we allow lies to contaminate the facts that have brought us to where we are today, we will compromise our future and our national identity.<\/span>            <\/div>\n            <div class='clear'><\/div>        <\/div>\n    <\/div>\n<\/div><\/div><\/div><div class='evocard_row'><div class='evocard_box learnmore' data-c='ffffff' \n\t\t\t\t\tstyle='background-color:#ffffff'><div class='evo_metarow_learnM evo_metarow_learnmore evorow'>\n\t\t\t\t\t\t\t<a class='evcal_evdata_row evo_clik_row' href='https:\/\/civilwordsaps.it\/en\/i-17-di-via-rasella\/' >\n\t\t\t\t\t\t\t\t<span class='evcal_evdata_icons'><i class='fa fa-link'><\/i><\/span>\n\t\t\t\t\t\t\t\t<h3 class='evo_h3 evopad0i'>Learn more<\/h3>\n\t\t\t\t\t\t\t<\/a>\n\t\t\t\t\t\t\t<\/div><\/div><\/div><div class='evo_card_row_end evcal_close' title='Chiudi'><\/div><\/div><div class='clear end'><\/div><\/div><\/div><div class='evcal_month_line' data-d='eml_4_2024'><p>April 2024<\/p><\/div><div class='sep_month_events' data-d='eml_4_2024'><div id=\"event_2597_0\" class=\"eventon_list_event evo_eventtop scheduled past_event event event_2597_0\" data-event_id=\"2597\" data-ri=\"0r\" data-time=\"1714251600-1714258800\" data-colr=\"#992b34\" itemscope itemtype='http:\/\/schema.org\/Event'><div class=\"evo_event_schema\" style=\"display:none\" ><a itemprop='url'  href='https:\/\/civilwordsaps.it\/en\/evento\/i-17-di-via-rasella-bussero\/'><\/a><meta itemprop='image' content=\"https:\/\/civilwordsaps.it\/wp-content\/uploads\/2025\/12\/banner-calendario-i-17-di-via-rasella.png\" \/><meta itemprop='startDate' content=\"2024-4-27T23:00+0:00\" \/><meta itemprop='endDate' content=\"2024-4-28T01:00+0:00\" \/><meta itemprop='eventStatus' content=\"https:\/\/schema.org\/EventScheduled\" \/><item style=\"display:none\" itemprop=\"eventAttendanceMode\" itemscope itemtype=\"https:\/\/schema.org\/OfflineEventAttendanceMode\"><\/item><script type=\"application\/ld+json\">{\"@context\": \"http:\/\/schema.org\",\"@type\": \"Event\",\n\t\t\t\t\"@id\": \"event_2597_0\",\n\t\t\t\t\"eventAttendanceMode\":\"https:\/\/schema.org\/OfflineEventAttendanceMode\",\n\t\t\t\t\"name\": \"I 17 di via Rasella - Bussero MI\",\n\t\t\t\t\"url\": \"https:\/\/civilwordsaps.it\/en\/evento\/i-17-di-via-rasella-bussero\/\",\n\t\t\t\t\"startDate\": \"2024-4-27T23:00+0:00\",\n\t\t\t\t\"endDate\": \"2024-4-28T01:00+0:00\",\n\t\t\t\t\"image\":\"https:\/\/civilwordsaps.it\/wp-content\/uploads\/2025\/12\/banner-calendario-i-17-di-via-rasella.png\", \n\t\t\t\t\"description\":\"<span style=color: #000000;>Civil Words parte dall'intervento dello storico Alessandro Barbero per raccontare la verit\u00e0 accertata dell'attacco e per fare luce sulle menzogne che avvelenano la memoria italiana, smentendole.<\/span>    <span style=color: #000000;>La pl\u00e8ce \u00e8 tanto un monito quanto un invito: ognuno di noi \u00e8 responsabile della trasmissione della memoria passata alle future generazioni e questo dev'essere fatto in un'ottica di onest\u00e0, umilt\u00e0 e verit\u00e0; se lasciassimo che le menzogne contaminino i fatti che ci hanno portato dove siamo oggi comprometteremmo il nostro futuro e la nostra identit\u00e0 nazionale.<\/span>\",\"eventStatus\":\"https:\/\/schema.org\/EventScheduled\"}<\/script><\/div>\n\t\t\t\t<p class=\"desc_trig_outter\" style=\"\"><a data-gmap_status=\"null\" data-exlk=\"0\" style=\"background-color: #992b34;\" id=\"evc_17142516002597\" class=\"desc_trig sin_val evcal_list_a\" data-ux_val=\"1\" data-ux_val_mob=\"-\"  ><span class='evoet_c2 evoet_cx'><span class='evoet_dayblock evcal_cblock' data-bgcolor='#992b34' data-smon='Aprile' data-syr='2024'><span class='evo_start'><em class='date'>27<\/em><em class='month'>apr<\/em><em class='time'>21:00<\/em><\/span><span class='evo_end only_time'><em class='time'>23:00<\/em><\/span><\/span><\/span><span class='evoet_c3 evoet_cx evcal_desc evo_info' ><span class='evoet_tags evo_above_title'><\/span><span class='evoet_title evcal_desc2 evcal_event_title' itemprop='name'>I 17 di via Rasella &#8211; Bussero MI<\/span><span class='evoet_subtitle evo_below_title'><span class='evcal_event_subtitle' >THEATRE SHOW<\/span><\/span><span class='evoet_time_expand level_3 evcal_desc_info evogap10'><\/span><span class='evcal_desc3'><\/span><\/span><em class='evoet_data' style='display:none' data-bgc='#992b34'data-bggrad=''><\/em><\/a><\/p><div class='event_description evcal_eventcard' style=\"display:none\"><div class='evocard_row'><div class='evocard_box ftimage' data-c='ffffff' \n\t\t\t\t\tstyle='background-color:#ffffff'><div class='evo_metarow_directimg evcal_evdata_row'><img class='evo_event_main_img' src='https:\/\/civilwordsaps.it\/wp-content\/uploads\/2025\/12\/banner-calendario-i-17-di-via-rasella.png' \/><\/div><\/div><\/div><div class='evocard_row bx2 bx'><div class='evocard_box time' data-c='ffffff' \n\t\t\t\t\tstyle='background-color:#ffffff'><div class='evo_metarow_time evorow evcal_evdata_row evcal_evrow_sm'>\n\t\t<span class='evcal_evdata_icons'><i class='fa fa-clock'><\/i><\/span>\n\t\t<div class='evcal_evdata_cell'>\t\t\t\t\t\t\t\n\t\t\t<h3 class='evo_h3'><span class='evcal_evdata_icons'><i class='fa fa-clock'><\/i><\/span>Hours<\/h3><p><span class='evo_eventcard_time_t'>27\/04\/2024 21:00 &#8211; 23:00<\/span><\/p>\n\t\t<\/div>\n\t<\/div><\/div><div class='evocard_box location' data-c='ffffff' \n\t\t\t\t\tstyle='background-color:#ffffff'><div class='evcal_evdata_row evo_metarow_time_location evorow'>\n\t\t\n\t\t\t<span class='evcal_evdata_icons'><i class='fa fa-map-marker'><\/i><\/span>\n\t\t\t<div class='evcal_evdata_cell' data-loc_tax_id='64'><h3 class='evo_h3'><span class='evcal_evdata_icons'><i class='fa fa-map-marker'><\/i><\/span>Location<\/h3><p class='evo_location_name' style='margin-bottom:10px; font-size:15px;'>Bussero &#8211; Spaziosfera<\/p><\/div>\n\t\t\n\t<\/div><\/div><\/div><div class='evocard_row'><div class='evocard_box eventdetails' data-c='ffffff' \n\t\t\t\t\tstyle='background-color:#ffffff'><div class=\"evo_metarow_details evorow evcal_evdata_row evcal_event_details\">\n    <div class=\"event_excerpt\" style=\"display:none\"><h3 class=\"padb5 evo_h3\">Event details<\/h3><p>Civil Words parte dall&#8217;intervento dello storico Alessandro Barbero per raccontare la verit\u00e0 accertata dell&#8217;attacco e per fare luce sulle menzogne che avvelenano la memoria italiana, smentendole.\r\n\r\nLa<\/p><\/div><span class='evcal_evdata_icons'><i class='fa fa-align-justify'><\/i><\/span>    <div class=\"evcal_evdata_cell\">\n        <div class=\"eventon_full_description\">\n            <h3 class=\"padb5 evo_h3\"><span class='evcal_evdata_icons'><i class='fa fa-align-justify'><\/i><\/span>Event details<\/h3>\n            <div class=\"eventon_desc_in\" itemprop=\"description\">\n                <span style=\"color: #000000;\">Civil Words begins with a presentation by historian Alessandro Barbero to reveal the established truth of the attack and to shed light on the lies that poison Italian memory, debunking them.<\/span>\r\n\r\n<span style=\"color: #000000;\">The plea is both a warning and an invitation: each of us is responsible for passing on the memory of the past to future generations, and this must be done with honesty, humility, and truth. If we allow lies to contaminate the facts that have brought us to where we are today, we will compromise our future and our national identity.<\/span>            <\/div>\n            <div class='clear'><\/div>        <\/div>\n    <\/div>\n<\/div><\/div><\/div><div class='evocard_row'><div class='evocard_box learnmore' data-c='ffffff' \n\t\t\t\t\tstyle='background-color:#ffffff'><div class='evo_metarow_learnM evo_metarow_learnmore evorow'>\n\t\t\t\t\t\t\t<a class='evcal_evdata_row evo_clik_row' href='https:\/\/civilwordsaps.it\/en\/i-17-di-via-rasella\/' >\n\t\t\t\t\t\t\t\t<span class='evcal_evdata_icons'><i class='fa fa-link'><\/i><\/span>\n\t\t\t\t\t\t\t\t<h3 class='evo_h3 evopad0i'>Learn more<\/h3>\n\t\t\t\t\t\t\t<\/a>\n\t\t\t\t\t\t\t<\/div><\/div><\/div><div class='evo_card_row_end evcal_close' title='Chiudi'><\/div><\/div><div class='clear end'><\/div><\/div><\/div><div class='evcal_month_line' data-d='eml_5_2024'><p>May 2024<\/p><\/div><div class='sep_month_events' data-d='eml_5_2024'><div id=\"event_2598_0\" class=\"eventon_list_event evo_eventtop scheduled past_event event event_2598_0\" data-event_id=\"2598\" data-ri=\"0r\" data-time=\"1716757200-1716764400\" data-colr=\"#992b34\" itemscope itemtype='http:\/\/schema.org\/Event'><div class=\"evo_event_schema\" style=\"display:none\" ><a itemprop='url'  href='https:\/\/civilwordsaps.it\/en\/evento\/i-17-di-via-rasella-mediglia\/'><\/a><meta itemprop='image' content=\"https:\/\/civilwordsaps.it\/wp-content\/uploads\/2025\/12\/banner-calendario-i-17-di-via-rasella.png\" \/><meta itemprop='startDate' content=\"2024-5-26T23:00+0:00\" \/><meta itemprop='endDate' content=\"2024-5-27T01:00+0:00\" \/><meta itemprop='eventStatus' content=\"https:\/\/schema.org\/EventScheduled\" \/><item style=\"display:none\" itemprop=\"eventAttendanceMode\" itemscope itemtype=\"https:\/\/schema.org\/OfflineEventAttendanceMode\"><\/item><script type=\"application\/ld+json\">{\"@context\": \"http:\/\/schema.org\",\"@type\": \"Event\",\n\t\t\t\t\"@id\": \"event_2598_0\",\n\t\t\t\t\"eventAttendanceMode\":\"https:\/\/schema.org\/OfflineEventAttendanceMode\",\n\t\t\t\t\"name\": \"I 17 di via Rasella - Mediglia MI\",\n\t\t\t\t\"url\": \"https:\/\/civilwordsaps.it\/en\/evento\/i-17-di-via-rasella-mediglia\/\",\n\t\t\t\t\"startDate\": \"2024-5-26T23:00+0:00\",\n\t\t\t\t\"endDate\": \"2024-5-27T01:00+0:00\",\n\t\t\t\t\"image\":\"https:\/\/civilwordsaps.it\/wp-content\/uploads\/2025\/12\/banner-calendario-i-17-di-via-rasella.png\", \n\t\t\t\t\"description\":\"<span style=color: #000000;>Civil Words parte dall'intervento dello storico Alessandro Barbero per raccontare la verit\u00e0 accertata dell'attacco e per fare luce sulle menzogne che avvelenano la memoria italiana, smentendole.<\/span>    <span style=color: #000000;>La pl\u00e8ce \u00e8 tanto un monito quanto un invito: ognuno di noi \u00e8 responsabile della trasmissione della memoria passata alle future generazioni e questo dev'essere fatto in un'ottica di onest\u00e0, umilt\u00e0 e verit\u00e0; se lasciassimo che le menzogne contaminino i fatti che ci hanno portato dove siamo oggi comprometteremmo il nostro futuro e la nostra identit\u00e0 nazionale.<\/span>\",\"eventStatus\":\"https:\/\/schema.org\/EventScheduled\"}<\/script><\/div>\n\t\t\t\t<p class=\"desc_trig_outter\" style=\"\"><a data-gmap_status=\"null\" data-exlk=\"0\" style=\"background-color: #992b34;\" id=\"evc_17167572002598\" class=\"desc_trig sin_val evcal_list_a\" data-ux_val=\"1\" data-ux_val_mob=\"-\"  ><span class='evoet_c2 evoet_cx'><span class='evoet_dayblock evcal_cblock' data-bgcolor='#992b34' data-smon='Maggio' data-syr='2024'><span class='evo_start'><em class='date'>26<\/em><em class='month'>may<\/em><em class='time'>21:00<\/em><\/span><span class='evo_end only_time'><em class='time'>23:00<\/em><\/span><\/span><\/span><span class='evoet_c3 evoet_cx evcal_desc evo_info' ><span class='evoet_tags evo_above_title'><\/span><span class='evoet_title evcal_desc2 evcal_event_title' itemprop='name'>I 17 di via Rasella &#8211; Mediglia MI<\/span><span class='evoet_subtitle evo_below_title'><span class='evcal_event_subtitle' >THEATRE SHOW<\/span><\/span><span class='evoet_time_expand level_3 evcal_desc_info evogap10'><\/span><span class='evcal_desc3'><\/span><\/span><em class='evoet_data' style='display:none' data-bgc='#992b34'data-bggrad=''><\/em><\/a><\/p><div class='event_description evcal_eventcard' style=\"display:none\"><div class='evocard_row'><div class='evocard_box ftimage' data-c='ffffff' \n\t\t\t\t\tstyle='background-color:#ffffff'><div class='evo_metarow_directimg evcal_evdata_row'><img class='evo_event_main_img' src='https:\/\/civilwordsaps.it\/wp-content\/uploads\/2025\/12\/banner-calendario-i-17-di-via-rasella.png' \/><\/div><\/div><\/div><div class='evocard_row bx2 bx'><div class='evocard_box time' data-c='ffffff' \n\t\t\t\t\tstyle='background-color:#ffffff'><div class='evo_metarow_time evorow evcal_evdata_row evcal_evrow_sm'>\n\t\t<span class='evcal_evdata_icons'><i class='fa fa-clock'><\/i><\/span>\n\t\t<div class='evcal_evdata_cell'>\t\t\t\t\t\t\t\n\t\t\t<h3 class='evo_h3'><span class='evcal_evdata_icons'><i class='fa fa-clock'><\/i><\/span>Hours<\/h3><p><span class='evo_eventcard_time_t'>26\/05\/2024 21:00 &#8211; 23:00<\/span><\/p>\n\t\t<\/div>\n\t<\/div><\/div><div class='evocard_box location' data-c='ffffff' \n\t\t\t\t\tstyle='background-color:#ffffff'><div class='evcal_evdata_row evo_metarow_time_location evorow'>\n\t\t\n\t\t\t<span class='evcal_evdata_icons'><i class='fa fa-map-marker'><\/i><\/span>\n\t\t\t<div class='evcal_evdata_cell' data-loc_tax_id='66'><h3 class='evo_h3'><span class='evcal_evdata_icons'><i class='fa fa-map-marker'><\/i><\/span>Location<\/h3><p class='evo_location_name' style='margin-bottom:10px; font-size:15px;'>Mediglia (MI)<\/p><\/div>\n\t\t\n\t<\/div><\/div><\/div><div class='evocard_row'><div class='evocard_box eventdetails' data-c='ffffff' \n\t\t\t\t\tstyle='background-color:#ffffff'><div class=\"evo_metarow_details evorow evcal_evdata_row evcal_event_details\">\n    <div class=\"event_excerpt\" style=\"display:none\"><h3 class=\"padb5 evo_h3\">Event details<\/h3><p>Civil Words parte dall&#8217;intervento dello storico Alessandro Barbero per raccontare la verit\u00e0 accertata dell&#8217;attacco e per fare luce sulle menzogne che avvelenano la memoria italiana, smentendole.\r\n\r\nLa<\/p><\/div><span class='evcal_evdata_icons'><i class='fa fa-align-justify'><\/i><\/span>    <div class=\"evcal_evdata_cell\">\n        <div class=\"eventon_full_description\">\n            <h3 class=\"padb5 evo_h3\"><span class='evcal_evdata_icons'><i class='fa fa-align-justify'><\/i><\/span>Event details<\/h3>\n            <div class=\"eventon_desc_in\" itemprop=\"description\">\n                <span style=\"color: #000000;\">Civil Words begins with a presentation by historian Alessandro Barbero to reveal the established truth of the attack and to shed light on the lies that poison Italian memory, debunking them.<\/span>\r\n\r\n<span style=\"color: #000000;\">The plea is both a warning and an invitation: each of us is responsible for passing on the memory of the past to future generations, and this must be done with honesty, humility, and truth. If we allow lies to contaminate the facts that have brought us to where we are today, we will compromise our future and our national identity.<\/span>            <\/div>\n            <div class='clear'><\/div>        <\/div>\n    <\/div>\n<\/div><\/div><\/div><div class='evocard_row'><div class='evocard_box learnmore' data-c='ffffff' \n\t\t\t\t\tstyle='background-color:#ffffff'><div class='evo_metarow_learnM evo_metarow_learnmore evorow'>\n\t\t\t\t\t\t\t<a class='evcal_evdata_row evo_clik_row' href='https:\/\/civilwordsaps.it\/en\/i-17-di-via-rasella\/' >\n\t\t\t\t\t\t\t\t<span class='evcal_evdata_icons'><i class='fa fa-link'><\/i><\/span>\n\t\t\t\t\t\t\t\t<h3 class='evo_h3 evopad0i'>Learn more<\/h3>\n\t\t\t\t\t\t\t<\/a>\n\t\t\t\t\t\t\t<\/div><\/div><\/div><div class='evo_card_row_end evcal_close' title='Chiudi'><\/div><\/div><div class='clear end'><\/div><\/div><\/div><div class='evcal_month_line' data-d='eml_6_2024'><p>June 2024<\/p><\/div><div class='sep_month_events' data-d='eml_6_2024'><div id=\"event_2600_0\" class=\"eventon_list_event evo_eventtop scheduled past_event event event_2600_0\" data-event_id=\"2600\" data-ri=\"0r\" data-time=\"1719003600-1719010800\" data-colr=\"#992b34\" itemscope itemtype='http:\/\/schema.org\/Event'><div class=\"evo_event_schema\" style=\"display:none\" ><a itemprop='url'  href='https:\/\/civilwordsaps.it\/en\/evento\/i-17-di-via-rasella-gorizia\/'><\/a><meta itemprop='image' content=\"https:\/\/civilwordsaps.it\/wp-content\/uploads\/2025\/12\/banner-calendario-i-17-di-via-rasella.png\" \/><meta itemprop='startDate' content=\"2024-6-21T23:00+0:00\" \/><meta itemprop='endDate' content=\"2024-6-22T01:00+0:00\" \/><meta itemprop='eventStatus' content=\"https:\/\/schema.org\/EventScheduled\" \/><item style=\"display:none\" itemprop=\"eventAttendanceMode\" itemscope itemtype=\"https:\/\/schema.org\/OfflineEventAttendanceMode\"><\/item><script type=\"application\/ld+json\">{\"@context\": \"http:\/\/schema.org\",\"@type\": \"Event\",\n\t\t\t\t\"@id\": \"event_2600_0\",\n\t\t\t\t\"eventAttendanceMode\":\"https:\/\/schema.org\/OfflineEventAttendanceMode\",\n\t\t\t\t\"name\": \"I 17 di via Rasella - Gorizia\",\n\t\t\t\t\"url\": \"https:\/\/civilwordsaps.it\/en\/evento\/i-17-di-via-rasella-gorizia\/\",\n\t\t\t\t\"startDate\": \"2024-6-21T23:00+0:00\",\n\t\t\t\t\"endDate\": \"2024-6-22T01:00+0:00\",\n\t\t\t\t\"image\":\"https:\/\/civilwordsaps.it\/wp-content\/uploads\/2025\/12\/banner-calendario-i-17-di-via-rasella.png\", \n\t\t\t\t\"description\":\"<span style=color: #000000;>Civil Words parte dall'intervento dello storico Alessandro Barbero per raccontare la verit\u00e0 accertata dell'attacco e per fare luce sulle menzogne che avvelenano la memoria italiana, smentendole.<\/span>    <span style=color: #000000;>La pl\u00e8ce \u00e8 tanto un monito quanto un invito: ognuno di noi \u00e8 responsabile della trasmissione della memoria passata alle future generazioni e questo dev'essere fatto in un'ottica di onest\u00e0, umilt\u00e0 e verit\u00e0; se lasciassimo che le menzogne contaminino i fatti che ci hanno portato dove siamo oggi comprometteremmo il nostro futuro e la nostra identit\u00e0 nazionale.<\/span>\",\"eventStatus\":\"https:\/\/schema.org\/EventScheduled\"}<\/script><\/div>\n\t\t\t\t<p class=\"desc_trig_outter\" style=\"\"><a data-gmap_status=\"null\" data-exlk=\"0\" style=\"background-color: #992b34;\" id=\"evc_17190036002600\" class=\"desc_trig sin_val evcal_list_a\" data-ux_val=\"1\" data-ux_val_mob=\"-\"  ><span class='evoet_c2 evoet_cx'><span class='evoet_dayblock evcal_cblock' data-bgcolor='#992b34' data-smon='Giugno' data-syr='2024'><span class='evo_start'><em class='date'>21<\/em><em class='month'>jun<\/em><em class='time'>21:00<\/em><\/span><span class='evo_end only_time'><em class='time'>23:00<\/em><\/span><\/span><\/span><span class='evoet_c3 evoet_cx evcal_desc evo_info' ><span class='evoet_tags evo_above_title'><\/span><span class='evoet_title evcal_desc2 evcal_event_title' itemprop='name'>I 17 di via Rasella &#8211; Gorizia<\/span><span class='evoet_subtitle evo_below_title'><span class='evcal_event_subtitle' >THEATRE SHOW<\/span><\/span><span class='evoet_time_expand level_3 evcal_desc_info evogap10'><\/span><span class='evcal_desc3'><\/span><\/span><em class='evoet_data' style='display:none' data-bgc='#992b34'data-bggrad=''><\/em><\/a><\/p><div class='event_description evcal_eventcard' style=\"display:none\"><div class='evocard_row'><div class='evocard_box ftimage' data-c='ffffff' \n\t\t\t\t\tstyle='background-color:#ffffff'><div class='evo_metarow_directimg evcal_evdata_row'><img class='evo_event_main_img' src='https:\/\/civilwordsaps.it\/wp-content\/uploads\/2025\/12\/banner-calendario-i-17-di-via-rasella.png' \/><\/div><\/div><\/div><div class='evocard_row bx2 bx'><div class='evocard_box time' data-c='ffffff' \n\t\t\t\t\tstyle='background-color:#ffffff'><div class='evo_metarow_time evorow evcal_evdata_row evcal_evrow_sm'>\n\t\t<span class='evcal_evdata_icons'><i class='fa fa-clock'><\/i><\/span>\n\t\t<div class='evcal_evdata_cell'>\t\t\t\t\t\t\t\n\t\t\t<h3 class='evo_h3'><span class='evcal_evdata_icons'><i class='fa fa-clock'><\/i><\/span>Hours<\/h3><p><span class='evo_eventcard_time_t'>21\/06\/2024 21:00 &#8211; 23:00<\/span><\/p>\n\t\t<\/div>\n\t<\/div><\/div><div class='evocard_box location' data-c='ffffff' \n\t\t\t\t\tstyle='background-color:#ffffff'><div class='evcal_evdata_row evo_metarow_time_location evorow'>\n\t\t\n\t\t\t<span class='evcal_evdata_icons'><i class='fa fa-map-marker'><\/i><\/span>\n\t\t\t<div class='evcal_evdata_cell' data-loc_tax_id='67'><h3 class='evo_h3'><span class='evcal_evdata_icons'><i class='fa fa-map-marker'><\/i><\/span>Location<\/h3><p class='evo_location_name' style='margin-bottom:10px; font-size:15px;'>Gorizia<\/p><\/div>\n\t\t\n\t<\/div><\/div><\/div><div class='evocard_row'><div class='evocard_box eventdetails' data-c='ffffff' \n\t\t\t\t\tstyle='background-color:#ffffff'><div class=\"evo_metarow_details evorow evcal_evdata_row evcal_event_details\">\n    <div class=\"event_excerpt\" style=\"display:none\"><h3 class=\"padb5 evo_h3\">Event details<\/h3><p>Civil Words parte dall&#8217;intervento dello storico Alessandro Barbero per raccontare la verit\u00e0 accertata dell&#8217;attacco e per fare luce sulle menzogne che avvelenano la memoria italiana, smentendole.\r\n\r\nLa<\/p><\/div><span class='evcal_evdata_icons'><i class='fa fa-align-justify'><\/i><\/span>    <div class=\"evcal_evdata_cell\">\n        <div class=\"eventon_full_description\">\n            <h3 class=\"padb5 evo_h3\"><span class='evcal_evdata_icons'><i class='fa fa-align-justify'><\/i><\/span>Event details<\/h3>\n            <div class=\"eventon_desc_in\" itemprop=\"description\">\n                <span style=\"color: #000000;\">Civil Words begins with a presentation by historian Alessandro Barbero to reveal the established truth of the attack and to shed light on the lies that poison Italian memory, debunking them.<\/span>\r\n\r\n<span style=\"color: #000000;\">The plea is both a warning and an invitation: each of us is responsible for passing on the memory of the past to future generations, and this must be done with honesty, humility, and truth. If we allow lies to contaminate the facts that have brought us to where we are today, we will compromise our future and our national identity.<\/span>            <\/div>\n            <div class='clear'><\/div>        <\/div>\n    <\/div>\n<\/div><\/div><\/div><div class='evocard_row'><div class='evocard_box learnmore' data-c='ffffff' \n\t\t\t\t\tstyle='background-color:#ffffff'><div class='evo_metarow_learnM evo_metarow_learnmore evorow'>\n\t\t\t\t\t\t\t<a class='evcal_evdata_row evo_clik_row' href='https:\/\/civilwordsaps.it\/en\/i-17-di-via-rasella\/' >\n\t\t\t\t\t\t\t\t<span class='evcal_evdata_icons'><i class='fa fa-link'><\/i><\/span>\n\t\t\t\t\t\t\t\t<h3 class='evo_h3 evopad0i'>Learn more<\/h3>\n\t\t\t\t\t\t\t<\/a>\n\t\t\t\t\t\t\t<\/div><\/div><\/div><div class='evo_card_row_end evcal_close' title='Chiudi'><\/div><\/div><div class='clear end'><\/div><\/div><\/div><div class='evcal_month_line' data-d='eml_7_2024'><p>July 2024<\/p><\/div><div class='sep_month_events' data-d='eml_7_2024'><div id=\"event_2601_0\" class=\"eventon_list_event evo_eventtop scheduled past_event event event_2601_0\" data-event_id=\"2601\" data-ri=\"0r\" data-time=\"1720990800-1720998000\" data-colr=\"#992b34\" itemscope itemtype='http:\/\/schema.org\/Event'><div class=\"evo_event_schema\" style=\"display:none\" ><a itemprop='url'  href='https:\/\/civilwordsaps.it\/en\/evento\/i-17-di-via-rasella-milano\/'><\/a><meta itemprop='image' content=\"https:\/\/civilwordsaps.it\/wp-content\/uploads\/2025\/12\/banner-calendario-i-17-di-via-rasella.png\" \/><meta itemprop='startDate' content=\"2024-7-14T23:00+0:00\" \/><meta itemprop='endDate' content=\"2024-7-15T01:00+0:00\" \/><meta itemprop='eventStatus' content=\"https:\/\/schema.org\/EventScheduled\" \/><item style=\"display:none\" itemprop=\"eventAttendanceMode\" itemscope itemtype=\"https:\/\/schema.org\/OfflineEventAttendanceMode\"><\/item><script type=\"application\/ld+json\">{\"@context\": \"http:\/\/schema.org\",\"@type\": \"Event\",\n\t\t\t\t\"@id\": \"event_2601_0\",\n\t\t\t\t\"eventAttendanceMode\":\"https:\/\/schema.org\/OfflineEventAttendanceMode\",\n\t\t\t\t\"name\": \"I 17 di via Rasella - Milano\",\n\t\t\t\t\"url\": \"https:\/\/civilwordsaps.it\/en\/evento\/i-17-di-via-rasella-milano\/\",\n\t\t\t\t\"startDate\": \"2024-7-14T23:00+0:00\",\n\t\t\t\t\"endDate\": \"2024-7-15T01:00+0:00\",\n\t\t\t\t\"image\":\"https:\/\/civilwordsaps.it\/wp-content\/uploads\/2025\/12\/banner-calendario-i-17-di-via-rasella.png\", \n\t\t\t\t\"description\":\"<span style=color: #000000;>Civil Words parte dall'intervento dello storico Alessandro Barbero per raccontare la verit\u00e0 accertata dell'attacco e per fare luce sulle menzogne che avvelenano la memoria italiana, smentendole.<\/span>    <span style=color: #000000;>La pl\u00e8ce \u00e8 tanto un monito quanto un invito: ognuno di noi \u00e8 responsabile della trasmissione della memoria passata alle future generazioni e questo dev'essere fatto in un'ottica di onest\u00e0, umilt\u00e0 e verit\u00e0; se lasciassimo che le menzogne contaminino i fatti che ci hanno portato dove siamo oggi comprometteremmo il nostro futuro e la nostra identit\u00e0 nazionale.<\/span>\",\"eventStatus\":\"https:\/\/schema.org\/EventScheduled\"}<\/script><\/div>\n\t\t\t\t<p class=\"desc_trig_outter\" style=\"\"><a data-gmap_status=\"null\" data-exlk=\"0\" style=\"background-color: #992b34;\" id=\"evc_17209908002601\" class=\"desc_trig sin_val evcal_list_a\" data-ux_val=\"1\" data-ux_val_mob=\"-\"  ><span class='evoet_c2 evoet_cx'><span class='evoet_dayblock evcal_cblock' data-bgcolor='#992b34' data-smon='Luglio' data-syr='2024'><span class='evo_start'><em class='date'>14<\/em><em class='month'>jul<\/em><em class='time'>21:00<\/em><\/span><span class='evo_end only_time'><em class='time'>23:00<\/em><\/span><\/span><\/span><span class='evoet_c3 evoet_cx evcal_desc evo_info' ><span class='evoet_tags evo_above_title'><\/span><span class='evoet_title evcal_desc2 evcal_event_title' itemprop='name'>I 17 di via Rasella &#8211; Milano<\/span><span class='evoet_subtitle evo_below_title'><span class='evcal_event_subtitle' >THEATRE SHOW<\/span><\/span><span class='evoet_time_expand level_3 evcal_desc_info evogap10'><\/span><span class='evcal_desc3'><\/span><\/span><em class='evoet_data' style='display:none' data-bgc='#992b34'data-bggrad=''><\/em><\/a><\/p><div class='event_description evcal_eventcard' style=\"display:none\"><div class='evocard_row'><div class='evocard_box ftimage' data-c='ffffff' \n\t\t\t\t\tstyle='background-color:#ffffff'><div class='evo_metarow_directimg evcal_evdata_row'><img class='evo_event_main_img' src='https:\/\/civilwordsaps.it\/wp-content\/uploads\/2025\/12\/banner-calendario-i-17-di-via-rasella.png' \/><\/div><\/div><\/div><div class='evocard_row bx2 bx'><div class='evocard_box time' data-c='ffffff' \n\t\t\t\t\tstyle='background-color:#ffffff'><div class='evo_metarow_time evorow evcal_evdata_row evcal_evrow_sm'>\n\t\t<span class='evcal_evdata_icons'><i class='fa fa-clock'><\/i><\/span>\n\t\t<div class='evcal_evdata_cell'>\t\t\t\t\t\t\t\n\t\t\t<h3 class='evo_h3'><span class='evcal_evdata_icons'><i class='fa fa-clock'><\/i><\/span>Hours<\/h3><p><span class='evo_eventcard_time_t'>14\/07\/2024 21:00 &#8211; 23:00<\/span><\/p>\n\t\t<\/div>\n\t<\/div><\/div><div class='evocard_box location' data-c='ffffff' \n\t\t\t\t\tstyle='background-color:#ffffff'><div class='evcal_evdata_row evo_metarow_time_location evorow'>\n\t\t\n\t\t\t<span class='evcal_evdata_icons'><i class='fa fa-map-marker'><\/i><\/span>\n\t\t\t<div class='evcal_evdata_cell' data-loc_tax_id='68'><h3 class='evo_h3'><span class='evcal_evdata_icons'><i class='fa fa-map-marker'><\/i><\/span>Location<\/h3><p class='evo_location_name' style='margin-bottom:10px; font-size:15px;'>Milano<\/p><\/div>\n\t\t\n\t<\/div><\/div><\/div><div class='evocard_row'><div class='evocard_box eventdetails' data-c='ffffff' \n\t\t\t\t\tstyle='background-color:#ffffff'><div class=\"evo_metarow_details evorow evcal_evdata_row evcal_event_details\">\n    <div class=\"event_excerpt\" style=\"display:none\"><h3 class=\"padb5 evo_h3\">Event details<\/h3><p>Civil Words parte dall&#8217;intervento dello storico Alessandro Barbero per raccontare la verit\u00e0 accertata dell&#8217;attacco e per fare luce sulle menzogne che avvelenano la memoria italiana, smentendole.\r\n\r\nLa<\/p><\/div><span class='evcal_evdata_icons'><i class='fa fa-align-justify'><\/i><\/span>    <div class=\"evcal_evdata_cell\">\n        <div class=\"eventon_full_description\">\n            <h3 class=\"padb5 evo_h3\"><span class='evcal_evdata_icons'><i class='fa fa-align-justify'><\/i><\/span>Event details<\/h3>\n            <div class=\"eventon_desc_in\" itemprop=\"description\">\n                <span style=\"color: #000000;\">Civil Words begins with a presentation by historian Alessandro Barbero to reveal the established truth of the attack and to shed light on the lies that poison Italian memory, debunking them.<\/span>\r\n\r\n<span style=\"color: #000000;\">The plea is both a warning and an invitation: each of us is responsible for passing on the memory of the past to future generations, and this must be done with honesty, humility, and truth. If we allow lies to contaminate the facts that have brought us to where we are today, we will compromise our future and our national identity.<\/span>            <\/div>\n            <div class='clear'><\/div>        <\/div>\n    <\/div>\n<\/div><\/div><\/div><div class='evocard_row'><div class='evocard_box learnmore' data-c='ffffff' \n\t\t\t\t\tstyle='background-color:#ffffff'><div class='evo_metarow_learnM evo_metarow_learnmore evorow'>\n\t\t\t\t\t\t\t<a class='evcal_evdata_row evo_clik_row' href='https:\/\/civilwordsaps.it\/en\/i-17-di-via-rasella\/' >\n\t\t\t\t\t\t\t\t<span class='evcal_evdata_icons'><i class='fa fa-link'><\/i><\/span>\n\t\t\t\t\t\t\t\t<h3 class='evo_h3 evopad0i'>Learn more<\/h3>\n\t\t\t\t\t\t\t<\/a>\n\t\t\t\t\t\t\t<\/div><\/div><\/div><div class='evo_card_row_end evcal_close' title='Chiudi'><\/div><\/div><div class='clear end'><\/div><\/div><\/div><div class='evcal_month_line' data-d='eml_10_2024'><p>October 2024<\/p><\/div><div class='sep_month_events' data-d='eml_10_2024'><div id=\"event_2603_0\" class=\"eventon_list_event evo_eventtop scheduled past_event event event_2603_0\" data-event_id=\"2603\" data-ri=\"0r\" data-time=\"1728057600-1728075600\" data-colr=\"#000000\" itemscope itemtype='http:\/\/schema.org\/Event'><div class=\"evo_event_schema\" style=\"display:none\" ><a itemprop='url'  href='https:\/\/civilwordsaps.it\/en\/evento\/tracciare-futuri-gorizia\/'><\/a><meta itemprop='image' content=\"https:\/\/civilwordsaps.it\/wp-content\/uploads\/2026\/01\/Tracciare-futuri24_NL.png\" \/><meta itemprop='startDate' content=\"2024-10-4T18:00+0:00\" \/><meta itemprop='endDate' content=\"2024-10-4T23:00+0:00\" \/><meta itemprop='eventStatus' content=\"https:\/\/schema.org\/EventScheduled\" \/><item style=\"display:none\" itemprop=\"eventAttendanceMode\" itemscope itemtype=\"https:\/\/schema.org\/OfflineEventAttendanceMode\"><\/item><script type=\"application\/ld+json\">{\"@context\": \"http:\/\/schema.org\",\"@type\": \"Event\",\n\t\t\t\t\"@id\": \"event_2603_0\",\n\t\t\t\t\"eventAttendanceMode\":\"https:\/\/schema.org\/OfflineEventAttendanceMode\",\n\t\t\t\t\"name\": \"Tracciare Futuri - Gorizia\",\n\t\t\t\t\"url\": \"https:\/\/civilwordsaps.it\/en\/evento\/tracciare-futuri-gorizia\/\",\n\t\t\t\t\"startDate\": \"2024-10-4T18:00+0:00\",\n\t\t\t\t\"endDate\": \"2024-10-4T23:00+0:00\",\n\t\t\t\t\"image\":\"https:\/\/civilwordsaps.it\/wp-content\/uploads\/2026\/01\/Tracciare-futuri24_NL.png\", \n\t\t\t\t\"description\":\"<span style=color: #000000;>Tracciare Futuri \u00e8 un evento autunnale che si configura come un incubatore di idee innovativo, focalizzato su workshop partecipativi e laboratori di lavoro collettivo, per superare la logica dei convegni tradizionali e generare proposte concrete su temi di interesse sociale e territoriale, promuovendo partecipazione attiva, inclusione e dialogo interculturale. L'iniziativa mira a trasformare il territorio in un luogo di crescita e confronto, coinvolgendo cittadini, esperti e associazioni in tavoli tematici guidati da facilitatori, per elaborare piani d'azione tangibili.<\/span>\",\"eventStatus\":\"https:\/\/schema.org\/EventScheduled\"}<\/script><\/div>\n\t\t\t\t<p class=\"desc_trig_outter\" style=\"\"><a data-gmap_status=\"null\" data-exlk=\"0\" style=\"background-color: #000000;\" id=\"evc_17280576002603\" class=\"desc_trig sin_val evcal_list_a\" data-ux_val=\"1\" data-ux_val_mob=\"-\"  ><span class='evoet_c2 evoet_cx'><span class='evoet_dayblock evcal_cblock' data-bgcolor='#000000' data-smon='Ottobre' data-syr='2024'><span class='evo_start'><em class='date'>04<\/em><em class='month'>oct<\/em><em class='time'>16:00<\/em><\/span><span class='evo_end only_time'><em class='time'>21:00<\/em><\/span><\/span><\/span><span class='evoet_c3 evoet_cx evcal_desc evo_info' ><span class='evoet_tags evo_above_title'><\/span><span class='evoet_title evcal_desc2 evcal_event_title' itemprop='name'>Tracing Futures \u2013 Gorizia<\/span><span class='evoet_subtitle evo_below_title'><span class='evcal_event_subtitle' >GRANT &amp; FESTIVAL<\/span><\/span><span class='evoet_time_expand level_3 evcal_desc_info evogap10'><\/span><span class='evcal_desc3'><\/span><\/span><em class='evoet_data' style='display:none' data-bgc='#000000'data-bggrad=''><\/em><\/a><\/p><div class='event_description evcal_eventcard' style=\"display:none\"><div class='evocard_row'><div class='evocard_box ftimage' data-c='ffffff' \n\t\t\t\t\tstyle='background-color:#ffffff'><div class='evo_metarow_directimg evcal_evdata_row'><img class='evo_event_main_img' src='https:\/\/civilwordsaps.it\/wp-content\/uploads\/2026\/01\/Tracciare-futuri24_NL.png' \/><\/div><\/div><\/div><div class='evocard_row bx2 bx'><div class='evocard_box time' data-c='ffffff' \n\t\t\t\t\tstyle='background-color:#ffffff'><div class='evo_metarow_time evorow evcal_evdata_row evcal_evrow_sm'>\n\t\t<span class='evcal_evdata_icons'><i class='fa fa-clock'><\/i><\/span>\n\t\t<div class='evcal_evdata_cell'>\t\t\t\t\t\t\t\n\t\t\t<h3 class='evo_h3'><span class='evcal_evdata_icons'><i class='fa fa-clock'><\/i><\/span>Hours<\/h3><p><span class='evo_eventcard_time_t'>04\/10\/2024 16:00 &#8211; 21:00<\/span><\/p>\n\t\t<\/div>\n\t<\/div><\/div><div class='evocard_box location' data-c='ffffff' \n\t\t\t\t\tstyle='background-color:#ffffff'><div class='evcal_evdata_row evo_metarow_time_location evorow'>\n\t\t\n\t\t\t<span class='evcal_evdata_icons'><i class='fa fa-map-marker'><\/i><\/span>\n\t\t\t<div class='evcal_evdata_cell' data-loc_tax_id='67'><h3 class='evo_h3'><span class='evcal_evdata_icons'><i class='fa fa-map-marker'><\/i><\/span>Location<\/h3><p class='evo_location_name' style='margin-bottom:10px; font-size:15px;'>Gorizia<\/p><\/div>\n\t\t\n\t<\/div><\/div><\/div><div class='evocard_row'><div class='evocard_box eventdetails' data-c='ffffff' \n\t\t\t\t\tstyle='background-color:#ffffff'><div class=\"evo_metarow_details evorow evcal_evdata_row evcal_event_details\">\n    <div class=\"event_excerpt\" style=\"display:none\"><h3 class=\"padb5 evo_h3\">Event details<\/h3><p>Tracciare Futuri \u00e8 un evento autunnale che si configura come un incubatore di idee innovativo, focalizzato su workshop partecipativi e laboratori di lavoro collettivo, per superare la logica<\/p><\/div><span class='evcal_evdata_icons'><i class='fa fa-align-justify'><\/i><\/span>    <div class=\"evcal_evdata_cell\">\n        <div class=\"eventon_full_description\">\n            <h3 class=\"padb5 evo_h3\"><span class='evcal_evdata_icons'><i class='fa fa-align-justify'><\/i><\/span>Event details<\/h3>\n            <div class=\"eventon_desc_in\" itemprop=\"description\">\n                <span style=\"color: #000000;\">Tracciare Futuri \u00e8 un evento autunnale che si configura come un incubatore di idee innovativo, focalizzato su workshop partecipativi e laboratori di lavoro collettivo, per superare la logica dei convegni tradizionali e generare proposte concrete su temi di interesse sociale e territoriale, promuovendo partecipazione attiva, inclusione e dialogo interculturale. L&#8217;iniziativa mira a trasformare il territorio in un luogo di crescita e confronto, coinvolgendo cittadini, esperti e associazioni in tavoli tematici guidati da facilitatori, per elaborare piani d&#8217;azione tangibili.<\/span>            <\/div>\n            <div class='clear'><\/div>        <\/div>\n    <\/div>\n<\/div><\/div><\/div><div class='evocard_row'><div class='evocard_box learnmore' data-c='ffffff' \n\t\t\t\t\tstyle='background-color:#ffffff'><div class='evo_metarow_learnM evo_metarow_learnmore evorow'>\n\t\t\t\t\t\t\t<a class='evcal_evdata_row evo_clik_row' href='https:\/\/civilwordsaps.it\/en\/tracciare-futuri-2024\/' >\n\t\t\t\t\t\t\t\t<span class='evcal_evdata_icons'><i class='fa fa-link'><\/i><\/span>\n\t\t\t\t\t\t\t\t<h3 class='evo_h3 evopad0i'>Learn more<\/h3>\n\t\t\t\t\t\t\t<\/a>\n\t\t\t\t\t\t\t<\/div><\/div><\/div><div class='evo_card_row_end evcal_close' title='Chiudi'><\/div><\/div><div class='clear end'><\/div><\/div><div id=\"event_2605_0\" class=\"eventon_list_event evo_eventtop scheduled past_event event event_2605_0\" data-event_id=\"2605\" data-ri=\"0r\" data-time=\"1728144000-1728162000\" data-colr=\"#000000\" itemscope itemtype='http:\/\/schema.org\/Event'><div class=\"evo_event_schema\" style=\"display:none\" ><a itemprop='url'  href='https:\/\/civilwordsaps.it\/en\/evento\/tracciare-futuri-monfalcone\/'><\/a><meta itemprop='image' content=\"https:\/\/civilwordsaps.it\/wp-content\/uploads\/2026\/01\/Tracciare-futuri24_NL.png\" \/><meta itemprop='startDate' content=\"2024-10-5T18:00+0:00\" \/><meta itemprop='endDate' content=\"2024-10-5T23:00+0:00\" \/><meta itemprop='eventStatus' content=\"https:\/\/schema.org\/EventScheduled\" \/><item style=\"display:none\" itemprop=\"eventAttendanceMode\" itemscope itemtype=\"https:\/\/schema.org\/OfflineEventAttendanceMode\"><\/item><script type=\"application\/ld+json\">{\"@context\": \"http:\/\/schema.org\",\"@type\": \"Event\",\n\t\t\t\t\"@id\": \"event_2605_0\",\n\t\t\t\t\"eventAttendanceMode\":\"https:\/\/schema.org\/OfflineEventAttendanceMode\",\n\t\t\t\t\"name\": \"Tracciare Futuri - Monfalcone\",\n\t\t\t\t\"url\": \"https:\/\/civilwordsaps.it\/en\/evento\/tracciare-futuri-monfalcone\/\",\n\t\t\t\t\"startDate\": \"2024-10-5T18:00+0:00\",\n\t\t\t\t\"endDate\": \"2024-10-5T23:00+0:00\",\n\t\t\t\t\"image\":\"https:\/\/civilwordsaps.it\/wp-content\/uploads\/2026\/01\/Tracciare-futuri24_NL.png\", \n\t\t\t\t\"description\":\"<span style=color: #000000;>Tracciare Futuri \u00e8 un evento autunnale che si configura come un incubatore di idee innovativo, focalizzato su workshop partecipativi e laboratori di lavoro collettivo, per superare la logica dei convegni tradizionali e generare proposte concrete su temi di interesse sociale e territoriale, promuovendo partecipazione attiva, inclusione e dialogo interculturale. L'iniziativa mira a trasformare il territorio in un luogo di crescita e confronto, coinvolgendo cittadini, esperti e associazioni in tavoli tematici guidati da facilitatori, per elaborare piani d'azione tangibili.<\/span>\",\"eventStatus\":\"https:\/\/schema.org\/EventScheduled\"}<\/script><\/div>\n\t\t\t\t<p class=\"desc_trig_outter\" style=\"\"><a data-gmap_status=\"null\" data-exlk=\"0\" style=\"background-color: #000000;\" id=\"evc_17281440002605\" class=\"desc_trig sin_val evcal_list_a\" data-ux_val=\"1\" data-ux_val_mob=\"-\"  ><span class='evoet_c2 evoet_cx'><span class='evoet_dayblock evcal_cblock' data-bgcolor='#000000' data-smon='Ottobre' data-syr='2024'><span class='evo_start'><em class='date'>05<\/em><em class='month'>oct<\/em><em class='time'>16:00<\/em><\/span><span class='evo_end only_time'><em class='time'>21:00<\/em><\/span><\/span><\/span><span class='evoet_c3 evoet_cx evcal_desc evo_info' ><span class='evoet_tags evo_above_title'><\/span><span class='evoet_title evcal_desc2 evcal_event_title' itemprop='name'>Tracing Futures \u2013 Monfalcone<\/span><span class='evoet_subtitle evo_below_title'><span class='evcal_event_subtitle' >GRANT &amp; FESTIVAL<\/span><\/span><span class='evoet_time_expand level_3 evcal_desc_info evogap10'><\/span><span class='evcal_desc3'><\/span><\/span><em class='evoet_data' style='display:none' data-bgc='#000000'data-bggrad=''><\/em><\/a><\/p><div class='event_description evcal_eventcard' style=\"display:none\"><div class='evocard_row'><div class='evocard_box ftimage' data-c='ffffff' \n\t\t\t\t\tstyle='background-color:#ffffff'><div class='evo_metarow_directimg evcal_evdata_row'><img class='evo_event_main_img' src='https:\/\/civilwordsaps.it\/wp-content\/uploads\/2026\/01\/Tracciare-futuri24_NL.png' \/><\/div><\/div><\/div><div class='evocard_row bx2 bx'><div class='evocard_box time' data-c='ffffff' \n\t\t\t\t\tstyle='background-color:#ffffff'><div class='evo_metarow_time evorow evcal_evdata_row evcal_evrow_sm'>\n\t\t<span class='evcal_evdata_icons'><i class='fa fa-clock'><\/i><\/span>\n\t\t<div class='evcal_evdata_cell'>\t\t\t\t\t\t\t\n\t\t\t<h3 class='evo_h3'><span class='evcal_evdata_icons'><i class='fa fa-clock'><\/i><\/span>Hours<\/h3><p><span class='evo_eventcard_time_t'>05\/10\/2024 16:00 &#8211; 21:00<\/span><\/p>\n\t\t<\/div>\n\t<\/div><\/div><div class='evocard_box location' data-c='ffffff' \n\t\t\t\t\tstyle='background-color:#ffffff'><div class='evcal_evdata_row evo_metarow_time_location evorow'>\n\t\t\n\t\t\t<span class='evcal_evdata_icons'><i class='fa fa-map-marker'><\/i><\/span>\n\t\t\t<div class='evcal_evdata_cell' data-loc_tax_id='69'><h3 class='evo_h3'><span class='evcal_evdata_icons'><i class='fa fa-map-marker'><\/i><\/span>Location<\/h3><p class='evo_location_name' style='margin-bottom:10px; font-size:15px;'>Monfalcone<\/p><\/div>\n\t\t\n\t<\/div><\/div><\/div><div class='evocard_row'><div class='evocard_box eventdetails' data-c='ffffff' \n\t\t\t\t\tstyle='background-color:#ffffff'><div class=\"evo_metarow_details evorow evcal_evdata_row evcal_event_details\">\n    <div class=\"event_excerpt\" style=\"display:none\"><h3 class=\"padb5 evo_h3\">Event details<\/h3><p>Tracciare Futuri \u00e8 un evento autunnale che si configura come un incubatore di idee innovativo, focalizzato su workshop partecipativi e laboratori di lavoro collettivo, per superare la logica<\/p><\/div><span class='evcal_evdata_icons'><i class='fa fa-align-justify'><\/i><\/span>    <div class=\"evcal_evdata_cell\">\n        <div class=\"eventon_full_description\">\n            <h3 class=\"padb5 evo_h3\"><span class='evcal_evdata_icons'><i class='fa fa-align-justify'><\/i><\/span>Event details<\/h3>\n            <div class=\"eventon_desc_in\" itemprop=\"description\">\n                <span style=\"color: #000000;\">Tracciare Futuri \u00e8 un evento autunnale che si configura come un incubatore di idee innovativo, focalizzato su workshop partecipativi e laboratori di lavoro collettivo, per superare la logica dei convegni tradizionali e generare proposte concrete su temi di interesse sociale e territoriale, promuovendo partecipazione attiva, inclusione e dialogo interculturale. L&#8217;iniziativa mira a trasformare il territorio in un luogo di crescita e confronto, coinvolgendo cittadini, esperti e associazioni in tavoli tematici guidati da facilitatori, per elaborare piani d&#8217;azione tangibili.<\/span>            <\/div>\n            <div class='clear'><\/div>        <\/div>\n    <\/div>\n<\/div><\/div><\/div><div class='evocard_row'><div class='evocard_box learnmore' data-c='ffffff' \n\t\t\t\t\tstyle='background-color:#ffffff'><div class='evo_metarow_learnM evo_metarow_learnmore evorow'>\n\t\t\t\t\t\t\t<a class='evcal_evdata_row evo_clik_row' href='https:\/\/civilwordsaps.it\/en\/tracciare-futuri-2024\/' >\n\t\t\t\t\t\t\t\t<span class='evcal_evdata_icons'><i class='fa fa-link'><\/i><\/span>\n\t\t\t\t\t\t\t\t<h3 class='evo_h3 evopad0i'>Learn more<\/h3>\n\t\t\t\t\t\t\t<\/a>\n\t\t\t\t\t\t\t<\/div><\/div><\/div><div class='evo_card_row_end evcal_close' title='Chiudi'><\/div><\/div><div class='clear end'><\/div><\/div><\/div><div class='evcal_month_line' data-d='eml_1_2025'><p>January 2025<\/p><\/div><div class='sep_month_events' data-d='eml_1_2025'><div id=\"event_2616_0\" class=\"eventon_list_event evo_eventtop scheduled past_event event event_2616_0\" data-event_id=\"2616\" data-ri=\"0r\" data-time=\"1736796600-1736803800\" data-colr=\"#a74349\" itemscope itemtype='http:\/\/schema.org\/Event'><div class=\"evo_event_schema\" style=\"display:none\" ><a itemprop='url'  href='https:\/\/civilwordsaps.it\/en\/evento\/lezione-gratuita-gennaio-2025\/'><\/a><meta itemprop='image'  \/><meta itemprop='startDate' content=\"2025-1-13T20:30+0:00\" \/><meta itemprop='endDate' content=\"2025-1-13T22:30+0:00\" \/><meta itemprop='eventStatus' content=\"https:\/\/schema.org\/EventScheduled\" \/><item style=\"display:none\" itemprop=\"eventAttendanceMode\" itemscope itemtype=\"https:\/\/schema.org\/OfflineEventAttendanceMode\"><\/item><script type=\"application\/ld+json\">{\"@context\": \"http:\/\/schema.org\",\"@type\": \"Event\",\n\t\t\t\t\"@id\": \"event_2616_0\",\n\t\t\t\t\"eventAttendanceMode\":\"https:\/\/schema.org\/OfflineEventAttendanceMode\",\n\t\t\t\t\"name\": \"L&#039;Attore Integrato 2025 - Milano MI\",\n\t\t\t\t\"url\": \"https:\/\/civilwordsaps.it\/en\/evento\/lezione-gratuita-gennaio-2025\/\",\n\t\t\t\t\"startDate\": \"2025-1-13T20:30+0:00\",\n\t\t\t\t\"endDate\": \"2025-1-13T22:30+0:00\",\n\t\t\t\t\"image\":\"\", \n\t\t\t\t\"description\":\"L'Attore Integrato 2025 - Milano MI\",\"eventStatus\":\"https:\/\/schema.org\/EventScheduled\"}<\/script><\/div>\n\t\t\t\t<p class=\"desc_trig_outter\" style=\"\"><a data-gmap_status=\"null\" data-exlk=\"0\" style=\"background-color: #a74349;\" id=\"evc_17367966002616\" class=\"desc_trig sin_val evcal_list_a\" data-ux_val=\"1\" data-ux_val_mob=\"-\"  ><span class='evoet_c2 evoet_cx'><span class='evoet_dayblock evcal_cblock' data-bgcolor='#a74349' data-smon='Gennaio' data-syr='2025'><span class='evo_start'><em class='date'>13<\/em><em class='month'>Jan<\/em><em class='time'>19:30<\/em><\/span><span class='evo_end only_time'><em class='time'>21:30<\/em><\/span><\/span><\/span><span class='evoet_c3 evoet_cx evcal_desc evo_info' ><span class='evoet_tags evo_above_title'><\/span><span class='evoet_title evcal_desc2 evcal_event_title' itemprop='name'>The Integrated Actor 2025 \u2013 Milan MI<\/span><span class='evoet_subtitle evo_below_title'><span class='evcal_event_subtitle' >COURSE \/ FREE LESSON<\/span><\/span><span class='evoet_time_expand level_3 evcal_desc_info evogap10'><\/span><span class='evcal_desc3'><\/span><\/span><em class='evoet_data' style='display:none' data-bgc='#a74349'data-bggrad=''><\/em><\/a><\/p><div class='event_description evcal_eventcard' style=\"display:none\"><div class='evocard_row'><div class='evocard_box time' data-c='ffffff' \n\t\t\t\t\tstyle='background-color:#ffffff'><div class='evo_metarow_time evorow evcal_evdata_row evcal_evrow_sm'>\n\t\t<span class='evcal_evdata_icons'><i class='fa fa-clock'><\/i><\/span>\n\t\t<div class='evcal_evdata_cell'>\t\t\t\t\t\t\t\n\t\t\t<h3 class='evo_h3'><span class='evcal_evdata_icons'><i class='fa fa-clock'><\/i><\/span>Hours<\/h3><p><span class='evo_eventcard_time_t'>13\/01\/2025 19:30 &#8211; 21:30<\/span><\/p>\n\t\t<\/div>\n\t<\/div><\/div><\/div><div class='evocard_row'><div class='evocard_box learnmore' data-c='ffffff' \n\t\t\t\t\tstyle='background-color:#ffffff'><div class='evo_metarow_learnM evo_metarow_learnmore evorow'>\n\t\t\t\t\t\t\t<a class='evcal_evdata_row evo_clik_row' href='https:\/\/civilwordsaps.it\/en\/corso-attore-integrato-2025\/' >\n\t\t\t\t\t\t\t\t<span class='evcal_evdata_icons'><i class='fa fa-link'><\/i><\/span>\n\t\t\t\t\t\t\t\t<h3 class='evo_h3 evopad0i'>Learn more<\/h3>\n\t\t\t\t\t\t\t<\/a>\n\t\t\t\t\t\t\t<\/div><\/div><\/div><div class='evo_card_row_end evcal_close' title='Chiudi'><\/div><\/div><div class='clear end'><\/div><\/div><div id=\"event_2614_0\" class=\"eventon_list_event evo_eventtop scheduled past_event event event_2614_0\" data-event_id=\"2614\" data-ri=\"0r\" data-time=\"1738004400-1738011600\" data-colr=\"#a74349\" itemscope itemtype='http:\/\/schema.org\/Event'><div class=\"evo_event_schema\" style=\"display:none\" ><a itemprop='url'  href='https:\/\/civilwordsaps.it\/en\/evento\/corso-di-recitazione\/'><\/a><meta itemprop='image'  \/><meta itemprop='startDate' content=\"2025-1-27T20:00+0:00\" \/><meta itemprop='endDate' content=\"2025-1-27T22:00+0:00\" \/><meta itemprop='eventStatus' content=\"https:\/\/schema.org\/EventScheduled\" \/><item style=\"display:none\" itemprop=\"location\" itemscope itemtype=\"http:\/\/schema.org\/Place\"><span itemprop=\"name\">ELF Teatro<\/span><span itemprop=\"address\" itemscope itemtype=\"http:\/\/schema.org\/PostalAddress\"><item itemprop=\"streetAddress\">via S.G Emiliani 1, Milano<\/item><\/span><\/item><item style=\"display:none\" itemprop=\"eventAttendanceMode\" itemscope itemtype=\"https:\/\/schema.org\/OfflineEventAttendanceMode\"><\/item><script type=\"application\/ld+json\">{\"@context\": \"http:\/\/schema.org\",\"@type\": \"Event\",\n\t\t\t\t\"@id\": \"event_2614_0\",\n\t\t\t\t\"eventAttendanceMode\":\"https:\/\/schema.org\/OfflineEventAttendanceMode\",\n\t\t\t\t\"name\": \"L&#039;Attore Integrato 2025\",\n\t\t\t\t\"url\": \"https:\/\/civilwordsaps.it\/en\/evento\/corso-di-recitazione\/\",\n\t\t\t\t\"startDate\": \"2025-1-27T20:00+0:00\",\n\t\t\t\t\"endDate\": \"2025-1-27T22:00+0:00\",\n\t\t\t\t\"image\":\"\", \n\t\t\t\t\"description\":\"L'Attore Integrato 2025\",\"location\":[{\"@type\":\"Place\",\"name\":\"ELF Teatro\",\"address\":{\"@type\": \"PostalAddress\",\"streetAddress\":\"via S.G Emiliani 1, Milano\"}}],\"eventStatus\":\"https:\/\/schema.org\/EventScheduled\"}<\/script><\/div>\n\t\t\t\t<p class=\"desc_trig_outter\" style=\"\"><a data-gmap_status=\"null\" data-exlk=\"0\" style=\"background-color: #a74349;\" id=\"evc_17380044002614\" class=\"event_repeat desc_trig sin_val evcal_list_a\" data-ux_val=\"1\" data-ux_val_mob=\"-\"  ><span class='evoet_c2 evoet_cx'><span class='evoet_dayblock evcal_cblock' data-bgcolor='#a74349' data-smon='Gennaio' data-syr='2025'><span class='evo_start'><em class='date'>27<\/em><em class='month'>Jan<\/em><em class='time'>19:00<\/em><\/span><span class='evo_end only_time'><em class='time'>21:00<\/em><\/span><\/span><\/span><span style='display:none' class='event_location_attrs'  data-location_address=\"via S.G Emiliani 1, Milano\" data-location_type=\"address\" data-location_name=\"ELF Teatro\" data-location_url=\"https:\/\/civilwordsaps.it\/en\/event-location\/elf-teatro\/\" data-location_status=\"true\"><\/span><span class='evoet_c3 evoet_cx evcal_desc evo_info' ><span class='evoet_tags evo_above_title'><span class='evo_event_headers repeating'>Recurring event<\/span><\/span><span class='evoet_title evcal_desc2 evcal_event_title' itemprop='name'>The Integrated Actor 2025<\/span><span class='evoet_subtitle evo_below_title'><span class='evcal_event_subtitle' >COURSE \/ LESSON<\/span><\/span><span class='evoet_time_expand level_3 evcal_desc_info evogap10'><\/span><span class='evcal_desc3'><\/span><\/span><em class='evoet_data' style='display:none' data-bgc='#a74349'data-bggrad=''><\/em><\/a><\/p><div class='event_description evcal_eventcard' style=\"display:none\"><div class='evocard_row bx2 bx'><div class='evocard_box time' data-c='ffffff' \n\t\t\t\t\tstyle='background-color:#ffffff'><div class='evo_metarow_time evorow evcal_evdata_row evcal_evrow_sm'>\n\t\t<span class='evcal_evdata_icons'><i class='fa fa-clock'><\/i><\/span>\n\t\t<div class='evcal_evdata_cell'>\t\t\t\t\t\t\t\n\t\t\t<h3 class='evo_h3'><span class='evcal_evdata_icons'><i class='fa fa-clock'><\/i><\/span>Hours<\/h3><p><span class='evo_eventcard_time_t'>27\/01\/2025 19:00 &#8211; 21:00<\/span><\/p>\n\t\t<\/div>\n\t<\/div><\/div><div class='evocard_box location' data-c='ffffff' \n\t\t\t\t\tstyle='background-color:#ffffff'><div class='evcal_evdata_row evo_metarow_time_location evorow'>\n\t\t\n\t\t\t<span class='evcal_evdata_icons'><i class='fa fa-map-marker'><\/i><\/span>\n\t\t\t<div class='evcal_evdata_cell' data-loc_tax_id='42'><h3 class='evo_h3'><span class='evcal_evdata_icons'><i class='fa fa-map-marker'><\/i><\/span>Location<\/h3><p class='evo_location_name' style='margin-bottom:10px; font-size:15px;'>ELF Teatro<\/p><p class='evo_location_address evodfxi evogap10'>via S.G Emiliani 1, Milano<a href='https:\/\/www.google.com\/maps?q=via+S.G+Emiliani+1%2C+Milano' target='_blank'><i class='fa fa-arrow-up-right-from-square'><\/i><\/a><\/p><\/div>\n\t\t\n\t<\/div><\/div><\/div><div class='evocard_row'><div class='evocard_box learnmore' data-c='ffffff' \n\t\t\t\t\tstyle='background-color:#ffffff'><div class='evo_metarow_learnM evo_metarow_learnmore evorow'>\n\t\t\t\t\t\t\t<a class='evcal_evdata_row evo_clik_row' href='https:\/\/civilwordsaps.it\/en\/corso-attore-integrato-2025\/' >\n\t\t\t\t\t\t\t\t<span class='evcal_evdata_icons'><i class='fa fa-link'><\/i><\/span>\n\t\t\t\t\t\t\t\t<h3 class='evo_h3 evopad0i'>Learn more<\/h3>\n\t\t\t\t\t\t\t<\/a>\n\t\t\t\t\t\t\t<\/div><\/div><\/div><div class='evo_card_row_end evcal_close' title='Chiudi'><\/div><\/div><div class='clear end'><\/div><\/div><\/div><div class='evcal_month_line' data-d='eml_2_2025'><p>February 2025<\/p><\/div><div class='sep_month_events' data-d='eml_2_2025'><div id=\"event_1677_0\" class=\"eventon_list_event evo_eventtop scheduled past_event event event_1677_0\" data-event_id=\"1677\" data-ri=\"0r\" data-time=\"1738400400-1738447200\" data-colr=\"#4b4bd6\" itemscope itemtype='http:\/\/schema.org\/Event'><div class=\"evo_event_schema\" style=\"display:none\" ><a itemprop='url'  href='https:\/\/civilwordsaps.it\/en\/evento\/tedx-frosinone\/'><\/a><meta itemprop='image' content=\"https:\/\/civilwordsaps.it\/wp-content\/uploads\/2025\/08\/IMG-20250228-WA0004-Copy.jpg\" \/><meta itemprop='startDate' content=\"2025-2-1T10:00+0:00\" \/><meta itemprop='endDate' content=\"2025-2-1T23:00+0:00\" \/><meta itemprop='eventStatus' content=\"https:\/\/schema.org\/EventScheduled\" \/><item style=\"display:none\" itemprop=\"eventAttendanceMode\" itemscope itemtype=\"https:\/\/schema.org\/OfflineEventAttendanceMode\"><\/item><script type=\"application\/ld+json\">{\"@context\": \"http:\/\/schema.org\",\"@type\": \"Event\",\n\t\t\t\t\"@id\": \"event_1677_0\",\n\t\t\t\t\"eventAttendanceMode\":\"https:\/\/schema.org\/OfflineEventAttendanceMode\",\n\t\t\t\t\"name\": \"TedX - Frosinone\",\n\t\t\t\t\"url\": \"https:\/\/civilwordsaps.it\/en\/evento\/tedx-frosinone\/\",\n\t\t\t\t\"startDate\": \"2025-2-1T10:00+0:00\",\n\t\t\t\t\"endDate\": \"2025-2-1T23:00+0:00\",\n\t\t\t\t\"image\":\"https:\/\/civilwordsaps.it\/wp-content\/uploads\/2025\/08\/IMG-20250228-WA0004-Copy.jpg\", \n\t\t\t\t\"description\":\"<span style=color: #000000;>TEDxFrosinone rappresenta un'importante iniziativa promossa da un gruppo di giovani pionieri desiderosi di introdurre idee innovative e stimolanti nella comunit\u00e0 locale. Seguendo il modello conferenze TEDx, mira a promuovere la riflessione e l'ispirazione attraverso brevi interventi dal vivo da parte di speaker provenienti da varie discipline, offrendo un'opportunit\u00e0 unica per esplorare concetti legati alla significativit\u00e0, all'importanza e alla rilevanza delle nostre azioni e delle nostre scelte quotidiane. TEDxFrosinone, in questo modo, si impegna a portare nuove prospettive e soluzioni innovative alle sfide locali, contribuendo cos\u00ec ad arricchire il tessuto sociale ed economico di Frosinone. L'evento TEDx diventa quindi un'occasione cruciale per promuovere il dialogo, l'apprendimento e la connessione nella comunit\u00e0, incoraggiando il cambiamento positivo e l'evoluzione culturale.<\/span>\",\"eventStatus\":\"https:\/\/schema.org\/EventScheduled\"}<\/script><\/div>\n\t\t\t\t<p class=\"desc_trig_outter\" style=\"\"><a data-gmap_status=\"null\" data-exlk=\"0\" style=\"background-color: #4b4bd6;\" id=\"evc_17384004001677\" class=\"desc_trig sin_val evcal_list_a\" data-ux_val=\"1\" data-ux_val_mob=\"-\"  ><span class='evoet_c2 evoet_cx'><span class='evoet_dayblock evcal_cblock' data-bgcolor='#4b4bd6' data-smon='Febbraio' data-syr='2025'><span class='evo_start'><em class='date'>01<\/em><em class='month'>feb<\/em><em class='time'>9:00<\/em><\/span><span class='evo_end only_time'><em class='time'>22:00<\/em><\/span><\/span><\/span><span class='evoet_c3 evoet_cx evcal_desc evo_info' ><span class='evoet_tags evo_above_title'><\/span><span class='evoet_title evcal_desc2 evcal_event_title' itemprop='name'>TedX &#8211; Frosinone<\/span><span class='evoet_subtitle evo_below_title'><span class='evcal_event_subtitle' >THEATRE SHOW<\/span><\/span><span class='evoet_time_expand level_3 evcal_desc_info evogap10'><\/span><span class='evcal_desc3'><\/span><\/span><em class='evoet_data' style='display:none' data-bgc='#4b4bd6'data-bggrad=''><\/em><\/a><\/p><div class='event_description evcal_eventcard' style=\"display:none\"><div class='evocard_row'><div class='evocard_box ftimage' data-c='ffffff' \n\t\t\t\t\tstyle='background-color:#ffffff'><div class='evo_metarow_directimg evcal_evdata_row'><img class='evo_event_main_img' src='https:\/\/civilwordsaps.it\/wp-content\/uploads\/2025\/08\/IMG-20250228-WA0004-Copy.jpg' \/><\/div><\/div><\/div><div class='evocard_row bx2 bx'><div class='evocard_box time' data-c='ffffff' \n\t\t\t\t\tstyle='background-color:#ffffff'><div class='evo_metarow_time evorow evcal_evdata_row evcal_evrow_sm'>\n\t\t<span class='evcal_evdata_icons'><i class='fa fa-clock'><\/i><\/span>\n\t\t<div class='evcal_evdata_cell'>\t\t\t\t\t\t\t\n\t\t\t<h3 class='evo_h3'><span class='evcal_evdata_icons'><i class='fa fa-clock'><\/i><\/span>Hours<\/h3><p><span class='evo_eventcard_time_t'>01\/02\/2025 9:00 &#8211; 22:00<\/span><\/p>\n\t\t<\/div>\n\t<\/div><\/div><div class='evocard_box location' data-c='ffffff' \n\t\t\t\t\tstyle='background-color:#ffffff'><div class='evcal_evdata_row evo_metarow_time_location evorow'>\n\t\t\n\t\t\t<span class='evcal_evdata_icons'><i class='fa fa-map-marker'><\/i><\/span>\n\t\t\t<div class='evcal_evdata_cell' data-loc_tax_id='61'><h3 class='evo_h3'><span class='evcal_evdata_icons'><i class='fa fa-map-marker'><\/i><\/span>Location<\/h3><p class='evo_location_name' style='margin-bottom:10px; font-size:15px;'>Frosinone<\/p><\/div>\n\t\t\n\t<\/div><\/div><\/div><div class='evocard_row'><div class='evocard_box eventdetails' data-c='ffffff' \n\t\t\t\t\tstyle='background-color:#ffffff'><div class=\"evo_metarow_details evorow evcal_evdata_row evcal_event_details\">\n    <div class=\"event_excerpt\" style=\"display:none\"><h3 class=\"padb5 evo_h3\">Event details<\/h3><p>TEDxFrosinone rappresenta un&#8217;importante iniziativa promossa da un gruppo di giovani pionieri desiderosi di introdurre idee innovative e stimolanti nella comunit\u00e0 locale. Seguendo il modello conferenze TEDx, mira a<\/p><\/div><span class='evcal_evdata_icons'><i class='fa fa-align-justify'><\/i><\/span>    <div class=\"evcal_evdata_cell\">\n        <div class=\"eventon_full_description\">\n            <h3 class=\"padb5 evo_h3\"><span class='evcal_evdata_icons'><i class='fa fa-align-justify'><\/i><\/span>Event details<\/h3>\n            <div class=\"eventon_desc_in\" itemprop=\"description\">\n                <span style=\"color: #000000;\">TEDxFrosinone rappresenta un&#8217;importante iniziativa promossa da un gruppo di giovani pionieri desiderosi di introdurre idee innovative e stimolanti nella comunit\u00e0 locale. Seguendo il modello conferenze TEDx, mira a promuovere la riflessione e l&#8217;ispirazione attraverso brevi interventi dal vivo da parte di speaker provenienti da varie discipline, offrendo un&#8217;opportunit\u00e0 unica per esplorare concetti legati alla significativit\u00e0, all&#8217;importanza e alla rilevanza delle nostre azioni e delle nostre scelte quotidiane. TEDxFrosinone, in questo modo, si impegna a portare nuove prospettive e soluzioni innovative alle sfide locali, contribuendo cos\u00ec ad arricchire il tessuto sociale ed economico di Frosinone. L&#8217;evento TEDx diventa quindi un&#8217;occasione cruciale per promuovere il dialogo, l&#8217;apprendimento e la connessione nella comunit\u00e0, incoraggiando il cambiamento positivo e l&#8217;evoluzione culturale.<\/span>            <\/div>\n            <div class='clear'><\/div>        <\/div>\n    <\/div>\n<\/div><\/div><\/div><div class='evocard_row'><div class='evocard_box learnmore' data-c='ffffff' \n\t\t\t\t\tstyle='background-color:#ffffff'><div class='evo_metarow_learnM evo_metarow_learnmore evorow'>\n\t\t\t\t\t\t\t<a class='evcal_evdata_row evo_clik_row' href='https:\/\/civilwordsaps.it\/en\/tedx-countdown\/' >\n\t\t\t\t\t\t\t\t<span class='evcal_evdata_icons'><i class='fa fa-link'><\/i><\/span>\n\t\t\t\t\t\t\t\t<h3 class='evo_h3 evopad0i'>Learn more<\/h3>\n\t\t\t\t\t\t\t<\/a>\n\t\t\t\t\t\t\t<\/div><\/div><\/div><div class='evo_card_row_end evcal_close' title='Chiudi'><\/div><\/div><div class='clear end'><\/div><\/div><div id=\"event_2614_1\" class=\"eventon_list_event evo_eventtop scheduled past_event event event_2614_1\" data-event_id=\"2614\" data-ri=\"1r\" data-time=\"1738609200-1738616400\" data-colr=\"#a74349\" itemscope itemtype='http:\/\/schema.org\/Event'><div class=\"evo_event_schema\" style=\"display:none\" ><a itemprop='url'  href='https:\/\/civilwordsaps.it\/en\/evento\/corso-di-recitazione\/var\/ri-1.l-L1'><\/a><meta itemprop='image'  \/><meta itemprop='startDate' content=\"2025-2-3T20:00+0:00\" \/><meta itemprop='endDate' content=\"2025-2-3T22:00+0:00\" \/><meta itemprop='eventStatus' content=\"https:\/\/schema.org\/EventScheduled\" \/><item style=\"display:none\" itemprop=\"location\" itemscope itemtype=\"http:\/\/schema.org\/Place\"><span itemprop=\"name\">ELF Teatro<\/span><span itemprop=\"address\" itemscope itemtype=\"http:\/\/schema.org\/PostalAddress\"><item itemprop=\"streetAddress\">via S.G Emiliani 1, Milano<\/item><\/span><\/item><item style=\"display:none\" itemprop=\"eventAttendanceMode\" itemscope itemtype=\"https:\/\/schema.org\/OfflineEventAttendanceMode\"><\/item><script type=\"application\/ld+json\">{\"@context\": \"http:\/\/schema.org\",\"@type\": \"Event\",\n\t\t\t\t\"@id\": \"event_2614_1\",\n\t\t\t\t\"eventAttendanceMode\":\"https:\/\/schema.org\/OfflineEventAttendanceMode\",\n\t\t\t\t\"name\": \"L&#039;Attore Integrato 2025\",\n\t\t\t\t\"url\": \"https:\/\/civilwordsaps.it\/en\/evento\/corso-di-recitazione\/var\/ri-1.l-L1\",\n\t\t\t\t\"startDate\": \"2025-2-3T20:00+0:00\",\n\t\t\t\t\"endDate\": \"2025-2-3T22:00+0:00\",\n\t\t\t\t\"image\":\"\", \n\t\t\t\t\"description\":\"L'Attore Integrato 2025\",\"location\":[{\"@type\":\"Place\",\"name\":\"ELF Teatro\",\"address\":{\"@type\": \"PostalAddress\",\"streetAddress\":\"via S.G Emiliani 1, Milano\"}}],\"eventStatus\":\"https:\/\/schema.org\/EventScheduled\"}<\/script><\/div>\n\t\t\t\t<p class=\"desc_trig_outter\" style=\"\"><a data-gmap_status=\"null\" data-exlk=\"0\" style=\"background-color: #a74349;\" id=\"evc_17386092002614\" class=\"event_repeat desc_trig sin_val evcal_list_a\" data-ux_val=\"1\" data-ux_val_mob=\"-\"  ><span class='evoet_c2 evoet_cx'><span class='evoet_dayblock evcal_cblock' data-bgcolor='#a74349' data-smon='Febbraio' data-syr='2025'><span class='evo_start'><em class='date'>03<\/em><em class='month'>feb<\/em><em class='time'>19:00<\/em><\/span><span class='evo_end only_time'><em class='time'>21:00<\/em><\/span><\/span><\/span><span style='display:none' class='event_location_attrs'  data-location_address=\"via S.G Emiliani 1, Milano\" data-location_type=\"address\" data-location_name=\"ELF Teatro\" data-location_url=\"https:\/\/civilwordsaps.it\/en\/event-location\/elf-teatro\/\" data-location_status=\"true\"><\/span><span class='evoet_c3 evoet_cx evcal_desc evo_info' ><span class='evoet_tags evo_above_title'><span class='evo_event_headers repeating'>Recurring event<\/span><\/span><span class='evoet_title evcal_desc2 evcal_event_title' itemprop='name'>The Integrated Actor 2025<\/span><span class='evoet_subtitle evo_below_title'><span class='evcal_event_subtitle' >COURSE \/ LESSON<\/span><\/span><span class='evoet_time_expand level_3 evcal_desc_info evogap10'><\/span><span class='evcal_desc3'><\/span><\/span><em class='evoet_data' style='display:none' data-bgc='#a74349'data-bggrad=''><\/em><\/a><\/p><div class='event_description evcal_eventcard' style=\"display:none\"><div class='evocard_row bx2 bx'><div class='evocard_box time' data-c='ffffff' \n\t\t\t\t\tstyle='background-color:#ffffff'><div class='evo_metarow_time evorow evcal_evdata_row evcal_evrow_sm'>\n\t\t<span class='evcal_evdata_icons'><i class='fa fa-clock'><\/i><\/span>\n\t\t<div class='evcal_evdata_cell'>\t\t\t\t\t\t\t\n\t\t\t<h3 class='evo_h3'><span class='evcal_evdata_icons'><i class='fa fa-clock'><\/i><\/span>Hours<\/h3><p><span class='evo_eventcard_time_t'>03\/02\/2025 19:00 &#8211; 21:00<\/span><\/p>\n\t\t<\/div>\n\t<\/div><\/div><div class='evocard_box location' data-c='ffffff' \n\t\t\t\t\tstyle='background-color:#ffffff'><div class='evcal_evdata_row evo_metarow_time_location evorow'>\n\t\t\n\t\t\t<span class='evcal_evdata_icons'><i class='fa fa-map-marker'><\/i><\/span>\n\t\t\t<div class='evcal_evdata_cell' data-loc_tax_id='42'><h3 class='evo_h3'><span class='evcal_evdata_icons'><i class='fa fa-map-marker'><\/i><\/span>Location<\/h3><p class='evo_location_name' style='margin-bottom:10px; font-size:15px;'>ELF Teatro<\/p><p class='evo_location_address evodfxi evogap10'>via S.G Emiliani 1, Milano<a href='https:\/\/www.google.com\/maps?q=via+S.G+Emiliani+1%2C+Milano' target='_blank'><i class='fa fa-arrow-up-right-from-square'><\/i><\/a><\/p><\/div>\n\t\t\n\t<\/div><\/div><\/div><div class='evocard_row'><div class='evocard_box learnmore' data-c='ffffff' \n\t\t\t\t\tstyle='background-color:#ffffff'><div class='evo_metarow_learnM evo_metarow_learnmore evorow'>\n\t\t\t\t\t\t\t<a class='evcal_evdata_row evo_clik_row' href='https:\/\/civilwordsaps.it\/en\/corso-attore-integrato-2025\/' >\n\t\t\t\t\t\t\t\t<span class='evcal_evdata_icons'><i class='fa fa-link'><\/i><\/span>\n\t\t\t\t\t\t\t\t<h3 class='evo_h3 evopad0i'>Learn more<\/h3>\n\t\t\t\t\t\t\t<\/a>\n\t\t\t\t\t\t\t<\/div><\/div><\/div><div class='evo_card_row_end evcal_close' title='Chiudi'><\/div><\/div><div class='clear end'><\/div><\/div><div id=\"event_2614_2\" class=\"eventon_list_event evo_eventtop scheduled past_event event event_2614_2\" data-event_id=\"2614\" data-ri=\"2r\" data-time=\"1739214000-1739221200\" data-colr=\"#a74349\" itemscope itemtype='http:\/\/schema.org\/Event'><div class=\"evo_event_schema\" style=\"display:none\" ><a itemprop='url'  href='https:\/\/civilwordsaps.it\/en\/evento\/corso-di-recitazione\/var\/ri-2.l-L1'><\/a><meta itemprop='image'  \/><meta itemprop='startDate' content=\"2025-2-10T20:00+0:00\" \/><meta itemprop='endDate' content=\"2025-2-10T22:00+0:00\" \/><meta itemprop='eventStatus' content=\"https:\/\/schema.org\/EventScheduled\" \/><item style=\"display:none\" itemprop=\"location\" itemscope itemtype=\"http:\/\/schema.org\/Place\"><span itemprop=\"name\">ELF Teatro<\/span><span itemprop=\"address\" itemscope itemtype=\"http:\/\/schema.org\/PostalAddress\"><item itemprop=\"streetAddress\">via S.G Emiliani 1, Milano<\/item><\/span><\/item><item style=\"display:none\" itemprop=\"eventAttendanceMode\" itemscope itemtype=\"https:\/\/schema.org\/OfflineEventAttendanceMode\"><\/item><script type=\"application\/ld+json\">{\"@context\": \"http:\/\/schema.org\",\"@type\": \"Event\",\n\t\t\t\t\"@id\": \"event_2614_2\",\n\t\t\t\t\"eventAttendanceMode\":\"https:\/\/schema.org\/OfflineEventAttendanceMode\",\n\t\t\t\t\"name\": \"L&#039;Attore Integrato 2025\",\n\t\t\t\t\"url\": \"https:\/\/civilwordsaps.it\/en\/evento\/corso-di-recitazione\/var\/ri-2.l-L1\",\n\t\t\t\t\"startDate\": \"2025-2-10T20:00+0:00\",\n\t\t\t\t\"endDate\": \"2025-2-10T22:00+0:00\",\n\t\t\t\t\"image\":\"\", \n\t\t\t\t\"description\":\"L'Attore Integrato 2025\",\"location\":[{\"@type\":\"Place\",\"name\":\"ELF Teatro\",\"address\":{\"@type\": \"PostalAddress\",\"streetAddress\":\"via S.G Emiliani 1, Milano\"}}],\"eventStatus\":\"https:\/\/schema.org\/EventScheduled\"}<\/script><\/div>\n\t\t\t\t<p class=\"desc_trig_outter\" style=\"\"><a data-gmap_status=\"null\" data-exlk=\"0\" style=\"background-color: #a74349;\" id=\"evc_17392140002614\" class=\"event_repeat desc_trig sin_val evcal_list_a\" data-ux_val=\"1\" data-ux_val_mob=\"-\"  ><span class='evoet_c2 evoet_cx'><span class='evoet_dayblock evcal_cblock' data-bgcolor='#a74349' data-smon='Febbraio' data-syr='2025'><span class='evo_start'><em class='date'>10<\/em><em class='month'>feb<\/em><em class='time'>19:00<\/em><\/span><span class='evo_end only_time'><em class='time'>21:00<\/em><\/span><\/span><\/span><span style='display:none' class='event_location_attrs'  data-location_address=\"via S.G Emiliani 1, Milano\" data-location_type=\"address\" data-location_name=\"ELF Teatro\" data-location_url=\"https:\/\/civilwordsaps.it\/en\/event-location\/elf-teatro\/\" data-location_status=\"true\"><\/span><span class='evoet_c3 evoet_cx evcal_desc evo_info' ><span class='evoet_tags evo_above_title'><span class='evo_event_headers repeating'>Recurring event<\/span><\/span><span class='evoet_title evcal_desc2 evcal_event_title' itemprop='name'>The Integrated Actor 2025<\/span><span class='evoet_subtitle evo_below_title'><span class='evcal_event_subtitle' >COURSE \/ LESSON<\/span><\/span><span class='evoet_time_expand level_3 evcal_desc_info evogap10'><\/span><span class='evcal_desc3'><\/span><\/span><em class='evoet_data' style='display:none' data-bgc='#a74349'data-bggrad=''><\/em><\/a><\/p><div class='event_description evcal_eventcard' style=\"display:none\"><div class='evocard_row bx2 bx'><div class='evocard_box time' data-c='ffffff' \n\t\t\t\t\tstyle='background-color:#ffffff'><div class='evo_metarow_time evorow evcal_evdata_row evcal_evrow_sm'>\n\t\t<span class='evcal_evdata_icons'><i class='fa fa-clock'><\/i><\/span>\n\t\t<div class='evcal_evdata_cell'>\t\t\t\t\t\t\t\n\t\t\t<h3 class='evo_h3'><span class='evcal_evdata_icons'><i class='fa fa-clock'><\/i><\/span>Hours<\/h3><p><span class='evo_eventcard_time_t'>10\/02\/2025 19:00 &#8211; 21:00<\/span><\/p>\n\t\t<\/div>\n\t<\/div><\/div><div class='evocard_box location' data-c='ffffff' \n\t\t\t\t\tstyle='background-color:#ffffff'><div class='evcal_evdata_row evo_metarow_time_location evorow'>\n\t\t\n\t\t\t<span class='evcal_evdata_icons'><i class='fa fa-map-marker'><\/i><\/span>\n\t\t\t<div class='evcal_evdata_cell' data-loc_tax_id='42'><h3 class='evo_h3'><span class='evcal_evdata_icons'><i class='fa fa-map-marker'><\/i><\/span>Location<\/h3><p class='evo_location_name' style='margin-bottom:10px; font-size:15px;'>ELF Teatro<\/p><p class='evo_location_address evodfxi evogap10'>via S.G Emiliani 1, Milano<a href='https:\/\/www.google.com\/maps?q=via+S.G+Emiliani+1%2C+Milano' target='_blank'><i class='fa fa-arrow-up-right-from-square'><\/i><\/a><\/p><\/div>\n\t\t\n\t<\/div><\/div><\/div><div class='evocard_row'><div class='evocard_box learnmore' data-c='ffffff' \n\t\t\t\t\tstyle='background-color:#ffffff'><div class='evo_metarow_learnM evo_metarow_learnmore evorow'>\n\t\t\t\t\t\t\t<a class='evcal_evdata_row evo_clik_row' href='https:\/\/civilwordsaps.it\/en\/corso-attore-integrato-2025\/' >\n\t\t\t\t\t\t\t\t<span class='evcal_evdata_icons'><i class='fa fa-link'><\/i><\/span>\n\t\t\t\t\t\t\t\t<h3 class='evo_h3 evopad0i'>Learn more<\/h3>\n\t\t\t\t\t\t\t<\/a>\n\t\t\t\t\t\t\t<\/div><\/div><\/div><div class='evo_card_row_end evcal_close' title='Chiudi'><\/div><\/div><div class='clear end'><\/div><\/div><div id=\"event_2614_3\" class=\"eventon_list_event evo_eventtop scheduled past_event event event_2614_3\" data-event_id=\"2614\" data-ri=\"3r\" data-time=\"1739818800-1739826000\" data-colr=\"#a74349\" itemscope itemtype='http:\/\/schema.org\/Event'><div class=\"evo_event_schema\" style=\"display:none\" ><a itemprop='url'  href='https:\/\/civilwordsaps.it\/en\/evento\/corso-di-recitazione\/var\/ri-3.l-L1'><\/a><meta itemprop='image'  \/><meta itemprop='startDate' content=\"2025-2-17T20:00+0:00\" \/><meta itemprop='endDate' content=\"2025-2-17T22:00+0:00\" \/><meta itemprop='eventStatus' content=\"https:\/\/schema.org\/EventScheduled\" \/><item style=\"display:none\" itemprop=\"location\" itemscope itemtype=\"http:\/\/schema.org\/Place\"><span itemprop=\"name\">ELF Teatro<\/span><span itemprop=\"address\" itemscope itemtype=\"http:\/\/schema.org\/PostalAddress\"><item itemprop=\"streetAddress\">via S.G Emiliani 1, Milano<\/item><\/span><\/item><item style=\"display:none\" itemprop=\"eventAttendanceMode\" itemscope itemtype=\"https:\/\/schema.org\/OfflineEventAttendanceMode\"><\/item><script type=\"application\/ld+json\">{\"@context\": \"http:\/\/schema.org\",\"@type\": \"Event\",\n\t\t\t\t\"@id\": \"event_2614_3\",\n\t\t\t\t\"eventAttendanceMode\":\"https:\/\/schema.org\/OfflineEventAttendanceMode\",\n\t\t\t\t\"name\": \"L&#039;Attore Integrato 2025\",\n\t\t\t\t\"url\": \"https:\/\/civilwordsaps.it\/en\/evento\/corso-di-recitazione\/var\/ri-3.l-L1\",\n\t\t\t\t\"startDate\": \"2025-2-17T20:00+0:00\",\n\t\t\t\t\"endDate\": \"2025-2-17T22:00+0:00\",\n\t\t\t\t\"image\":\"\", \n\t\t\t\t\"description\":\"L'Attore Integrato 2025\",\"location\":[{\"@type\":\"Place\",\"name\":\"ELF Teatro\",\"address\":{\"@type\": \"PostalAddress\",\"streetAddress\":\"via S.G Emiliani 1, Milano\"}}],\"eventStatus\":\"https:\/\/schema.org\/EventScheduled\"}<\/script><\/div>\n\t\t\t\t<p class=\"desc_trig_outter\" style=\"\"><a data-gmap_status=\"null\" data-exlk=\"0\" style=\"background-color: #a74349;\" id=\"evc_17398188002614\" class=\"event_repeat desc_trig sin_val evcal_list_a\" data-ux_val=\"1\" data-ux_val_mob=\"-\"  ><span class='evoet_c2 evoet_cx'><span class='evoet_dayblock evcal_cblock' data-bgcolor='#a74349' data-smon='Febbraio' data-syr='2025'><span class='evo_start'><em class='date'>17<\/em><em class='month'>feb<\/em><em class='time'>19:00<\/em><\/span><span class='evo_end only_time'><em class='time'>21:00<\/em><\/span><\/span><\/span><span style='display:none' class='event_location_attrs'  data-location_address=\"via S.G Emiliani 1, Milano\" data-location_type=\"address\" data-location_name=\"ELF Teatro\" data-location_url=\"https:\/\/civilwordsaps.it\/en\/event-location\/elf-teatro\/\" data-location_status=\"true\"><\/span><span class='evoet_c3 evoet_cx evcal_desc evo_info' ><span class='evoet_tags evo_above_title'><span class='evo_event_headers repeating'>Recurring event<\/span><\/span><span class='evoet_title evcal_desc2 evcal_event_title' itemprop='name'>The Integrated Actor 2025<\/span><span class='evoet_subtitle evo_below_title'><span class='evcal_event_subtitle' >COURSE \/ LESSON<\/span><\/span><span class='evoet_time_expand level_3 evcal_desc_info evogap10'><\/span><span class='evcal_desc3'><\/span><\/span><em class='evoet_data' style='display:none' data-bgc='#a74349'data-bggrad=''><\/em><\/a><\/p><div class='event_description evcal_eventcard' style=\"display:none\"><div class='evocard_row bx2 bx'><div class='evocard_box time' data-c='ffffff' \n\t\t\t\t\tstyle='background-color:#ffffff'><div class='evo_metarow_time evorow evcal_evdata_row evcal_evrow_sm'>\n\t\t<span class='evcal_evdata_icons'><i class='fa fa-clock'><\/i><\/span>\n\t\t<div class='evcal_evdata_cell'>\t\t\t\t\t\t\t\n\t\t\t<h3 class='evo_h3'><span class='evcal_evdata_icons'><i class='fa fa-clock'><\/i><\/span>Hours<\/h3><p><span class='evo_eventcard_time_t'>17\/02\/2025 19:00 &#8211; 21:00<\/span><\/p>\n\t\t<\/div>\n\t<\/div><\/div><div class='evocard_box location' data-c='ffffff' \n\t\t\t\t\tstyle='background-color:#ffffff'><div class='evcal_evdata_row evo_metarow_time_location evorow'>\n\t\t\n\t\t\t<span class='evcal_evdata_icons'><i class='fa fa-map-marker'><\/i><\/span>\n\t\t\t<div class='evcal_evdata_cell' data-loc_tax_id='42'><h3 class='evo_h3'><span class='evcal_evdata_icons'><i class='fa fa-map-marker'><\/i><\/span>Location<\/h3><p class='evo_location_name' style='margin-bottom:10px; font-size:15px;'>ELF Teatro<\/p><p class='evo_location_address evodfxi evogap10'>via S.G Emiliani 1, Milano<a href='https:\/\/www.google.com\/maps?q=via+S.G+Emiliani+1%2C+Milano' target='_blank'><i class='fa fa-arrow-up-right-from-square'><\/i><\/a><\/p><\/div>\n\t\t\n\t<\/div><\/div><\/div><div class='evocard_row'><div class='evocard_box learnmore' data-c='ffffff' \n\t\t\t\t\tstyle='background-color:#ffffff'><div class='evo_metarow_learnM evo_metarow_learnmore evorow'>\n\t\t\t\t\t\t\t<a class='evcal_evdata_row evo_clik_row' href='https:\/\/civilwordsaps.it\/en\/corso-attore-integrato-2025\/' >\n\t\t\t\t\t\t\t\t<span class='evcal_evdata_icons'><i class='fa fa-link'><\/i><\/span>\n\t\t\t\t\t\t\t\t<h3 class='evo_h3 evopad0i'>Learn more<\/h3>\n\t\t\t\t\t\t\t<\/a>\n\t\t\t\t\t\t\t<\/div><\/div><\/div><div class='evo_card_row_end evcal_close' title='Chiudi'><\/div><\/div><div class='clear end'><\/div><\/div><div id=\"event_2614_4\" class=\"eventon_list_event evo_eventtop scheduled past_event event event_2614_4\" data-event_id=\"2614\" data-ri=\"4r\" data-time=\"1740423600-1740430800\" data-colr=\"#a74349\" itemscope itemtype='http:\/\/schema.org\/Event'><div class=\"evo_event_schema\" style=\"display:none\" ><a itemprop='url'  href='https:\/\/civilwordsaps.it\/en\/evento\/corso-di-recitazione\/var\/ri-4.l-L1'><\/a><meta itemprop='image'  \/><meta itemprop='startDate' content=\"2025-2-24T20:00+0:00\" \/><meta itemprop='endDate' content=\"2025-2-24T22:00+0:00\" \/><meta itemprop='eventStatus' content=\"https:\/\/schema.org\/EventScheduled\" \/><item style=\"display:none\" itemprop=\"location\" itemscope itemtype=\"http:\/\/schema.org\/Place\"><span itemprop=\"name\">ELF Teatro<\/span><span itemprop=\"address\" itemscope itemtype=\"http:\/\/schema.org\/PostalAddress\"><item itemprop=\"streetAddress\">via S.G Emiliani 1, Milano<\/item><\/span><\/item><item style=\"display:none\" itemprop=\"eventAttendanceMode\" itemscope itemtype=\"https:\/\/schema.org\/OfflineEventAttendanceMode\"><\/item><script type=\"application\/ld+json\">{\"@context\": \"http:\/\/schema.org\",\"@type\": \"Event\",\n\t\t\t\t\"@id\": \"event_2614_4\",\n\t\t\t\t\"eventAttendanceMode\":\"https:\/\/schema.org\/OfflineEventAttendanceMode\",\n\t\t\t\t\"name\": \"L&#039;Attore Integrato 2025\",\n\t\t\t\t\"url\": \"https:\/\/civilwordsaps.it\/en\/evento\/corso-di-recitazione\/var\/ri-4.l-L1\",\n\t\t\t\t\"startDate\": \"2025-2-24T20:00+0:00\",\n\t\t\t\t\"endDate\": \"2025-2-24T22:00+0:00\",\n\t\t\t\t\"image\":\"\", \n\t\t\t\t\"description\":\"L'Attore Integrato 2025\",\"location\":[{\"@type\":\"Place\",\"name\":\"ELF Teatro\",\"address\":{\"@type\": \"PostalAddress\",\"streetAddress\":\"via S.G Emiliani 1, Milano\"}}],\"eventStatus\":\"https:\/\/schema.org\/EventScheduled\"}<\/script><\/div>\n\t\t\t\t<p class=\"desc_trig_outter\" style=\"\"><a data-gmap_status=\"null\" data-exlk=\"0\" style=\"background-color: #a74349;\" id=\"evc_17404236002614\" class=\"event_repeat desc_trig sin_val evcal_list_a\" data-ux_val=\"1\" data-ux_val_mob=\"-\"  ><span class='evoet_c2 evoet_cx'><span class='evoet_dayblock evcal_cblock' data-bgcolor='#a74349' data-smon='Febbraio' data-syr='2025'><span class='evo_start'><em class='date'>24<\/em><em class='month'>feb<\/em><em class='time'>19:00<\/em><\/span><span class='evo_end only_time'><em class='time'>21:00<\/em><\/span><\/span><\/span><span style='display:none' class='event_location_attrs'  data-location_address=\"via S.G Emiliani 1, Milano\" data-location_type=\"address\" data-location_name=\"ELF Teatro\" data-location_url=\"https:\/\/civilwordsaps.it\/en\/event-location\/elf-teatro\/\" data-location_status=\"true\"><\/span><span class='evoet_c3 evoet_cx evcal_desc evo_info' ><span class='evoet_tags evo_above_title'><span class='evo_event_headers repeating'>Recurring event<\/span><\/span><span class='evoet_title evcal_desc2 evcal_event_title' itemprop='name'>The Integrated Actor 2025<\/span><span class='evoet_subtitle evo_below_title'><span class='evcal_event_subtitle' >COURSE \/ LESSON<\/span><\/span><span class='evoet_time_expand level_3 evcal_desc_info evogap10'><\/span><span class='evcal_desc3'><\/span><\/span><em class='evoet_data' style='display:none' data-bgc='#a74349'data-bggrad=''><\/em><\/a><\/p><div class='event_description evcal_eventcard' style=\"display:none\"><div class='evocard_row bx2 bx'><div class='evocard_box time' data-c='ffffff' \n\t\t\t\t\tstyle='background-color:#ffffff'><div class='evo_metarow_time evorow evcal_evdata_row evcal_evrow_sm'>\n\t\t<span class='evcal_evdata_icons'><i class='fa fa-clock'><\/i><\/span>\n\t\t<div class='evcal_evdata_cell'>\t\t\t\t\t\t\t\n\t\t\t<h3 class='evo_h3'><span class='evcal_evdata_icons'><i class='fa fa-clock'><\/i><\/span>Hours<\/h3><p><span class='evo_eventcard_time_t'>24\/02\/2025 19:00 &#8211; 21:00<\/span><\/p>\n\t\t<\/div>\n\t<\/div><\/div><div class='evocard_box location' data-c='ffffff' \n\t\t\t\t\tstyle='background-color:#ffffff'><div class='evcal_evdata_row evo_metarow_time_location evorow'>\n\t\t\n\t\t\t<span class='evcal_evdata_icons'><i class='fa fa-map-marker'><\/i><\/span>\n\t\t\t<div class='evcal_evdata_cell' data-loc_tax_id='42'><h3 class='evo_h3'><span class='evcal_evdata_icons'><i class='fa fa-map-marker'><\/i><\/span>Location<\/h3><p class='evo_location_name' style='margin-bottom:10px; font-size:15px;'>ELF Teatro<\/p><p class='evo_location_address evodfxi evogap10'>via S.G Emiliani 1, Milano<a href='https:\/\/www.google.com\/maps?q=via+S.G+Emiliani+1%2C+Milano' target='_blank'><i class='fa fa-arrow-up-right-from-square'><\/i><\/a><\/p><\/div>\n\t\t\n\t<\/div><\/div><\/div><div class='evocard_row'><div class='evocard_box learnmore' data-c='ffffff' \n\t\t\t\t\tstyle='background-color:#ffffff'><div class='evo_metarow_learnM evo_metarow_learnmore evorow'>\n\t\t\t\t\t\t\t<a class='evcal_evdata_row evo_clik_row' href='https:\/\/civilwordsaps.it\/en\/corso-attore-integrato-2025\/' >\n\t\t\t\t\t\t\t\t<span class='evcal_evdata_icons'><i class='fa fa-link'><\/i><\/span>\n\t\t\t\t\t\t\t\t<h3 class='evo_h3 evopad0i'>Learn more<\/h3>\n\t\t\t\t\t\t\t<\/a>\n\t\t\t\t\t\t\t<\/div><\/div><\/div><div class='evo_card_row_end evcal_close' title='Chiudi'><\/div><\/div><div class='clear end'><\/div><\/div><div id=\"event_2642_0\" class=\"eventon_list_event evo_eventtop scheduled past_event event event_2642_0\" data-event_id=\"2642\" data-ri=\"0r\" data-time=\"1740600000-1740607200\" data-colr=\"#a74349\" itemscope itemtype='http:\/\/schema.org\/Event'><div class=\"evo_event_schema\" style=\"display:none\" ><a itemprop='url'  href='https:\/\/civilwordsaps.it\/en\/evento\/lezione-gratuita-paullo\/'><\/a><meta itemprop='image'  \/><meta itemprop='startDate' content=\"2025-2-26T21:00+0:00\" \/><meta itemprop='endDate' content=\"2025-2-26T23:00+0:00\" \/><meta itemprop='eventStatus' content=\"https:\/\/schema.org\/EventScheduled\" \/><item style=\"display:none\" itemprop=\"eventAttendanceMode\" itemscope itemtype=\"https:\/\/schema.org\/OfflineEventAttendanceMode\"><\/item><script type=\"application\/ld+json\">{\"@context\": \"http:\/\/schema.org\",\"@type\": \"Event\",\n\t\t\t\t\"@id\": \"event_2642_0\",\n\t\t\t\t\"eventAttendanceMode\":\"https:\/\/schema.org\/OfflineEventAttendanceMode\",\n\t\t\t\t\"name\": \"L&#039;Attore Integrato 2025 - Paullo MI\",\n\t\t\t\t\"url\": \"https:\/\/civilwordsaps.it\/en\/evento\/lezione-gratuita-paullo\/\",\n\t\t\t\t\"startDate\": \"2025-2-26T21:00+0:00\",\n\t\t\t\t\"endDate\": \"2025-2-26T23:00+0:00\",\n\t\t\t\t\"image\":\"\", \n\t\t\t\t\"description\":\"L'Attore Integrato 2025 - Paullo MI\",\"eventStatus\":\"https:\/\/schema.org\/EventScheduled\"}<\/script><\/div>\n\t\t\t\t<p class=\"desc_trig_outter\" style=\"\"><a data-gmap_status=\"null\" data-exlk=\"0\" style=\"background-color: #a74349;\" id=\"evc_17406000002642\" class=\"desc_trig sin_val evcal_list_a\" data-ux_val=\"1\" data-ux_val_mob=\"-\"  ><span class='evoet_c2 evoet_cx'><span class='evoet_dayblock evcal_cblock' data-bgcolor='#a74349' data-smon='Febbraio' data-syr='2025'><span class='evo_start'><em class='date'>26<\/em><em class='month'>feb<\/em><em class='time'>20:00<\/em><\/span><span class='evo_end only_time'><em class='time'>22:00<\/em><\/span><\/span><\/span><span class='evoet_c3 evoet_cx evcal_desc evo_info' ><span class='evoet_tags evo_above_title'><\/span><span class='evoet_title evcal_desc2 evcal_event_title' itemprop='name'>The Integrated Actor 2025 \u2013 Paullo MI<\/span><span class='evoet_subtitle evo_below_title'><span class='evcal_event_subtitle' >COURSE \/ FREE LESSON<\/span><\/span><span class='evoet_time_expand level_3 evcal_desc_info evogap10'><\/span><span class='evcal_desc3'><\/span><\/span><em class='evoet_data' style='display:none' data-bgc='#a74349'data-bggrad=''><\/em><\/a><\/p><div class='event_description evcal_eventcard' style=\"display:none\"><div class='evocard_row bx2 bx'><div class='evocard_box time' data-c='ffffff' \n\t\t\t\t\tstyle='background-color:#ffffff'><div class='evo_metarow_time evorow evcal_evdata_row evcal_evrow_sm'>\n\t\t<span class='evcal_evdata_icons'><i class='fa fa-clock'><\/i><\/span>\n\t\t<div class='evcal_evdata_cell'>\t\t\t\t\t\t\t\n\t\t\t<h3 class='evo_h3'><span class='evcal_evdata_icons'><i class='fa fa-clock'><\/i><\/span>Hours<\/h3><p><span class='evo_eventcard_time_t'>26\/02\/2025 20:00 &#8211; 22:00<\/span><\/p>\n\t\t<\/div>\n\t<\/div><\/div><div class='evocard_box location' data-c='ffffff' \n\t\t\t\t\tstyle='background-color:#ffffff'><div class='evcal_evdata_row evo_metarow_time_location evorow'>\n\t\t\n\t\t\t<span class='evcal_evdata_icons'><i class='fa fa-map-marker'><\/i><\/span>\n\t\t\t<div class='evcal_evdata_cell' data-loc_tax_id='63'><h3 class='evo_h3'><span class='evcal_evdata_icons'><i class='fa fa-map-marker'><\/i><\/span>Location<\/h3><p class='evo_location_name' style='margin-bottom:10px; font-size:15px;'>Paullo &#8211; Auditorium P.G. Frassati<\/p><\/div>\n\t\t\n\t<\/div><\/div><\/div><div class='evocard_row'><div class='evocard_box learnmore' data-c='ffffff' \n\t\t\t\t\tstyle='background-color:#ffffff'><div class='evo_metarow_learnM evo_metarow_learnmore evorow'>\n\t\t\t\t\t\t\t<a class='evcal_evdata_row evo_clik_row' href='https:\/\/civilwordsaps.it\/en\/corso-attore-integrato-2025\/' >\n\t\t\t\t\t\t\t\t<span class='evcal_evdata_icons'><i class='fa fa-link'><\/i><\/span>\n\t\t\t\t\t\t\t\t<h3 class='evo_h3 evopad0i'>Learn more<\/h3>\n\t\t\t\t\t\t\t<\/a>\n\t\t\t\t\t\t\t<\/div><\/div><\/div><div class='evo_card_row_end evcal_close' title='Chiudi'><\/div><\/div><div class='clear end'><\/div><\/div><\/div><div class='evcal_month_line' data-d='eml_3_2025'><p>March 2025<\/p><\/div><div class='sep_month_events' data-d='eml_3_2025'><div id=\"event_2614_5\" class=\"eventon_list_event evo_eventtop scheduled past_event event event_2614_5\" data-event_id=\"2614\" data-ri=\"5r\" data-time=\"1741028400-1741035600\" data-colr=\"#a74349\" itemscope itemtype='http:\/\/schema.org\/Event'><div class=\"evo_event_schema\" style=\"display:none\" ><a itemprop='url'  href='https:\/\/civilwordsaps.it\/en\/evento\/corso-di-recitazione\/var\/ri-5.l-L1'><\/a><meta itemprop='image'  \/><meta itemprop='startDate' content=\"2025-3-3T20:00+0:00\" \/><meta itemprop='endDate' content=\"2025-3-3T22:00+0:00\" \/><meta itemprop='eventStatus' content=\"https:\/\/schema.org\/EventScheduled\" \/><item style=\"display:none\" itemprop=\"location\" itemscope itemtype=\"http:\/\/schema.org\/Place\"><span itemprop=\"name\">ELF Teatro<\/span><span itemprop=\"address\" itemscope itemtype=\"http:\/\/schema.org\/PostalAddress\"><item itemprop=\"streetAddress\">via S.G Emiliani 1, Milano<\/item><\/span><\/item><item style=\"display:none\" itemprop=\"eventAttendanceMode\" itemscope itemtype=\"https:\/\/schema.org\/OfflineEventAttendanceMode\"><\/item><script type=\"application\/ld+json\">{\"@context\": \"http:\/\/schema.org\",\"@type\": \"Event\",\n\t\t\t\t\"@id\": \"event_2614_5\",\n\t\t\t\t\"eventAttendanceMode\":\"https:\/\/schema.org\/OfflineEventAttendanceMode\",\n\t\t\t\t\"name\": \"L&#039;Attore Integrato 2025\",\n\t\t\t\t\"url\": \"https:\/\/civilwordsaps.it\/en\/evento\/corso-di-recitazione\/var\/ri-5.l-L1\",\n\t\t\t\t\"startDate\": \"2025-3-3T20:00+0:00\",\n\t\t\t\t\"endDate\": \"2025-3-3T22:00+0:00\",\n\t\t\t\t\"image\":\"\", \n\t\t\t\t\"description\":\"L'Attore Integrato 2025\",\"location\":[{\"@type\":\"Place\",\"name\":\"ELF Teatro\",\"address\":{\"@type\": \"PostalAddress\",\"streetAddress\":\"via S.G Emiliani 1, Milano\"}}],\"eventStatus\":\"https:\/\/schema.org\/EventScheduled\"}<\/script><\/div>\n\t\t\t\t<p class=\"desc_trig_outter\" style=\"\"><a data-gmap_status=\"null\" data-exlk=\"0\" style=\"background-color: #a74349;\" id=\"evc_17410284002614\" class=\"event_repeat desc_trig sin_val evcal_list_a\" data-ux_val=\"1\" data-ux_val_mob=\"-\"  ><span class='evoet_c2 evoet_cx'><span class='evoet_dayblock evcal_cblock' data-bgcolor='#a74349' data-smon='Marzo' data-syr='2025'><span class='evo_start'><em class='date'>03<\/em><em class='month'>mar<\/em><em class='time'>19:00<\/em><\/span><span class='evo_end only_time'><em class='time'>21:00<\/em><\/span><\/span><\/span><span style='display:none' class='event_location_attrs'  data-location_address=\"via S.G Emiliani 1, Milano\" data-location_type=\"address\" data-location_name=\"ELF Teatro\" data-location_url=\"https:\/\/civilwordsaps.it\/en\/event-location\/elf-teatro\/\" data-location_status=\"true\"><\/span><span class='evoet_c3 evoet_cx evcal_desc evo_info' ><span class='evoet_tags evo_above_title'><span class='evo_event_headers repeating'>Recurring event<\/span><\/span><span class='evoet_title evcal_desc2 evcal_event_title' itemprop='name'>The Integrated Actor 2025<\/span><span class='evoet_subtitle evo_below_title'><span class='evcal_event_subtitle' >COURSE \/ LESSON<\/span><\/span><span class='evoet_time_expand level_3 evcal_desc_info evogap10'><\/span><span class='evcal_desc3'><\/span><\/span><em class='evoet_data' style='display:none' data-bgc='#a74349'data-bggrad=''><\/em><\/a><\/p><div class='event_description evcal_eventcard' style=\"display:none\"><div class='evocard_row bx2 bx'><div class='evocard_box time' data-c='ffffff' \n\t\t\t\t\tstyle='background-color:#ffffff'><div class='evo_metarow_time evorow evcal_evdata_row evcal_evrow_sm'>\n\t\t<span class='evcal_evdata_icons'><i class='fa fa-clock'><\/i><\/span>\n\t\t<div class='evcal_evdata_cell'>\t\t\t\t\t\t\t\n\t\t\t<h3 class='evo_h3'><span class='evcal_evdata_icons'><i class='fa fa-clock'><\/i><\/span>Hours<\/h3><p><span class='evo_eventcard_time_t'>03\/03\/2025 19:00 &#8211; 21:00<\/span><\/p>\n\t\t<\/div>\n\t<\/div><\/div><div class='evocard_box location' data-c='ffffff' \n\t\t\t\t\tstyle='background-color:#ffffff'><div class='evcal_evdata_row evo_metarow_time_location evorow'>\n\t\t\n\t\t\t<span class='evcal_evdata_icons'><i class='fa fa-map-marker'><\/i><\/span>\n\t\t\t<div class='evcal_evdata_cell' data-loc_tax_id='42'><h3 class='evo_h3'><span class='evcal_evdata_icons'><i class='fa fa-map-marker'><\/i><\/span>Location<\/h3><p class='evo_location_name' style='margin-bottom:10px; font-size:15px;'>ELF Teatro<\/p><p class='evo_location_address evodfxi evogap10'>via S.G Emiliani 1, Milano<a href='https:\/\/www.google.com\/maps?q=via+S.G+Emiliani+1%2C+Milano' target='_blank'><i class='fa fa-arrow-up-right-from-square'><\/i><\/a><\/p><\/div>\n\t\t\n\t<\/div><\/div><\/div><div class='evocard_row'><div class='evocard_box learnmore' data-c='ffffff' \n\t\t\t\t\tstyle='background-color:#ffffff'><div class='evo_metarow_learnM evo_metarow_learnmore evorow'>\n\t\t\t\t\t\t\t<a class='evcal_evdata_row evo_clik_row' href='https:\/\/civilwordsaps.it\/en\/corso-attore-integrato-2025\/' >\n\t\t\t\t\t\t\t\t<span class='evcal_evdata_icons'><i class='fa fa-link'><\/i><\/span>\n\t\t\t\t\t\t\t\t<h3 class='evo_h3 evopad0i'>Learn more<\/h3>\n\t\t\t\t\t\t\t<\/a>\n\t\t\t\t\t\t\t<\/div><\/div><\/div><div class='evo_card_row_end evcal_close' title='Chiudi'><\/div><\/div><div class='clear end'><\/div><\/div><div id=\"event_2595_0\" class=\"eventon_list_event evo_eventtop scheduled past_event event event_2595_0\" data-event_id=\"2595\" data-ri=\"0r\" data-time=\"1741289400-1741303800\" data-colr=\"#992b34\" itemscope itemtype='http:\/\/schema.org\/Event'><div class=\"evo_event_schema\" style=\"display:none\" ><a itemprop='url'  href='https:\/\/civilwordsaps.it\/en\/evento\/gl-innamorati-audizione\/'><\/a><meta itemprop='image' content=\"https:\/\/civilwordsaps.it\/wp-content\/uploads\/2025\/08\/Locandina-GlInnamorati-Goldoni-SLAP.png\" \/><meta itemprop='startDate' content=\"2025-3-6T20:30+0:00\" \/><meta itemprop='endDate' content=\"2025-3-7T00:30+0:00\" \/><meta itemprop='eventStatus' content=\"https:\/\/schema.org\/EventScheduled\" \/><item style=\"display:none\" itemprop=\"location\" itemscope itemtype=\"http:\/\/schema.org\/Place\"><span itemprop=\"name\">ELF Teatro<\/span><span itemprop=\"address\" itemscope itemtype=\"http:\/\/schema.org\/PostalAddress\"><item itemprop=\"streetAddress\">via S.G Emiliani 1, Milano<\/item><\/span><\/item><item style=\"display:none\" itemprop=\"eventAttendanceMode\" itemscope itemtype=\"https:\/\/schema.org\/OfflineEventAttendanceMode\"><\/item><script type=\"application\/ld+json\">{\"@context\": \"http:\/\/schema.org\",\"@type\": \"Event\",\n\t\t\t\t\"@id\": \"event_2595_0\",\n\t\t\t\t\"eventAttendanceMode\":\"https:\/\/schema.org\/OfflineEventAttendanceMode\",\n\t\t\t\t\"name\": \"Audizioni per Gl&#039;Innamorati\",\n\t\t\t\t\"url\": \"https:\/\/civilwordsaps.it\/en\/evento\/gl-innamorati-audizione\/\",\n\t\t\t\t\"startDate\": \"2025-3-6T20:30+0:00\",\n\t\t\t\t\"endDate\": \"2025-3-7T00:30+0:00\",\n\t\t\t\t\"image\":\"https:\/\/civilwordsaps.it\/wp-content\/uploads\/2025\/08\/Locandina-GlInnamorati-Goldoni-SLAP.png\", \n\t\t\t\t\"description\":\"Audizioni per Gl'Innamorati\",\"location\":[{\"@type\":\"Place\",\"name\":\"ELF Teatro\",\"address\":{\"@type\": \"PostalAddress\",\"streetAddress\":\"via S.G Emiliani 1, Milano\"}}],\"eventStatus\":\"https:\/\/schema.org\/EventScheduled\"}<\/script><\/div>\n\t\t\t\t<p class=\"desc_trig_outter\" style=\"\"><a data-gmap_status=\"null\" data-exlk=\"0\" style=\"background-color: #992b34;\" id=\"evc_17412894002595\" class=\"desc_trig sin_val evcal_list_a\" data-ux_val=\"1\" data-ux_val_mob=\"-\"  ><span class='evoet_c2 evoet_cx'><span class='evoet_dayblock evcal_cblock' data-bgcolor='#992b34' data-smon='Marzo' data-syr='2025'><span class='evo_start'><em class='date'>06<\/em><em class='month'>mar<\/em><em class='time'>19:30<\/em><\/span><span class='evo_end only_time'><em class='time'>23:30<\/em><\/span><\/span><\/span><span style='display:none' class='event_location_attrs'  data-location_address=\"via S.G Emiliani 1, Milano\" data-location_type=\"address\" data-location_name=\"ELF Teatro\" data-location_url=\"https:\/\/civilwordsaps.it\/en\/event-location\/elf-teatro\/\" data-location_status=\"true\"><\/span><span class='evoet_c3 evoet_cx evcal_desc evo_info' ><span class='evoet_tags evo_above_title'><\/span><span class='evoet_title evcal_desc2 evcal_event_title' itemprop='name'>Auditions for Gl\u2019Innamorati<\/span><span class='evoet_subtitle evo_below_title'><span class='evcal_event_subtitle' >CASTING CALL<\/span><\/span><span class='evoet_time_expand level_3 evcal_desc_info evogap10'><\/span><span class='evcal_desc3'><\/span><\/span><em class='evoet_data' style='display:none' data-bgc='#992b34'data-bggrad=''><\/em><\/a><\/p><div class='event_description evcal_eventcard' style=\"display:none\"><div class='evocard_row'><div class='evocard_box ftimage' data-c='ffffff' \n\t\t\t\t\tstyle='background-color:#ffffff'><div class='evo_metarow_directimg evcal_evdata_row'><img class='evo_event_main_img' src='https:\/\/civilwordsaps.it\/wp-content\/uploads\/2025\/08\/Locandina-GlInnamorati-Goldoni-SLAP.png' \/><\/div><\/div><\/div><div class='evocard_row bx2 bx'><div class='evocard_box time' data-c='ffffff' \n\t\t\t\t\tstyle='background-color:#ffffff'><div class='evo_metarow_time evorow evcal_evdata_row evcal_evrow_sm'>\n\t\t<span class='evcal_evdata_icons'><i class='fa fa-clock'><\/i><\/span>\n\t\t<div class='evcal_evdata_cell'>\t\t\t\t\t\t\t\n\t\t\t<h3 class='evo_h3'><span class='evcal_evdata_icons'><i class='fa fa-clock'><\/i><\/span>Hours<\/h3><p><span class='evo_eventcard_time_t'>06\/03\/2025 19:30 &#8211; 23:30<\/span><\/p>\n\t\t<\/div>\n\t<\/div><\/div><div class='evocard_box location' data-c='ffffff' \n\t\t\t\t\tstyle='background-color:#ffffff'><div class='evcal_evdata_row evo_metarow_time_location evorow'>\n\t\t\n\t\t\t<span class='evcal_evdata_icons'><i class='fa fa-map-marker'><\/i><\/span>\n\t\t\t<div class='evcal_evdata_cell' data-loc_tax_id='42'><h3 class='evo_h3'><span class='evcal_evdata_icons'><i class='fa fa-map-marker'><\/i><\/span>Location<\/h3><p class='evo_location_name' style='margin-bottom:10px; font-size:15px;'>ELF Teatro<\/p><p class='evo_location_address evodfxi evogap10'>via S.G Emiliani 1, Milano<a href='https:\/\/www.google.com\/maps?q=via+S.G+Emiliani+1%2C+Milano' target='_blank'><i class='fa fa-arrow-up-right-from-square'><\/i><\/a><\/p><\/div>\n\t\t\n\t<\/div><\/div><\/div><div class='evocard_row'><div class='evocard_box learnmore' data-c='ffffff' \n\t\t\t\t\tstyle='background-color:#ffffff'><div class='evo_metarow_learnM evo_metarow_learnmore evorow'>\n\t\t\t\t\t\t\t<a class='evcal_evdata_row evo_clik_row' href='https:\/\/civilwordsaps.it\/en\/innamorati-di-carlo-goldoni\/' >\n\t\t\t\t\t\t\t\t<span class='evcal_evdata_icons'><i class='fa fa-link'><\/i><\/span>\n\t\t\t\t\t\t\t\t<h3 class='evo_h3 evopad0i'>Learn more<\/h3>\n\t\t\t\t\t\t\t<\/a>\n\t\t\t\t\t\t\t<\/div><\/div><\/div><div class='evo_card_row_end evcal_close' title='Chiudi'><\/div><\/div><div class='clear end'><\/div><\/div><div id=\"event_2614_6\" class=\"eventon_list_event evo_eventtop scheduled past_event event event_2614_6\" data-event_id=\"2614\" data-ri=\"6r\" data-time=\"1741633200-1741640400\" data-colr=\"#a74349\" itemscope itemtype='http:\/\/schema.org\/Event'><div class=\"evo_event_schema\" style=\"display:none\" ><a itemprop='url'  href='https:\/\/civilwordsaps.it\/en\/evento\/corso-di-recitazione\/var\/ri-6.l-L1'><\/a><meta itemprop='image'  \/><meta itemprop='startDate' content=\"2025-3-10T20:00+0:00\" \/><meta itemprop='endDate' content=\"2025-3-10T22:00+0:00\" \/><meta itemprop='eventStatus' content=\"https:\/\/schema.org\/EventScheduled\" \/><item style=\"display:none\" itemprop=\"location\" itemscope itemtype=\"http:\/\/schema.org\/Place\"><span itemprop=\"name\">ELF Teatro<\/span><span itemprop=\"address\" itemscope itemtype=\"http:\/\/schema.org\/PostalAddress\"><item itemprop=\"streetAddress\">via S.G Emiliani 1, Milano<\/item><\/span><\/item><item style=\"display:none\" itemprop=\"eventAttendanceMode\" itemscope itemtype=\"https:\/\/schema.org\/OfflineEventAttendanceMode\"><\/item><script type=\"application\/ld+json\">{\"@context\": \"http:\/\/schema.org\",\"@type\": \"Event\",\n\t\t\t\t\"@id\": \"event_2614_6\",\n\t\t\t\t\"eventAttendanceMode\":\"https:\/\/schema.org\/OfflineEventAttendanceMode\",\n\t\t\t\t\"name\": \"L&#039;Attore Integrato 2025\",\n\t\t\t\t\"url\": \"https:\/\/civilwordsaps.it\/en\/evento\/corso-di-recitazione\/var\/ri-6.l-L1\",\n\t\t\t\t\"startDate\": \"2025-3-10T20:00+0:00\",\n\t\t\t\t\"endDate\": \"2025-3-10T22:00+0:00\",\n\t\t\t\t\"image\":\"\", \n\t\t\t\t\"description\":\"L'Attore Integrato 2025\",\"location\":[{\"@type\":\"Place\",\"name\":\"ELF Teatro\",\"address\":{\"@type\": \"PostalAddress\",\"streetAddress\":\"via S.G Emiliani 1, Milano\"}}],\"eventStatus\":\"https:\/\/schema.org\/EventScheduled\"}<\/script><\/div>\n\t\t\t\t<p class=\"desc_trig_outter\" style=\"\"><a data-gmap_status=\"null\" data-exlk=\"0\" style=\"background-color: #a74349;\" id=\"evc_17416332002614\" class=\"event_repeat desc_trig sin_val evcal_list_a\" data-ux_val=\"1\" data-ux_val_mob=\"-\"  ><span class='evoet_c2 evoet_cx'><span class='evoet_dayblock evcal_cblock' data-bgcolor='#a74349' data-smon='Marzo' data-syr='2025'><span class='evo_start'><em class='date'>10<\/em><em class='month'>mar<\/em><em class='time'>19:00<\/em><\/span><span class='evo_end only_time'><em class='time'>21:00<\/em><\/span><\/span><\/span><span style='display:none' class='event_location_attrs'  data-location_address=\"via S.G Emiliani 1, Milano\" data-location_type=\"address\" data-location_name=\"ELF Teatro\" data-location_url=\"https:\/\/civilwordsaps.it\/en\/event-location\/elf-teatro\/\" data-location_status=\"true\"><\/span><span class='evoet_c3 evoet_cx evcal_desc evo_info' ><span class='evoet_tags evo_above_title'><span class='evo_event_headers repeating'>Recurring event<\/span><\/span><span class='evoet_title evcal_desc2 evcal_event_title' itemprop='name'>The Integrated Actor 2025<\/span><span class='evoet_subtitle evo_below_title'><span class='evcal_event_subtitle' >COURSE \/ LESSON<\/span><\/span><span class='evoet_time_expand level_3 evcal_desc_info evogap10'><\/span><span class='evcal_desc3'><\/span><\/span><em class='evoet_data' style='display:none' data-bgc='#a74349'data-bggrad=''><\/em><\/a><\/p><div class='event_description evcal_eventcard' style=\"display:none\"><div class='evocard_row bx2 bx'><div class='evocard_box time' data-c='ffffff' \n\t\t\t\t\tstyle='background-color:#ffffff'><div class='evo_metarow_time evorow evcal_evdata_row evcal_evrow_sm'>\n\t\t<span class='evcal_evdata_icons'><i class='fa fa-clock'><\/i><\/span>\n\t\t<div class='evcal_evdata_cell'>\t\t\t\t\t\t\t\n\t\t\t<h3 class='evo_h3'><span class='evcal_evdata_icons'><i class='fa fa-clock'><\/i><\/span>Hours<\/h3><p><span class='evo_eventcard_time_t'>10\/03\/2025 19:00 &#8211; 21:00<\/span><\/p>\n\t\t<\/div>\n\t<\/div><\/div><div class='evocard_box location' data-c='ffffff' \n\t\t\t\t\tstyle='background-color:#ffffff'><div class='evcal_evdata_row evo_metarow_time_location evorow'>\n\t\t\n\t\t\t<span class='evcal_evdata_icons'><i class='fa fa-map-marker'><\/i><\/span>\n\t\t\t<div class='evcal_evdata_cell' data-loc_tax_id='42'><h3 class='evo_h3'><span class='evcal_evdata_icons'><i class='fa fa-map-marker'><\/i><\/span>Location<\/h3><p class='evo_location_name' style='margin-bottom:10px; font-size:15px;'>ELF Teatro<\/p><p class='evo_location_address evodfxi evogap10'>via S.G Emiliani 1, Milano<a href='https:\/\/www.google.com\/maps?q=via+S.G+Emiliani+1%2C+Milano' target='_blank'><i class='fa fa-arrow-up-right-from-square'><\/i><\/a><\/p><\/div>\n\t\t\n\t<\/div><\/div><\/div><div class='evocard_row'><div class='evocard_box learnmore' data-c='ffffff' \n\t\t\t\t\tstyle='background-color:#ffffff'><div class='evo_metarow_learnM evo_metarow_learnmore evorow'>\n\t\t\t\t\t\t\t<a class='evcal_evdata_row evo_clik_row' href='https:\/\/civilwordsaps.it\/en\/corso-attore-integrato-2025\/' >\n\t\t\t\t\t\t\t\t<span class='evcal_evdata_icons'><i class='fa fa-link'><\/i><\/span>\n\t\t\t\t\t\t\t\t<h3 class='evo_h3 evopad0i'>Learn more<\/h3>\n\t\t\t\t\t\t\t<\/a>\n\t\t\t\t\t\t\t<\/div><\/div><\/div><div class='evo_card_row_end evcal_close' title='Chiudi'><\/div><\/div><div class='clear end'><\/div><\/div><div id=\"event_2643_0\" class=\"eventon_list_event evo_eventtop scheduled past_event event event_2643_0\" data-event_id=\"2643\" data-ri=\"0r\" data-time=\"1742227200-1742234400\" data-colr=\"#a74349\" itemscope itemtype='http:\/\/schema.org\/Event'><div class=\"evo_event_schema\" style=\"display:none\" ><a itemprop='url'  href='https:\/\/civilwordsaps.it\/en\/evento\/corso-di-recitazione-presentazione-scene\/'><\/a><meta itemprop='image'  \/><meta itemprop='startDate' content=\"2025-3-17T17:00+0:00\" \/><meta itemprop='endDate' content=\"2025-3-17T19:00+0:00\" \/><meta itemprop='eventStatus' content=\"https:\/\/schema.org\/EventScheduled\" \/><item style=\"display:none\" itemprop=\"location\" itemscope itemtype=\"http:\/\/schema.org\/Place\"><span itemprop=\"name\">ELF Teatro<\/span><span itemprop=\"address\" itemscope itemtype=\"http:\/\/schema.org\/PostalAddress\"><item itemprop=\"streetAddress\">via S.G Emiliani 1, Milano<\/item><\/span><\/item><item style=\"display:none\" itemprop=\"eventAttendanceMode\" itemscope itemtype=\"https:\/\/schema.org\/OfflineEventAttendanceMode\"><\/item><script type=\"application\/ld+json\">{\"@context\": \"http:\/\/schema.org\",\"@type\": \"Event\",\n\t\t\t\t\"@id\": \"event_2643_0\",\n\t\t\t\t\"eventAttendanceMode\":\"https:\/\/schema.org\/OfflineEventAttendanceMode\",\n\t\t\t\t\"name\": \"L&#039;Attore Integrato 2025\",\n\t\t\t\t\"url\": \"https:\/\/civilwordsaps.it\/en\/evento\/corso-di-recitazione-presentazione-scene\/\",\n\t\t\t\t\"startDate\": \"2025-3-17T17:00+0:00\",\n\t\t\t\t\"endDate\": \"2025-3-17T19:00+0:00\",\n\t\t\t\t\"image\":\"\", \n\t\t\t\t\"description\":\"L'Attore Integrato 2025\",\"location\":[{\"@type\":\"Place\",\"name\":\"ELF Teatro\",\"address\":{\"@type\": \"PostalAddress\",\"streetAddress\":\"via S.G Emiliani 1, Milano\"}}],\"eventStatus\":\"https:\/\/schema.org\/EventScheduled\"}<\/script><\/div>\n\t\t\t\t<p class=\"desc_trig_outter\" style=\"\"><a data-gmap_status=\"null\" data-exlk=\"0\" style=\"background-color: #a74349;\" id=\"evc_17422272002643\" class=\"desc_trig sin_val evcal_list_a\" data-ux_val=\"1\" data-ux_val_mob=\"-\"  ><span class='evoet_c2 evoet_cx'><span class='evoet_dayblock evcal_cblock' data-bgcolor='#a74349' data-smon='Marzo' data-syr='2025'><span class='evo_start'><em class='date'>17<\/em><em class='month'>mar<\/em><em class='time'>16:00<\/em><\/span><span class='evo_end only_time'><em class='time'>18:00<\/em><\/span><\/span><\/span><span style='display:none' class='event_location_attrs'  data-location_address=\"via S.G Emiliani 1, Milano\" data-location_type=\"address\" data-location_name=\"ELF Teatro\" data-location_url=\"https:\/\/civilwordsaps.it\/en\/event-location\/elf-teatro\/\" data-location_status=\"true\"><\/span><span class='evoet_c3 evoet_cx evcal_desc evo_info' ><span class='evoet_tags evo_above_title'><\/span><span class='evoet_title evcal_desc2 evcal_event_title' itemprop='name'>The Integrated Actor 2025<\/span><span class='evoet_subtitle evo_below_title'><span class='evcal_event_subtitle' >COURSE \/ SCENE PRESENTATION<\/span><\/span><span class='evoet_time_expand level_3 evcal_desc_info evogap10'><\/span><span class='evcal_desc3'><\/span><\/span><em class='evoet_data' style='display:none' data-bgc='#a74349'data-bggrad=''><\/em><\/a><\/p><div class='event_description evcal_eventcard' style=\"display:none\"><div class='evocard_row bx2 bx'><div class='evocard_box time' data-c='ffffff' \n\t\t\t\t\tstyle='background-color:#ffffff'><div class='evo_metarow_time evorow evcal_evdata_row evcal_evrow_sm'>\n\t\t<span class='evcal_evdata_icons'><i class='fa fa-clock'><\/i><\/span>\n\t\t<div class='evcal_evdata_cell'>\t\t\t\t\t\t\t\n\t\t\t<h3 class='evo_h3'><span class='evcal_evdata_icons'><i class='fa fa-clock'><\/i><\/span>Hours<\/h3><p><span class='evo_eventcard_time_t'>17\/03\/2025 16:00 &#8211; 18:00<\/span><\/p>\n\t\t<\/div>\n\t<\/div><\/div><div class='evocard_box location' data-c='ffffff' \n\t\t\t\t\tstyle='background-color:#ffffff'><div class='evcal_evdata_row evo_metarow_time_location evorow'>\n\t\t\n\t\t\t<span class='evcal_evdata_icons'><i class='fa fa-map-marker'><\/i><\/span>\n\t\t\t<div class='evcal_evdata_cell' data-loc_tax_id='42'><h3 class='evo_h3'><span class='evcal_evdata_icons'><i class='fa fa-map-marker'><\/i><\/span>Location<\/h3><p class='evo_location_name' style='margin-bottom:10px; font-size:15px;'>ELF Teatro<\/p><p class='evo_location_address evodfxi evogap10'>via S.G Emiliani 1, Milano<a href='https:\/\/www.google.com\/maps?q=via+S.G+Emiliani+1%2C+Milano' target='_blank'><i class='fa fa-arrow-up-right-from-square'><\/i><\/a><\/p><\/div>\n\t\t\n\t<\/div><\/div><\/div><div class='evocard_row'><div class='evocard_box learnmore' data-c='ffffff' \n\t\t\t\t\tstyle='background-color:#ffffff'><div class='evo_metarow_learnM evo_metarow_learnmore evorow'>\n\t\t\t\t\t\t\t<a class='evcal_evdata_row evo_clik_row' href='https:\/\/civilwordsaps.it\/en\/corso-attore-integrato-2025\/' >\n\t\t\t\t\t\t\t\t<span class='evcal_evdata_icons'><i class='fa fa-link'><\/i><\/span>\n\t\t\t\t\t\t\t\t<h3 class='evo_h3 evopad0i'>Learn more<\/h3>\n\t\t\t\t\t\t\t<\/a>\n\t\t\t\t\t\t\t<\/div><\/div><\/div><div class='evo_card_row_end evcal_close' title='Chiudi'><\/div><\/div><div class='clear end'><\/div><\/div><div id=\"event_2614_7\" class=\"eventon_list_event evo_eventtop scheduled past_event event event_2614_7\" data-event_id=\"2614\" data-ri=\"7r\" data-time=\"1742238000-1742245200\" data-colr=\"#a74349\" itemscope itemtype='http:\/\/schema.org\/Event'><div class=\"evo_event_schema\" style=\"display:none\" ><a itemprop='url'  href='https:\/\/civilwordsaps.it\/en\/evento\/corso-di-recitazione\/var\/ri-7.l-L1'><\/a><meta itemprop='image'  \/><meta itemprop='startDate' content=\"2025-3-17T20:00+0:00\" \/><meta itemprop='endDate' content=\"2025-3-17T22:00+0:00\" \/><meta itemprop='eventStatus' content=\"https:\/\/schema.org\/EventScheduled\" \/><item style=\"display:none\" itemprop=\"location\" itemscope itemtype=\"http:\/\/schema.org\/Place\"><span itemprop=\"name\">ELF Teatro<\/span><span itemprop=\"address\" itemscope itemtype=\"http:\/\/schema.org\/PostalAddress\"><item itemprop=\"streetAddress\">via S.G Emiliani 1, Milano<\/item><\/span><\/item><item style=\"display:none\" itemprop=\"eventAttendanceMode\" itemscope itemtype=\"https:\/\/schema.org\/OfflineEventAttendanceMode\"><\/item><script type=\"application\/ld+json\">{\"@context\": \"http:\/\/schema.org\",\"@type\": \"Event\",\n\t\t\t\t\"@id\": \"event_2614_7\",\n\t\t\t\t\"eventAttendanceMode\":\"https:\/\/schema.org\/OfflineEventAttendanceMode\",\n\t\t\t\t\"name\": \"L&#039;Attore Integrato 2025\",\n\t\t\t\t\"url\": \"https:\/\/civilwordsaps.it\/en\/evento\/corso-di-recitazione\/var\/ri-7.l-L1\",\n\t\t\t\t\"startDate\": \"2025-3-17T20:00+0:00\",\n\t\t\t\t\"endDate\": \"2025-3-17T22:00+0:00\",\n\t\t\t\t\"image\":\"\", \n\t\t\t\t\"description\":\"L'Attore Integrato 2025\",\"location\":[{\"@type\":\"Place\",\"name\":\"ELF Teatro\",\"address\":{\"@type\": \"PostalAddress\",\"streetAddress\":\"via S.G Emiliani 1, Milano\"}}],\"eventStatus\":\"https:\/\/schema.org\/EventScheduled\"}<\/script><\/div>\n\t\t\t\t<p class=\"desc_trig_outter\" style=\"\"><a data-gmap_status=\"null\" data-exlk=\"0\" style=\"background-color: #a74349;\" id=\"evc_17422380002614\" class=\"event_repeat desc_trig sin_val evcal_list_a\" data-ux_val=\"1\" data-ux_val_mob=\"-\"  ><span class='evoet_c2 evoet_cx'><span class='evoet_dayblock evcal_cblock' data-bgcolor='#a74349' data-smon='Marzo' data-syr='2025'><span class='evo_start'><em class='date'>17<\/em><em class='month'>mar<\/em><em class='time'>19:00<\/em><\/span><span class='evo_end only_time'><em class='time'>21:00<\/em><\/span><\/span><\/span><span style='display:none' class='event_location_attrs'  data-location_address=\"via S.G Emiliani 1, Milano\" data-location_type=\"address\" data-location_name=\"ELF Teatro\" data-location_url=\"https:\/\/civilwordsaps.it\/en\/event-location\/elf-teatro\/\" data-location_status=\"true\"><\/span><span class='evoet_c3 evoet_cx evcal_desc evo_info' ><span class='evoet_tags evo_above_title'><span class='evo_event_headers repeating'>Recurring event<\/span><\/span><span class='evoet_title evcal_desc2 evcal_event_title' itemprop='name'>The Integrated Actor 2025<\/span><span class='evoet_subtitle evo_below_title'><span class='evcal_event_subtitle' >COURSE \/ LESSON<\/span><\/span><span class='evoet_time_expand level_3 evcal_desc_info evogap10'><\/span><span class='evcal_desc3'><\/span><\/span><em class='evoet_data' style='display:none' data-bgc='#a74349'data-bggrad=''><\/em><\/a><\/p><div class='event_description evcal_eventcard' style=\"display:none\"><div class='evocard_row bx2 bx'><div class='evocard_box time' data-c='ffffff' \n\t\t\t\t\tstyle='background-color:#ffffff'><div class='evo_metarow_time evorow evcal_evdata_row evcal_evrow_sm'>\n\t\t<span class='evcal_evdata_icons'><i class='fa fa-clock'><\/i><\/span>\n\t\t<div class='evcal_evdata_cell'>\t\t\t\t\t\t\t\n\t\t\t<h3 class='evo_h3'><span class='evcal_evdata_icons'><i class='fa fa-clock'><\/i><\/span>Hours<\/h3><p><span class='evo_eventcard_time_t'>17\/03\/2025 19:00 &#8211; 21:00<\/span><\/p>\n\t\t<\/div>\n\t<\/div><\/div><div class='evocard_box location' data-c='ffffff' \n\t\t\t\t\tstyle='background-color:#ffffff'><div class='evcal_evdata_row evo_metarow_time_location evorow'>\n\t\t\n\t\t\t<span class='evcal_evdata_icons'><i class='fa fa-map-marker'><\/i><\/span>\n\t\t\t<div class='evcal_evdata_cell' data-loc_tax_id='42'><h3 class='evo_h3'><span class='evcal_evdata_icons'><i class='fa fa-map-marker'><\/i><\/span>Location<\/h3><p class='evo_location_name' style='margin-bottom:10px; font-size:15px;'>ELF Teatro<\/p><p class='evo_location_address evodfxi evogap10'>via S.G Emiliani 1, Milano<a href='https:\/\/www.google.com\/maps?q=via+S.G+Emiliani+1%2C+Milano' target='_blank'><i class='fa fa-arrow-up-right-from-square'><\/i><\/a><\/p><\/div>\n\t\t\n\t<\/div><\/div><\/div><div class='evocard_row'><div class='evocard_box learnmore' data-c='ffffff' \n\t\t\t\t\tstyle='background-color:#ffffff'><div class='evo_metarow_learnM evo_metarow_learnmore evorow'>\n\t\t\t\t\t\t\t<a class='evcal_evdata_row evo_clik_row' href='https:\/\/civilwordsaps.it\/en\/corso-attore-integrato-2025\/' >\n\t\t\t\t\t\t\t\t<span class='evcal_evdata_icons'><i class='fa fa-link'><\/i><\/span>\n\t\t\t\t\t\t\t\t<h3 class='evo_h3 evopad0i'>Learn more<\/h3>\n\t\t\t\t\t\t\t<\/a>\n\t\t\t\t\t\t\t<\/div><\/div><\/div><div class='evo_card_row_end evcal_close' title='Chiudi'><\/div><\/div><div class='clear end'><\/div><\/div><div id=\"event_2614_8\" class=\"eventon_list_event evo_eventtop scheduled past_event event event_2614_8\" data-event_id=\"2614\" data-ri=\"8r\" data-time=\"1742842800-1742850000\" data-colr=\"#a74349\" itemscope itemtype='http:\/\/schema.org\/Event'><div class=\"evo_event_schema\" style=\"display:none\" ><a itemprop='url'  href='https:\/\/civilwordsaps.it\/en\/evento\/corso-di-recitazione\/var\/ri-8.l-L1'><\/a><meta itemprop='image'  \/><meta itemprop='startDate' content=\"2025-3-24T20:00+0:00\" \/><meta itemprop='endDate' content=\"2025-3-24T22:00+0:00\" \/><meta itemprop='eventStatus' content=\"https:\/\/schema.org\/EventScheduled\" \/><item style=\"display:none\" itemprop=\"location\" itemscope itemtype=\"http:\/\/schema.org\/Place\"><span itemprop=\"name\">ELF Teatro<\/span><span itemprop=\"address\" itemscope itemtype=\"http:\/\/schema.org\/PostalAddress\"><item itemprop=\"streetAddress\">via S.G Emiliani 1, Milano<\/item><\/span><\/item><item style=\"display:none\" itemprop=\"eventAttendanceMode\" itemscope itemtype=\"https:\/\/schema.org\/OfflineEventAttendanceMode\"><\/item><script type=\"application\/ld+json\">{\"@context\": \"http:\/\/schema.org\",\"@type\": \"Event\",\n\t\t\t\t\"@id\": \"event_2614_8\",\n\t\t\t\t\"eventAttendanceMode\":\"https:\/\/schema.org\/OfflineEventAttendanceMode\",\n\t\t\t\t\"name\": \"L&#039;Attore Integrato 2025\",\n\t\t\t\t\"url\": \"https:\/\/civilwordsaps.it\/en\/evento\/corso-di-recitazione\/var\/ri-8.l-L1\",\n\t\t\t\t\"startDate\": \"2025-3-24T20:00+0:00\",\n\t\t\t\t\"endDate\": \"2025-3-24T22:00+0:00\",\n\t\t\t\t\"image\":\"\", \n\t\t\t\t\"description\":\"L'Attore Integrato 2025\",\"location\":[{\"@type\":\"Place\",\"name\":\"ELF Teatro\",\"address\":{\"@type\": \"PostalAddress\",\"streetAddress\":\"via S.G Emiliani 1, Milano\"}}],\"eventStatus\":\"https:\/\/schema.org\/EventScheduled\"}<\/script><\/div>\n\t\t\t\t<p class=\"desc_trig_outter\" style=\"\"><a data-gmap_status=\"null\" data-exlk=\"0\" style=\"background-color: #a74349;\" id=\"evc_17428428002614\" class=\"event_repeat desc_trig sin_val evcal_list_a\" data-ux_val=\"1\" data-ux_val_mob=\"-\"  ><span class='evoet_c2 evoet_cx'><span class='evoet_dayblock evcal_cblock' data-bgcolor='#a74349' data-smon='Marzo' data-syr='2025'><span class='evo_start'><em class='date'>24<\/em><em class='month'>mar<\/em><em class='time'>19:00<\/em><\/span><span class='evo_end only_time'><em class='time'>21:00<\/em><\/span><\/span><\/span><span style='display:none' class='event_location_attrs'  data-location_address=\"via S.G Emiliani 1, Milano\" data-location_type=\"address\" data-location_name=\"ELF Teatro\" data-location_url=\"https:\/\/civilwordsaps.it\/en\/event-location\/elf-teatro\/\" data-location_status=\"true\"><\/span><span class='evoet_c3 evoet_cx evcal_desc evo_info' ><span class='evoet_tags evo_above_title'><span class='evo_event_headers repeating'>Recurring event<\/span><\/span><span class='evoet_title evcal_desc2 evcal_event_title' itemprop='name'>The Integrated Actor 2025<\/span><span class='evoet_subtitle evo_below_title'><span class='evcal_event_subtitle' >COURSE \/ LESSON<\/span><\/span><span class='evoet_time_expand level_3 evcal_desc_info evogap10'><\/span><span class='evcal_desc3'><\/span><\/span><em class='evoet_data' style='display:none' data-bgc='#a74349'data-bggrad=''><\/em><\/a><\/p><div class='event_description evcal_eventcard' style=\"display:none\"><div class='evocard_row bx2 bx'><div class='evocard_box time' data-c='ffffff' \n\t\t\t\t\tstyle='background-color:#ffffff'><div class='evo_metarow_time evorow evcal_evdata_row evcal_evrow_sm'>\n\t\t<span class='evcal_evdata_icons'><i class='fa fa-clock'><\/i><\/span>\n\t\t<div class='evcal_evdata_cell'>\t\t\t\t\t\t\t\n\t\t\t<h3 class='evo_h3'><span class='evcal_evdata_icons'><i class='fa fa-clock'><\/i><\/span>Hours<\/h3><p><span class='evo_eventcard_time_t'>24\/03\/2025 19:00 &#8211; 21:00<\/span><\/p>\n\t\t<\/div>\n\t<\/div><\/div><div class='evocard_box location' data-c='ffffff' \n\t\t\t\t\tstyle='background-color:#ffffff'><div class='evcal_evdata_row evo_metarow_time_location evorow'>\n\t\t\n\t\t\t<span class='evcal_evdata_icons'><i class='fa fa-map-marker'><\/i><\/span>\n\t\t\t<div class='evcal_evdata_cell' data-loc_tax_id='42'><h3 class='evo_h3'><span class='evcal_evdata_icons'><i class='fa fa-map-marker'><\/i><\/span>Location<\/h3><p class='evo_location_name' style='margin-bottom:10px; font-size:15px;'>ELF Teatro<\/p><p class='evo_location_address evodfxi evogap10'>via S.G Emiliani 1, Milano<a href='https:\/\/www.google.com\/maps?q=via+S.G+Emiliani+1%2C+Milano' target='_blank'><i class='fa fa-arrow-up-right-from-square'><\/i><\/a><\/p><\/div>\n\t\t\n\t<\/div><\/div><\/div><div class='evocard_row'><div class='evocard_box learnmore' data-c='ffffff' \n\t\t\t\t\tstyle='background-color:#ffffff'><div class='evo_metarow_learnM evo_metarow_learnmore evorow'>\n\t\t\t\t\t\t\t<a class='evcal_evdata_row evo_clik_row' href='https:\/\/civilwordsaps.it\/en\/corso-attore-integrato-2025\/' >\n\t\t\t\t\t\t\t\t<span class='evcal_evdata_icons'><i class='fa fa-link'><\/i><\/span>\n\t\t\t\t\t\t\t\t<h3 class='evo_h3 evopad0i'>Learn more<\/h3>\n\t\t\t\t\t\t\t<\/a>\n\t\t\t\t\t\t\t<\/div><\/div><\/div><div class='evo_card_row_end evcal_close' title='Chiudi'><\/div><\/div><div class='clear end'><\/div><\/div><div id=\"event_2614_9\" class=\"eventon_list_event evo_eventtop scheduled past_event event event_2614_9\" data-event_id=\"2614\" data-ri=\"9r\" data-time=\"1743447600-1743454800\" data-colr=\"#a74349\" itemscope itemtype='http:\/\/schema.org\/Event'><div class=\"evo_event_schema\" style=\"display:none\" ><a itemprop='url'  href='https:\/\/civilwordsaps.it\/en\/evento\/corso-di-recitazione\/var\/ri-9.l-L1'><\/a><meta itemprop='image'  \/><meta itemprop='startDate' content=\"2025-3-31T21:00+0:00\" \/><meta itemprop='endDate' content=\"2025-3-31T23:00+0:00\" \/><meta itemprop='eventStatus' content=\"https:\/\/schema.org\/EventScheduled\" \/><item style=\"display:none\" itemprop=\"location\" itemscope itemtype=\"http:\/\/schema.org\/Place\"><span itemprop=\"name\">ELF Teatro<\/span><span itemprop=\"address\" itemscope itemtype=\"http:\/\/schema.org\/PostalAddress\"><item itemprop=\"streetAddress\">via S.G Emiliani 1, Milano<\/item><\/span><\/item><item style=\"display:none\" itemprop=\"eventAttendanceMode\" itemscope itemtype=\"https:\/\/schema.org\/OfflineEventAttendanceMode\"><\/item><script type=\"application\/ld+json\">{\"@context\": \"http:\/\/schema.org\",\"@type\": \"Event\",\n\t\t\t\t\"@id\": \"event_2614_9\",\n\t\t\t\t\"eventAttendanceMode\":\"https:\/\/schema.org\/OfflineEventAttendanceMode\",\n\t\t\t\t\"name\": \"L&#039;Attore Integrato 2025\",\n\t\t\t\t\"url\": \"https:\/\/civilwordsaps.it\/en\/evento\/corso-di-recitazione\/var\/ri-9.l-L1\",\n\t\t\t\t\"startDate\": \"2025-3-31T21:00+0:00\",\n\t\t\t\t\"endDate\": \"2025-3-31T23:00+0:00\",\n\t\t\t\t\"image\":\"\", \n\t\t\t\t\"description\":\"L'Attore Integrato 2025\",\"location\":[{\"@type\":\"Place\",\"name\":\"ELF Teatro\",\"address\":{\"@type\": \"PostalAddress\",\"streetAddress\":\"via S.G Emiliani 1, Milano\"}}],\"eventStatus\":\"https:\/\/schema.org\/EventScheduled\"}<\/script><\/div>\n\t\t\t\t<p class=\"desc_trig_outter\" style=\"\"><a data-gmap_status=\"null\" data-exlk=\"0\" style=\"background-color: #a74349;\" id=\"evc_17434476002614\" class=\"event_repeat desc_trig sin_val evcal_list_a\" data-ux_val=\"1\" data-ux_val_mob=\"-\"  ><span class='evoet_c2 evoet_cx'><span class='evoet_dayblock evcal_cblock' data-bgcolor='#a74349' data-smon='Marzo' data-syr='2025'><span class='evo_start'><em class='date'>31<\/em><em class='month'>mar<\/em><em class='time'>19:00<\/em><\/span><span class='evo_end only_time'><em class='time'>21:00<\/em><\/span><\/span><\/span><span style='display:none' class='event_location_attrs'  data-location_address=\"via S.G Emiliani 1, Milano\" data-location_type=\"address\" data-location_name=\"ELF Teatro\" data-location_url=\"https:\/\/civilwordsaps.it\/en\/event-location\/elf-teatro\/\" data-location_status=\"true\"><\/span><span class='evoet_c3 evoet_cx evcal_desc evo_info' ><span class='evoet_tags evo_above_title'><span class='evo_event_headers repeating'>Recurring event<\/span><\/span><span class='evoet_title evcal_desc2 evcal_event_title' itemprop='name'>The Integrated Actor 2025<\/span><span class='evoet_subtitle evo_below_title'><span class='evcal_event_subtitle' >COURSE \/ LESSON<\/span><\/span><span class='evoet_time_expand level_3 evcal_desc_info evogap10'><\/span><span class='evcal_desc3'><\/span><\/span><em class='evoet_data' style='display:none' data-bgc='#a74349'data-bggrad=''><\/em><\/a><\/p><div class='event_description evcal_eventcard' style=\"display:none\"><div class='evocard_row bx2 bx'><div class='evocard_box time' data-c='ffffff' \n\t\t\t\t\tstyle='background-color:#ffffff'><div class='evo_metarow_time evorow evcal_evdata_row evcal_evrow_sm'>\n\t\t<span class='evcal_evdata_icons'><i class='fa fa-clock'><\/i><\/span>\n\t\t<div class='evcal_evdata_cell'>\t\t\t\t\t\t\t\n\t\t\t<h3 class='evo_h3'><span class='evcal_evdata_icons'><i class='fa fa-clock'><\/i><\/span>Hours<\/h3><p><span class='evo_eventcard_time_t'>31\/03\/2025 19:00 &#8211; 21:00<\/span><\/p>\n\t\t<\/div>\n\t<\/div><\/div><div class='evocard_box location' data-c='ffffff' \n\t\t\t\t\tstyle='background-color:#ffffff'><div class='evcal_evdata_row evo_metarow_time_location evorow'>\n\t\t\n\t\t\t<span class='evcal_evdata_icons'><i class='fa fa-map-marker'><\/i><\/span>\n\t\t\t<div class='evcal_evdata_cell' data-loc_tax_id='42'><h3 class='evo_h3'><span class='evcal_evdata_icons'><i class='fa fa-map-marker'><\/i><\/span>Location<\/h3><p class='evo_location_name' style='margin-bottom:10px; font-size:15px;'>ELF Teatro<\/p><p class='evo_location_address evodfxi evogap10'>via S.G Emiliani 1, Milano<a href='https:\/\/www.google.com\/maps?q=via+S.G+Emiliani+1%2C+Milano' target='_blank'><i class='fa fa-arrow-up-right-from-square'><\/i><\/a><\/p><\/div>\n\t\t\n\t<\/div><\/div><\/div><div class='evocard_row'><div class='evocard_box learnmore' data-c='ffffff' \n\t\t\t\t\tstyle='background-color:#ffffff'><div class='evo_metarow_learnM evo_metarow_learnmore evorow'>\n\t\t\t\t\t\t\t<a class='evcal_evdata_row evo_clik_row' href='https:\/\/civilwordsaps.it\/en\/corso-attore-integrato-2025\/' >\n\t\t\t\t\t\t\t\t<span class='evcal_evdata_icons'><i class='fa fa-link'><\/i><\/span>\n\t\t\t\t\t\t\t\t<h3 class='evo_h3 evopad0i'>Learn more<\/h3>\n\t\t\t\t\t\t\t<\/a>\n\t\t\t\t\t\t\t<\/div><\/div><\/div><div class='evo_card_row_end evcal_close' title='Chiudi'><\/div><\/div><div class='clear end'><\/div><\/div><\/div><div class='evcal_month_line' data-d='eml_4_2025'><p>April 2025<\/p><\/div><div class='sep_month_events' data-d='eml_4_2025'><div id=\"event_2614_10\" class=\"eventon_list_event evo_eventtop scheduled past_event event event_2614_10\" data-event_id=\"2614\" data-ri=\"10r\" data-time=\"1744052400-1744059600\" data-colr=\"#a74349\" itemscope itemtype='http:\/\/schema.org\/Event'><div class=\"evo_event_schema\" style=\"display:none\" ><a itemprop='url'  href='https:\/\/civilwordsaps.it\/en\/evento\/corso-di-recitazione\/var\/ri-10.l-L1'><\/a><meta itemprop='image'  \/><meta itemprop='startDate' content=\"2025-4-7T21:00+0:00\" \/><meta itemprop='endDate' content=\"2025-4-7T23:00+0:00\" \/><meta itemprop='eventStatus' content=\"https:\/\/schema.org\/EventScheduled\" \/><item style=\"display:none\" itemprop=\"location\" itemscope itemtype=\"http:\/\/schema.org\/Place\"><span itemprop=\"name\">ELF Teatro<\/span><span itemprop=\"address\" itemscope itemtype=\"http:\/\/schema.org\/PostalAddress\"><item itemprop=\"streetAddress\">via S.G Emiliani 1, Milano<\/item><\/span><\/item><item style=\"display:none\" itemprop=\"eventAttendanceMode\" itemscope itemtype=\"https:\/\/schema.org\/OfflineEventAttendanceMode\"><\/item><script type=\"application\/ld+json\">{\"@context\": \"http:\/\/schema.org\",\"@type\": \"Event\",\n\t\t\t\t\"@id\": \"event_2614_10\",\n\t\t\t\t\"eventAttendanceMode\":\"https:\/\/schema.org\/OfflineEventAttendanceMode\",\n\t\t\t\t\"name\": \"L&#039;Attore Integrato 2025\",\n\t\t\t\t\"url\": \"https:\/\/civilwordsaps.it\/en\/evento\/corso-di-recitazione\/var\/ri-10.l-L1\",\n\t\t\t\t\"startDate\": \"2025-4-7T21:00+0:00\",\n\t\t\t\t\"endDate\": \"2025-4-7T23:00+0:00\",\n\t\t\t\t\"image\":\"\", \n\t\t\t\t\"description\":\"L'Attore Integrato 2025\",\"location\":[{\"@type\":\"Place\",\"name\":\"ELF Teatro\",\"address\":{\"@type\": \"PostalAddress\",\"streetAddress\":\"via S.G Emiliani 1, Milano\"}}],\"eventStatus\":\"https:\/\/schema.org\/EventScheduled\"}<\/script><\/div>\n\t\t\t\t<p class=\"desc_trig_outter\" style=\"\"><a data-gmap_status=\"null\" data-exlk=\"0\" style=\"background-color: #a74349;\" id=\"evc_17440524002614\" class=\"event_repeat desc_trig sin_val evcal_list_a\" data-ux_val=\"1\" data-ux_val_mob=\"-\"  ><span class='evoet_c2 evoet_cx'><span class='evoet_dayblock evcal_cblock' data-bgcolor='#a74349' data-smon='Aprile' data-syr='2025'><span class='evo_start'><em class='date'>07<\/em><em class='month'>apr<\/em><em class='time'>19:00<\/em><\/span><span class='evo_end only_time'><em class='time'>21:00<\/em><\/span><\/span><\/span><span style='display:none' class='event_location_attrs'  data-location_address=\"via S.G Emiliani 1, Milano\" data-location_type=\"address\" data-location_name=\"ELF Teatro\" data-location_url=\"https:\/\/civilwordsaps.it\/en\/event-location\/elf-teatro\/\" data-location_status=\"true\"><\/span><span class='evoet_c3 evoet_cx evcal_desc evo_info' ><span class='evoet_tags evo_above_title'><span class='evo_event_headers repeating'>Recurring event<\/span><\/span><span class='evoet_title evcal_desc2 evcal_event_title' itemprop='name'>The Integrated Actor 2025<\/span><span class='evoet_subtitle evo_below_title'><span class='evcal_event_subtitle' >COURSE \/ LESSON<\/span><\/span><span class='evoet_time_expand level_3 evcal_desc_info evogap10'><\/span><span class='evcal_desc3'><\/span><\/span><em class='evoet_data' style='display:none' data-bgc='#a74349'data-bggrad=''><\/em><\/a><\/p><div class='event_description evcal_eventcard' style=\"display:none\"><div class='evocard_row bx2 bx'><div class='evocard_box time' data-c='ffffff' \n\t\t\t\t\tstyle='background-color:#ffffff'><div class='evo_metarow_time evorow evcal_evdata_row evcal_evrow_sm'>\n\t\t<span class='evcal_evdata_icons'><i class='fa fa-clock'><\/i><\/span>\n\t\t<div class='evcal_evdata_cell'>\t\t\t\t\t\t\t\n\t\t\t<h3 class='evo_h3'><span class='evcal_evdata_icons'><i class='fa fa-clock'><\/i><\/span>Hours<\/h3><p><span class='evo_eventcard_time_t'>07\/04\/2025 19:00 &#8211; 21:00<\/span><\/p>\n\t\t<\/div>\n\t<\/div><\/div><div class='evocard_box location' data-c='ffffff' \n\t\t\t\t\tstyle='background-color:#ffffff'><div class='evcal_evdata_row evo_metarow_time_location evorow'>\n\t\t\n\t\t\t<span class='evcal_evdata_icons'><i class='fa fa-map-marker'><\/i><\/span>\n\t\t\t<div class='evcal_evdata_cell' data-loc_tax_id='42'><h3 class='evo_h3'><span class='evcal_evdata_icons'><i class='fa fa-map-marker'><\/i><\/span>Location<\/h3><p class='evo_location_name' style='margin-bottom:10px; font-size:15px;'>ELF Teatro<\/p><p class='evo_location_address evodfxi evogap10'>via S.G Emiliani 1, Milano<a href='https:\/\/www.google.com\/maps?q=via+S.G+Emiliani+1%2C+Milano' target='_blank'><i class='fa fa-arrow-up-right-from-square'><\/i><\/a><\/p><\/div>\n\t\t\n\t<\/div><\/div><\/div><div class='evocard_row'><div class='evocard_box learnmore' data-c='ffffff' \n\t\t\t\t\tstyle='background-color:#ffffff'><div class='evo_metarow_learnM evo_metarow_learnmore evorow'>\n\t\t\t\t\t\t\t<a class='evcal_evdata_row evo_clik_row' href='https:\/\/civilwordsaps.it\/en\/corso-attore-integrato-2025\/' >\n\t\t\t\t\t\t\t\t<span class='evcal_evdata_icons'><i class='fa fa-link'><\/i><\/span>\n\t\t\t\t\t\t\t\t<h3 class='evo_h3 evopad0i'>Learn more<\/h3>\n\t\t\t\t\t\t\t<\/a>\n\t\t\t\t\t\t\t<\/div><\/div><\/div><div class='evo_card_row_end evcal_close' title='Chiudi'><\/div><\/div><div class='clear end'><\/div><\/div><div id=\"event_2614_11\" class=\"eventon_list_event evo_eventtop scheduled past_event event event_2614_11\" data-event_id=\"2614\" data-ri=\"11r\" data-time=\"1744657200-1744664400\" data-colr=\"#a74349\" itemscope itemtype='http:\/\/schema.org\/Event'><div class=\"evo_event_schema\" style=\"display:none\" ><a itemprop='url'  href='https:\/\/civilwordsaps.it\/en\/evento\/corso-di-recitazione\/var\/ri-11.l-L1'><\/a><meta itemprop='image'  \/><meta itemprop='startDate' content=\"2025-4-14T21:00+0:00\" \/><meta itemprop='endDate' content=\"2025-4-14T23:00+0:00\" \/><meta itemprop='eventStatus' content=\"https:\/\/schema.org\/EventScheduled\" \/><item style=\"display:none\" itemprop=\"location\" itemscope itemtype=\"http:\/\/schema.org\/Place\"><span itemprop=\"name\">ELF Teatro<\/span><span itemprop=\"address\" itemscope itemtype=\"http:\/\/schema.org\/PostalAddress\"><item itemprop=\"streetAddress\">via S.G Emiliani 1, Milano<\/item><\/span><\/item><item style=\"display:none\" itemprop=\"eventAttendanceMode\" itemscope itemtype=\"https:\/\/schema.org\/OfflineEventAttendanceMode\"><\/item><script type=\"application\/ld+json\">{\"@context\": \"http:\/\/schema.org\",\"@type\": \"Event\",\n\t\t\t\t\"@id\": \"event_2614_11\",\n\t\t\t\t\"eventAttendanceMode\":\"https:\/\/schema.org\/OfflineEventAttendanceMode\",\n\t\t\t\t\"name\": \"L&#039;Attore Integrato 2025\",\n\t\t\t\t\"url\": \"https:\/\/civilwordsaps.it\/en\/evento\/corso-di-recitazione\/var\/ri-11.l-L1\",\n\t\t\t\t\"startDate\": \"2025-4-14T21:00+0:00\",\n\t\t\t\t\"endDate\": \"2025-4-14T23:00+0:00\",\n\t\t\t\t\"image\":\"\", \n\t\t\t\t\"description\":\"L'Attore Integrato 2025\",\"location\":[{\"@type\":\"Place\",\"name\":\"ELF Teatro\",\"address\":{\"@type\": \"PostalAddress\",\"streetAddress\":\"via S.G Emiliani 1, Milano\"}}],\"eventStatus\":\"https:\/\/schema.org\/EventScheduled\"}<\/script><\/div>\n\t\t\t\t<p class=\"desc_trig_outter\" style=\"\"><a data-gmap_status=\"null\" data-exlk=\"0\" style=\"background-color: #a74349;\" id=\"evc_17446572002614\" class=\"event_repeat desc_trig sin_val evcal_list_a\" data-ux_val=\"1\" data-ux_val_mob=\"-\"  ><span class='evoet_c2 evoet_cx'><span class='evoet_dayblock evcal_cblock' data-bgcolor='#a74349' data-smon='Aprile' data-syr='2025'><span class='evo_start'><em class='date'>14<\/em><em class='month'>apr<\/em><em class='time'>19:00<\/em><\/span><span class='evo_end only_time'><em class='time'>21:00<\/em><\/span><\/span><\/span><span style='display:none' class='event_location_attrs'  data-location_address=\"via S.G Emiliani 1, Milano\" data-location_type=\"address\" data-location_name=\"ELF Teatro\" data-location_url=\"https:\/\/civilwordsaps.it\/en\/event-location\/elf-teatro\/\" data-location_status=\"true\"><\/span><span class='evoet_c3 evoet_cx evcal_desc evo_info' ><span class='evoet_tags evo_above_title'><span class='evo_event_headers repeating'>Recurring event<\/span><\/span><span class='evoet_title evcal_desc2 evcal_event_title' itemprop='name'>The Integrated Actor 2025<\/span><span class='evoet_subtitle evo_below_title'><span class='evcal_event_subtitle' >COURSE \/ LESSON<\/span><\/span><span class='evoet_time_expand level_3 evcal_desc_info evogap10'><\/span><span class='evcal_desc3'><\/span><\/span><em class='evoet_data' style='display:none' data-bgc='#a74349'data-bggrad=''><\/em><\/a><\/p><div class='event_description evcal_eventcard' style=\"display:none\"><div class='evocard_row bx2 bx'><div class='evocard_box time' data-c='ffffff' \n\t\t\t\t\tstyle='background-color:#ffffff'><div class='evo_metarow_time evorow evcal_evdata_row evcal_evrow_sm'>\n\t\t<span class='evcal_evdata_icons'><i class='fa fa-clock'><\/i><\/span>\n\t\t<div class='evcal_evdata_cell'>\t\t\t\t\t\t\t\n\t\t\t<h3 class='evo_h3'><span class='evcal_evdata_icons'><i class='fa fa-clock'><\/i><\/span>Hours<\/h3><p><span class='evo_eventcard_time_t'>14\/04\/2025 19:00 &#8211; 21:00<\/span><\/p>\n\t\t<\/div>\n\t<\/div><\/div><div class='evocard_box location' data-c='ffffff' \n\t\t\t\t\tstyle='background-color:#ffffff'><div class='evcal_evdata_row evo_metarow_time_location evorow'>\n\t\t\n\t\t\t<span class='evcal_evdata_icons'><i class='fa fa-map-marker'><\/i><\/span>\n\t\t\t<div class='evcal_evdata_cell' data-loc_tax_id='42'><h3 class='evo_h3'><span class='evcal_evdata_icons'><i class='fa fa-map-marker'><\/i><\/span>Location<\/h3><p class='evo_location_name' style='margin-bottom:10px; font-size:15px;'>ELF Teatro<\/p><p class='evo_location_address evodfxi evogap10'>via S.G Emiliani 1, Milano<a href='https:\/\/www.google.com\/maps?q=via+S.G+Emiliani+1%2C+Milano' target='_blank'><i class='fa fa-arrow-up-right-from-square'><\/i><\/a><\/p><\/div>\n\t\t\n\t<\/div><\/div><\/div><div class='evocard_row'><div class='evocard_box learnmore' data-c='ffffff' \n\t\t\t\t\tstyle='background-color:#ffffff'><div class='evo_metarow_learnM evo_metarow_learnmore evorow'>\n\t\t\t\t\t\t\t<a class='evcal_evdata_row evo_clik_row' href='https:\/\/civilwordsaps.it\/en\/corso-attore-integrato-2025\/' >\n\t\t\t\t\t\t\t\t<span class='evcal_evdata_icons'><i class='fa fa-link'><\/i><\/span>\n\t\t\t\t\t\t\t\t<h3 class='evo_h3 evopad0i'>Learn more<\/h3>\n\t\t\t\t\t\t\t<\/a>\n\t\t\t\t\t\t\t<\/div><\/div><\/div><div class='evo_card_row_end evcal_close' title='Chiudi'><\/div><\/div><div class='clear end'><\/div><\/div><div id=\"event_2614_12\" class=\"eventon_list_event evo_eventtop scheduled past_event event event_2614_12\" data-event_id=\"2614\" data-ri=\"12r\" data-time=\"1745262000-1745269200\" data-colr=\"#a74349\" itemscope itemtype='http:\/\/schema.org\/Event'><div class=\"evo_event_schema\" style=\"display:none\" ><a itemprop='url'  href='https:\/\/civilwordsaps.it\/en\/evento\/corso-di-recitazione\/var\/ri-12.l-L1'><\/a><meta itemprop='image'  \/><meta itemprop='startDate' content=\"2025-4-21T21:00+0:00\" \/><meta itemprop='endDate' content=\"2025-4-21T23:00+0:00\" \/><meta itemprop='eventStatus' content=\"https:\/\/schema.org\/EventScheduled\" \/><item style=\"display:none\" itemprop=\"location\" itemscope itemtype=\"http:\/\/schema.org\/Place\"><span itemprop=\"name\">ELF Teatro<\/span><span itemprop=\"address\" itemscope itemtype=\"http:\/\/schema.org\/PostalAddress\"><item itemprop=\"streetAddress\">via S.G Emiliani 1, Milano<\/item><\/span><\/item><item style=\"display:none\" itemprop=\"eventAttendanceMode\" itemscope itemtype=\"https:\/\/schema.org\/OfflineEventAttendanceMode\"><\/item><script type=\"application\/ld+json\">{\"@context\": \"http:\/\/schema.org\",\"@type\": \"Event\",\n\t\t\t\t\"@id\": \"event_2614_12\",\n\t\t\t\t\"eventAttendanceMode\":\"https:\/\/schema.org\/OfflineEventAttendanceMode\",\n\t\t\t\t\"name\": \"L&#039;Attore Integrato 2025\",\n\t\t\t\t\"url\": \"https:\/\/civilwordsaps.it\/en\/evento\/corso-di-recitazione\/var\/ri-12.l-L1\",\n\t\t\t\t\"startDate\": \"2025-4-21T21:00+0:00\",\n\t\t\t\t\"endDate\": \"2025-4-21T23:00+0:00\",\n\t\t\t\t\"image\":\"\", \n\t\t\t\t\"description\":\"L'Attore Integrato 2025\",\"location\":[{\"@type\":\"Place\",\"name\":\"ELF Teatro\",\"address\":{\"@type\": \"PostalAddress\",\"streetAddress\":\"via S.G Emiliani 1, Milano\"}}],\"eventStatus\":\"https:\/\/schema.org\/EventScheduled\"}<\/script><\/div>\n\t\t\t\t<p class=\"desc_trig_outter\" style=\"\"><a data-gmap_status=\"null\" data-exlk=\"0\" style=\"background-color: #a74349;\" id=\"evc_17452620002614\" class=\"event_repeat desc_trig sin_val evcal_list_a\" data-ux_val=\"1\" data-ux_val_mob=\"-\"  ><span class='evoet_c2 evoet_cx'><span class='evoet_dayblock evcal_cblock' data-bgcolor='#a74349' data-smon='Aprile' data-syr='2025'><span class='evo_start'><em class='date'>21<\/em><em class='month'>apr<\/em><em class='time'>19:00<\/em><\/span><span class='evo_end only_time'><em class='time'>21:00<\/em><\/span><\/span><\/span><span style='display:none' class='event_location_attrs'  data-location_address=\"via S.G Emiliani 1, Milano\" data-location_type=\"address\" data-location_name=\"ELF Teatro\" data-location_url=\"https:\/\/civilwordsaps.it\/en\/event-location\/elf-teatro\/\" data-location_status=\"true\"><\/span><span class='evoet_c3 evoet_cx evcal_desc evo_info' ><span class='evoet_tags evo_above_title'><span class='evo_event_headers repeating'>Recurring event<\/span><\/span><span class='evoet_title evcal_desc2 evcal_event_title' itemprop='name'>The Integrated Actor 2025<\/span><span class='evoet_subtitle evo_below_title'><span class='evcal_event_subtitle' >COURSE \/ LESSON<\/span><\/span><span class='evoet_time_expand level_3 evcal_desc_info evogap10'><\/span><span class='evcal_desc3'><\/span><\/span><em class='evoet_data' style='display:none' data-bgc='#a74349'data-bggrad=''><\/em><\/a><\/p><div class='event_description evcal_eventcard' style=\"display:none\"><div class='evocard_row bx2 bx'><div class='evocard_box time' data-c='ffffff' \n\t\t\t\t\tstyle='background-color:#ffffff'><div class='evo_metarow_time evorow evcal_evdata_row evcal_evrow_sm'>\n\t\t<span class='evcal_evdata_icons'><i class='fa fa-clock'><\/i><\/span>\n\t\t<div class='evcal_evdata_cell'>\t\t\t\t\t\t\t\n\t\t\t<h3 class='evo_h3'><span class='evcal_evdata_icons'><i class='fa fa-clock'><\/i><\/span>Hours<\/h3><p><span class='evo_eventcard_time_t'>21\/04\/2025 19:00 &#8211; 21:00<\/span><\/p>\n\t\t<\/div>\n\t<\/div><\/div><div class='evocard_box location' data-c='ffffff' \n\t\t\t\t\tstyle='background-color:#ffffff'><div class='evcal_evdata_row evo_metarow_time_location evorow'>\n\t\t\n\t\t\t<span class='evcal_evdata_icons'><i class='fa fa-map-marker'><\/i><\/span>\n\t\t\t<div class='evcal_evdata_cell' data-loc_tax_id='42'><h3 class='evo_h3'><span class='evcal_evdata_icons'><i class='fa fa-map-marker'><\/i><\/span>Location<\/h3><p class='evo_location_name' style='margin-bottom:10px; font-size:15px;'>ELF Teatro<\/p><p class='evo_location_address evodfxi evogap10'>via S.G Emiliani 1, Milano<a href='https:\/\/www.google.com\/maps?q=via+S.G+Emiliani+1%2C+Milano' target='_blank'><i class='fa fa-arrow-up-right-from-square'><\/i><\/a><\/p><\/div>\n\t\t\n\t<\/div><\/div><\/div><div class='evocard_row'><div class='evocard_box learnmore' data-c='ffffff' \n\t\t\t\t\tstyle='background-color:#ffffff'><div class='evo_metarow_learnM evo_metarow_learnmore evorow'>\n\t\t\t\t\t\t\t<a class='evcal_evdata_row evo_clik_row' href='https:\/\/civilwordsaps.it\/en\/corso-attore-integrato-2025\/' >\n\t\t\t\t\t\t\t\t<span class='evcal_evdata_icons'><i class='fa fa-link'><\/i><\/span>\n\t\t\t\t\t\t\t\t<h3 class='evo_h3 evopad0i'>Learn more<\/h3>\n\t\t\t\t\t\t\t<\/a>\n\t\t\t\t\t\t\t<\/div><\/div><\/div><div class='evo_card_row_end evcal_close' title='Chiudi'><\/div><\/div><div class='clear end'><\/div><\/div><div id=\"event_2614_13\" class=\"eventon_list_event evo_eventtop scheduled past_event event event_2614_13\" data-event_id=\"2614\" data-ri=\"13r\" data-time=\"1745866800-1745874000\" data-colr=\"#a74349\" itemscope itemtype='http:\/\/schema.org\/Event'><div class=\"evo_event_schema\" style=\"display:none\" ><a itemprop='url'  href='https:\/\/civilwordsaps.it\/en\/evento\/corso-di-recitazione\/var\/ri-13.l-L1'><\/a><meta itemprop='image'  \/><meta itemprop='startDate' content=\"2025-4-28T21:00+0:00\" \/><meta itemprop='endDate' content=\"2025-4-28T23:00+0:00\" \/><meta itemprop='eventStatus' content=\"https:\/\/schema.org\/EventScheduled\" \/><item style=\"display:none\" itemprop=\"location\" itemscope itemtype=\"http:\/\/schema.org\/Place\"><span itemprop=\"name\">ELF Teatro<\/span><span itemprop=\"address\" itemscope itemtype=\"http:\/\/schema.org\/PostalAddress\"><item itemprop=\"streetAddress\">via S.G Emiliani 1, Milano<\/item><\/span><\/item><item style=\"display:none\" itemprop=\"eventAttendanceMode\" itemscope itemtype=\"https:\/\/schema.org\/OfflineEventAttendanceMode\"><\/item><script type=\"application\/ld+json\">{\"@context\": \"http:\/\/schema.org\",\"@type\": \"Event\",\n\t\t\t\t\"@id\": \"event_2614_13\",\n\t\t\t\t\"eventAttendanceMode\":\"https:\/\/schema.org\/OfflineEventAttendanceMode\",\n\t\t\t\t\"name\": \"L&#039;Attore Integrato 2025\",\n\t\t\t\t\"url\": \"https:\/\/civilwordsaps.it\/en\/evento\/corso-di-recitazione\/var\/ri-13.l-L1\",\n\t\t\t\t\"startDate\": \"2025-4-28T21:00+0:00\",\n\t\t\t\t\"endDate\": \"2025-4-28T23:00+0:00\",\n\t\t\t\t\"image\":\"\", \n\t\t\t\t\"description\":\"L'Attore Integrato 2025\",\"location\":[{\"@type\":\"Place\",\"name\":\"ELF Teatro\",\"address\":{\"@type\": \"PostalAddress\",\"streetAddress\":\"via S.G Emiliani 1, Milano\"}}],\"eventStatus\":\"https:\/\/schema.org\/EventScheduled\"}<\/script><\/div>\n\t\t\t\t<p class=\"desc_trig_outter\" style=\"\"><a data-gmap_status=\"null\" data-exlk=\"0\" style=\"background-color: #a74349;\" id=\"evc_17458668002614\" class=\"event_repeat desc_trig sin_val evcal_list_a\" data-ux_val=\"1\" data-ux_val_mob=\"-\"  ><span class='evoet_c2 evoet_cx'><span class='evoet_dayblock evcal_cblock' data-bgcolor='#a74349' data-smon='Aprile' data-syr='2025'><span class='evo_start'><em class='date'>28<\/em><em class='month'>apr<\/em><em class='time'>19:00<\/em><\/span><span class='evo_end only_time'><em class='time'>21:00<\/em><\/span><\/span><\/span><span style='display:none' class='event_location_attrs'  data-location_address=\"via S.G Emiliani 1, Milano\" data-location_type=\"address\" data-location_name=\"ELF Teatro\" data-location_url=\"https:\/\/civilwordsaps.it\/en\/event-location\/elf-teatro\/\" data-location_status=\"true\"><\/span><span class='evoet_c3 evoet_cx evcal_desc evo_info' ><span class='evoet_tags evo_above_title'><span class='evo_event_headers repeating'>Recurring event<\/span><\/span><span class='evoet_title evcal_desc2 evcal_event_title' itemprop='name'>The Integrated Actor 2025<\/span><span class='evoet_subtitle evo_below_title'><span class='evcal_event_subtitle' >COURSE \/ LESSON<\/span><\/span><span class='evoet_time_expand level_3 evcal_desc_info evogap10'><\/span><span class='evcal_desc3'><\/span><\/span><em class='evoet_data' style='display:none' data-bgc='#a74349'data-bggrad=''><\/em><\/a><\/p><div class='event_description evcal_eventcard' style=\"display:none\"><div class='evocard_row bx2 bx'><div class='evocard_box time' data-c='ffffff' \n\t\t\t\t\tstyle='background-color:#ffffff'><div class='evo_metarow_time evorow evcal_evdata_row evcal_evrow_sm'>\n\t\t<span class='evcal_evdata_icons'><i class='fa fa-clock'><\/i><\/span>\n\t\t<div class='evcal_evdata_cell'>\t\t\t\t\t\t\t\n\t\t\t<h3 class='evo_h3'><span class='evcal_evdata_icons'><i class='fa fa-clock'><\/i><\/span>Hours<\/h3><p><span class='evo_eventcard_time_t'>28\/04\/2025 19:00 &#8211; 21:00<\/span><\/p>\n\t\t<\/div>\n\t<\/div><\/div><div class='evocard_box location' data-c='ffffff' \n\t\t\t\t\tstyle='background-color:#ffffff'><div class='evcal_evdata_row evo_metarow_time_location evorow'>\n\t\t\n\t\t\t<span class='evcal_evdata_icons'><i class='fa fa-map-marker'><\/i><\/span>\n\t\t\t<div class='evcal_evdata_cell' data-loc_tax_id='42'><h3 class='evo_h3'><span class='evcal_evdata_icons'><i class='fa fa-map-marker'><\/i><\/span>Location<\/h3><p class='evo_location_name' style='margin-bottom:10px; font-size:15px;'>ELF Teatro<\/p><p class='evo_location_address evodfxi evogap10'>via S.G Emiliani 1, Milano<a href='https:\/\/www.google.com\/maps?q=via+S.G+Emiliani+1%2C+Milano' target='_blank'><i class='fa fa-arrow-up-right-from-square'><\/i><\/a><\/p><\/div>\n\t\t\n\t<\/div><\/div><\/div><div class='evocard_row'><div class='evocard_box learnmore' data-c='ffffff' \n\t\t\t\t\tstyle='background-color:#ffffff'><div class='evo_metarow_learnM evo_metarow_learnmore evorow'>\n\t\t\t\t\t\t\t<a class='evcal_evdata_row evo_clik_row' href='https:\/\/civilwordsaps.it\/en\/corso-attore-integrato-2025\/' >\n\t\t\t\t\t\t\t\t<span class='evcal_evdata_icons'><i class='fa fa-link'><\/i><\/span>\n\t\t\t\t\t\t\t\t<h3 class='evo_h3 evopad0i'>Learn more<\/h3>\n\t\t\t\t\t\t\t<\/a>\n\t\t\t\t\t\t\t<\/div><\/div><\/div><div class='evo_card_row_end evcal_close' title='Chiudi'><\/div><\/div><div class='clear end'><\/div><\/div><\/div><div class='evcal_month_line' data-d='eml_5_2025'><p>May 2025<\/p><\/div><div class='sep_month_events' data-d='eml_5_2025'><div id=\"event_2614_14\" class=\"eventon_list_event evo_eventtop scheduled past_event event event_2614_14\" data-event_id=\"2614\" data-ri=\"14r\" data-time=\"1746471600-1746478800\" data-colr=\"#a74349\" itemscope itemtype='http:\/\/schema.org\/Event'><div class=\"evo_event_schema\" style=\"display:none\" ><a itemprop='url'  href='https:\/\/civilwordsaps.it\/en\/evento\/corso-di-recitazione\/var\/ri-14.l-L1'><\/a><meta itemprop='image'  \/><meta itemprop='startDate' content=\"2025-5-5T21:00+0:00\" \/><meta itemprop='endDate' content=\"2025-5-5T23:00+0:00\" \/><meta itemprop='eventStatus' content=\"https:\/\/schema.org\/EventScheduled\" \/><item style=\"display:none\" itemprop=\"location\" itemscope itemtype=\"http:\/\/schema.org\/Place\"><span itemprop=\"name\">ELF Teatro<\/span><span itemprop=\"address\" itemscope itemtype=\"http:\/\/schema.org\/PostalAddress\"><item itemprop=\"streetAddress\">via S.G Emiliani 1, Milano<\/item><\/span><\/item><item style=\"display:none\" itemprop=\"eventAttendanceMode\" itemscope itemtype=\"https:\/\/schema.org\/OfflineEventAttendanceMode\"><\/item><script type=\"application\/ld+json\">{\"@context\": \"http:\/\/schema.org\",\"@type\": \"Event\",\n\t\t\t\t\"@id\": \"event_2614_14\",\n\t\t\t\t\"eventAttendanceMode\":\"https:\/\/schema.org\/OfflineEventAttendanceMode\",\n\t\t\t\t\"name\": \"L&#039;Attore Integrato 2025\",\n\t\t\t\t\"url\": \"https:\/\/civilwordsaps.it\/en\/evento\/corso-di-recitazione\/var\/ri-14.l-L1\",\n\t\t\t\t\"startDate\": \"2025-5-5T21:00+0:00\",\n\t\t\t\t\"endDate\": \"2025-5-5T23:00+0:00\",\n\t\t\t\t\"image\":\"\", \n\t\t\t\t\"description\":\"L'Attore Integrato 2025\",\"location\":[{\"@type\":\"Place\",\"name\":\"ELF Teatro\",\"address\":{\"@type\": \"PostalAddress\",\"streetAddress\":\"via S.G Emiliani 1, Milano\"}}],\"eventStatus\":\"https:\/\/schema.org\/EventScheduled\"}<\/script><\/div>\n\t\t\t\t<p class=\"desc_trig_outter\" style=\"\"><a data-gmap_status=\"null\" data-exlk=\"0\" style=\"background-color: #a74349;\" id=\"evc_17464716002614\" class=\"event_repeat desc_trig sin_val evcal_list_a\" data-ux_val=\"1\" data-ux_val_mob=\"-\"  ><span class='evoet_c2 evoet_cx'><span class='evoet_dayblock evcal_cblock' data-bgcolor='#a74349' data-smon='Maggio' data-syr='2025'><span class='evo_start'><em class='date'>05<\/em><em class='month'>may<\/em><em class='time'>19:00<\/em><\/span><span class='evo_end only_time'><em class='time'>21:00<\/em><\/span><\/span><\/span><span style='display:none' class='event_location_attrs'  data-location_address=\"via S.G Emiliani 1, Milano\" data-location_type=\"address\" data-location_name=\"ELF Teatro\" data-location_url=\"https:\/\/civilwordsaps.it\/en\/event-location\/elf-teatro\/\" data-location_status=\"true\"><\/span><span class='evoet_c3 evoet_cx evcal_desc evo_info' ><span class='evoet_tags evo_above_title'><span class='evo_event_headers repeating'>Recurring event<\/span><\/span><span class='evoet_title evcal_desc2 evcal_event_title' itemprop='name'>The Integrated Actor 2025<\/span><span class='evoet_subtitle evo_below_title'><span class='evcal_event_subtitle' >COURSE \/ LESSON<\/span><\/span><span class='evoet_time_expand level_3 evcal_desc_info evogap10'><\/span><span class='evcal_desc3'><\/span><\/span><em class='evoet_data' style='display:none' data-bgc='#a74349'data-bggrad=''><\/em><\/a><\/p><div class='event_description evcal_eventcard' style=\"display:none\"><div class='evocard_row bx2 bx'><div class='evocard_box time' data-c='ffffff' \n\t\t\t\t\tstyle='background-color:#ffffff'><div class='evo_metarow_time evorow evcal_evdata_row evcal_evrow_sm'>\n\t\t<span class='evcal_evdata_icons'><i class='fa fa-clock'><\/i><\/span>\n\t\t<div class='evcal_evdata_cell'>\t\t\t\t\t\t\t\n\t\t\t<h3 class='evo_h3'><span class='evcal_evdata_icons'><i class='fa fa-clock'><\/i><\/span>Hours<\/h3><p><span class='evo_eventcard_time_t'>05\/05\/2025 19:00 &#8211; 21:00<\/span><\/p>\n\t\t<\/div>\n\t<\/div><\/div><div class='evocard_box location' data-c='ffffff' \n\t\t\t\t\tstyle='background-color:#ffffff'><div class='evcal_evdata_row evo_metarow_time_location evorow'>\n\t\t\n\t\t\t<span class='evcal_evdata_icons'><i class='fa fa-map-marker'><\/i><\/span>\n\t\t\t<div class='evcal_evdata_cell' data-loc_tax_id='42'><h3 class='evo_h3'><span class='evcal_evdata_icons'><i class='fa fa-map-marker'><\/i><\/span>Location<\/h3><p class='evo_location_name' style='margin-bottom:10px; font-size:15px;'>ELF Teatro<\/p><p class='evo_location_address evodfxi evogap10'>via S.G Emiliani 1, Milano<a href='https:\/\/www.google.com\/maps?q=via+S.G+Emiliani+1%2C+Milano' target='_blank'><i class='fa fa-arrow-up-right-from-square'><\/i><\/a><\/p><\/div>\n\t\t\n\t<\/div><\/div><\/div><div class='evocard_row'><div class='evocard_box learnmore' data-c='ffffff' \n\t\t\t\t\tstyle='background-color:#ffffff'><div class='evo_metarow_learnM evo_metarow_learnmore evorow'>\n\t\t\t\t\t\t\t<a class='evcal_evdata_row evo_clik_row' href='https:\/\/civilwordsaps.it\/en\/corso-attore-integrato-2025\/' >\n\t\t\t\t\t\t\t\t<span class='evcal_evdata_icons'><i class='fa fa-link'><\/i><\/span>\n\t\t\t\t\t\t\t\t<h3 class='evo_h3 evopad0i'>Learn more<\/h3>\n\t\t\t\t\t\t\t<\/a>\n\t\t\t\t\t\t\t<\/div><\/div><\/div><div class='evo_card_row_end evcal_close' title='Chiudi'><\/div><\/div><div class='clear end'><\/div><\/div><div id=\"event_1678_0\" class=\"eventon_list_event evo_eventtop scheduled past_event event event_1678_0\" data-event_id=\"1678\" data-ri=\"0r\" data-time=\"1746820800-1746833400\" data-colr=\"#992b34\" itemscope itemtype='http:\/\/schema.org\/Event'><div class=\"evo_event_schema\" style=\"display:none\" ><a itemprop='url'  href='https:\/\/civilwordsaps.it\/en\/evento\/gl-innamorati-9-maggio\/'><\/a><meta itemprop='image' content=\"https:\/\/civilwordsaps.it\/wp-content\/uploads\/2025\/08\/Locandina-GlInnamorati-Goldoni-SLAP.png\" \/><meta itemprop='startDate' content=\"2025-5-9T22:00+0:00\" \/><meta itemprop='endDate' content=\"2025-5-10T01:30+0:00\" \/><meta itemprop='eventStatus' content=\"https:\/\/schema.org\/EventScheduled\" \/><item style=\"display:none\" itemprop=\"eventAttendanceMode\" itemscope itemtype=\"https:\/\/schema.org\/OfflineEventAttendanceMode\"><\/item><script type=\"application\/ld+json\">{\"@context\": \"http:\/\/schema.org\",\"@type\": \"Event\",\n\t\t\t\t\"@id\": \"event_1678_0\",\n\t\t\t\t\"eventAttendanceMode\":\"https:\/\/schema.org\/OfflineEventAttendanceMode\",\n\t\t\t\t\"name\": \"Gl&#039;Innamorati\",\n\t\t\t\t\"url\": \"https:\/\/civilwordsaps.it\/en\/evento\/gl-innamorati-9-maggio\/\",\n\t\t\t\t\"startDate\": \"2025-5-9T22:00+0:00\",\n\t\t\t\t\"endDate\": \"2025-5-10T01:30+0:00\",\n\t\t\t\t\"image\":\"https:\/\/civilwordsaps.it\/wp-content\/uploads\/2025\/08\/Locandina-GlInnamorati-Goldoni-SLAP.png\", \n\t\t\t\t\"description\":\"Gl'Innamorati\",\"eventStatus\":\"https:\/\/schema.org\/EventScheduled\"}<\/script><\/div>\n\t\t\t\t<p class=\"desc_trig_outter\" style=\"\"><a data-gmap_status=\"null\" data-exlk=\"0\" style=\"background-color: #992b34;\" id=\"evc_17468208001678\" class=\"desc_trig sin_val evcal_list_a\" data-ux_val=\"1\" data-ux_val_mob=\"-\"  ><span class='evoet_c2 evoet_cx'><span class='evoet_dayblock evcal_cblock' data-bgcolor='#992b34' data-smon='Maggio' data-syr='2025'><span class='evo_start'><em class='date'>09<\/em><em class='month'>may<\/em><em class='time'>20:00<\/em><\/span><span class='evo_end only_time'><em class='time'>23:30<\/em><\/span><\/span><\/span><span class='evoet_c3 evoet_cx evcal_desc evo_info' ><span class='evoet_tags evo_above_title'><\/span><span class='evoet_title evcal_desc2 evcal_event_title' itemprop='name'>Gl&#8217;Innamorati<\/span><span class='evoet_subtitle evo_below_title'><span class='evcal_event_subtitle' >THEATRE SHOW<\/span><\/span><span class='evoet_time_expand level_3 evcal_desc_info evogap10'><\/span><span class='evcal_desc3'><\/span><\/span><em class='evoet_data' style='display:none' data-bgc='#992b34'data-bggrad=''><\/em><\/a><\/p><div class='event_description evcal_eventcard' style=\"display:none\"><div class='evocard_row'><div class='evocard_box ftimage' data-c='ffffff' \n\t\t\t\t\tstyle='background-color:#ffffff'><div class='evo_metarow_directimg evcal_evdata_row'><img class='evo_event_main_img' src='https:\/\/civilwordsaps.it\/wp-content\/uploads\/2025\/08\/Locandina-GlInnamorati-Goldoni-SLAP.png' \/><\/div><\/div><\/div><div class='evocard_row bx2 bx'><div class='evocard_box time' data-c='ffffff' \n\t\t\t\t\tstyle='background-color:#ffffff'><div class='evo_metarow_time evorow evcal_evdata_row evcal_evrow_sm'>\n\t\t<span class='evcal_evdata_icons'><i class='fa fa-clock'><\/i><\/span>\n\t\t<div class='evcal_evdata_cell'>\t\t\t\t\t\t\t\n\t\t\t<h3 class='evo_h3'><span class='evcal_evdata_icons'><i class='fa fa-clock'><\/i><\/span>Hours<\/h3><p><span class='evo_eventcard_time_t'>09\/05\/2025 20:00 &#8211; 23:30<\/span><\/p>\n\t\t<\/div>\n\t<\/div><\/div><div class='evocard_box location' data-c='ffffff' \n\t\t\t\t\tstyle='background-color:#ffffff'><div class='evcal_evdata_row evo_metarow_time_location evorow'>\n\t\t\n\t\t\t<span class='evcal_evdata_icons'><i class='fa fa-map-marker'><\/i><\/span>\n\t\t\t<div class='evcal_evdata_cell' data-loc_tax_id='65'><h3 class='evo_h3'><span class='evcal_evdata_icons'><i class='fa fa-map-marker'><\/i><\/span>Location<\/h3><p class='evo_location_name' style='margin-bottom:10px; font-size:15px;'>SLAP, Viale delle Rimembranze di Lambrate 16, Milano<\/p><\/div>\n\t\t\n\t<\/div><\/div><\/div><div class='evocard_row'><div class='evocard_box learnmore' data-c='ffffff' \n\t\t\t\t\tstyle='background-color:#ffffff'><div class='evo_metarow_learnM evo_metarow_learnmore evorow'>\n\t\t\t\t\t\t\t<a class='evcal_evdata_row evo_clik_row' href='https:\/\/civilwordsaps.it\/en\/innamorati-di-carlo-goldoni\/' >\n\t\t\t\t\t\t\t\t<span class='evcal_evdata_icons'><i class='fa fa-link'><\/i><\/span>\n\t\t\t\t\t\t\t\t<h3 class='evo_h3 evopad0i'>Learn more<\/h3>\n\t\t\t\t\t\t\t<\/a>\n\t\t\t\t\t\t\t<\/div><\/div><\/div><div class='evo_card_row_end evcal_close' title='Chiudi'><\/div><\/div><div class='clear end'><\/div><\/div><div id=\"event_1679_0\" class=\"eventon_list_event evo_eventtop scheduled past_event event event_1679_0\" data-event_id=\"1679\" data-ri=\"0r\" data-time=\"1746907200-1746919800\" data-colr=\"#992b34\" itemscope itemtype='http:\/\/schema.org\/Event'><div class=\"evo_event_schema\" style=\"display:none\" ><a itemprop='url'  href='https:\/\/civilwordsaps.it\/en\/evento\/gl-innamorati-10-maggio\/'><\/a><meta itemprop='image' content=\"https:\/\/civilwordsaps.it\/wp-content\/uploads\/2025\/08\/Locandina-GlInnamorati-Goldoni-SLAP.png\" \/><meta itemprop='startDate' content=\"2025-5-10T22:00+0:00\" \/><meta itemprop='endDate' content=\"2025-5-11T01:30+0:00\" \/><meta itemprop='eventStatus' content=\"https:\/\/schema.org\/EventScheduled\" \/><item style=\"display:none\" itemprop=\"eventAttendanceMode\" itemscope itemtype=\"https:\/\/schema.org\/OfflineEventAttendanceMode\"><\/item><script type=\"application\/ld+json\">{\"@context\": \"http:\/\/schema.org\",\"@type\": \"Event\",\n\t\t\t\t\"@id\": \"event_1679_0\",\n\t\t\t\t\"eventAttendanceMode\":\"https:\/\/schema.org\/OfflineEventAttendanceMode\",\n\t\t\t\t\"name\": \"Gl&#039;Innamorati\",\n\t\t\t\t\"url\": \"https:\/\/civilwordsaps.it\/en\/evento\/gl-innamorati-10-maggio\/\",\n\t\t\t\t\"startDate\": \"2025-5-10T22:00+0:00\",\n\t\t\t\t\"endDate\": \"2025-5-11T01:30+0:00\",\n\t\t\t\t\"image\":\"https:\/\/civilwordsaps.it\/wp-content\/uploads\/2025\/08\/Locandina-GlInnamorati-Goldoni-SLAP.png\", \n\t\t\t\t\"description\":\"Gl'Innamorati\",\"eventStatus\":\"https:\/\/schema.org\/EventScheduled\"}<\/script><\/div>\n\t\t\t\t<p class=\"desc_trig_outter\" style=\"\"><a data-gmap_status=\"null\" data-exlk=\"0\" style=\"background-color: #992b34;\" id=\"evc_17469072001679\" class=\"desc_trig sin_val evcal_list_a\" data-ux_val=\"1\" data-ux_val_mob=\"-\"  ><span class='evoet_c2 evoet_cx'><span class='evoet_dayblock evcal_cblock' data-bgcolor='#992b34' data-smon='Maggio' data-syr='2025'><span class='evo_start'><em class='date'>10<\/em><em class='month'>may<\/em><em class='time'>20:00<\/em><\/span><span class='evo_end only_time'><em class='time'>23:30<\/em><\/span><\/span><\/span><span class='evoet_c3 evoet_cx evcal_desc evo_info' ><span class='evoet_tags evo_above_title'><\/span><span class='evoet_title evcal_desc2 evcal_event_title' itemprop='name'>Gl&#8217;Innamorati<\/span><span class='evoet_subtitle evo_below_title'><span class='evcal_event_subtitle' >THEATRE SHOW<\/span><\/span><span class='evoet_time_expand level_3 evcal_desc_info evogap10'><\/span><span class='evcal_desc3'><\/span><\/span><em class='evoet_data' style='display:none' data-bgc='#992b34'data-bggrad=''><\/em><\/a><\/p><div class='event_description evcal_eventcard' style=\"display:none\"><div class='evocard_row'><div class='evocard_box ftimage' data-c='ffffff' \n\t\t\t\t\tstyle='background-color:#ffffff'><div class='evo_metarow_directimg evcal_evdata_row'><img class='evo_event_main_img' src='https:\/\/civilwordsaps.it\/wp-content\/uploads\/2025\/08\/Locandina-GlInnamorati-Goldoni-SLAP.png' \/><\/div><\/div><\/div><div class='evocard_row bx2 bx'><div class='evocard_box time' data-c='ffffff' \n\t\t\t\t\tstyle='background-color:#ffffff'><div class='evo_metarow_time evorow evcal_evdata_row evcal_evrow_sm'>\n\t\t<span class='evcal_evdata_icons'><i class='fa fa-clock'><\/i><\/span>\n\t\t<div class='evcal_evdata_cell'>\t\t\t\t\t\t\t\n\t\t\t<h3 class='evo_h3'><span class='evcal_evdata_icons'><i class='fa fa-clock'><\/i><\/span>Hours<\/h3><p><span class='evo_eventcard_time_t'>10\/05\/2025 20:00 &#8211; 23:30<\/span><\/p>\n\t\t<\/div>\n\t<\/div><\/div><div class='evocard_box location' data-c='ffffff' \n\t\t\t\t\tstyle='background-color:#ffffff'><div class='evcal_evdata_row evo_metarow_time_location evorow'>\n\t\t\n\t\t\t<span class='evcal_evdata_icons'><i class='fa fa-map-marker'><\/i><\/span>\n\t\t\t<div class='evcal_evdata_cell' data-loc_tax_id='65'><h3 class='evo_h3'><span class='evcal_evdata_icons'><i class='fa fa-map-marker'><\/i><\/span>Location<\/h3><p class='evo_location_name' style='margin-bottom:10px; font-size:15px;'>SLAP, Viale delle Rimembranze di Lambrate 16, Milano<\/p><\/div>\n\t\t\n\t<\/div><\/div><\/div><div class='evocard_row'><div class='evocard_box learnmore' data-c='ffffff' \n\t\t\t\t\tstyle='background-color:#ffffff'><div class='evo_metarow_learnM evo_metarow_learnmore evorow'>\n\t\t\t\t\t\t\t<a class='evcal_evdata_row evo_clik_row' href='https:\/\/civilwordsaps.it\/en\/innamorati-di-carlo-goldoni\/' >\n\t\t\t\t\t\t\t\t<span class='evcal_evdata_icons'><i class='fa fa-link'><\/i><\/span>\n\t\t\t\t\t\t\t\t<h3 class='evo_h3 evopad0i'>Learn more<\/h3>\n\t\t\t\t\t\t\t<\/a>\n\t\t\t\t\t\t\t<\/div><\/div><\/div><div class='evo_card_row_end evcal_close' title='Chiudi'><\/div><\/div><div class='clear end'><\/div><\/div><div id=\"event_2614_15\" class=\"eventon_list_event evo_eventtop scheduled past_event event event_2614_15\" data-event_id=\"2614\" data-ri=\"15r\" data-time=\"1747076400-1747083600\" data-colr=\"#a74349\" itemscope itemtype='http:\/\/schema.org\/Event'><div class=\"evo_event_schema\" style=\"display:none\" ><a itemprop='url'  href='https:\/\/civilwordsaps.it\/en\/evento\/corso-di-recitazione\/var\/ri-15.l-L1'><\/a><meta itemprop='image'  \/><meta itemprop='startDate' content=\"2025-5-12T21:00+0:00\" \/><meta itemprop='endDate' content=\"2025-5-12T23:00+0:00\" \/><meta itemprop='eventStatus' content=\"https:\/\/schema.org\/EventScheduled\" \/><item style=\"display:none\" itemprop=\"location\" itemscope itemtype=\"http:\/\/schema.org\/Place\"><span itemprop=\"name\">ELF Teatro<\/span><span itemprop=\"address\" itemscope itemtype=\"http:\/\/schema.org\/PostalAddress\"><item itemprop=\"streetAddress\">via S.G Emiliani 1, Milano<\/item><\/span><\/item><item style=\"display:none\" itemprop=\"eventAttendanceMode\" itemscope itemtype=\"https:\/\/schema.org\/OfflineEventAttendanceMode\"><\/item><script type=\"application\/ld+json\">{\"@context\": \"http:\/\/schema.org\",\"@type\": \"Event\",\n\t\t\t\t\"@id\": \"event_2614_15\",\n\t\t\t\t\"eventAttendanceMode\":\"https:\/\/schema.org\/OfflineEventAttendanceMode\",\n\t\t\t\t\"name\": \"L&#039;Attore Integrato 2025\",\n\t\t\t\t\"url\": \"https:\/\/civilwordsaps.it\/en\/evento\/corso-di-recitazione\/var\/ri-15.l-L1\",\n\t\t\t\t\"startDate\": \"2025-5-12T21:00+0:00\",\n\t\t\t\t\"endDate\": \"2025-5-12T23:00+0:00\",\n\t\t\t\t\"image\":\"\", \n\t\t\t\t\"description\":\"L'Attore Integrato 2025\",\"location\":[{\"@type\":\"Place\",\"name\":\"ELF Teatro\",\"address\":{\"@type\": \"PostalAddress\",\"streetAddress\":\"via S.G Emiliani 1, Milano\"}}],\"eventStatus\":\"https:\/\/schema.org\/EventScheduled\"}<\/script><\/div>\n\t\t\t\t<p class=\"desc_trig_outter\" style=\"\"><a data-gmap_status=\"null\" data-exlk=\"0\" style=\"background-color: #a74349;\" id=\"evc_17470764002614\" class=\"event_repeat desc_trig sin_val evcal_list_a\" data-ux_val=\"1\" data-ux_val_mob=\"-\"  ><span class='evoet_c2 evoet_cx'><span class='evoet_dayblock evcal_cblock' data-bgcolor='#a74349' data-smon='Maggio' data-syr='2025'><span class='evo_start'><em class='date'>12<\/em><em class='month'>may<\/em><em class='time'>19:00<\/em><\/span><span class='evo_end only_time'><em class='time'>21:00<\/em><\/span><\/span><\/span><span style='display:none' class='event_location_attrs'  data-location_address=\"via S.G Emiliani 1, Milano\" data-location_type=\"address\" data-location_name=\"ELF Teatro\" data-location_url=\"https:\/\/civilwordsaps.it\/en\/event-location\/elf-teatro\/\" data-location_status=\"true\"><\/span><span class='evoet_c3 evoet_cx evcal_desc evo_info' ><span class='evoet_tags evo_above_title'><span class='evo_event_headers repeating'>Recurring event<\/span><\/span><span class='evoet_title evcal_desc2 evcal_event_title' itemprop='name'>The Integrated Actor 2025<\/span><span class='evoet_subtitle evo_below_title'><span class='evcal_event_subtitle' >COURSE \/ LESSON<\/span><\/span><span class='evoet_time_expand level_3 evcal_desc_info evogap10'><\/span><span class='evcal_desc3'><\/span><\/span><em class='evoet_data' style='display:none' data-bgc='#a74349'data-bggrad=''><\/em><\/a><\/p><div class='event_description evcal_eventcard' style=\"display:none\"><div class='evocard_row bx2 bx'><div class='evocard_box time' data-c='ffffff' \n\t\t\t\t\tstyle='background-color:#ffffff'><div class='evo_metarow_time evorow evcal_evdata_row evcal_evrow_sm'>\n\t\t<span class='evcal_evdata_icons'><i class='fa fa-clock'><\/i><\/span>\n\t\t<div class='evcal_evdata_cell'>\t\t\t\t\t\t\t\n\t\t\t<h3 class='evo_h3'><span class='evcal_evdata_icons'><i class='fa fa-clock'><\/i><\/span>Hours<\/h3><p><span class='evo_eventcard_time_t'>12\/05\/2025 19:00 &#8211; 21:00<\/span><\/p>\n\t\t<\/div>\n\t<\/div><\/div><div class='evocard_box location' data-c='ffffff' \n\t\t\t\t\tstyle='background-color:#ffffff'><div class='evcal_evdata_row evo_metarow_time_location evorow'>\n\t\t\n\t\t\t<span class='evcal_evdata_icons'><i class='fa fa-map-marker'><\/i><\/span>\n\t\t\t<div class='evcal_evdata_cell' data-loc_tax_id='42'><h3 class='evo_h3'><span class='evcal_evdata_icons'><i class='fa fa-map-marker'><\/i><\/span>Location<\/h3><p class='evo_location_name' style='margin-bottom:10px; font-size:15px;'>ELF Teatro<\/p><p class='evo_location_address evodfxi evogap10'>via S.G Emiliani 1, Milano<a href='https:\/\/www.google.com\/maps?q=via+S.G+Emiliani+1%2C+Milano' target='_blank'><i class='fa fa-arrow-up-right-from-square'><\/i><\/a><\/p><\/div>\n\t\t\n\t<\/div><\/div><\/div><div class='evocard_row'><div class='evocard_box learnmore' data-c='ffffff' \n\t\t\t\t\tstyle='background-color:#ffffff'><div class='evo_metarow_learnM evo_metarow_learnmore evorow'>\n\t\t\t\t\t\t\t<a class='evcal_evdata_row evo_clik_row' href='https:\/\/civilwordsaps.it\/en\/corso-attore-integrato-2025\/' >\n\t\t\t\t\t\t\t\t<span class='evcal_evdata_icons'><i class='fa fa-link'><\/i><\/span>\n\t\t\t\t\t\t\t\t<h3 class='evo_h3 evopad0i'>Learn more<\/h3>\n\t\t\t\t\t\t\t<\/a>\n\t\t\t\t\t\t\t<\/div><\/div><\/div><div class='evo_card_row_end evcal_close' title='Chiudi'><\/div><\/div><div class='clear end'><\/div><\/div><div id=\"event_2614_16\" class=\"eventon_list_event evo_eventtop scheduled past_event event event_2614_16\" data-event_id=\"2614\" data-ri=\"16r\" data-time=\"1747681200-1747688400\" data-colr=\"#a74349\" itemscope itemtype='http:\/\/schema.org\/Event'><div class=\"evo_event_schema\" style=\"display:none\" ><a itemprop='url'  href='https:\/\/civilwordsaps.it\/en\/evento\/corso-di-recitazione\/var\/ri-16.l-L1'><\/a><meta itemprop='image'  \/><meta itemprop='startDate' content=\"2025-5-19T21:00+0:00\" \/><meta itemprop='endDate' content=\"2025-5-19T23:00+0:00\" \/><meta itemprop='eventStatus' content=\"https:\/\/schema.org\/EventScheduled\" \/><item style=\"display:none\" itemprop=\"location\" itemscope itemtype=\"http:\/\/schema.org\/Place\"><span itemprop=\"name\">ELF Teatro<\/span><span itemprop=\"address\" itemscope itemtype=\"http:\/\/schema.org\/PostalAddress\"><item itemprop=\"streetAddress\">via S.G Emiliani 1, Milano<\/item><\/span><\/item><item style=\"display:none\" itemprop=\"eventAttendanceMode\" itemscope itemtype=\"https:\/\/schema.org\/OfflineEventAttendanceMode\"><\/item><script type=\"application\/ld+json\">{\"@context\": \"http:\/\/schema.org\",\"@type\": \"Event\",\n\t\t\t\t\"@id\": \"event_2614_16\",\n\t\t\t\t\"eventAttendanceMode\":\"https:\/\/schema.org\/OfflineEventAttendanceMode\",\n\t\t\t\t\"name\": \"L&#039;Attore Integrato 2025\",\n\t\t\t\t\"url\": \"https:\/\/civilwordsaps.it\/en\/evento\/corso-di-recitazione\/var\/ri-16.l-L1\",\n\t\t\t\t\"startDate\": \"2025-5-19T21:00+0:00\",\n\t\t\t\t\"endDate\": \"2025-5-19T23:00+0:00\",\n\t\t\t\t\"image\":\"\", \n\t\t\t\t\"description\":\"L'Attore Integrato 2025\",\"location\":[{\"@type\":\"Place\",\"name\":\"ELF Teatro\",\"address\":{\"@type\": \"PostalAddress\",\"streetAddress\":\"via S.G Emiliani 1, Milano\"}}],\"eventStatus\":\"https:\/\/schema.org\/EventScheduled\"}<\/script><\/div>\n\t\t\t\t<p class=\"desc_trig_outter\" style=\"\"><a data-gmap_status=\"null\" data-exlk=\"0\" style=\"background-color: #a74349;\" id=\"evc_17476812002614\" class=\"event_repeat desc_trig sin_val evcal_list_a\" data-ux_val=\"1\" data-ux_val_mob=\"-\"  ><span class='evoet_c2 evoet_cx'><span class='evoet_dayblock evcal_cblock' data-bgcolor='#a74349' data-smon='Maggio' data-syr='2025'><span class='evo_start'><em class='date'>19<\/em><em class='month'>may<\/em><em class='time'>19:00<\/em><\/span><span class='evo_end only_time'><em class='time'>21:00<\/em><\/span><\/span><\/span><span style='display:none' class='event_location_attrs'  data-location_address=\"via S.G Emiliani 1, Milano\" data-location_type=\"address\" data-location_name=\"ELF Teatro\" data-location_url=\"https:\/\/civilwordsaps.it\/en\/event-location\/elf-teatro\/\" data-location_status=\"true\"><\/span><span class='evoet_c3 evoet_cx evcal_desc evo_info' ><span class='evoet_tags evo_above_title'><span class='evo_event_headers repeating'>Recurring event<\/span><\/span><span class='evoet_title evcal_desc2 evcal_event_title' itemprop='name'>The Integrated Actor 2025<\/span><span class='evoet_subtitle evo_below_title'><span class='evcal_event_subtitle' >COURSE \/ LESSON<\/span><\/span><span class='evoet_time_expand level_3 evcal_desc_info evogap10'><\/span><span class='evcal_desc3'><\/span><\/span><em class='evoet_data' style='display:none' data-bgc='#a74349'data-bggrad=''><\/em><\/a><\/p><div class='event_description evcal_eventcard' style=\"display:none\"><div class='evocard_row bx2 bx'><div class='evocard_box time' data-c='ffffff' \n\t\t\t\t\tstyle='background-color:#ffffff'><div class='evo_metarow_time evorow evcal_evdata_row evcal_evrow_sm'>\n\t\t<span class='evcal_evdata_icons'><i class='fa fa-clock'><\/i><\/span>\n\t\t<div class='evcal_evdata_cell'>\t\t\t\t\t\t\t\n\t\t\t<h3 class='evo_h3'><span class='evcal_evdata_icons'><i class='fa fa-clock'><\/i><\/span>Hours<\/h3><p><span class='evo_eventcard_time_t'>19\/05\/2025 19:00 &#8211; 21:00<\/span><\/p>\n\t\t<\/div>\n\t<\/div><\/div><div class='evocard_box location' data-c='ffffff' \n\t\t\t\t\tstyle='background-color:#ffffff'><div class='evcal_evdata_row evo_metarow_time_location evorow'>\n\t\t\n\t\t\t<span class='evcal_evdata_icons'><i class='fa fa-map-marker'><\/i><\/span>\n\t\t\t<div class='evcal_evdata_cell' data-loc_tax_id='42'><h3 class='evo_h3'><span class='evcal_evdata_icons'><i class='fa fa-map-marker'><\/i><\/span>Location<\/h3><p class='evo_location_name' style='margin-bottom:10px; font-size:15px;'>ELF Teatro<\/p><p class='evo_location_address evodfxi evogap10'>via S.G Emiliani 1, Milano<a href='https:\/\/www.google.com\/maps?q=via+S.G+Emiliani+1%2C+Milano' target='_blank'><i class='fa fa-arrow-up-right-from-square'><\/i><\/a><\/p><\/div>\n\t\t\n\t<\/div><\/div><\/div><div class='evocard_row'><div class='evocard_box learnmore' data-c='ffffff' \n\t\t\t\t\tstyle='background-color:#ffffff'><div class='evo_metarow_learnM evo_metarow_learnmore evorow'>\n\t\t\t\t\t\t\t<a class='evcal_evdata_row evo_clik_row' href='https:\/\/civilwordsaps.it\/en\/corso-attore-integrato-2025\/' >\n\t\t\t\t\t\t\t\t<span class='evcal_evdata_icons'><i class='fa fa-link'><\/i><\/span>\n\t\t\t\t\t\t\t\t<h3 class='evo_h3 evopad0i'>Learn more<\/h3>\n\t\t\t\t\t\t\t<\/a>\n\t\t\t\t\t\t\t<\/div><\/div><\/div><div class='evo_card_row_end evcal_close' title='Chiudi'><\/div><\/div><div class='clear end'><\/div><\/div><div id=\"event_2614_17\" class=\"eventon_list_event evo_eventtop scheduled past_event event event_2614_17\" data-event_id=\"2614\" data-ri=\"17r\" data-time=\"1748286000-1748293200\" data-colr=\"#a74349\" itemscope itemtype='http:\/\/schema.org\/Event'><div class=\"evo_event_schema\" style=\"display:none\" ><a itemprop='url'  href='https:\/\/civilwordsaps.it\/en\/evento\/corso-di-recitazione\/var\/ri-17.l-L1'><\/a><meta itemprop='image'  \/><meta itemprop='startDate' content=\"2025-5-26T21:00+0:00\" \/><meta itemprop='endDate' content=\"2025-5-26T23:00+0:00\" \/><meta itemprop='eventStatus' content=\"https:\/\/schema.org\/EventScheduled\" \/><item style=\"display:none\" itemprop=\"location\" itemscope itemtype=\"http:\/\/schema.org\/Place\"><span itemprop=\"name\">ELF Teatro<\/span><span itemprop=\"address\" itemscope itemtype=\"http:\/\/schema.org\/PostalAddress\"><item itemprop=\"streetAddress\">via S.G Emiliani 1, Milano<\/item><\/span><\/item><item style=\"display:none\" itemprop=\"eventAttendanceMode\" itemscope itemtype=\"https:\/\/schema.org\/OfflineEventAttendanceMode\"><\/item><script type=\"application\/ld+json\">{\"@context\": \"http:\/\/schema.org\",\"@type\": \"Event\",\n\t\t\t\t\"@id\": \"event_2614_17\",\n\t\t\t\t\"eventAttendanceMode\":\"https:\/\/schema.org\/OfflineEventAttendanceMode\",\n\t\t\t\t\"name\": \"L&#039;Attore Integrato 2025\",\n\t\t\t\t\"url\": \"https:\/\/civilwordsaps.it\/en\/evento\/corso-di-recitazione\/var\/ri-17.l-L1\",\n\t\t\t\t\"startDate\": \"2025-5-26T21:00+0:00\",\n\t\t\t\t\"endDate\": \"2025-5-26T23:00+0:00\",\n\t\t\t\t\"image\":\"\", \n\t\t\t\t\"description\":\"L'Attore Integrato 2025\",\"location\":[{\"@type\":\"Place\",\"name\":\"ELF Teatro\",\"address\":{\"@type\": \"PostalAddress\",\"streetAddress\":\"via S.G Emiliani 1, Milano\"}}],\"eventStatus\":\"https:\/\/schema.org\/EventScheduled\"}<\/script><\/div>\n\t\t\t\t<p class=\"desc_trig_outter\" style=\"\"><a data-gmap_status=\"null\" data-exlk=\"0\" style=\"background-color: #a74349;\" id=\"evc_17482860002614\" class=\"event_repeat desc_trig sin_val evcal_list_a\" data-ux_val=\"1\" data-ux_val_mob=\"-\"  ><span class='evoet_c2 evoet_cx'><span class='evoet_dayblock evcal_cblock' data-bgcolor='#a74349' data-smon='Maggio' data-syr='2025'><span class='evo_start'><em class='date'>26<\/em><em class='month'>may<\/em><em class='time'>19:00<\/em><\/span><span class='evo_end only_time'><em class='time'>21:00<\/em><\/span><\/span><\/span><span style='display:none' class='event_location_attrs'  data-location_address=\"via S.G Emiliani 1, Milano\" data-location_type=\"address\" data-location_name=\"ELF Teatro\" data-location_url=\"https:\/\/civilwordsaps.it\/en\/event-location\/elf-teatro\/\" data-location_status=\"true\"><\/span><span class='evoet_c3 evoet_cx evcal_desc evo_info' ><span class='evoet_tags evo_above_title'><span class='evo_event_headers repeating'>Recurring event<\/span><\/span><span class='evoet_title evcal_desc2 evcal_event_title' itemprop='name'>The Integrated Actor 2025<\/span><span class='evoet_subtitle evo_below_title'><span class='evcal_event_subtitle' >COURSE \/ LESSON<\/span><\/span><span class='evoet_time_expand level_3 evcal_desc_info evogap10'><\/span><span class='evcal_desc3'><\/span><\/span><em class='evoet_data' style='display:none' data-bgc='#a74349'data-bggrad=''><\/em><\/a><\/p><div class='event_description evcal_eventcard' style=\"display:none\"><div class='evocard_row bx2 bx'><div class='evocard_box time' data-c='ffffff' \n\t\t\t\t\tstyle='background-color:#ffffff'><div class='evo_metarow_time evorow evcal_evdata_row evcal_evrow_sm'>\n\t\t<span class='evcal_evdata_icons'><i class='fa fa-clock'><\/i><\/span>\n\t\t<div class='evcal_evdata_cell'>\t\t\t\t\t\t\t\n\t\t\t<h3 class='evo_h3'><span class='evcal_evdata_icons'><i class='fa fa-clock'><\/i><\/span>Hours<\/h3><p><span class='evo_eventcard_time_t'>26\/05\/2025 19:00 &#8211; 21:00<\/span><\/p>\n\t\t<\/div>\n\t<\/div><\/div><div class='evocard_box location' data-c='ffffff' \n\t\t\t\t\tstyle='background-color:#ffffff'><div class='evcal_evdata_row evo_metarow_time_location evorow'>\n\t\t\n\t\t\t<span class='evcal_evdata_icons'><i class='fa fa-map-marker'><\/i><\/span>\n\t\t\t<div class='evcal_evdata_cell' data-loc_tax_id='42'><h3 class='evo_h3'><span class='evcal_evdata_icons'><i class='fa fa-map-marker'><\/i><\/span>Location<\/h3><p class='evo_location_name' style='margin-bottom:10px; font-size:15px;'>ELF Teatro<\/p><p class='evo_location_address evodfxi evogap10'>via S.G Emiliani 1, Milano<a href='https:\/\/www.google.com\/maps?q=via+S.G+Emiliani+1%2C+Milano' target='_blank'><i class='fa fa-arrow-up-right-from-square'><\/i><\/a><\/p><\/div>\n\t\t\n\t<\/div><\/div><\/div><div class='evocard_row'><div class='evocard_box learnmore' data-c='ffffff' \n\t\t\t\t\tstyle='background-color:#ffffff'><div class='evo_metarow_learnM evo_metarow_learnmore evorow'>\n\t\t\t\t\t\t\t<a class='evcal_evdata_row evo_clik_row' href='https:\/\/civilwordsaps.it\/en\/corso-attore-integrato-2025\/' >\n\t\t\t\t\t\t\t\t<span class='evcal_evdata_icons'><i class='fa fa-link'><\/i><\/span>\n\t\t\t\t\t\t\t\t<h3 class='evo_h3 evopad0i'>Learn more<\/h3>\n\t\t\t\t\t\t\t<\/a>\n\t\t\t\t\t\t\t<\/div><\/div><\/div><div class='evo_card_row_end evcal_close' title='Chiudi'><\/div><\/div><div class='clear end'><\/div><\/div><\/div><div class='evcal_month_line' data-d='eml_6_2025'><p>June 2025<\/p><\/div><div class='sep_month_events' data-d='eml_6_2025'><div id=\"event_2614_18\" class=\"eventon_list_event evo_eventtop scheduled past_event event event_2614_18\" data-event_id=\"2614\" data-ri=\"18r\" data-time=\"1748890800-1748898000\" data-colr=\"#a74349\" itemscope itemtype='http:\/\/schema.org\/Event'><div class=\"evo_event_schema\" style=\"display:none\" ><a itemprop='url'  href='https:\/\/civilwordsaps.it\/en\/evento\/corso-di-recitazione\/var\/ri-18.l-L1'><\/a><meta itemprop='image'  \/><meta itemprop='startDate' content=\"2025-6-2T21:00+0:00\" \/><meta itemprop='endDate' content=\"2025-6-2T23:00+0:00\" \/><meta itemprop='eventStatus' content=\"https:\/\/schema.org\/EventScheduled\" \/><item style=\"display:none\" itemprop=\"location\" itemscope itemtype=\"http:\/\/schema.org\/Place\"><span itemprop=\"name\">ELF Teatro<\/span><span itemprop=\"address\" itemscope itemtype=\"http:\/\/schema.org\/PostalAddress\"><item itemprop=\"streetAddress\">via S.G Emiliani 1, Milano<\/item><\/span><\/item><item style=\"display:none\" itemprop=\"eventAttendanceMode\" itemscope itemtype=\"https:\/\/schema.org\/OfflineEventAttendanceMode\"><\/item><script type=\"application\/ld+json\">{\"@context\": \"http:\/\/schema.org\",\"@type\": \"Event\",\n\t\t\t\t\"@id\": \"event_2614_18\",\n\t\t\t\t\"eventAttendanceMode\":\"https:\/\/schema.org\/OfflineEventAttendanceMode\",\n\t\t\t\t\"name\": \"L&#039;Attore Integrato 2025\",\n\t\t\t\t\"url\": \"https:\/\/civilwordsaps.it\/en\/evento\/corso-di-recitazione\/var\/ri-18.l-L1\",\n\t\t\t\t\"startDate\": \"2025-6-2T21:00+0:00\",\n\t\t\t\t\"endDate\": \"2025-6-2T23:00+0:00\",\n\t\t\t\t\"image\":\"\", \n\t\t\t\t\"description\":\"L'Attore Integrato 2025\",\"location\":[{\"@type\":\"Place\",\"name\":\"ELF Teatro\",\"address\":{\"@type\": \"PostalAddress\",\"streetAddress\":\"via S.G Emiliani 1, Milano\"}}],\"eventStatus\":\"https:\/\/schema.org\/EventScheduled\"}<\/script><\/div>\n\t\t\t\t<p class=\"desc_trig_outter\" style=\"\"><a data-gmap_status=\"null\" data-exlk=\"0\" style=\"background-color: #a74349;\" id=\"evc_17488908002614\" class=\"event_repeat desc_trig sin_val evcal_list_a\" data-ux_val=\"1\" data-ux_val_mob=\"-\"  ><span class='evoet_c2 evoet_cx'><span class='evoet_dayblock evcal_cblock' data-bgcolor='#a74349' data-smon='Giugno' data-syr='2025'><span class='evo_start'><em class='date'>02<\/em><em class='month'>jun<\/em><em class='time'>19:00<\/em><\/span><span class='evo_end only_time'><em class='time'>21:00<\/em><\/span><\/span><\/span><span style='display:none' class='event_location_attrs'  data-location_address=\"via S.G Emiliani 1, Milano\" data-location_type=\"address\" data-location_name=\"ELF Teatro\" data-location_url=\"https:\/\/civilwordsaps.it\/en\/event-location\/elf-teatro\/\" data-location_status=\"true\"><\/span><span class='evoet_c3 evoet_cx evcal_desc evo_info' ><span class='evoet_tags evo_above_title'><span class='evo_event_headers repeating'>Recurring event<\/span><\/span><span class='evoet_title evcal_desc2 evcal_event_title' itemprop='name'>The Integrated Actor 2025<\/span><span class='evoet_subtitle evo_below_title'><span class='evcal_event_subtitle' >COURSE \/ LESSON<\/span><\/span><span class='evoet_time_expand level_3 evcal_desc_info evogap10'><\/span><span class='evcal_desc3'><\/span><\/span><em class='evoet_data' style='display:none' data-bgc='#a74349'data-bggrad=''><\/em><\/a><\/p><div class='event_description evcal_eventcard' style=\"display:none\"><div class='evocard_row bx2 bx'><div class='evocard_box time' data-c='ffffff' \n\t\t\t\t\tstyle='background-color:#ffffff'><div class='evo_metarow_time evorow evcal_evdata_row evcal_evrow_sm'>\n\t\t<span class='evcal_evdata_icons'><i class='fa fa-clock'><\/i><\/span>\n\t\t<div class='evcal_evdata_cell'>\t\t\t\t\t\t\t\n\t\t\t<h3 class='evo_h3'><span class='evcal_evdata_icons'><i class='fa fa-clock'><\/i><\/span>Hours<\/h3><p><span class='evo_eventcard_time_t'>02\/06\/2025 19:00 &#8211; 21:00<\/span><\/p>\n\t\t<\/div>\n\t<\/div><\/div><div class='evocard_box location' data-c='ffffff' \n\t\t\t\t\tstyle='background-color:#ffffff'><div class='evcal_evdata_row evo_metarow_time_location evorow'>\n\t\t\n\t\t\t<span class='evcal_evdata_icons'><i class='fa fa-map-marker'><\/i><\/span>\n\t\t\t<div class='evcal_evdata_cell' data-loc_tax_id='42'><h3 class='evo_h3'><span class='evcal_evdata_icons'><i class='fa fa-map-marker'><\/i><\/span>Location<\/h3><p class='evo_location_name' style='margin-bottom:10px; font-size:15px;'>ELF Teatro<\/p><p class='evo_location_address evodfxi evogap10'>via S.G Emiliani 1, Milano<a href='https:\/\/www.google.com\/maps?q=via+S.G+Emiliani+1%2C+Milano' target='_blank'><i class='fa fa-arrow-up-right-from-square'><\/i><\/a><\/p><\/div>\n\t\t\n\t<\/div><\/div><\/div><div class='evocard_row'><div class='evocard_box learnmore' data-c='ffffff' \n\t\t\t\t\tstyle='background-color:#ffffff'><div class='evo_metarow_learnM evo_metarow_learnmore evorow'>\n\t\t\t\t\t\t\t<a class='evcal_evdata_row evo_clik_row' href='https:\/\/civilwordsaps.it\/en\/corso-attore-integrato-2025\/' >\n\t\t\t\t\t\t\t\t<span class='evcal_evdata_icons'><i class='fa fa-link'><\/i><\/span>\n\t\t\t\t\t\t\t\t<h3 class='evo_h3 evopad0i'>Learn more<\/h3>\n\t\t\t\t\t\t\t<\/a>\n\t\t\t\t\t\t\t<\/div><\/div><\/div><div class='evo_card_row_end evcal_close' title='Chiudi'><\/div><\/div><div class='clear end'><\/div><\/div><div id=\"event_2614_19\" class=\"eventon_list_event evo_eventtop scheduled past_event event event_2614_19\" data-event_id=\"2614\" data-ri=\"19r\" data-time=\"1749495600-1749502800\" data-colr=\"#a74349\" itemscope itemtype='http:\/\/schema.org\/Event'><div class=\"evo_event_schema\" style=\"display:none\" ><a itemprop='url'  href='https:\/\/civilwordsaps.it\/en\/evento\/corso-di-recitazione\/var\/ri-19.l-L1'><\/a><meta itemprop='image'  \/><meta itemprop='startDate' content=\"2025-6-9T21:00+0:00\" \/><meta itemprop='endDate' content=\"2025-6-9T23:00+0:00\" \/><meta itemprop='eventStatus' content=\"https:\/\/schema.org\/EventScheduled\" \/><item style=\"display:none\" itemprop=\"location\" itemscope itemtype=\"http:\/\/schema.org\/Place\"><span itemprop=\"name\">ELF Teatro<\/span><span itemprop=\"address\" itemscope itemtype=\"http:\/\/schema.org\/PostalAddress\"><item itemprop=\"streetAddress\">via S.G Emiliani 1, Milano<\/item><\/span><\/item><item style=\"display:none\" itemprop=\"eventAttendanceMode\" itemscope itemtype=\"https:\/\/schema.org\/OfflineEventAttendanceMode\"><\/item><script type=\"application\/ld+json\">{\"@context\": \"http:\/\/schema.org\",\"@type\": \"Event\",\n\t\t\t\t\"@id\": \"event_2614_19\",\n\t\t\t\t\"eventAttendanceMode\":\"https:\/\/schema.org\/OfflineEventAttendanceMode\",\n\t\t\t\t\"name\": \"L&#039;Attore Integrato 2025\",\n\t\t\t\t\"url\": \"https:\/\/civilwordsaps.it\/en\/evento\/corso-di-recitazione\/var\/ri-19.l-L1\",\n\t\t\t\t\"startDate\": \"2025-6-9T21:00+0:00\",\n\t\t\t\t\"endDate\": \"2025-6-9T23:00+0:00\",\n\t\t\t\t\"image\":\"\", \n\t\t\t\t\"description\":\"L'Attore Integrato 2025\",\"location\":[{\"@type\":\"Place\",\"name\":\"ELF Teatro\",\"address\":{\"@type\": \"PostalAddress\",\"streetAddress\":\"via S.G Emiliani 1, Milano\"}}],\"eventStatus\":\"https:\/\/schema.org\/EventScheduled\"}<\/script><\/div>\n\t\t\t\t<p class=\"desc_trig_outter\" style=\"\"><a data-gmap_status=\"null\" data-exlk=\"0\" style=\"background-color: #a74349;\" id=\"evc_17494956002614\" class=\"event_repeat desc_trig sin_val evcal_list_a\" data-ux_val=\"1\" data-ux_val_mob=\"-\"  ><span class='evoet_c2 evoet_cx'><span class='evoet_dayblock evcal_cblock' data-bgcolor='#a74349' data-smon='Giugno' data-syr='2025'><span class='evo_start'><em class='date'>09<\/em><em class='month'>jun<\/em><em class='time'>19:00<\/em><\/span><span class='evo_end only_time'><em class='time'>21:00<\/em><\/span><\/span><\/span><span style='display:none' class='event_location_attrs'  data-location_address=\"via S.G Emiliani 1, Milano\" data-location_type=\"address\" data-location_name=\"ELF Teatro\" data-location_url=\"https:\/\/civilwordsaps.it\/en\/event-location\/elf-teatro\/\" data-location_status=\"true\"><\/span><span class='evoet_c3 evoet_cx evcal_desc evo_info' ><span class='evoet_tags evo_above_title'><span class='evo_event_headers repeating'>Recurring event<\/span><\/span><span class='evoet_title evcal_desc2 evcal_event_title' itemprop='name'>The Integrated Actor 2025<\/span><span class='evoet_subtitle evo_below_title'><span class='evcal_event_subtitle' >COURSE \/ LESSON<\/span><\/span><span class='evoet_time_expand level_3 evcal_desc_info evogap10'><\/span><span class='evcal_desc3'><\/span><\/span><em class='evoet_data' style='display:none' data-bgc='#a74349'data-bggrad=''><\/em><\/a><\/p><div class='event_description evcal_eventcard' style=\"display:none\"><div class='evocard_row bx2 bx'><div class='evocard_box time' data-c='ffffff' \n\t\t\t\t\tstyle='background-color:#ffffff'><div class='evo_metarow_time evorow evcal_evdata_row evcal_evrow_sm'>\n\t\t<span class='evcal_evdata_icons'><i class='fa fa-clock'><\/i><\/span>\n\t\t<div class='evcal_evdata_cell'>\t\t\t\t\t\t\t\n\t\t\t<h3 class='evo_h3'><span class='evcal_evdata_icons'><i class='fa fa-clock'><\/i><\/span>Hours<\/h3><p><span class='evo_eventcard_time_t'>09\/06\/2025 19:00 &#8211; 21:00<\/span><\/p>\n\t\t<\/div>\n\t<\/div><\/div><div class='evocard_box location' data-c='ffffff' \n\t\t\t\t\tstyle='background-color:#ffffff'><div class='evcal_evdata_row evo_metarow_time_location evorow'>\n\t\t\n\t\t\t<span class='evcal_evdata_icons'><i class='fa fa-map-marker'><\/i><\/span>\n\t\t\t<div class='evcal_evdata_cell' data-loc_tax_id='42'><h3 class='evo_h3'><span class='evcal_evdata_icons'><i class='fa fa-map-marker'><\/i><\/span>Location<\/h3><p class='evo_location_name' style='margin-bottom:10px; font-size:15px;'>ELF Teatro<\/p><p class='evo_location_address evodfxi evogap10'>via S.G Emiliani 1, Milano<a href='https:\/\/www.google.com\/maps?q=via+S.G+Emiliani+1%2C+Milano' target='_blank'><i class='fa fa-arrow-up-right-from-square'><\/i><\/a><\/p><\/div>\n\t\t\n\t<\/div><\/div><\/div><div class='evocard_row'><div class='evocard_box learnmore' data-c='ffffff' \n\t\t\t\t\tstyle='background-color:#ffffff'><div class='evo_metarow_learnM evo_metarow_learnmore evorow'>\n\t\t\t\t\t\t\t<a class='evcal_evdata_row evo_clik_row' href='https:\/\/civilwordsaps.it\/en\/corso-attore-integrato-2025\/' >\n\t\t\t\t\t\t\t\t<span class='evcal_evdata_icons'><i class='fa fa-link'><\/i><\/span>\n\t\t\t\t\t\t\t\t<h3 class='evo_h3 evopad0i'>Learn more<\/h3>\n\t\t\t\t\t\t\t<\/a>\n\t\t\t\t\t\t\t<\/div><\/div><\/div><div class='evo_card_row_end evcal_close' title='Chiudi'><\/div><\/div><div class='clear end'><\/div><\/div><div id=\"event_2614_20\" class=\"eventon_list_event evo_eventtop scheduled past_event event event_2614_20\" data-event_id=\"2614\" data-ri=\"20r\" data-time=\"1750100400-1750107600\" data-colr=\"#a74349\" itemscope itemtype='http:\/\/schema.org\/Event'><div class=\"evo_event_schema\" style=\"display:none\" ><a itemprop='url'  href='https:\/\/civilwordsaps.it\/en\/evento\/corso-di-recitazione\/var\/ri-20.l-L1'><\/a><meta itemprop='image'  \/><meta itemprop='startDate' content=\"2025-6-16T21:00+0:00\" \/><meta itemprop='endDate' content=\"2025-6-16T23:00+0:00\" \/><meta itemprop='eventStatus' content=\"https:\/\/schema.org\/EventScheduled\" \/><item style=\"display:none\" itemprop=\"location\" itemscope itemtype=\"http:\/\/schema.org\/Place\"><span itemprop=\"name\">ELF Teatro<\/span><span itemprop=\"address\" itemscope itemtype=\"http:\/\/schema.org\/PostalAddress\"><item itemprop=\"streetAddress\">via S.G Emiliani 1, Milano<\/item><\/span><\/item><item style=\"display:none\" itemprop=\"eventAttendanceMode\" itemscope itemtype=\"https:\/\/schema.org\/OfflineEventAttendanceMode\"><\/item><script type=\"application\/ld+json\">{\"@context\": \"http:\/\/schema.org\",\"@type\": \"Event\",\n\t\t\t\t\"@id\": \"event_2614_20\",\n\t\t\t\t\"eventAttendanceMode\":\"https:\/\/schema.org\/OfflineEventAttendanceMode\",\n\t\t\t\t\"name\": \"L&#039;Attore Integrato 2025\",\n\t\t\t\t\"url\": \"https:\/\/civilwordsaps.it\/en\/evento\/corso-di-recitazione\/var\/ri-20.l-L1\",\n\t\t\t\t\"startDate\": \"2025-6-16T21:00+0:00\",\n\t\t\t\t\"endDate\": \"2025-6-16T23:00+0:00\",\n\t\t\t\t\"image\":\"\", \n\t\t\t\t\"description\":\"L'Attore Integrato 2025\",\"location\":[{\"@type\":\"Place\",\"name\":\"ELF Teatro\",\"address\":{\"@type\": \"PostalAddress\",\"streetAddress\":\"via S.G Emiliani 1, Milano\"}}],\"eventStatus\":\"https:\/\/schema.org\/EventScheduled\"}<\/script><\/div>\n\t\t\t\t<p class=\"desc_trig_outter\" style=\"\"><a data-gmap_status=\"null\" data-exlk=\"0\" style=\"background-color: #a74349;\" id=\"evc_17501004002614\" class=\"event_repeat desc_trig sin_val evcal_list_a\" data-ux_val=\"1\" data-ux_val_mob=\"-\"  ><span class='evoet_c2 evoet_cx'><span class='evoet_dayblock evcal_cblock' data-bgcolor='#a74349' data-smon='Giugno' data-syr='2025'><span class='evo_start'><em class='date'>16<\/em><em class='month'>jun<\/em><em class='time'>19:00<\/em><\/span><span class='evo_end only_time'><em class='time'>21:00<\/em><\/span><\/span><\/span><span style='display:none' class='event_location_attrs'  data-location_address=\"via S.G Emiliani 1, Milano\" data-location_type=\"address\" data-location_name=\"ELF Teatro\" data-location_url=\"https:\/\/civilwordsaps.it\/en\/event-location\/elf-teatro\/\" data-location_status=\"true\"><\/span><span class='evoet_c3 evoet_cx evcal_desc evo_info' ><span class='evoet_tags evo_above_title'><span class='evo_event_headers repeating'>Recurring event<\/span><\/span><span class='evoet_title evcal_desc2 evcal_event_title' itemprop='name'>The Integrated Actor 2025<\/span><span class='evoet_subtitle evo_below_title'><span class='evcal_event_subtitle' >COURSE \/ LESSON<\/span><\/span><span class='evoet_time_expand level_3 evcal_desc_info evogap10'><\/span><span class='evcal_desc3'><\/span><\/span><em class='evoet_data' style='display:none' data-bgc='#a74349'data-bggrad=''><\/em><\/a><\/p><div class='event_description evcal_eventcard' style=\"display:none\"><div class='evocard_row bx2 bx'><div class='evocard_box time' data-c='ffffff' \n\t\t\t\t\tstyle='background-color:#ffffff'><div class='evo_metarow_time evorow evcal_evdata_row evcal_evrow_sm'>\n\t\t<span class='evcal_evdata_icons'><i class='fa fa-clock'><\/i><\/span>\n\t\t<div class='evcal_evdata_cell'>\t\t\t\t\t\t\t\n\t\t\t<h3 class='evo_h3'><span class='evcal_evdata_icons'><i class='fa fa-clock'><\/i><\/span>Hours<\/h3><p><span class='evo_eventcard_time_t'>16\/06\/2025 19:00 &#8211; 21:00<\/span><\/p>\n\t\t<\/div>\n\t<\/div><\/div><div class='evocard_box location' data-c='ffffff' \n\t\t\t\t\tstyle='background-color:#ffffff'><div class='evcal_evdata_row evo_metarow_time_location evorow'>\n\t\t\n\t\t\t<span class='evcal_evdata_icons'><i class='fa fa-map-marker'><\/i><\/span>\n\t\t\t<div class='evcal_evdata_cell' data-loc_tax_id='42'><h3 class='evo_h3'><span class='evcal_evdata_icons'><i class='fa fa-map-marker'><\/i><\/span>Location<\/h3><p class='evo_location_name' style='margin-bottom:10px; font-size:15px;'>ELF Teatro<\/p><p class='evo_location_address evodfxi evogap10'>via S.G Emiliani 1, Milano<a href='https:\/\/www.google.com\/maps?q=via+S.G+Emiliani+1%2C+Milano' target='_blank'><i class='fa fa-arrow-up-right-from-square'><\/i><\/a><\/p><\/div>\n\t\t\n\t<\/div><\/div><\/div><div class='evocard_row'><div class='evocard_box learnmore' data-c='ffffff' \n\t\t\t\t\tstyle='background-color:#ffffff'><div class='evo_metarow_learnM evo_metarow_learnmore evorow'>\n\t\t\t\t\t\t\t<a class='evcal_evdata_row evo_clik_row' href='https:\/\/civilwordsaps.it\/en\/corso-attore-integrato-2025\/' >\n\t\t\t\t\t\t\t\t<span class='evcal_evdata_icons'><i class='fa fa-link'><\/i><\/span>\n\t\t\t\t\t\t\t\t<h3 class='evo_h3 evopad0i'>Learn more<\/h3>\n\t\t\t\t\t\t\t<\/a>\n\t\t\t\t\t\t\t<\/div><\/div><\/div><div class='evo_card_row_end evcal_close' title='Chiudi'><\/div><\/div><div class='clear end'><\/div><\/div><div id=\"event_2614_21\" class=\"eventon_list_event evo_eventtop scheduled past_event event event_2614_21\" data-event_id=\"2614\" data-ri=\"21r\" data-time=\"1750705200-1750712400\" data-colr=\"#a74349\" itemscope itemtype='http:\/\/schema.org\/Event'><div class=\"evo_event_schema\" style=\"display:none\" ><a itemprop='url'  href='https:\/\/civilwordsaps.it\/en\/evento\/corso-di-recitazione\/var\/ri-21.l-L1'><\/a><meta itemprop='image'  \/><meta itemprop='startDate' content=\"2025-6-23T21:00+0:00\" \/><meta itemprop='endDate' content=\"2025-6-23T23:00+0:00\" \/><meta itemprop='eventStatus' content=\"https:\/\/schema.org\/EventScheduled\" \/><item style=\"display:none\" itemprop=\"location\" itemscope itemtype=\"http:\/\/schema.org\/Place\"><span itemprop=\"name\">ELF Teatro<\/span><span itemprop=\"address\" itemscope itemtype=\"http:\/\/schema.org\/PostalAddress\"><item itemprop=\"streetAddress\">via S.G Emiliani 1, Milano<\/item><\/span><\/item><item style=\"display:none\" itemprop=\"eventAttendanceMode\" itemscope itemtype=\"https:\/\/schema.org\/OfflineEventAttendanceMode\"><\/item><script type=\"application\/ld+json\">{\"@context\": \"http:\/\/schema.org\",\"@type\": \"Event\",\n\t\t\t\t\"@id\": \"event_2614_21\",\n\t\t\t\t\"eventAttendanceMode\":\"https:\/\/schema.org\/OfflineEventAttendanceMode\",\n\t\t\t\t\"name\": \"L&#039;Attore Integrato 2025\",\n\t\t\t\t\"url\": \"https:\/\/civilwordsaps.it\/en\/evento\/corso-di-recitazione\/var\/ri-21.l-L1\",\n\t\t\t\t\"startDate\": \"2025-6-23T21:00+0:00\",\n\t\t\t\t\"endDate\": \"2025-6-23T23:00+0:00\",\n\t\t\t\t\"image\":\"\", \n\t\t\t\t\"description\":\"L'Attore Integrato 2025\",\"location\":[{\"@type\":\"Place\",\"name\":\"ELF Teatro\",\"address\":{\"@type\": \"PostalAddress\",\"streetAddress\":\"via S.G Emiliani 1, Milano\"}}],\"eventStatus\":\"https:\/\/schema.org\/EventScheduled\"}<\/script><\/div>\n\t\t\t\t<p class=\"desc_trig_outter\" style=\"\"><a data-gmap_status=\"null\" data-exlk=\"0\" style=\"background-color: #a74349;\" id=\"evc_17507052002614\" class=\"event_repeat desc_trig sin_val evcal_list_a\" data-ux_val=\"1\" data-ux_val_mob=\"-\"  ><span class='evoet_c2 evoet_cx'><span class='evoet_dayblock evcal_cblock' data-bgcolor='#a74349' data-smon='Giugno' data-syr='2025'><span class='evo_start'><em class='date'>23<\/em><em class='month'>jun<\/em><em class='time'>19:00<\/em><\/span><span class='evo_end only_time'><em class='time'>21:00<\/em><\/span><\/span><\/span><span style='display:none' class='event_location_attrs'  data-location_address=\"via S.G Emiliani 1, Milano\" data-location_type=\"address\" data-location_name=\"ELF Teatro\" data-location_url=\"https:\/\/civilwordsaps.it\/en\/event-location\/elf-teatro\/\" data-location_status=\"true\"><\/span><span class='evoet_c3 evoet_cx evcal_desc evo_info' ><span class='evoet_tags evo_above_title'><span class='evo_event_headers repeating'>Recurring event<\/span><\/span><span class='evoet_title evcal_desc2 evcal_event_title' itemprop='name'>The Integrated Actor 2025<\/span><span class='evoet_subtitle evo_below_title'><span class='evcal_event_subtitle' >COURSE \/ LESSON<\/span><\/span><span class='evoet_time_expand level_3 evcal_desc_info evogap10'><\/span><span class='evcal_desc3'><\/span><\/span><em class='evoet_data' style='display:none' data-bgc='#a74349'data-bggrad=''><\/em><\/a><\/p><div class='event_description evcal_eventcard' style=\"display:none\"><div class='evocard_row bx2 bx'><div class='evocard_box time' data-c='ffffff' \n\t\t\t\t\tstyle='background-color:#ffffff'><div class='evo_metarow_time evorow evcal_evdata_row evcal_evrow_sm'>\n\t\t<span class='evcal_evdata_icons'><i class='fa fa-clock'><\/i><\/span>\n\t\t<div class='evcal_evdata_cell'>\t\t\t\t\t\t\t\n\t\t\t<h3 class='evo_h3'><span class='evcal_evdata_icons'><i class='fa fa-clock'><\/i><\/span>Hours<\/h3><p><span class='evo_eventcard_time_t'>23\/06\/2025 19:00 &#8211; 21:00<\/span><\/p>\n\t\t<\/div>\n\t<\/div><\/div><div class='evocard_box location' data-c='ffffff' \n\t\t\t\t\tstyle='background-color:#ffffff'><div class='evcal_evdata_row evo_metarow_time_location evorow'>\n\t\t\n\t\t\t<span class='evcal_evdata_icons'><i class='fa fa-map-marker'><\/i><\/span>\n\t\t\t<div class='evcal_evdata_cell' data-loc_tax_id='42'><h3 class='evo_h3'><span class='evcal_evdata_icons'><i class='fa fa-map-marker'><\/i><\/span>Location<\/h3><p class='evo_location_name' style='margin-bottom:10px; font-size:15px;'>ELF Teatro<\/p><p class='evo_location_address evodfxi evogap10'>via S.G Emiliani 1, Milano<a href='https:\/\/www.google.com\/maps?q=via+S.G+Emiliani+1%2C+Milano' target='_blank'><i class='fa fa-arrow-up-right-from-square'><\/i><\/a><\/p><\/div>\n\t\t\n\t<\/div><\/div><\/div><div class='evocard_row'><div class='evocard_box learnmore' data-c='ffffff' \n\t\t\t\t\tstyle='background-color:#ffffff'><div class='evo_metarow_learnM evo_metarow_learnmore evorow'>\n\t\t\t\t\t\t\t<a class='evcal_evdata_row evo_clik_row' href='https:\/\/civilwordsaps.it\/en\/corso-attore-integrato-2025\/' >\n\t\t\t\t\t\t\t\t<span class='evcal_evdata_icons'><i class='fa fa-link'><\/i><\/span>\n\t\t\t\t\t\t\t\t<h3 class='evo_h3 evopad0i'>Learn more<\/h3>\n\t\t\t\t\t\t\t<\/a>\n\t\t\t\t\t\t\t<\/div><\/div><\/div><div class='evo_card_row_end evcal_close' title='Chiudi'><\/div><\/div><div class='clear end'><\/div><\/div><div id=\"event_2614_22\" class=\"eventon_list_event evo_eventtop scheduled past_event event event_2614_22\" data-event_id=\"2614\" data-ri=\"22r\" data-time=\"1751310000-1751317200\" data-colr=\"#a74349\" itemscope itemtype='http:\/\/schema.org\/Event'><div class=\"evo_event_schema\" style=\"display:none\" ><a itemprop='url'  href='https:\/\/civilwordsaps.it\/en\/evento\/corso-di-recitazione\/var\/ri-22.l-L1'><\/a><meta itemprop='image'  \/><meta itemprop='startDate' content=\"2025-6-30T21:00+0:00\" \/><meta itemprop='endDate' content=\"2025-6-30T23:00+0:00\" \/><meta itemprop='eventStatus' content=\"https:\/\/schema.org\/EventScheduled\" \/><item style=\"display:none\" itemprop=\"location\" itemscope itemtype=\"http:\/\/schema.org\/Place\"><span itemprop=\"name\">ELF Teatro<\/span><span itemprop=\"address\" itemscope itemtype=\"http:\/\/schema.org\/PostalAddress\"><item itemprop=\"streetAddress\">via S.G Emiliani 1, Milano<\/item><\/span><\/item><item style=\"display:none\" itemprop=\"eventAttendanceMode\" itemscope itemtype=\"https:\/\/schema.org\/OfflineEventAttendanceMode\"><\/item><script type=\"application\/ld+json\">{\"@context\": \"http:\/\/schema.org\",\"@type\": \"Event\",\n\t\t\t\t\"@id\": \"event_2614_22\",\n\t\t\t\t\"eventAttendanceMode\":\"https:\/\/schema.org\/OfflineEventAttendanceMode\",\n\t\t\t\t\"name\": \"L&#039;Attore Integrato 2025\",\n\t\t\t\t\"url\": \"https:\/\/civilwordsaps.it\/en\/evento\/corso-di-recitazione\/var\/ri-22.l-L1\",\n\t\t\t\t\"startDate\": \"2025-6-30T21:00+0:00\",\n\t\t\t\t\"endDate\": \"2025-6-30T23:00+0:00\",\n\t\t\t\t\"image\":\"\", \n\t\t\t\t\"description\":\"L'Attore Integrato 2025\",\"location\":[{\"@type\":\"Place\",\"name\":\"ELF Teatro\",\"address\":{\"@type\": \"PostalAddress\",\"streetAddress\":\"via S.G Emiliani 1, Milano\"}}],\"eventStatus\":\"https:\/\/schema.org\/EventScheduled\"}<\/script><\/div>\n\t\t\t\t<p class=\"desc_trig_outter\" style=\"\"><a data-gmap_status=\"null\" data-exlk=\"0\" style=\"background-color: #a74349;\" id=\"evc_17513100002614\" class=\"event_repeat desc_trig sin_val evcal_list_a\" data-ux_val=\"1\" data-ux_val_mob=\"-\"  ><span class='evoet_c2 evoet_cx'><span class='evoet_dayblock evcal_cblock' data-bgcolor='#a74349' data-smon='Giugno' data-syr='2025'><span class='evo_start'><em class='date'>30<\/em><em class='month'>jun<\/em><em class='time'>19:00<\/em><\/span><span class='evo_end only_time'><em class='time'>21:00<\/em><\/span><\/span><\/span><span style='display:none' class='event_location_attrs'  data-location_address=\"via S.G Emiliani 1, Milano\" data-location_type=\"address\" data-location_name=\"ELF Teatro\" data-location_url=\"https:\/\/civilwordsaps.it\/en\/event-location\/elf-teatro\/\" data-location_status=\"true\"><\/span><span class='evoet_c3 evoet_cx evcal_desc evo_info' ><span class='evoet_tags evo_above_title'><span class='evo_event_headers repeating'>Recurring event<\/span><\/span><span class='evoet_title evcal_desc2 evcal_event_title' itemprop='name'>The Integrated Actor 2025<\/span><span class='evoet_subtitle evo_below_title'><span class='evcal_event_subtitle' >COURSE \/ LESSON<\/span><\/span><span class='evoet_time_expand level_3 evcal_desc_info evogap10'><\/span><span class='evcal_desc3'><\/span><\/span><em class='evoet_data' style='display:none' data-bgc='#a74349'data-bggrad=''><\/em><\/a><\/p><div class='event_description evcal_eventcard' style=\"display:none\"><div class='evocard_row bx2 bx'><div class='evocard_box time' data-c='ffffff' \n\t\t\t\t\tstyle='background-color:#ffffff'><div class='evo_metarow_time evorow evcal_evdata_row evcal_evrow_sm'>\n\t\t<span class='evcal_evdata_icons'><i class='fa fa-clock'><\/i><\/span>\n\t\t<div class='evcal_evdata_cell'>\t\t\t\t\t\t\t\n\t\t\t<h3 class='evo_h3'><span class='evcal_evdata_icons'><i class='fa fa-clock'><\/i><\/span>Hours<\/h3><p><span class='evo_eventcard_time_t'>30\/06\/2025 19:00 &#8211; 21:00<\/span><\/p>\n\t\t<\/div>\n\t<\/div><\/div><div class='evocard_box location' data-c='ffffff' \n\t\t\t\t\tstyle='background-color:#ffffff'><div class='evcal_evdata_row evo_metarow_time_location evorow'>\n\t\t\n\t\t\t<span class='evcal_evdata_icons'><i class='fa fa-map-marker'><\/i><\/span>\n\t\t\t<div class='evcal_evdata_cell' data-loc_tax_id='42'><h3 class='evo_h3'><span class='evcal_evdata_icons'><i class='fa fa-map-marker'><\/i><\/span>Location<\/h3><p class='evo_location_name' style='margin-bottom:10px; font-size:15px;'>ELF Teatro<\/p><p class='evo_location_address evodfxi evogap10'>via S.G Emiliani 1, Milano<a href='https:\/\/www.google.com\/maps?q=via+S.G+Emiliani+1%2C+Milano' target='_blank'><i class='fa fa-arrow-up-right-from-square'><\/i><\/a><\/p><\/div>\n\t\t\n\t<\/div><\/div><\/div><div class='evocard_row'><div class='evocard_box learnmore' data-c='ffffff' \n\t\t\t\t\tstyle='background-color:#ffffff'><div class='evo_metarow_learnM evo_metarow_learnmore evorow'>\n\t\t\t\t\t\t\t<a class='evcal_evdata_row evo_clik_row' href='https:\/\/civilwordsaps.it\/en\/corso-attore-integrato-2025\/' >\n\t\t\t\t\t\t\t\t<span class='evcal_evdata_icons'><i class='fa fa-link'><\/i><\/span>\n\t\t\t\t\t\t\t\t<h3 class='evo_h3 evopad0i'>Learn more<\/h3>\n\t\t\t\t\t\t\t<\/a>\n\t\t\t\t\t\t\t<\/div><\/div><\/div><div class='evo_card_row_end evcal_close' title='Chiudi'><\/div><\/div><div class='clear end'><\/div><\/div><\/div><div class='evcal_month_line' data-d='eml_11_2025'><p>November 2025<\/p><\/div><div class='sep_month_events' data-d='eml_11_2025'><div id=\"event_1929_0\" class=\"eventon_list_event evo_eventtop scheduled past_event event event_1929_0\" data-event_id=\"1929\" data-ri=\"0r\" data-time=\"1762885800-1762900200\" data-colr=\"#a74349\" itemscope itemtype='http:\/\/schema.org\/Event'><div class=\"evo_event_schema\" style=\"display:none\" ><a itemprop='url'  href='https:\/\/civilwordsaps.it\/en\/evento\/lezione-di-prova-per-corso-attore-integrato-2026\/'><\/a><meta itemprop='image'  \/><meta itemprop='startDate' content=\"2025-11-11T19:30+0:00\" \/><meta itemprop='endDate' content=\"2025-11-11T23:30+0:00\" \/><meta itemprop='eventStatus' content=\"https:\/\/schema.org\/EventScheduled\" \/><item style=\"display:none\" itemprop=\"location\" itemscope itemtype=\"http:\/\/schema.org\/Place\"><span itemprop=\"name\">ELF Teatro<\/span><span itemprop=\"address\" itemscope itemtype=\"http:\/\/schema.org\/PostalAddress\"><item itemprop=\"streetAddress\">via S.G Emiliani 1, Milano<\/item><\/span><\/item><item style=\"display:none\" itemprop=\"eventAttendanceMode\" itemscope itemtype=\"https:\/\/schema.org\/OfflineEventAttendanceMode\"><\/item><script type=\"application\/ld+json\">{\"@context\": \"http:\/\/schema.org\",\"@type\": \"Event\",\n\t\t\t\t\"@id\": \"event_1929_0\",\n\t\t\t\t\"eventAttendanceMode\":\"https:\/\/schema.org\/OfflineEventAttendanceMode\",\n\t\t\t\t\"name\": \"Lezione di prova per Corso &quot;Attore Integrato 2026&quot;\",\n\t\t\t\t\"url\": \"https:\/\/civilwordsaps.it\/en\/evento\/lezione-di-prova-per-corso-attore-integrato-2026\/\",\n\t\t\t\t\"startDate\": \"2025-11-11T19:30+0:00\",\n\t\t\t\t\"endDate\": \"2025-11-11T23:30+0:00\",\n\t\t\t\t\"image\":\"\", \n\t\t\t\t\"description\":\"Civil Words in collaborazione con ELF TEATRO \u00e8 lieta di comunicarti:    LEZIONE APERTA GRATUITA \u2192 MARTED\u00cc 11 NOVEMBRE - aperta a tutti  L'ATTORE INTEGRATO - Tennessee Williams | docente: Nicholas Rapp    IMPORTANTE! La Lezione \u00e8 introduttiva al nostro corso avanzato: se il lavoro ti \u00e8 affine, puoi iscriverti a L\u2019Attore Integrato (scadenza 13 novembre).  Prenota il tuo posto al corso completo: capienza limitata.    FOCUS ARTISTICO    Le produzioni teatrali di Nicholas si fondano su azioni fisiche chiare e un\u2019energia cinetica costante.  Che parlino, ascoltino o stiano sullo sfondo, gli interpreti restano attivi nel momento.  Usiamo gli strumenti stanislavskiani per definire eventi, obiettivi e tattiche, ed esercizi grotowskiani per preparare lo strumento - corpo e voce - affinch\u00e9 il personaggio possa accendersi in scena: i primi ci offrono una \u201cradiografia\u201d delle circostanze; i secondi i mezzi per incarnarle.  Il nostro training punta a creare e isolare azioni recitabili direttamente dal testo.  Per noi le \u201cazioni\u201d richiedono verbi utilizzabili che ingaggiano il partner: sedurre, minacciare, disarmare, confortare\u2026  L\u2019obiettivo \u00e8 dare loro forma fisica con corpo e voce, non limitarci a etichettarle.    COSA FAREMO    Corpo: grounding, impulsi, lavoro a coppie.  Voce: respiro, risonatori, articolazione.  Testo: brevi passaggi da Tennessee Williams, estraiamo azioni utilizzabili e le incarniamo per produrre un effetto reale sul partner (obiettivo \u2192 azione \u2192 effetto), cercando spontaneit\u00e0 e verit\u00e0.    (Consigliato abbigliamento comodo)    RISULTATI &amp; OPPORTUNIT\u00c0 DEL CORSO    Showcase con ospite del settore (agente in classe)  Materiale video di scena per showreel  Studenti dell\u2019ultima edizione hanno firmato con un agente  Supporto del docente anche extra-classe quando utile al lavoro di scena\",\"location\":[{\"@type\":\"Place\",\"name\":\"ELF Teatro\",\"address\":{\"@type\": \"PostalAddress\",\"streetAddress\":\"via S.G Emiliani 1, Milano\"}}],\"eventStatus\":\"https:\/\/schema.org\/EventScheduled\"}<\/script><\/div>\n\t\t\t\t<p class=\"desc_trig_outter\" style=\"\"><a data-gmap_status=\"null\" data-exlk=\"0\" style=\"background-color: #a74349;\" id=\"evc_17628858001929\" class=\"desc_trig sin_val evcal_list_a\" data-ux_val=\"1\" data-ux_val_mob=\"-\"  ><span class='evoet_c2 evoet_cx'><span class='evoet_dayblock evcal_cblock' data-bgcolor='#a74349' data-smon='Novembre' data-syr='2025'><span class='evo_start'><em class='date'>11<\/em><em class='month'>nov<\/em><em class='time'>19:30<\/em><\/span><span class='evo_end only_time'><em class='time'>23:30<\/em><\/span><\/span><\/span><span style='display:none' class='event_location_attrs'  data-location_address=\"via S.G Emiliani 1, Milano\" data-location_type=\"address\" data-location_name=\"ELF Teatro\" data-location_url=\"https:\/\/civilwordsaps.it\/en\/event-location\/elf-teatro\/\" data-location_status=\"true\"><\/span><span class='evoet_c3 evoet_cx evcal_desc evo_info' ><span class='evoet_tags evo_above_title'><\/span><span class='evoet_title evcal_desc2 evcal_event_title' itemprop='name'>Trial lesson for the \"Integrated Actor 2026\" course<\/span><span class='evoet_subtitle evo_below_title'><span class='evcal_event_subtitle' >COURSE \/ FREE LESSON<\/span><\/span><span class='evoet_time_expand level_3 evcal_desc_info evogap10'><\/span><span class='evcal_desc3'><\/span><\/span><em class='evoet_data' style='display:none' data-bgc='#a74349'data-bggrad=''><\/em><\/a><\/p><div class='event_description evcal_eventcard' style=\"display:none\"><div class='evocard_row bx2 bx'><div class='evocard_box time' data-c='ffffff' \n\t\t\t\t\tstyle='background-color:#ffffff'><div class='evo_metarow_time evorow evcal_evdata_row evcal_evrow_sm'>\n\t\t<span class='evcal_evdata_icons'><i class='fa fa-clock'><\/i><\/span>\n\t\t<div class='evcal_evdata_cell'>\t\t\t\t\t\t\t\n\t\t\t<h3 class='evo_h3'><span class='evcal_evdata_icons'><i class='fa fa-clock'><\/i><\/span>Hours<\/h3><p><span class='evo_eventcard_time_t'>11\/11\/2025 19:30 &#8211; 23:30<\/span><\/p>\n\t\t<\/div>\n\t<\/div><\/div><div class='evocard_box location' data-c='ffffff' \n\t\t\t\t\tstyle='background-color:#ffffff'><div class='evcal_evdata_row evo_metarow_time_location evorow'>\n\t\t\n\t\t\t<span class='evcal_evdata_icons'><i class='fa fa-map-marker'><\/i><\/span>\n\t\t\t<div class='evcal_evdata_cell' data-loc_tax_id='42'><h3 class='evo_h3'><span class='evcal_evdata_icons'><i class='fa fa-map-marker'><\/i><\/span>Location<\/h3><p class='evo_location_name' style='margin-bottom:10px; font-size:15px;'>ELF Teatro<\/p><p class='evo_location_address evodfxi evogap10'>via S.G Emiliani 1, Milano<a href='https:\/\/www.google.com\/maps?q=via+S.G+Emiliani+1%2C+Milano' target='_blank'><i class='fa fa-arrow-up-right-from-square'><\/i><\/a><\/p><\/div>\n\t\t\n\t<\/div><\/div><\/div><div class='evocard_row'><div class='evocard_box eventdetails' data-c='ffffff' \n\t\t\t\t\tstyle='background-color:#ffffff'><div class=\"evo_metarow_details evorow evcal_evdata_row evcal_event_details\">\n    <div class=\"event_excerpt\" style=\"display:none\"><h3 class=\"padb5 evo_h3\">Event details<\/h3><p>Civil Words in collaborazione con ELF TEATRO \u00e8 lieta di comunicarti:\r\n\r\nLEZIONE APERTA GRATUITA \u2192 MARTED\u00cc 11 NOVEMBRE &#8211; aperta a tutti\r\nL&#8217;ATTORE INTEGRATO &#8211; Tennessee Williams | docente: Nicholas Rapp\r\n\r\nIMPORTANTE! La<\/p><\/div><span class='evcal_evdata_icons'><i class='fa fa-align-justify'><\/i><\/span>    <div class=\"evcal_evdata_cell\">\n        <div class=\"eventon_full_description\">\n            <h3 class=\"padb5 evo_h3\"><span class='evcal_evdata_icons'><i class='fa fa-align-justify'><\/i><\/span>Event details<\/h3>\n            <div class=\"eventon_desc_in\" itemprop=\"description\">\n                Civil Words in collaborazione con ELF TEATRO \u00e8 lieta di comunicarti:\r\n\r\nLEZIONE APERTA GRATUITA \u2192 MARTED\u00cc 11 NOVEMBRE &#8211; aperta a tutti\r\nL&#8217;ATTORE INTEGRATO &#8211; Tennessee Williams | docente: Nicholas Rapp\r\n\r\nIMPORTANTE! La Lezione \u00e8 introduttiva al nostro corso avanzato: se il lavoro ti \u00e8 affine, puoi iscriverti a L\u2019Attore Integrato (scadenza 13 novembre).\r\nPrenota il tuo posto al corso completo: capienza limitata.\r\n\r\nFOCUS ARTISTICO\r\n\r\nLe produzioni teatrali di Nicholas si fondano su azioni fisiche chiare e un\u2019energia cinetica costante.\r\nChe parlino, ascoltino o stiano sullo sfondo, gli interpreti restano attivi nel momento.\r\nUsiamo gli strumenti stanislavskiani per definire eventi, obiettivi e tattiche, ed esercizi grotowskiani per preparare lo strumento &#8211; corpo e voce &#8211; affinch\u00e9 il personaggio possa accendersi in scena: i primi ci offrono una \u201cradiografia\u201d delle circostanze; i secondi i mezzi per incarnarle.\r\nIl nostro training punta a creare e isolare azioni recitabili direttamente dal testo.\r\nPer noi le \u201cazioni\u201d richiedono verbi utilizzabili che ingaggiano il partner: sedurre, minacciare, disarmare, confortare\u2026\r\nL\u2019obiettivo \u00e8 dare loro forma fisica con corpo e voce, non limitarci a etichettarle.\r\n\r\nCOSA FAREMO\r\n\r\nCorpo: grounding, impulsi, lavoro a coppie.\r\nVoce: respiro, risonatori, articolazione.\r\nTesto: brevi passaggi da Tennessee Williams, estraiamo azioni utilizzabili e le incarniamo per produrre un effetto reale sul partner (obiettivo \u2192 azione \u2192 effetto), cercando spontaneit\u00e0 e verit\u00e0.\r\n\r\n(Consigliato abbigliamento comodo)\r\n\r\nRISULTATI &#038; OPPORTUNIT\u00c0 DEL CORSO\r\n\r\nShowcase con ospite del settore (agente in classe)\r\nMateriale video di scena per showreel\r\nStudenti dell\u2019ultima edizione hanno firmato con un agente\r\nSupporto del docente anche extra-classe quando utile al lavoro di scena            <\/div>\n            <div class='clear'><\/div>        <\/div>\n    <\/div>\n<\/div><\/div><\/div><div class='evo_card_row_end evcal_close' title='Chiudi'><\/div><\/div><div class='clear end'><\/div><\/div><div id=\"event_1962_0\" class=\"eventon_list_event evo_eventtop scheduled past_event event event_1962_0\" data-event_id=\"1962\" data-ri=\"0r\" data-time=\"1763305200-1763312400\" data-colr=\"#d88f95\" itemscope itemtype='http:\/\/schema.org\/Event'><div class=\"evo_event_schema\" style=\"display:none\" ><a itemprop='url'  href='https:\/\/civilwordsaps.it\/en\/evento\/civil-readings-audizione-a-che-serve-il-petrolio\/'><\/a><meta itemprop='image' content=\"https:\/\/civilwordsaps.it\/wp-content\/uploads\/2025\/11\/Civil-Readings-Casting-call-1.webp\" \/><meta itemprop='startDate' content=\"2025-11-16T16:00+0:00\" \/><meta itemprop='endDate' content=\"2025-11-16T18:00+0:00\" \/><meta itemprop='eventStatus' content=\"https:\/\/schema.org\/EventScheduled\" \/><item style=\"display:none\" itemprop=\"location\" itemscope itemtype=\"http:\/\/schema.org\/Place\"><span itemprop=\"name\">Spazio Polline<\/span><span itemprop=\"address\" itemscope itemtype=\"http:\/\/schema.org\/PostalAddress\"><item itemprop=\"streetAddress\">Stazione Villapizzone del Passante Ferroviario di Milano, 20156 Milano MI<\/item><\/span><\/item><item style=\"display:none\" itemprop=\"eventAttendanceMode\" itemscope itemtype=\"https:\/\/schema.org\/OfflineEventAttendanceMode\"><\/item><script type=\"application\/ld+json\">{\"@context\": \"http:\/\/schema.org\",\"@type\": \"Event\",\n\t\t\t\t\"@id\": \"event_1962_0\",\n\t\t\t\t\"eventAttendanceMode\":\"https:\/\/schema.org\/OfflineEventAttendanceMode\",\n\t\t\t\t\"name\": \"Civil Readings - Audizione per &quot;A che serve il petrolio?&quot; @luca.cardetta\",\n\t\t\t\t\"url\": \"https:\/\/civilwordsaps.it\/en\/evento\/civil-readings-audizione-a-che-serve-il-petrolio\/\",\n\t\t\t\t\"startDate\": \"2025-11-16T16:00+0:00\",\n\t\t\t\t\"endDate\": \"2025-11-16T18:00+0:00\",\n\t\t\t\t\"image\":\"https:\/\/civilwordsaps.it\/wp-content\/uploads\/2025\/11\/Civil-Readings-Casting-call-1.webp\", \n\t\t\t\t\"description\":\"Civil Readings - Audizione per A che serve il petrolio? @luca.cardetta\",\"location\":[{\"@type\":\"Place\",\"name\":\"Spazio Polline\",\"address\":{\"@type\": \"PostalAddress\",\"streetAddress\":\"Stazione Villapizzone del Passante Ferroviario di Milano, 20156 Milano MI\"}}],\"eventStatus\":\"https:\/\/schema.org\/EventScheduled\"}<\/script><\/div>\n\t\t\t\t<p class=\"desc_trig_outter\" style=\"\"><a data-gmap_status=\"null\" data-exlk=\"0\" style=\"background-color: #d88f95;\" id=\"evc_17633052001962\" class=\"desc_trig sin_val evcal_list_a\" data-ux_val=\"1\" data-ux_val_mob=\"-\"  ><span class='evoet_c2 evoet_cx'><span class='evoet_dayblock evcal_cblock' data-bgcolor='#d88f95' data-smon='Novembre' data-syr='2025'><span class='evo_start'><em class='date'>16<\/em><em class='month'>nov<\/em><em class='time'>15:00<\/em><\/span><span class='evo_end only_time'><em class='time'>17:00<\/em><\/span><\/span><\/span><span style='display:none' class='event_location_attrs'  data-location_address=\"Stazione Villapizzone del Passante Ferroviario di Milano, 20156 Milano MI\" data-location_type=\"address\" data-location_name=\"Spazio Polline\" data-location_url=\"https:\/\/civilwordsaps.it\/en\/event-location\/spazio-polline\/\" data-location_status=\"true\"><\/span><span class='evoet_c3 evoet_cx evcal_desc evo_info' ><span class='evoet_tags evo_above_title'><\/span><span class='evoet_title evcal_desc2 evcal_event_title' itemprop='name'>Civil Readings \u2013 Auditions for \u201cWhat's Oil for?\u201d @luca.cardetta<\/span><span class='evoet_subtitle evo_below_title'><span class='evcal_event_subtitle' >CASTING CALL<\/span><\/span><span class='evoet_time_expand level_3 evcal_desc_info evogap10'><\/span><span class='evcal_desc3'><\/span><\/span><em class='evoet_data' style='display:none' data-bgc='#d88f95'data-bggrad=''><\/em><\/a><\/p><div class='event_description evcal_eventcard' style=\"display:none\"><div class='evocard_row'><div class='evocard_box ftimage' data-c='ffffff' \n\t\t\t\t\tstyle='background-color:#ffffff'><div class='evo_metarow_directimg evcal_evdata_row'><img class='evo_event_main_img' src='https:\/\/civilwordsaps.it\/wp-content\/uploads\/2025\/11\/Civil-Readings-Casting-call-1.webp' \/><\/div><\/div><\/div><div class='evocard_row bx2 bx'><div class='evocard_box time' data-c='ffffff' \n\t\t\t\t\tstyle='background-color:#ffffff'><div class='evo_metarow_time evorow evcal_evdata_row evcal_evrow_sm'>\n\t\t<span class='evcal_evdata_icons'><i class='fa fa-clock'><\/i><\/span>\n\t\t<div class='evcal_evdata_cell'>\t\t\t\t\t\t\t\n\t\t\t<h3 class='evo_h3'><span class='evcal_evdata_icons'><i class='fa fa-clock'><\/i><\/span>Hours<\/h3><p><span class='evo_eventcard_time_t'>16\/11\/2025 15:00 &#8211; 17:00<\/span><\/p>\n\t\t<\/div>\n\t<\/div><\/div><div class='evocard_box location' data-c='ffffff' \n\t\t\t\t\tstyle='background-color:#ffffff'><div class='evcal_evdata_row evo_metarow_time_location evorow'>\n\t\t\n\t\t\t<span class='evcal_evdata_icons'><i class='fa fa-map-marker'><\/i><\/span>\n\t\t\t<div class='evcal_evdata_cell' data-loc_tax_id='50'><h3 class='evo_h3'><span class='evcal_evdata_icons'><i class='fa fa-map-marker'><\/i><\/span><a target=\"\" href=\"https:\/\/lebelleartiaps.it\/eventi\/categoria\/spazio-polline-stazione-di-villapizzone\/\">Location<\/a><\/h3><p class='evo_location_name' style='margin-bottom:10px; font-size:15px;'><a target=\"\" href=\"https:\/\/lebelleartiaps.it\/eventi\/categoria\/spazio-polline-stazione-di-villapizzone\/\">Spazio Polline<\/a><\/p><p class='evo_location_address evodfxi evogap10'><a target=\"\" href=\"https:\/\/lebelleartiaps.it\/eventi\/categoria\/spazio-polline-stazione-di-villapizzone\/\">Stazione Villapizzone del Passante Ferroviario di Milano, 20156 Milano MI<\/a><a href='https:\/\/www.google.com\/maps?q=Stazione+Villapizzone+del+Passante+Ferroviario+di+Milano%2C+20156+Milano+MI' target='_blank'><i class='fa fa-arrow-up-right-from-square'><\/i><\/a><\/p><\/div>\n\t\t\n\t<\/div><\/div><\/div><div class='evocard_row'><div class='evocard_box learnmore' data-c='ffffff' \n\t\t\t\t\tstyle='background-color:#ffffff'><div class='evo_metarow_learnM evo_metarow_learnmore evorow'>\n\t\t\t\t\t\t\t<a class='evcal_evdata_row evo_clik_row' href='https:\/\/civilwordsaps.it\/en\/civil-readings\/' >\n\t\t\t\t\t\t\t\t<span class='evcal_evdata_icons'><i class='fa fa-link'><\/i><\/span>\n\t\t\t\t\t\t\t\t<h3 class='evo_h3 evopad0i'>Learn more<\/h3>\n\t\t\t\t\t\t\t<\/a>\n\t\t\t\t\t\t\t<\/div><\/div><\/div><div class='evo_card_row_end evcal_close' title='Chiudi'><\/div><\/div><div class='clear end'><\/div><\/div><div id=\"event_1009_0\" class=\"eventon_list_event evo_eventtop scheduled past_event event event_1009_0\" data-event_id=\"1009\" data-ri=\"0r\" data-time=\"1763490600-1763505000\" data-colr=\"#a74349\" itemscope itemtype='http:\/\/schema.org\/Event'><div class=\"evo_event_schema\" style=\"display:none\" ><a itemprop='url'  href='https:\/\/civilwordsaps.it\/en\/evento\/corso-attore-integrato-lezione-1\/'><\/a><meta itemprop='image' content=\"https:\/\/civilwordsaps.it\/wp-content\/uploads\/2026\/01\/banner-home-attore-integrato_mono.png\" \/><meta itemprop='startDate' content=\"2025-11-18T19:30+0:00\" \/><meta itemprop='endDate' content=\"2025-11-18T23:30+0:00\" \/><meta itemprop='eventStatus' content=\"https:\/\/schema.org\/EventScheduled\" \/><item style=\"display:none\" itemprop=\"location\" itemscope itemtype=\"http:\/\/schema.org\/Place\"><span itemprop=\"name\">ELF Teatro<\/span><span itemprop=\"address\" itemscope itemtype=\"http:\/\/schema.org\/PostalAddress\"><item itemprop=\"streetAddress\">via S.G Emiliani 1, Milano<\/item><\/span><\/item><item style=\"display:none\" itemprop=\"eventAttendanceMode\" itemscope itemtype=\"https:\/\/schema.org\/OfflineEventAttendanceMode\"><\/item><script type=\"application\/ld+json\">{\"@context\": \"http:\/\/schema.org\",\"@type\": \"Event\",\n\t\t\t\t\"@id\": \"event_1009_0\",\n\t\t\t\t\"eventAttendanceMode\":\"https:\/\/schema.org\/OfflineEventAttendanceMode\",\n\t\t\t\t\"name\": \"L&#039;Attore Integrato\",\n\t\t\t\t\"url\": \"https:\/\/civilwordsaps.it\/en\/evento\/corso-attore-integrato-lezione-1\/\",\n\t\t\t\t\"startDate\": \"2025-11-18T19:30+0:00\",\n\t\t\t\t\"endDate\": \"2025-11-18T23:30+0:00\",\n\t\t\t\t\"image\":\"https:\/\/civilwordsaps.it\/wp-content\/uploads\/2026\/01\/banner-home-attore-integrato_mono.png\", \n\t\t\t\t\"description\":\"Dopo il successo dell'edizione precedente, il corso avanzato di recitazione L'ATTORE INTEGRATO di Civil Words torna all'ELF Teatro, diretto dal regista <strong>Nicholas Rapp<\/strong>. Questo programma di formazione spinge l'arte della recitazione oltre i confini della tecnica, nello spazio dell'impulso.    L'Attore Integrato combina un'analisi disciplinata del testo con un rigoroso allenamento fisico e vocale, creando un ambiente in cui gli attori esperti possono superare i limiti creativi e uscire dalla propria testa. Come sempre, il corso inizier\u00e0 con il lavoro sul corpo e sul movimento, seguito da scene del drammaturgo designato dell'anno (Tennessee Williams). Il corso incoraggia un'esplorazione personale e profonda di personaggi e testi, garantendo che ogni spettacolo sia un'opera d'arte unica e vivente.    Questo non \u00e8 solo un corso di recitazione, ma:  \u2022 Allenamento vocale, utilizzando esercizi del sistema Linklater  \u2022 Allenamento fisico, utilizzando esercizi del metodo Grotowski e Viewpoints  \u2022 Allenamento al lavoro sul testo, imparando a recitare e applicare l'analisi del copione  \u2022 Uno spazio di sperimentazione ed esplorazione, dove l'allenamento fisico e vocale pu\u00f2 essere applicato per andare oltre i limiti del modello stanislavskiano  \u2022 Un'opportunit\u00e0 di confrontarsi con il feedback di un professionista stimato del settore  \u2022 Esercitare la lingua inglese in un contesto professionale attoriale  \u2022 Ottenere materiale video per il proprio showreel    &nbsp;  <blockquote><em><strong>Nicholas Rapp<\/strong> \u00e8 un artista del teatro specializzato nella reinterpretazione dei testi classici. Essendo stato allievo di Lee Breuer e Gabor Tompa, Nicholas ha sviluppato un interesse per la sperimentazione formale. Il suo lavoro \u00e8 stato presentato a Los Angeles, New York, San Diego e altrove. Laureato alla UCLA per poi conseguire il Master in Fine Arts (MFA) in Teatro e Regia alla UC San Diego.<\/em><\/blockquote>\",\"location\":[{\"@type\":\"Place\",\"name\":\"ELF Teatro\",\"address\":{\"@type\": \"PostalAddress\",\"streetAddress\":\"via S.G Emiliani 1, Milano\"}}],\"eventStatus\":\"https:\/\/schema.org\/EventScheduled\"}<\/script><\/div>\n\t\t\t\t<p class=\"desc_trig_outter\" style=\"\"><a data-gmap_status=\"null\" data-exlk=\"0\" style=\"background-color: #a74349;\" id=\"evc_17634906001009\" class=\"desc_trig sin_val evcal_list_a\" data-ux_val=\"1\" data-ux_val_mob=\"-\"  ><span class='evoet_c2 evoet_cx'><span class='evoet_dayblock evcal_cblock' data-bgcolor='#a74349' data-smon='Novembre' data-syr='2025'><span class='evo_start'><em class='date'>18<\/em><em class='month'>nov<\/em><em class='time'>19:30<\/em><\/span><span class='evo_end only_time'><em class='time'>23:30<\/em><\/span><\/span><\/span><span style='display:none' class='event_location_attrs'  data-location_address=\"via S.G Emiliani 1, Milano\" data-location_type=\"address\" data-location_name=\"ELF Teatro\" data-location_url=\"https:\/\/civilwordsaps.it\/en\/event-location\/elf-teatro\/\" data-location_status=\"true\"><\/span><span class='evoet_c3 evoet_cx evcal_desc evo_info' ><span class='evoet_tags evo_above_title'><\/span><span class='evoet_title evcal_desc2 evcal_event_title' itemprop='name'>The Integrated Actor<\/span><span class='evoet_subtitle evo_below_title'><span class='evcal_event_subtitle' >COURSE \/ LESSON 1<\/span><\/span><span class='evoet_time_expand level_3 evcal_desc_info evogap10'><\/span><span class='evcal_desc3'><\/span><\/span><em class='evoet_data' style='display:none' data-bgc='#a74349'data-bggrad=''><\/em><\/a><\/p><div class='event_description evcal_eventcard' style=\"display:none\"><div class='evocard_row'><div class='evocard_box ftimage' data-c='ffffff' \n\t\t\t\t\tstyle='background-color:#ffffff'><div class='evo_metarow_directimg evcal_evdata_row'><img class='evo_event_main_img' src='https:\/\/civilwordsaps.it\/wp-content\/uploads\/2026\/01\/banner-home-attore-integrato_mono.png' \/><\/div><\/div><\/div><div class='evocard_row bx2 bx'><div class='evocard_box time' data-c='ffffff' \n\t\t\t\t\tstyle='background-color:#ffffff'><div class='evo_metarow_time evorow evcal_evdata_row evcal_evrow_sm'>\n\t\t<span class='evcal_evdata_icons'><i class='fa fa-clock'><\/i><\/span>\n\t\t<div class='evcal_evdata_cell'>\t\t\t\t\t\t\t\n\t\t\t<h3 class='evo_h3'><span class='evcal_evdata_icons'><i class='fa fa-clock'><\/i><\/span>Hours<\/h3><p><span class='evo_eventcard_time_t'>18\/11\/2025 19:30 &#8211; 23:30<\/span><\/p>\n\t\t<\/div>\n\t<\/div><\/div><div class='evocard_box location' data-c='ffffff' \n\t\t\t\t\tstyle='background-color:#ffffff'><div class='evcal_evdata_row evo_metarow_time_location evorow'>\n\t\t\n\t\t\t<span class='evcal_evdata_icons'><i class='fa fa-map-marker'><\/i><\/span>\n\t\t\t<div class='evcal_evdata_cell' data-loc_tax_id='42'><h3 class='evo_h3'><span class='evcal_evdata_icons'><i class='fa fa-map-marker'><\/i><\/span>Location<\/h3><p class='evo_location_name' style='margin-bottom:10px; font-size:15px;'>ELF Teatro<\/p><p class='evo_location_address evodfxi evogap10'>via S.G Emiliani 1, Milano<a href='https:\/\/www.google.com\/maps?q=via+S.G+Emiliani+1%2C+Milano' target='_blank'><i class='fa fa-arrow-up-right-from-square'><\/i><\/a><\/p><\/div>\n\t\t\n\t<\/div><\/div><\/div><div class='evocard_row'><div class='evocard_box eventdetails' data-c='ffffff' \n\t\t\t\t\tstyle='background-color:#ffffff'><div class=\"evo_metarow_details evorow evcal_evdata_row evcal_event_details\">\n    <div class=\"event_excerpt\" style=\"display:none\"><h3 class=\"padb5 evo_h3\">Event details<\/h3><p>Dopo il successo dell&#8217;edizione precedente, il corso avanzato di recitazione &#8220;L&#8217;ATTORE INTEGRATO&#8221; di Civil Words torna all&#8217;ELF Teatro, diretto dal regista Nicholas Rapp. Questo programma di formazione spinge l&#8217;arte della<\/p><\/div><span class='evcal_evdata_icons'><i class='fa fa-align-justify'><\/i><\/span>    <div class=\"evcal_evdata_cell\">\n        <div class=\"eventon_full_description\">\n            <h3 class=\"padb5 evo_h3\"><span class='evcal_evdata_icons'><i class='fa fa-align-justify'><\/i><\/span>Event details<\/h3>\n            <div class=\"eventon_desc_in\" itemprop=\"description\">\n                Dopo il successo dell&#8217;edizione precedente, il corso avanzato di recitazione &#8220;L&#8217;ATTORE INTEGRATO&#8221; di Civil Words torna all&#8217;ELF Teatro, diretto dal regista <strong>Nicholas Rapp<\/strong>. Questo programma di formazione spinge l&#8217;arte della recitazione oltre i confini della tecnica, nello spazio dell&#8217;impulso.\r\n\r\nL&#8217;Attore Integrato combina un&#8217;analisi disciplinata del testo con un rigoroso allenamento fisico e vocale, creando un ambiente in cui gli attori esperti possono superare i limiti creativi e uscire dalla propria testa. Come sempre, il corso inizier\u00e0 con il lavoro sul corpo e sul movimento, seguito da scene del drammaturgo designato dell&#8217;anno (Tennessee Williams). Il corso incoraggia un&#8217;esplorazione personale e profonda di personaggi e testi, garantendo che ogni spettacolo sia un&#8217;opera d&#8217;arte unica e vivente.\r\n\r\nQuesto non \u00e8 solo un &#8220;corso di recitazione&#8221;, ma:\r\n\u2022 Allenamento vocale, utilizzando esercizi del sistema Linklater\r\n\u2022 Allenamento fisico, utilizzando esercizi del metodo Grotowski e Viewpoints\r\n\u2022 Allenamento al lavoro sul testo, imparando a recitare e applicare l&#8217;analisi del copione\r\n\u2022 Uno spazio di sperimentazione ed esplorazione, dove l&#8217;allenamento fisico e vocale pu\u00f2 essere applicato per andare oltre i limiti del modello stanislavskiano\r\n\u2022 Un&#8217;opportunit\u00e0 di confrontarsi con il feedback di un professionista stimato del settore\r\n\u2022 Esercitare la lingua inglese in un contesto professionale attoriale\r\n\u2022 Ottenere materiale video per il proprio showreel\r\n\r\n\u00a0\r\n<blockquote><em><strong>Nicholas Rapp<\/strong> is a theater artist specializing in the reinterpretation of classical texts. Having studied with Lee Breuer and Gabor Tompa, Nicholas developed an interest in formal experimentation. His work has been presented in Los Angeles, New York, San Diego, and elsewhere. He graduated from UCLA and earned his Master of Fine Arts (MFA) in Theater and Directing from UC San Diego.<\/em><\/blockquote>            <\/div>\n            <div class='clear'><\/div>        <\/div>\n    <\/div>\n<\/div><\/div><\/div><div class='evocard_row'><div class='evocard_box learnmore' data-c='ffffff' \n\t\t\t\t\tstyle='background-color:#ffffff'><div class='evo_metarow_learnM evo_metarow_learnmore evorow'>\n\t\t\t\t\t\t\t<a class='evcal_evdata_row evo_clik_row' href='https:\/\/civilwordsaps.it\/en\/corso-avanzato-di-recitazione-lattore-integrato\/' >\n\t\t\t\t\t\t\t\t<span class='evcal_evdata_icons'><i class='fa fa-link'><\/i><\/span>\n\t\t\t\t\t\t\t\t<h3 class='evo_h3 evopad0i'>Learn more<\/h3>\n\t\t\t\t\t\t\t<\/a>\n\t\t\t\t\t\t\t<\/div><\/div><\/div><div class='evo_card_row_end evcal_close' title='Chiudi'><\/div><\/div><div class='clear end'><\/div><\/div><div id=\"event_1010_0\" class=\"eventon_list_event evo_eventtop scheduled past_event event event_1010_0\" data-event_id=\"1010\" data-ri=\"0r\" data-time=\"1764095400-1764109800\" data-colr=\"#a74349\" itemscope itemtype='http:\/\/schema.org\/Event'><div class=\"evo_event_schema\" style=\"display:none\" ><a itemprop='url'  href='https:\/\/civilwordsaps.it\/en\/evento\/corso-attore-integrato-lezione-2\/'><\/a><meta itemprop='image' content=\"https:\/\/civilwordsaps.it\/wp-content\/uploads\/2026\/01\/banner-home-attore-integrato_mono.png\" \/><meta itemprop='startDate' content=\"2025-11-25T19:30+0:00\" \/><meta itemprop='endDate' content=\"2025-11-25T23:30+0:00\" \/><meta itemprop='eventStatus' content=\"https:\/\/schema.org\/EventScheduled\" \/><item style=\"display:none\" itemprop=\"location\" itemscope itemtype=\"http:\/\/schema.org\/Place\"><span itemprop=\"name\">ELF Teatro<\/span><span itemprop=\"address\" itemscope itemtype=\"http:\/\/schema.org\/PostalAddress\"><item itemprop=\"streetAddress\">via S.G Emiliani 1, Milano<\/item><\/span><\/item><item style=\"display:none\" itemprop=\"eventAttendanceMode\" itemscope itemtype=\"https:\/\/schema.org\/OfflineEventAttendanceMode\"><\/item><script type=\"application\/ld+json\">{\"@context\": \"http:\/\/schema.org\",\"@type\": \"Event\",\n\t\t\t\t\"@id\": \"event_1010_0\",\n\t\t\t\t\"eventAttendanceMode\":\"https:\/\/schema.org\/OfflineEventAttendanceMode\",\n\t\t\t\t\"name\": \"L&#039;Attore Integrato\",\n\t\t\t\t\"url\": \"https:\/\/civilwordsaps.it\/en\/evento\/corso-attore-integrato-lezione-2\/\",\n\t\t\t\t\"startDate\": \"2025-11-25T19:30+0:00\",\n\t\t\t\t\"endDate\": \"2025-11-25T23:30+0:00\",\n\t\t\t\t\"image\":\"https:\/\/civilwordsaps.it\/wp-content\/uploads\/2026\/01\/banner-home-attore-integrato_mono.png\", \n\t\t\t\t\"description\":\"Dopo il successo dell\u2019edizione precedente, il corso avanzato di recitazione \u201cL\u2019ATTORE INTEGRATO\u201d di Civil Words torna all\u2019ELF Teatro, diretto dal regista\u00a0<strong>Nicholas Rapp<\/strong>. Questo programma di formazione spinge l\u2019arte della recitazione oltre i confini della tecnica, nello spazio dell\u2019impulso.    L\u2019Attore Integrato combina un\u2019analisi disciplinata del testo con un rigoroso allenamento fisico e vocale, creando un ambiente in cui gli attori esperti possono superare i limiti creativi e uscire dalla propria testa. Come sempre, il corso inizier\u00e0 con il lavoro sul corpo e sul movimento, seguito da scene del drammaturgo designato dell\u2019anno (Tennessee Williams). Il corso incoraggia un\u2019esplorazione personale e profonda di personaggi e testi, garantendo che ogni spettacolo sia un\u2019opera d\u2019arte unica e vivente.    Questo non \u00e8 solo un \u201ccorso di recitazione\u201d, ma:  \u2022 Allenamento vocale, utilizzando esercizi del sistema Linklater  \u2022 Allenamento fisico, utilizzando esercizi del metodo Grotowski e Viewpoints  \u2022 Allenamento al lavoro sul testo, imparando a recitare e applicare l\u2019analisi del copione  \u2022 Uno spazio di sperimentazione ed esplorazione, dove l\u2019allenamento fisico e vocale pu\u00f2 essere applicato per andare oltre i limiti del modello stanislavskiano  \u2022 Un\u2019opportunit\u00e0 di confrontarsi con il feedback di un professionista stimato del settore  \u2022 Esercitare la lingua inglese in un contesto professionale attoriale  \u2022 Ottenere materiale video per il proprio showreel    &nbsp;  <blockquote><em><strong>Nicholas Rapp<\/strong>\u00a0\u00e8 un artista del teatro specializzato nella reinterpretazione dei testi classici. Essendo stato allievo di Lee Breuer e Gabor Tompa, Nicholas ha sviluppato un interesse per la sperimentazione formale. Il suo lavoro \u00e8 stato presentato a Los Angeles, New York, San Diego e altrove. Laureato alla UCLA per poi conseguire il Master in Fine Arts (MFA) in Teatro e Regia alla UC San Diego.<\/em><\/blockquote>\",\"location\":[{\"@type\":\"Place\",\"name\":\"ELF Teatro\",\"address\":{\"@type\": \"PostalAddress\",\"streetAddress\":\"via S.G Emiliani 1, Milano\"}}],\"eventStatus\":\"https:\/\/schema.org\/EventScheduled\"}<\/script><\/div>\n\t\t\t\t<p class=\"desc_trig_outter\" style=\"\"><a data-gmap_status=\"null\" data-exlk=\"0\" style=\"background-color: #a74349;\" id=\"evc_17640954001010\" class=\"desc_trig sin_val evcal_list_a\" data-ux_val=\"1\" data-ux_val_mob=\"-\"  ><span class='evoet_c2 evoet_cx'><span class='evoet_dayblock evcal_cblock' data-bgcolor='#a74349' data-smon='Novembre' data-syr='2025'><span class='evo_start'><em class='date'>25<\/em><em class='month'>nov<\/em><em class='time'>19:30<\/em><\/span><span class='evo_end only_time'><em class='time'>23:30<\/em><\/span><\/span><\/span><span style='display:none' class='event_location_attrs'  data-location_address=\"via S.G Emiliani 1, Milano\" data-location_type=\"address\" data-location_name=\"ELF Teatro\" data-location_url=\"https:\/\/civilwordsaps.it\/en\/event-location\/elf-teatro\/\" data-location_status=\"true\"><\/span><span class='evoet_c3 evoet_cx evcal_desc evo_info' ><span class='evoet_tags evo_above_title'><\/span><span class='evoet_title evcal_desc2 evcal_event_title' itemprop='name'>The Integrated Actor<\/span><span class='evoet_subtitle evo_below_title'><span class='evcal_event_subtitle' >COURSE \/ LESSON 2<\/span><\/span><span class='evoet_time_expand level_3 evcal_desc_info evogap10'><\/span><span class='evcal_desc3'><\/span><\/span><em class='evoet_data' style='display:none' data-bgc='#a74349'data-bggrad=''><\/em><\/a><\/p><div class='event_description evcal_eventcard' style=\"display:none\"><div class='evocard_row'><div class='evocard_box ftimage' data-c='ffffff' \n\t\t\t\t\tstyle='background-color:#ffffff'><div class='evo_metarow_directimg evcal_evdata_row'><img class='evo_event_main_img' src='https:\/\/civilwordsaps.it\/wp-content\/uploads\/2026\/01\/banner-home-attore-integrato_mono.png' \/><\/div><\/div><\/div><div class='evocard_row bx2 bx'><div class='evocard_box time' data-c='ffffff' \n\t\t\t\t\tstyle='background-color:#ffffff'><div class='evo_metarow_time evorow evcal_evdata_row evcal_evrow_sm'>\n\t\t<span class='evcal_evdata_icons'><i class='fa fa-clock'><\/i><\/span>\n\t\t<div class='evcal_evdata_cell'>\t\t\t\t\t\t\t\n\t\t\t<h3 class='evo_h3'><span class='evcal_evdata_icons'><i class='fa fa-clock'><\/i><\/span>Hours<\/h3><p><span class='evo_eventcard_time_t'>25\/11\/2025 19:30 &#8211; 23:30<\/span><\/p>\n\t\t<\/div>\n\t<\/div><\/div><div class='evocard_box location' data-c='ffffff' \n\t\t\t\t\tstyle='background-color:#ffffff'><div class='evcal_evdata_row evo_metarow_time_location evorow'>\n\t\t\n\t\t\t<span class='evcal_evdata_icons'><i class='fa fa-map-marker'><\/i><\/span>\n\t\t\t<div class='evcal_evdata_cell' data-loc_tax_id='42'><h3 class='evo_h3'><span class='evcal_evdata_icons'><i class='fa fa-map-marker'><\/i><\/span>Location<\/h3><p class='evo_location_name' style='margin-bottom:10px; font-size:15px;'>ELF Teatro<\/p><p class='evo_location_address evodfxi evogap10'>via S.G Emiliani 1, Milano<a href='https:\/\/www.google.com\/maps?q=via+S.G+Emiliani+1%2C+Milano' target='_blank'><i class='fa fa-arrow-up-right-from-square'><\/i><\/a><\/p><\/div>\n\t\t\n\t<\/div><\/div><\/div><div class='evocard_row'><div class='evocard_box eventdetails' data-c='ffffff' \n\t\t\t\t\tstyle='background-color:#ffffff'><div class=\"evo_metarow_details evorow evcal_evdata_row evcal_event_details\">\n    <div class=\"event_excerpt\" style=\"display:none\"><h3 class=\"padb5 evo_h3\">Event details<\/h3><p>Dopo il successo dell\u2019edizione precedente, il corso avanzato di recitazione \u201cL\u2019ATTORE INTEGRATO\u201d di Civil Words torna all\u2019ELF Teatro, diretto dal regista\u00a0Nicholas Rapp. Questo programma di formazione spinge l\u2019arte della recitazione<\/p><\/div><span class='evcal_evdata_icons'><i class='fa fa-align-justify'><\/i><\/span>    <div class=\"evcal_evdata_cell\">\n        <div class=\"eventon_full_description\">\n            <h3 class=\"padb5 evo_h3\"><span class='evcal_evdata_icons'><i class='fa fa-align-justify'><\/i><\/span>Event details<\/h3>\n            <div class=\"eventon_desc_in\" itemprop=\"description\">\n                After the success of the previous edition, the advanced acting course \u201cTHE INTEGRATED ACTOR\u201d by Civil Words returns to the ELF Teatro, directed by the director\u00a0<strong>Nicholas Rapp<\/strong>This training program pushes the art of acting beyond the confines of technique, into the realm of impulse. The Integrated Actor combines disciplined text analysis with rigorous physical and vocal training, creating an environment where experienced actors can push creative boundaries and step outside their own heads. As always, the course will begin with body and movement work, followed by scenes from the nominated playwright of the year (Tennessee Williams). The course encourages a personal and in-depth exploration of characters and texts, ensuring that each performance is a unique, living work of art.\nThis isn't just an \"acting course,\" but:\n\u2022 Vocal training, using exercises from the Linklater system\n\u2022 Physical training, using exercises from the Grotowski method and Viewpoints\n\u2022 Training in working with the text, learning to act and apply script analysis\n\u2022 A space for experimentation and exploration, where physical and vocal training can be applied to go beyond the limits of the Stanislavskian model\n\u2022 An opportunity to engage with feedback from a respected professional in the field\n\u2022 Practice your English in a professional acting context\n\u2022 Obtain video material for your showreel\r\n\r\n\u00a0\r\n<blockquote><em><strong>Nicholas Rapp<\/strong>\u00a0is a theater artist specializing in the reinterpretation of classical texts. Having studied with Lee Breuer and Gabor Tompa, Nicholas developed an interest in formal experimentation. His work has been presented in Los Angeles, New York, San Diego, and elsewhere. He graduated from UCLA and earned his Master of Fine Arts (MFA) in Theater and Directing from UC San Diego.<\/em><\/blockquote>            <\/div>\n            <div class='clear'><\/div>        <\/div>\n    <\/div>\n<\/div><\/div><\/div><div class='evocard_row'><div class='evocard_box learnmore' data-c='ffffff' \n\t\t\t\t\tstyle='background-color:#ffffff'><div class='evo_metarow_learnM evo_metarow_learnmore evorow'>\n\t\t\t\t\t\t\t<a class='evcal_evdata_row evo_clik_row' href='https:\/\/civilwordsaps.it\/en\/corso-avanzato-di-recitazione-lattore-integrato\/' >\n\t\t\t\t\t\t\t\t<span class='evcal_evdata_icons'><i class='fa fa-link'><\/i><\/span>\n\t\t\t\t\t\t\t\t<h3 class='evo_h3 evopad0i'>Learn more<\/h3>\n\t\t\t\t\t\t\t<\/a>\n\t\t\t\t\t\t\t<\/div><\/div><\/div><div class='evo_card_row_end evcal_close' title='Chiudi'><\/div><\/div><div class='clear end'><\/div><\/div><\/div><div class='evcal_month_line' data-d='eml_12_2025'><p>December 2025<\/p><\/div><div class='sep_month_events' data-d='eml_12_2025'><div id=\"event_1011_0\" class=\"eventon_list_event evo_eventtop scheduled past_event event event_1011_0\" data-event_id=\"1011\" data-ri=\"0r\" data-time=\"1764700200-1764714600\" data-colr=\"#a74349\" itemscope itemtype='http:\/\/schema.org\/Event'><div class=\"evo_event_schema\" style=\"display:none\" ><a itemprop='url'  href='https:\/\/civilwordsaps.it\/en\/evento\/corso-attore-integrato-lezione-3\/'><\/a><meta itemprop='image' content=\"https:\/\/civilwordsaps.it\/wp-content\/uploads\/2026\/01\/banner-home-attore-integrato_mono.png\" \/><meta itemprop='startDate' content=\"2025-12-2T19:30+0:00\" \/><meta itemprop='endDate' content=\"2025-12-2T23:30+0:00\" \/><meta itemprop='eventStatus' content=\"https:\/\/schema.org\/EventScheduled\" \/><item style=\"display:none\" itemprop=\"location\" itemscope itemtype=\"http:\/\/schema.org\/Place\"><span itemprop=\"name\">ELF Teatro<\/span><span itemprop=\"address\" itemscope itemtype=\"http:\/\/schema.org\/PostalAddress\"><item itemprop=\"streetAddress\">via S.G Emiliani 1, Milano<\/item><\/span><\/item><item style=\"display:none\" itemprop=\"eventAttendanceMode\" itemscope itemtype=\"https:\/\/schema.org\/OfflineEventAttendanceMode\"><\/item><script type=\"application\/ld+json\">{\"@context\": \"http:\/\/schema.org\",\"@type\": \"Event\",\n\t\t\t\t\"@id\": \"event_1011_0\",\n\t\t\t\t\"eventAttendanceMode\":\"https:\/\/schema.org\/OfflineEventAttendanceMode\",\n\t\t\t\t\"name\": \"L&#039;Attore Integrato\",\n\t\t\t\t\"url\": \"https:\/\/civilwordsaps.it\/en\/evento\/corso-attore-integrato-lezione-3\/\",\n\t\t\t\t\"startDate\": \"2025-12-2T19:30+0:00\",\n\t\t\t\t\"endDate\": \"2025-12-2T23:30+0:00\",\n\t\t\t\t\"image\":\"https:\/\/civilwordsaps.it\/wp-content\/uploads\/2026\/01\/banner-home-attore-integrato_mono.png\", \n\t\t\t\t\"description\":\"Dopo il successo dell\u2019edizione precedente, il corso avanzato di recitazione \u201cL\u2019ATTORE INTEGRATO\u201d di Civil Words torna all\u2019ELF Teatro, diretto dal regista\u00a0<strong>Nicholas Rapp<\/strong>. Questo programma di formazione spinge l\u2019arte della recitazione oltre i confini della tecnica, nello spazio dell\u2019impulso.    L\u2019Attore Integrato combina un\u2019analisi disciplinata del testo con un rigoroso allenamento fisico e vocale, creando un ambiente in cui gli attori esperti possono superare i limiti creativi e uscire dalla propria testa. Come sempre, il corso inizier\u00e0 con il lavoro sul corpo e sul movimento, seguito da scene del drammaturgo designato dell\u2019anno (Tennessee Williams). Il corso incoraggia un\u2019esplorazione personale e profonda di personaggi e testi, garantendo che ogni spettacolo sia un\u2019opera d\u2019arte unica e vivente.    Questo non \u00e8 solo un \u201ccorso di recitazione\u201d, ma:  \u2022 Allenamento vocale, utilizzando esercizi del sistema Linklater  \u2022 Allenamento fisico, utilizzando esercizi del metodo Grotowski e Viewpoints  \u2022 Allenamento al lavoro sul testo, imparando a recitare e applicare l\u2019analisi del copione  \u2022 Uno spazio di sperimentazione ed esplorazione, dove l\u2019allenamento fisico e vocale pu\u00f2 essere applicato per andare oltre i limiti del modello stanislavskiano  \u2022 Un\u2019opportunit\u00e0 di confrontarsi con il feedback di un professionista stimato del settore  \u2022 Esercitare la lingua inglese in un contesto professionale attoriale  \u2022 Ottenere materiale video per il proprio showreel    &nbsp;  <blockquote><em><strong>Nicholas Rapp<\/strong>\u00a0\u00e8 un artista del teatro specializzato nella reinterpretazione dei testi classici. Essendo stato allievo di Lee Breuer e Gabor Tompa, Nicholas ha sviluppato un interesse per la sperimentazione formale. Il suo lavoro \u00e8 stato presentato a Los Angeles, New York, San Diego e altrove. Laureato alla UCLA per poi conseguire il Master in Fine Arts (MFA) in Teatro e Regia alla UC San Diego.<\/em><\/blockquote>\",\"location\":[{\"@type\":\"Place\",\"name\":\"ELF Teatro\",\"address\":{\"@type\": \"PostalAddress\",\"streetAddress\":\"via S.G Emiliani 1, Milano\"}}],\"eventStatus\":\"https:\/\/schema.org\/EventScheduled\"}<\/script><\/div>\n\t\t\t\t<p class=\"desc_trig_outter\" style=\"\"><a data-gmap_status=\"null\" data-exlk=\"0\" style=\"background-color: #a74349;\" id=\"evc_17647002001011\" class=\"desc_trig sin_val evcal_list_a\" data-ux_val=\"1\" data-ux_val_mob=\"-\"  ><span class='evoet_c2 evoet_cx'><span class='evoet_dayblock evcal_cblock' data-bgcolor='#a74349' data-smon='Dicembre' data-syr='2025'><span class='evo_start'><em class='date'>02<\/em><em class='month'>dic<\/em><em class='time'>19:30<\/em><\/span><span class='evo_end only_time'><em class='time'>23:30<\/em><\/span><\/span><\/span><span style='display:none' class='event_location_attrs'  data-location_address=\"via S.G Emiliani 1, Milano\" data-location_type=\"address\" data-location_name=\"ELF Teatro\" data-location_url=\"https:\/\/civilwordsaps.it\/en\/event-location\/elf-teatro\/\" data-location_status=\"true\"><\/span><span class='evoet_c3 evoet_cx evcal_desc evo_info' ><span class='evoet_tags evo_above_title'><\/span><span class='evoet_title evcal_desc2 evcal_event_title' itemprop='name'>The Integrated Actor<\/span><span class='evoet_subtitle evo_below_title'><span class='evcal_event_subtitle' >COURSE \/ LESSON 3<\/span><\/span><span class='evoet_time_expand level_3 evcal_desc_info evogap10'><\/span><span class='evcal_desc3'><\/span><\/span><em class='evoet_data' style='display:none' data-bgc='#a74349'data-bggrad=''><\/em><\/a><\/p><div class='event_description evcal_eventcard' style=\"display:none\"><div class='evocard_row'><div class='evocard_box ftimage' data-c='ffffff' \n\t\t\t\t\tstyle='background-color:#ffffff'><div class='evo_metarow_directimg evcal_evdata_row'><img class='evo_event_main_img' src='https:\/\/civilwordsaps.it\/wp-content\/uploads\/2026\/01\/banner-home-attore-integrato_mono.png' \/><\/div><\/div><\/div><div class='evocard_row bx2 bx'><div class='evocard_box time' data-c='ffffff' \n\t\t\t\t\tstyle='background-color:#ffffff'><div class='evo_metarow_time evorow evcal_evdata_row evcal_evrow_sm'>\n\t\t<span class='evcal_evdata_icons'><i class='fa fa-clock'><\/i><\/span>\n\t\t<div class='evcal_evdata_cell'>\t\t\t\t\t\t\t\n\t\t\t<h3 class='evo_h3'><span class='evcal_evdata_icons'><i class='fa fa-clock'><\/i><\/span>Hours<\/h3><p><span class='evo_eventcard_time_t'>02\/12\/2025 19:30 &#8211; 23:30<\/span><\/p>\n\t\t<\/div>\n\t<\/div><\/div><div class='evocard_box location' data-c='ffffff' \n\t\t\t\t\tstyle='background-color:#ffffff'><div class='evcal_evdata_row evo_metarow_time_location evorow'>\n\t\t\n\t\t\t<span class='evcal_evdata_icons'><i class='fa fa-map-marker'><\/i><\/span>\n\t\t\t<div class='evcal_evdata_cell' data-loc_tax_id='42'><h3 class='evo_h3'><span class='evcal_evdata_icons'><i class='fa fa-map-marker'><\/i><\/span>Location<\/h3><p class='evo_location_name' style='margin-bottom:10px; font-size:15px;'>ELF Teatro<\/p><p class='evo_location_address evodfxi evogap10'>via S.G Emiliani 1, Milano<a href='https:\/\/www.google.com\/maps?q=via+S.G+Emiliani+1%2C+Milano' target='_blank'><i class='fa fa-arrow-up-right-from-square'><\/i><\/a><\/p><\/div>\n\t\t\n\t<\/div><\/div><\/div><div class='evocard_row'><div class='evocard_box eventdetails' data-c='ffffff' \n\t\t\t\t\tstyle='background-color:#ffffff'><div class=\"evo_metarow_details evorow evcal_evdata_row evcal_event_details\">\n    <div class=\"event_excerpt\" style=\"display:none\"><h3 class=\"padb5 evo_h3\">Event details<\/h3><p>Dopo il successo dell\u2019edizione precedente, il corso avanzato di recitazione \u201cL\u2019ATTORE INTEGRATO\u201d di Civil Words torna all\u2019ELF Teatro, diretto dal regista\u00a0Nicholas Rapp. Questo programma di formazione spinge l\u2019arte della recitazione<\/p><\/div><span class='evcal_evdata_icons'><i class='fa fa-align-justify'><\/i><\/span>    <div class=\"evcal_evdata_cell\">\n        <div class=\"eventon_full_description\">\n            <h3 class=\"padb5 evo_h3\"><span class='evcal_evdata_icons'><i class='fa fa-align-justify'><\/i><\/span>Event details<\/h3>\n            <div class=\"eventon_desc_in\" itemprop=\"description\">\n                After the success of the previous edition, the advanced acting course \u201cTHE INTEGRATED ACTOR\u201d by Civil Words returns to the ELF Teatro, directed by the director\u00a0<strong>Nicholas Rapp<\/strong>This training program pushes the art of acting beyond the confines of technique, into the realm of impulse. The Integrated Actor combines disciplined text analysis with rigorous physical and vocal training, creating an environment where experienced actors can push creative boundaries and step outside their own heads. As always, the course will begin with body and movement work, followed by scenes from the nominated playwright of the year (Tennessee Williams). The course encourages a personal and in-depth exploration of characters and texts, ensuring that each performance is a unique, living work of art.\nThis isn't just an \"acting course,\" but:\n\u2022 Vocal training, using exercises from the Linklater system\n\u2022 Physical training, using exercises from the Grotowski method and Viewpoints\n\u2022 Training in working with the text, learning to act and apply script analysis\n\u2022 A space for experimentation and exploration, where physical and vocal training can be applied to go beyond the limits of the Stanislavskian model\n\u2022 An opportunity to engage with feedback from a respected professional in the field\n\u2022 Practice your English in a professional acting context\n\u2022 Obtain video material for your showreel\r\n\r\n\u00a0\r\n<blockquote><em><strong>Nicholas Rapp<\/strong>\u00a0is a theater artist specializing in the reinterpretation of classical texts. Having studied with Lee Breuer and Gabor Tompa, Nicholas developed an interest in formal experimentation. His work has been presented in Los Angeles, New York, San Diego, and elsewhere. He graduated from UCLA and earned his Master of Fine Arts (MFA) in Theater and Directing from UC San Diego.<\/em><\/blockquote>            <\/div>\n            <div class='clear'><\/div>        <\/div>\n    <\/div>\n<\/div><\/div><\/div><div class='evocard_row'><div class='evocard_box learnmore' data-c='ffffff' \n\t\t\t\t\tstyle='background-color:#ffffff'><div class='evo_metarow_learnM evo_metarow_learnmore evorow'>\n\t\t\t\t\t\t\t<a class='evcal_evdata_row evo_clik_row' href='https:\/\/civilwordsaps.it\/en\/corso-avanzato-di-recitazione-lattore-integrato\/' >\n\t\t\t\t\t\t\t\t<span class='evcal_evdata_icons'><i class='fa fa-link'><\/i><\/span>\n\t\t\t\t\t\t\t\t<h3 class='evo_h3 evopad0i'>Learn more<\/h3>\n\t\t\t\t\t\t\t<\/a>\n\t\t\t\t\t\t\t<\/div><\/div><\/div><div class='evo_card_row_end evcal_close' title='Chiudi'><\/div><\/div><div class='clear end'><\/div><\/div><div id=\"event_1012_0\" class=\"eventon_list_event evo_eventtop scheduled past_event event event_1012_0\" data-event_id=\"1012\" data-ri=\"0r\" data-time=\"1765305000-1765319400\" data-colr=\"#a74349\" itemscope itemtype='http:\/\/schema.org\/Event'><div class=\"evo_event_schema\" style=\"display:none\" ><a itemprop='url'  href='https:\/\/civilwordsaps.it\/en\/evento\/corso-attore-integrato-lezione-4\/'><\/a><meta itemprop='image' content=\"https:\/\/civilwordsaps.it\/wp-content\/uploads\/2026\/01\/banner-home-attore-integrato_mono.png\" \/><meta itemprop='startDate' content=\"2025-12-9T19:30+0:00\" \/><meta itemprop='endDate' content=\"2025-12-9T23:30+0:00\" \/><meta itemprop='eventStatus' content=\"https:\/\/schema.org\/EventScheduled\" \/><item style=\"display:none\" itemprop=\"location\" itemscope itemtype=\"http:\/\/schema.org\/Place\"><span itemprop=\"name\">ELF Teatro<\/span><span itemprop=\"address\" itemscope itemtype=\"http:\/\/schema.org\/PostalAddress\"><item itemprop=\"streetAddress\">via S.G Emiliani 1, Milano<\/item><\/span><\/item><item style=\"display:none\" itemprop=\"eventAttendanceMode\" itemscope itemtype=\"https:\/\/schema.org\/OfflineEventAttendanceMode\"><\/item><script type=\"application\/ld+json\">{\"@context\": \"http:\/\/schema.org\",\"@type\": \"Event\",\n\t\t\t\t\"@id\": \"event_1012_0\",\n\t\t\t\t\"eventAttendanceMode\":\"https:\/\/schema.org\/OfflineEventAttendanceMode\",\n\t\t\t\t\"name\": \"L&#039;Attore Integrato\",\n\t\t\t\t\"url\": \"https:\/\/civilwordsaps.it\/en\/evento\/corso-attore-integrato-lezione-4\/\",\n\t\t\t\t\"startDate\": \"2025-12-9T19:30+0:00\",\n\t\t\t\t\"endDate\": \"2025-12-9T23:30+0:00\",\n\t\t\t\t\"image\":\"https:\/\/civilwordsaps.it\/wp-content\/uploads\/2026\/01\/banner-home-attore-integrato_mono.png\", \n\t\t\t\t\"description\":\"Dopo il successo dell\u2019edizione precedente, il corso avanzato di recitazione \u201cL\u2019ATTORE INTEGRATO\u201d di Civil Words torna all\u2019ELF Teatro, diretto dal regista\u00a0<strong>Nicholas Rapp<\/strong>. Questo programma di formazione spinge l\u2019arte della recitazione oltre i confini della tecnica, nello spazio dell\u2019impulso.    L\u2019Attore Integrato combina un\u2019analisi disciplinata del testo con un rigoroso allenamento fisico e vocale, creando un ambiente in cui gli attori esperti possono superare i limiti creativi e uscire dalla propria testa. Come sempre, il corso inizier\u00e0 con il lavoro sul corpo e sul movimento, seguito da scene del drammaturgo designato dell\u2019anno (Tennessee Williams). Il corso incoraggia un\u2019esplorazione personale e profonda di personaggi e testi, garantendo che ogni spettacolo sia un\u2019opera d\u2019arte unica e vivente.    Questo non \u00e8 solo un \u201ccorso di recitazione\u201d, ma:  \u2022 Allenamento vocale, utilizzando esercizi del sistema Linklater  \u2022 Allenamento fisico, utilizzando esercizi del metodo Grotowski e Viewpoints  \u2022 Allenamento al lavoro sul testo, imparando a recitare e applicare l\u2019analisi del copione  \u2022 Uno spazio di sperimentazione ed esplorazione, dove l\u2019allenamento fisico e vocale pu\u00f2 essere applicato per andare oltre i limiti del modello stanislavskiano  \u2022 Un\u2019opportunit\u00e0 di confrontarsi con il feedback di un professionista stimato del settore  \u2022 Esercitare la lingua inglese in un contesto professionale attoriale  \u2022 Ottenere materiale video per il proprio showreel    &nbsp;  <blockquote><em><strong>Nicholas Rapp<\/strong>\u00a0\u00e8 un artista del teatro specializzato nella reinterpretazione dei testi classici. Essendo stato allievo di Lee Breuer e Gabor Tompa, Nicholas ha sviluppato un interesse per la sperimentazione formale. Il suo lavoro \u00e8 stato presentato a Los Angeles, New York, San Diego e altrove. Laureato alla UCLA per poi conseguire il Master in Fine Arts (MFA) in Teatro e Regia alla UC San Diego.<\/em><\/blockquote>\",\"location\":[{\"@type\":\"Place\",\"name\":\"ELF Teatro\",\"address\":{\"@type\": \"PostalAddress\",\"streetAddress\":\"via S.G Emiliani 1, Milano\"}}],\"eventStatus\":\"https:\/\/schema.org\/EventScheduled\"}<\/script><\/div>\n\t\t\t\t<p class=\"desc_trig_outter\" style=\"\"><a data-gmap_status=\"null\" data-exlk=\"0\" style=\"background-color: #a74349;\" id=\"evc_17653050001012\" class=\"desc_trig sin_val evcal_list_a\" data-ux_val=\"1\" data-ux_val_mob=\"-\"  ><span class='evoet_c2 evoet_cx'><span class='evoet_dayblock evcal_cblock' data-bgcolor='#a74349' data-smon='Dicembre' data-syr='2025'><span class='evo_start'><em class='date'>09<\/em><em class='month'>dic<\/em><em class='time'>19:30<\/em><\/span><span class='evo_end only_time'><em class='time'>23:30<\/em><\/span><\/span><\/span><span style='display:none' class='event_location_attrs'  data-location_address=\"via S.G Emiliani 1, Milano\" data-location_type=\"address\" data-location_name=\"ELF Teatro\" data-location_url=\"https:\/\/civilwordsaps.it\/en\/event-location\/elf-teatro\/\" data-location_status=\"true\"><\/span><span class='evoet_c3 evoet_cx evcal_desc evo_info' ><span class='evoet_tags evo_above_title'><\/span><span class='evoet_title evcal_desc2 evcal_event_title' itemprop='name'>The Integrated Actor<\/span><span class='evoet_subtitle evo_below_title'><span class='evcal_event_subtitle' >COURSE \/ LESSON 4<\/span><\/span><span class='evoet_time_expand level_3 evcal_desc_info evogap10'><\/span><span class='evcal_desc3'><\/span><\/span><em class='evoet_data' style='display:none' data-bgc='#a74349'data-bggrad=''><\/em><\/a><\/p><div class='event_description evcal_eventcard' style=\"display:none\"><div class='evocard_row'><div class='evocard_box ftimage' data-c='ffffff' \n\t\t\t\t\tstyle='background-color:#ffffff'><div class='evo_metarow_directimg evcal_evdata_row'><img class='evo_event_main_img' src='https:\/\/civilwordsaps.it\/wp-content\/uploads\/2026\/01\/banner-home-attore-integrato_mono.png' \/><\/div><\/div><\/div><div class='evocard_row bx2 bx'><div class='evocard_box time' data-c='ffffff' \n\t\t\t\t\tstyle='background-color:#ffffff'><div class='evo_metarow_time evorow evcal_evdata_row evcal_evrow_sm'>\n\t\t<span class='evcal_evdata_icons'><i class='fa fa-clock'><\/i><\/span>\n\t\t<div class='evcal_evdata_cell'>\t\t\t\t\t\t\t\n\t\t\t<h3 class='evo_h3'><span class='evcal_evdata_icons'><i class='fa fa-clock'><\/i><\/span>Hours<\/h3><p><span class='evo_eventcard_time_t'>09\/12\/2025 19:30 &#8211; 23:30<\/span><\/p>\n\t\t<\/div>\n\t<\/div><\/div><div class='evocard_box location' data-c='ffffff' \n\t\t\t\t\tstyle='background-color:#ffffff'><div class='evcal_evdata_row evo_metarow_time_location evorow'>\n\t\t\n\t\t\t<span class='evcal_evdata_icons'><i class='fa fa-map-marker'><\/i><\/span>\n\t\t\t<div class='evcal_evdata_cell' data-loc_tax_id='42'><h3 class='evo_h3'><span class='evcal_evdata_icons'><i class='fa fa-map-marker'><\/i><\/span>Location<\/h3><p class='evo_location_name' style='margin-bottom:10px; font-size:15px;'>ELF Teatro<\/p><p class='evo_location_address evodfxi evogap10'>via S.G Emiliani 1, Milano<a href='https:\/\/www.google.com\/maps?q=via+S.G+Emiliani+1%2C+Milano' target='_blank'><i class='fa fa-arrow-up-right-from-square'><\/i><\/a><\/p><\/div>\n\t\t\n\t<\/div><\/div><\/div><div class='evocard_row'><div class='evocard_box eventdetails' data-c='ffffff' \n\t\t\t\t\tstyle='background-color:#ffffff'><div class=\"evo_metarow_details evorow evcal_evdata_row evcal_event_details\">\n    <div class=\"event_excerpt\" style=\"display:none\"><h3 class=\"padb5 evo_h3\">Event details<\/h3><p>Dopo il successo dell\u2019edizione precedente, il corso avanzato di recitazione \u201cL\u2019ATTORE INTEGRATO\u201d di Civil Words torna all\u2019ELF Teatro, diretto dal regista\u00a0Nicholas Rapp. Questo programma di formazione spinge l\u2019arte della recitazione<\/p><\/div><span class='evcal_evdata_icons'><i class='fa fa-align-justify'><\/i><\/span>    <div class=\"evcal_evdata_cell\">\n        <div class=\"eventon_full_description\">\n            <h3 class=\"padb5 evo_h3\"><span class='evcal_evdata_icons'><i class='fa fa-align-justify'><\/i><\/span>Event details<\/h3>\n            <div class=\"eventon_desc_in\" itemprop=\"description\">\n                After the success of the previous edition, the advanced acting course \u201cTHE INTEGRATED ACTOR\u201d by Civil Words returns to the ELF Teatro, directed by the director\u00a0<strong>Nicholas Rapp<\/strong>This training program pushes the art of acting beyond the confines of technique, into the realm of impulse. The Integrated Actor combines disciplined text analysis with rigorous physical and vocal training, creating an environment where experienced actors can push creative boundaries and step outside their own heads. As always, the course will begin with body and movement work, followed by scenes from the nominated playwright of the year (Tennessee Williams). The course encourages a personal and in-depth exploration of characters and texts, ensuring that each performance is a unique, living work of art.\nThis isn't just an \"acting course,\" but:\n\u2022 Vocal training, using exercises from the Linklater system\n\u2022 Physical training, using exercises from the Grotowski method and Viewpoints\n\u2022 Training in working with the text, learning to act and apply script analysis\n\u2022 A space for experimentation and exploration, where physical and vocal training can be applied to go beyond the limits of the Stanislavskian model\n\u2022 An opportunity to engage with feedback from a respected professional in the field\n\u2022 Practice your English in a professional acting context\n\u2022 Obtain video material for your showreel\r\n\r\n\u00a0\r\n<blockquote><em><strong>Nicholas Rapp<\/strong>\u00a0is a theater artist specializing in the reinterpretation of classical texts. Having studied with Lee Breuer and Gabor Tompa, Nicholas developed an interest in formal experimentation. His work has been presented in Los Angeles, New York, San Diego, and elsewhere. He graduated from UCLA and earned his Master of Fine Arts (MFA) in Theater and Directing from UC San Diego.<\/em><\/blockquote>            <\/div>\n            <div class='clear'><\/div>        <\/div>\n    <\/div>\n<\/div><\/div><\/div><div class='evocard_row'><div class='evocard_box learnmore' data-c='ffffff' \n\t\t\t\t\tstyle='background-color:#ffffff'><div class='evo_metarow_learnM evo_metarow_learnmore evorow'>\n\t\t\t\t\t\t\t<a class='evcal_evdata_row evo_clik_row' href='https:\/\/civilwordsaps.it\/en\/corso-avanzato-di-recitazione-lattore-integrato\/' >\n\t\t\t\t\t\t\t\t<span class='evcal_evdata_icons'><i class='fa fa-link'><\/i><\/span>\n\t\t\t\t\t\t\t\t<h3 class='evo_h3 evopad0i'>Learn more<\/h3>\n\t\t\t\t\t\t\t<\/a>\n\t\t\t\t\t\t\t<\/div><\/div><\/div><div class='evo_card_row_end evcal_close' title='Chiudi'><\/div><\/div><div class='clear end'><\/div><\/div><div id=\"event_1960_0\" class=\"eventon_list_event evo_eventtop scheduled past_event event event_1960_0\" data-event_id=\"1960\" data-ri=\"0r\" data-time=\"1765728000-1765735200\" data-colr=\"#d88f95\" itemscope itemtype='http:\/\/schema.org\/Event'><div class=\"evo_event_schema\" style=\"display:none\" ><a itemprop='url'  href='https:\/\/civilwordsaps.it\/en\/evento\/civil-readings-a-che-serve-il-petrolio\/'><\/a><meta itemprop='image' content=\"https:\/\/civilwordsaps.it\/wp-content\/uploads\/2025\/11\/Civil-Readings-Luca-Cardetta.webp\" \/><meta itemprop='startDate' content=\"2025-12-14T17:00+0:00\" \/><meta itemprop='endDate' content=\"2025-12-14T19:00+0:00\" \/><meta itemprop='eventStatus' content=\"https:\/\/schema.org\/EventScheduled\" \/><item style=\"display:none\" itemprop=\"location\" itemscope itemtype=\"http:\/\/schema.org\/Place\"><span itemprop=\"name\">Spazio Polline<\/span><span itemprop=\"address\" itemscope itemtype=\"http:\/\/schema.org\/PostalAddress\"><item itemprop=\"streetAddress\">Stazione Villapizzone del Passante Ferroviario di Milano, 20156 Milano MI<\/item><\/span><\/item><item style=\"display:none\" itemprop=\"eventAttendanceMode\" itemscope itemtype=\"https:\/\/schema.org\/OfflineEventAttendanceMode\"><\/item><script type=\"application\/ld+json\">{\"@context\": \"http:\/\/schema.org\",\"@type\": \"Event\",\n\t\t\t\t\"@id\": \"event_1960_0\",\n\t\t\t\t\"eventAttendanceMode\":\"https:\/\/schema.org\/OfflineEventAttendanceMode\",\n\t\t\t\t\"name\": \"Civil Readings - A che serve il petrolio? @luca.cardetta\",\n\t\t\t\t\"url\": \"https:\/\/civilwordsaps.it\/en\/evento\/civil-readings-a-che-serve-il-petrolio\/\",\n\t\t\t\t\"startDate\": \"2025-12-14T17:00+0:00\",\n\t\t\t\t\"endDate\": \"2025-12-14T19:00+0:00\",\n\t\t\t\t\"image\":\"https:\/\/civilwordsaps.it\/wp-content\/uploads\/2025\/11\/Civil-Readings-Luca-Cardetta.webp\", \n\t\t\t\t\"description\":\"Civil Readings - A che serve il petrolio? @luca.cardetta\",\"location\":[{\"@type\":\"Place\",\"name\":\"Spazio Polline\",\"address\":{\"@type\": \"PostalAddress\",\"streetAddress\":\"Stazione Villapizzone del Passante Ferroviario di Milano, 20156 Milano MI\"}}],\"eventStatus\":\"https:\/\/schema.org\/EventScheduled\"}<\/script><\/div>\n\t\t\t\t<p class=\"desc_trig_outter\" style=\"\"><a data-gmap_status=\"null\" data-exlk=\"0\" style=\"background-color: #d88f95;\" id=\"evc_17657280001960\" class=\"desc_trig sin_val evcal_list_a\" data-ux_val=\"1\" data-ux_val_mob=\"-\"  ><span class='evoet_c2 evoet_cx'><span class='evoet_dayblock evcal_cblock' data-bgcolor='#d88f95' data-smon='Dicembre' data-syr='2025'><span class='evo_start'><em class='date'>14<\/em><em class='month'>dic<\/em><em class='time'>16:00<\/em><\/span><span class='evo_end only_time'><em class='time'>18:00<\/em><\/span><\/span><\/span><span style='display:none' class='event_location_attrs'  data-location_address=\"Stazione Villapizzone del Passante Ferroviario di Milano, 20156 Milano MI\" data-location_type=\"address\" data-location_name=\"Spazio Polline\" data-location_url=\"https:\/\/civilwordsaps.it\/en\/event-location\/spazio-polline\/\" data-location_status=\"true\"><\/span><span class='evoet_c3 evoet_cx evcal_desc evo_info' ><span class='evoet_tags evo_above_title'><\/span><span class='evoet_title evcal_desc2 evcal_event_title' itemprop='name'>Civil Readings \u2013 What's Oil for? @luca.cardetta<\/span><span class='evoet_subtitle evo_below_title'><span class='evcal_event_subtitle' >STAGED READINGS<\/span><\/span><span class='evoet_time_expand level_3 evcal_desc_info evogap10'><\/span><span class='evcal_desc3'><\/span><\/span><em class='evoet_data' style='display:none' data-bgc='#d88f95'data-bggrad=''><\/em><\/a><\/p><div class='event_description evcal_eventcard' style=\"display:none\"><div class='evocard_row'><div class='evocard_box ftimage' data-c='ffffff' \n\t\t\t\t\tstyle='background-color:#ffffff'><div class='evo_metarow_directimg evcal_evdata_row'><img class='evo_event_main_img' src='https:\/\/civilwordsaps.it\/wp-content\/uploads\/2025\/11\/Civil-Readings-Luca-Cardetta.webp' \/><\/div><\/div><\/div><div class='evocard_row bx2 bx'><div class='evocard_box time' data-c='ffffff' \n\t\t\t\t\tstyle='background-color:#ffffff'><div class='evo_metarow_time evorow evcal_evdata_row evcal_evrow_sm'>\n\t\t<span class='evcal_evdata_icons'><i class='fa fa-clock'><\/i><\/span>\n\t\t<div class='evcal_evdata_cell'>\t\t\t\t\t\t\t\n\t\t\t<h3 class='evo_h3'><span class='evcal_evdata_icons'><i class='fa fa-clock'><\/i><\/span>Hours<\/h3><p><span class='evo_eventcard_time_t'>14\/12\/2025 16:00 &#8211; 18:00<\/span><\/p>\n\t\t<\/div>\n\t<\/div><\/div><div class='evocard_box location' data-c='ffffff' \n\t\t\t\t\tstyle='background-color:#ffffff'><div class='evcal_evdata_row evo_metarow_time_location evorow'>\n\t\t\n\t\t\t<span class='evcal_evdata_icons'><i class='fa fa-map-marker'><\/i><\/span>\n\t\t\t<div class='evcal_evdata_cell' data-loc_tax_id='50'><h3 class='evo_h3'><span class='evcal_evdata_icons'><i class='fa fa-map-marker'><\/i><\/span><a target=\"\" href=\"https:\/\/lebelleartiaps.it\/eventi\/categoria\/spazio-polline-stazione-di-villapizzone\/\">Location<\/a><\/h3><p class='evo_location_name' style='margin-bottom:10px; font-size:15px;'><a target=\"\" href=\"https:\/\/lebelleartiaps.it\/eventi\/categoria\/spazio-polline-stazione-di-villapizzone\/\">Spazio Polline<\/a><\/p><p class='evo_location_address evodfxi evogap10'><a target=\"\" href=\"https:\/\/lebelleartiaps.it\/eventi\/categoria\/spazio-polline-stazione-di-villapizzone\/\">Stazione Villapizzone del Passante Ferroviario di Milano, 20156 Milano MI<\/a><a href='https:\/\/www.google.com\/maps?q=Stazione+Villapizzone+del+Passante+Ferroviario+di+Milano%2C+20156+Milano+MI' target='_blank'><i class='fa fa-arrow-up-right-from-square'><\/i><\/a><\/p><\/div>\n\t\t\n\t<\/div><\/div><\/div><div class='evocard_row'><div class='evocard_box learnmore' data-c='ffffff' \n\t\t\t\t\tstyle='background-color:#ffffff'><div class='evo_metarow_learnM evo_metarow_learnmore evorow'>\n\t\t\t\t\t\t\t<a class='evcal_evdata_row evo_clik_row' href='https:\/\/civilwordsaps.it\/en\/civil-readings\/' >\n\t\t\t\t\t\t\t\t<span class='evcal_evdata_icons'><i class='fa fa-link'><\/i><\/span>\n\t\t\t\t\t\t\t\t<h3 class='evo_h3 evopad0i'>Learn more<\/h3>\n\t\t\t\t\t\t\t<\/a>\n\t\t\t\t\t\t\t<\/div><\/div><\/div><div class='evo_card_row_end evcal_close' title='Chiudi'><\/div><\/div><div class='clear end'><\/div><\/div><\/div><div class='evcal_month_line' data-d='eml_1_2026'><p>January 2026<\/p><\/div><div class='sep_month_events' data-d='eml_1_2026'><div id=\"event_1014_0\" class=\"eventon_list_event evo_eventtop scheduled past_event event event_1014_0\" data-event_id=\"1014\" data-ri=\"0r\" data-time=\"1768933800-1768948200\" data-colr=\"#a74349\" itemscope itemtype='http:\/\/schema.org\/Event'><div class=\"evo_event_schema\" style=\"display:none\" ><a itemprop='url'  href='https:\/\/civilwordsaps.it\/en\/evento\/corso-attore-integrato-lezione-5\/'><\/a><meta itemprop='image' content=\"https:\/\/civilwordsaps.it\/wp-content\/uploads\/2026\/01\/banner-home-attore-integrato_mono.png\" \/><meta itemprop='startDate' content=\"2026-1-20T19:30+0:00\" \/><meta itemprop='endDate' content=\"2026-1-20T23:30+0:00\" \/><meta itemprop='eventStatus' content=\"https:\/\/schema.org\/EventScheduled\" \/><item style=\"display:none\" itemprop=\"location\" itemscope itemtype=\"http:\/\/schema.org\/Place\"><span itemprop=\"name\">ELF Teatro<\/span><span itemprop=\"address\" itemscope itemtype=\"http:\/\/schema.org\/PostalAddress\"><item itemprop=\"streetAddress\">via S.G Emiliani 1, Milano<\/item><\/span><\/item><item style=\"display:none\" itemprop=\"eventAttendanceMode\" itemscope itemtype=\"https:\/\/schema.org\/OfflineEventAttendanceMode\"><\/item><script type=\"application\/ld+json\">{\"@context\": \"http:\/\/schema.org\",\"@type\": \"Event\",\n\t\t\t\t\"@id\": \"event_1014_0\",\n\t\t\t\t\"eventAttendanceMode\":\"https:\/\/schema.org\/OfflineEventAttendanceMode\",\n\t\t\t\t\"name\": \"L&#039;Attore Integrato\",\n\t\t\t\t\"url\": \"https:\/\/civilwordsaps.it\/en\/evento\/corso-attore-integrato-lezione-5\/\",\n\t\t\t\t\"startDate\": \"2026-1-20T19:30+0:00\",\n\t\t\t\t\"endDate\": \"2026-1-20T23:30+0:00\",\n\t\t\t\t\"image\":\"https:\/\/civilwordsaps.it\/wp-content\/uploads\/2026\/01\/banner-home-attore-integrato_mono.png\", \n\t\t\t\t\"description\":\"Dopo il successo dell\u2019edizione precedente, il corso avanzato di recitazione \u201cL\u2019ATTORE INTEGRATO\u201d di Civil Words torna all\u2019ELF Teatro, diretto dal regista\u00a0<strong>Nicholas Rapp<\/strong>. Questo programma di formazione spinge l\u2019arte della recitazione oltre i confini della tecnica, nello spazio dell\u2019impulso.    L\u2019Attore Integrato combina un\u2019analisi disciplinata del testo con un rigoroso allenamento fisico e vocale, creando un ambiente in cui gli attori esperti possono superare i limiti creativi e uscire dalla propria testa. Come sempre, il corso inizier\u00e0 con il lavoro sul corpo e sul movimento, seguito da scene del drammaturgo designato dell\u2019anno (Tennessee Williams). Il corso incoraggia un\u2019esplorazione personale e profonda di personaggi e testi, garantendo che ogni spettacolo sia un\u2019opera d\u2019arte unica e vivente.    Questo non \u00e8 solo un \u201ccorso di recitazione\u201d, ma:  \u2022 Allenamento vocale, utilizzando esercizi del sistema Linklater  \u2022 Allenamento fisico, utilizzando esercizi del metodo Grotowski e Viewpoints  \u2022 Allenamento al lavoro sul testo, imparando a recitare e applicare l\u2019analisi del copione  \u2022 Uno spazio di sperimentazione ed esplorazione, dove l\u2019allenamento fisico e vocale pu\u00f2 essere applicato per andare oltre i limiti del modello stanislavskiano  \u2022 Un\u2019opportunit\u00e0 di confrontarsi con il feedback di un professionista stimato del settore  \u2022 Esercitare la lingua inglese in un contesto professionale attoriale  \u2022 Ottenere materiale video per il proprio showreel    &nbsp;  <blockquote><em><strong>Nicholas Rapp<\/strong>\u00a0\u00e8 un artista del teatro specializzato nella reinterpretazione dei testi classici. Essendo stato allievo di Lee Breuer e Gabor Tompa, Nicholas ha sviluppato un interesse per la sperimentazione formale. Il suo lavoro \u00e8 stato presentato a Los Angeles, New York, San Diego e altrove. Laureato alla UCLA per poi conseguire il Master in Fine Arts (MFA) in Teatro e Regia alla UC San Diego.<\/em><\/blockquote>\",\"location\":[{\"@type\":\"Place\",\"name\":\"ELF Teatro\",\"address\":{\"@type\": \"PostalAddress\",\"streetAddress\":\"via S.G Emiliani 1, Milano\"}}],\"eventStatus\":\"https:\/\/schema.org\/EventScheduled\"}<\/script><\/div>\n\t\t\t\t<p class=\"desc_trig_outter\" style=\"\"><a data-gmap_status=\"null\" data-exlk=\"0\" style=\"background-color: #a74349;\" id=\"evc_17689338001014\" class=\"desc_trig sin_val evcal_list_a\" data-ux_val=\"1\" data-ux_val_mob=\"-\"  ><span class='evoet_c2 evoet_cx'><span class='evoet_dayblock evcal_cblock' data-bgcolor='#a74349' data-smon='Gennaio' data-syr='2026'><span class='evo_start'><em class='date'>20<\/em><em class='month'>Jan<\/em><em class='time'>19:30<\/em><\/span><span class='evo_end only_time'><em class='time'>23:30<\/em><\/span><\/span><\/span><span style='display:none' class='event_location_attrs'  data-location_address=\"via S.G Emiliani 1, Milano\" data-location_type=\"address\" data-location_name=\"ELF Teatro\" data-location_url=\"https:\/\/civilwordsaps.it\/en\/event-location\/elf-teatro\/\" data-location_status=\"true\"><\/span><span class='evoet_c3 evoet_cx evcal_desc evo_info' ><span class='evoet_tags evo_above_title'><\/span><span class='evoet_title evcal_desc2 evcal_event_title' itemprop='name'>The Integrated Actor<\/span><span class='evoet_subtitle evo_below_title'><span class='evcal_event_subtitle' >COURSE \/ LESSON 5<\/span><\/span><span class='evoet_time_expand level_3 evcal_desc_info evogap10'><\/span><span class='evcal_desc3'><\/span><\/span><em class='evoet_data' style='display:none' data-bgc='#a74349'data-bggrad=''><\/em><\/a><\/p><div class='event_description evcal_eventcard' style=\"display:none\"><div class='evocard_row'><div class='evocard_box ftimage' data-c='ffffff' \n\t\t\t\t\tstyle='background-color:#ffffff'><div class='evo_metarow_directimg evcal_evdata_row'><img class='evo_event_main_img' src='https:\/\/civilwordsaps.it\/wp-content\/uploads\/2026\/01\/banner-home-attore-integrato_mono.png' \/><\/div><\/div><\/div><div class='evocard_row bx2 bx'><div class='evocard_box time' data-c='ffffff' \n\t\t\t\t\tstyle='background-color:#ffffff'><div class='evo_metarow_time evorow evcal_evdata_row evcal_evrow_sm'>\n\t\t<span class='evcal_evdata_icons'><i class='fa fa-clock'><\/i><\/span>\n\t\t<div class='evcal_evdata_cell'>\t\t\t\t\t\t\t\n\t\t\t<h3 class='evo_h3'><span class='evcal_evdata_icons'><i class='fa fa-clock'><\/i><\/span>Hours<\/h3><p><span class='evo_eventcard_time_t'>20\/01\/2026 19:30 &#8211; 23:30<\/span><\/p>\n\t\t<\/div>\n\t<\/div><\/div><div class='evocard_box location' data-c='ffffff' \n\t\t\t\t\tstyle='background-color:#ffffff'><div class='evcal_evdata_row evo_metarow_time_location evorow'>\n\t\t\n\t\t\t<span class='evcal_evdata_icons'><i class='fa fa-map-marker'><\/i><\/span>\n\t\t\t<div class='evcal_evdata_cell' data-loc_tax_id='42'><h3 class='evo_h3'><span class='evcal_evdata_icons'><i class='fa fa-map-marker'><\/i><\/span>Location<\/h3><p class='evo_location_name' style='margin-bottom:10px; font-size:15px;'>ELF Teatro<\/p><p class='evo_location_address evodfxi evogap10'>via S.G Emiliani 1, Milano<a href='https:\/\/www.google.com\/maps?q=via+S.G+Emiliani+1%2C+Milano' target='_blank'><i class='fa fa-arrow-up-right-from-square'><\/i><\/a><\/p><\/div>\n\t\t\n\t<\/div><\/div><\/div><div class='evocard_row'><div class='evocard_box eventdetails' data-c='ffffff' \n\t\t\t\t\tstyle='background-color:#ffffff'><div class=\"evo_metarow_details evorow evcal_evdata_row evcal_event_details\">\n    <div class=\"event_excerpt\" style=\"display:none\"><h3 class=\"padb5 evo_h3\">Event details<\/h3><p>Dopo il successo dell\u2019edizione precedente, il corso avanzato di recitazione \u201cL\u2019ATTORE INTEGRATO\u201d di Civil Words torna all\u2019ELF Teatro, diretto dal regista\u00a0Nicholas Rapp. Questo programma di formazione spinge l\u2019arte della recitazione<\/p><\/div><span class='evcal_evdata_icons'><i class='fa fa-align-justify'><\/i><\/span>    <div class=\"evcal_evdata_cell\">\n        <div class=\"eventon_full_description\">\n            <h3 class=\"padb5 evo_h3\"><span class='evcal_evdata_icons'><i class='fa fa-align-justify'><\/i><\/span>Event details<\/h3>\n            <div class=\"eventon_desc_in\" itemprop=\"description\">\n                After the success of the previous edition, the advanced acting course \u201cTHE INTEGRATED ACTOR\u201d by Civil Words returns to the ELF Teatro, directed by the director\u00a0<strong>Nicholas Rapp<\/strong>This training program pushes the art of acting beyond the confines of technique, into the realm of impulse. The Integrated Actor combines disciplined text analysis with rigorous physical and vocal training, creating an environment where experienced actors can push creative boundaries and step outside their own heads. As always, the course will begin with body and movement work, followed by scenes from the nominated playwright of the year (Tennessee Williams). The course encourages a personal and in-depth exploration of characters and texts, ensuring that each performance is a unique, living work of art.\nThis isn't just an \"acting course,\" but:\n\u2022 Vocal training, using exercises from the Linklater system\n\u2022 Physical training, using exercises from the Grotowski method and Viewpoints\n\u2022 Training in working with the text, learning to act and apply script analysis\n\u2022 A space for experimentation and exploration, where physical and vocal training can be applied to go beyond the limits of the Stanislavskian model\n\u2022 An opportunity to engage with feedback from a respected professional in the field\n\u2022 Practice your English in a professional acting context\n\u2022 Obtain video material for your showreel\r\n\r\n\u00a0\r\n<blockquote><em><strong>Nicholas Rapp<\/strong>\u00a0is a theater artist specializing in the reinterpretation of classical texts. Having studied with Lee Breuer and Gabor Tompa, Nicholas developed an interest in formal experimentation. His work has been presented in Los Angeles, New York, San Diego, and elsewhere. He graduated from UCLA and earned his Master of Fine Arts (MFA) in Theater and Directing from UC San Diego.<\/em><\/blockquote>            <\/div>\n            <div class='clear'><\/div>        <\/div>\n    <\/div>\n<\/div><\/div><\/div><div class='evocard_row'><div class='evocard_box learnmore' data-c='ffffff' \n\t\t\t\t\tstyle='background-color:#ffffff'><div class='evo_metarow_learnM evo_metarow_learnmore evorow'>\n\t\t\t\t\t\t\t<a class='evcal_evdata_row evo_clik_row' href='https:\/\/civilwordsaps.it\/en\/corso-avanzato-di-recitazione-lattore-integrato\/' >\n\t\t\t\t\t\t\t\t<span class='evcal_evdata_icons'><i class='fa fa-link'><\/i><\/span>\n\t\t\t\t\t\t\t\t<h3 class='evo_h3 evopad0i'>Learn more<\/h3>\n\t\t\t\t\t\t\t<\/a>\n\t\t\t\t\t\t\t<\/div><\/div><\/div><div class='evo_card_row_end evcal_close' title='Chiudi'><\/div><\/div><div class='clear end'><\/div><\/div><div id=\"event_1015_0\" class=\"eventon_list_event evo_eventtop scheduled past_event event event_1015_0\" data-event_id=\"1015\" data-ri=\"0r\" data-time=\"1769538600-1769553000\" data-colr=\"#a74349\" itemscope itemtype='http:\/\/schema.org\/Event'><div class=\"evo_event_schema\" style=\"display:none\" ><a itemprop='url'  href='https:\/\/civilwordsaps.it\/en\/evento\/corso-attore-integrato-lezione-6\/'><\/a><meta itemprop='image' content=\"https:\/\/civilwordsaps.it\/wp-content\/uploads\/2026\/01\/banner-home-attore-integrato_mono.png\" \/><meta itemprop='startDate' content=\"2026-1-27T19:30+0:00\" \/><meta itemprop='endDate' content=\"2026-1-27T23:30+0:00\" \/><meta itemprop='eventStatus' content=\"https:\/\/schema.org\/EventScheduled\" \/><item style=\"display:none\" itemprop=\"location\" itemscope itemtype=\"http:\/\/schema.org\/Place\"><span itemprop=\"name\">ELF Teatro<\/span><span itemprop=\"address\" itemscope itemtype=\"http:\/\/schema.org\/PostalAddress\"><item itemprop=\"streetAddress\">via S.G Emiliani 1, Milano<\/item><\/span><\/item><item style=\"display:none\" itemprop=\"eventAttendanceMode\" itemscope itemtype=\"https:\/\/schema.org\/OfflineEventAttendanceMode\"><\/item><script type=\"application\/ld+json\">{\"@context\": \"http:\/\/schema.org\",\"@type\": \"Event\",\n\t\t\t\t\"@id\": \"event_1015_0\",\n\t\t\t\t\"eventAttendanceMode\":\"https:\/\/schema.org\/OfflineEventAttendanceMode\",\n\t\t\t\t\"name\": \"L&#039;Attore Integrato\",\n\t\t\t\t\"url\": \"https:\/\/civilwordsaps.it\/en\/evento\/corso-attore-integrato-lezione-6\/\",\n\t\t\t\t\"startDate\": \"2026-1-27T19:30+0:00\",\n\t\t\t\t\"endDate\": \"2026-1-27T23:30+0:00\",\n\t\t\t\t\"image\":\"https:\/\/civilwordsaps.it\/wp-content\/uploads\/2026\/01\/banner-home-attore-integrato_mono.png\", \n\t\t\t\t\"description\":\"Dopo il successo dell\u2019edizione precedente, il corso avanzato di recitazione \u201cL\u2019ATTORE INTEGRATO\u201d di Civil Words torna all\u2019ELF Teatro, diretto dal regista\u00a0<strong>Nicholas Rapp<\/strong>. Questo programma di formazione spinge l\u2019arte della recitazione oltre i confini della tecnica, nello spazio dell\u2019impulso.    L\u2019Attore Integrato combina un\u2019analisi disciplinata del testo con un rigoroso allenamento fisico e vocale, creando un ambiente in cui gli attori esperti possono superare i limiti creativi e uscire dalla propria testa. Come sempre, il corso inizier\u00e0 con il lavoro sul corpo e sul movimento, seguito da scene del drammaturgo designato dell\u2019anno (Tennessee Williams). Il corso incoraggia un\u2019esplorazione personale e profonda di personaggi e testi, garantendo che ogni spettacolo sia un\u2019opera d\u2019arte unica e vivente.    Questo non \u00e8 solo un \u201ccorso di recitazione\u201d, ma:  \u2022 Allenamento vocale, utilizzando esercizi del sistema Linklater  \u2022 Allenamento fisico, utilizzando esercizi del metodo Grotowski e Viewpoints  \u2022 Allenamento al lavoro sul testo, imparando a recitare e applicare l\u2019analisi del copione  \u2022 Uno spazio di sperimentazione ed esplorazione, dove l\u2019allenamento fisico e vocale pu\u00f2 essere applicato per andare oltre i limiti del modello stanislavskiano  \u2022 Un\u2019opportunit\u00e0 di confrontarsi con il feedback di un professionista stimato del settore  \u2022 Esercitare la lingua inglese in un contesto professionale attoriale  \u2022 Ottenere materiale video per il proprio showreel    &nbsp;  <blockquote><em><strong>Nicholas Rapp<\/strong>\u00a0\u00e8 un artista del teatro specializzato nella reinterpretazione dei testi classici. Essendo stato allievo di Lee Breuer e Gabor Tompa, Nicholas ha sviluppato un interesse per la sperimentazione formale. Il suo lavoro \u00e8 stato presentato a Los Angeles, New York, San Diego e altrove. Laureato alla UCLA per poi conseguire il Master in Fine Arts (MFA) in Teatro e Regia alla UC San Diego.<\/em><\/blockquote>\",\"location\":[{\"@type\":\"Place\",\"name\":\"ELF Teatro\",\"address\":{\"@type\": \"PostalAddress\",\"streetAddress\":\"via S.G Emiliani 1, Milano\"}}],\"eventStatus\":\"https:\/\/schema.org\/EventScheduled\"}<\/script><\/div>\n\t\t\t\t<p class=\"desc_trig_outter\" style=\"\"><a data-gmap_status=\"null\" data-exlk=\"0\" style=\"background-color: #a74349;\" id=\"evc_17695386001015\" class=\"desc_trig sin_val evcal_list_a\" data-ux_val=\"1\" data-ux_val_mob=\"-\"  ><span class='evoet_c2 evoet_cx'><span class='evoet_dayblock evcal_cblock' data-bgcolor='#a74349' data-smon='Gennaio' data-syr='2026'><span class='evo_start'><em class='date'>27<\/em><em class='month'>Jan<\/em><em class='time'>19:30<\/em><\/span><span class='evo_end only_time'><em class='time'>23:30<\/em><\/span><\/span><\/span><span style='display:none' class='event_location_attrs'  data-location_address=\"via S.G Emiliani 1, Milano\" data-location_type=\"address\" data-location_name=\"ELF Teatro\" data-location_url=\"https:\/\/civilwordsaps.it\/en\/event-location\/elf-teatro\/\" data-location_status=\"true\"><\/span><span class='evoet_c3 evoet_cx evcal_desc evo_info' ><span class='evoet_tags evo_above_title'><\/span><span class='evoet_title evcal_desc2 evcal_event_title' itemprop='name'>The Integrated Actor<\/span><span class='evoet_subtitle evo_below_title'><span class='evcal_event_subtitle' >COURSE \/ LESSON 6<\/span><\/span><span class='evoet_time_expand level_3 evcal_desc_info evogap10'><\/span><span class='evcal_desc3'><\/span><\/span><em class='evoet_data' style='display:none' data-bgc='#a74349'data-bggrad=''><\/em><\/a><\/p><div class='event_description evcal_eventcard' style=\"display:none\"><div class='evocard_row'><div class='evocard_box ftimage' data-c='ffffff' \n\t\t\t\t\tstyle='background-color:#ffffff'><div class='evo_metarow_directimg evcal_evdata_row'><img class='evo_event_main_img' src='https:\/\/civilwordsaps.it\/wp-content\/uploads\/2026\/01\/banner-home-attore-integrato_mono.png' \/><\/div><\/div><\/div><div class='evocard_row bx2 bx'><div class='evocard_box time' data-c='ffffff' \n\t\t\t\t\tstyle='background-color:#ffffff'><div class='evo_metarow_time evorow evcal_evdata_row evcal_evrow_sm'>\n\t\t<span class='evcal_evdata_icons'><i class='fa fa-clock'><\/i><\/span>\n\t\t<div class='evcal_evdata_cell'>\t\t\t\t\t\t\t\n\t\t\t<h3 class='evo_h3'><span class='evcal_evdata_icons'><i class='fa fa-clock'><\/i><\/span>Hours<\/h3><p><span class='evo_eventcard_time_t'>27\/01\/2026 19:30 &#8211; 23:30<\/span><\/p>\n\t\t<\/div>\n\t<\/div><\/div><div class='evocard_box location' data-c='ffffff' \n\t\t\t\t\tstyle='background-color:#ffffff'><div class='evcal_evdata_row evo_metarow_time_location evorow'>\n\t\t\n\t\t\t<span class='evcal_evdata_icons'><i class='fa fa-map-marker'><\/i><\/span>\n\t\t\t<div class='evcal_evdata_cell' data-loc_tax_id='42'><h3 class='evo_h3'><span class='evcal_evdata_icons'><i class='fa fa-map-marker'><\/i><\/span>Location<\/h3><p class='evo_location_name' style='margin-bottom:10px; font-size:15px;'>ELF Teatro<\/p><p class='evo_location_address evodfxi evogap10'>via S.G Emiliani 1, Milano<a href='https:\/\/www.google.com\/maps?q=via+S.G+Emiliani+1%2C+Milano' target='_blank'><i class='fa fa-arrow-up-right-from-square'><\/i><\/a><\/p><\/div>\n\t\t\n\t<\/div><\/div><\/div><div class='evocard_row'><div class='evocard_box eventdetails' data-c='ffffff' \n\t\t\t\t\tstyle='background-color:#ffffff'><div class=\"evo_metarow_details evorow evcal_evdata_row evcal_event_details\">\n    <div class=\"event_excerpt\" style=\"display:none\"><h3 class=\"padb5 evo_h3\">Event details<\/h3><p>Dopo il successo dell\u2019edizione precedente, il corso avanzato di recitazione \u201cL\u2019ATTORE INTEGRATO\u201d di Civil Words torna all\u2019ELF Teatro, diretto dal regista\u00a0Nicholas Rapp. Questo programma di formazione spinge l\u2019arte della recitazione<\/p><\/div><span class='evcal_evdata_icons'><i class='fa fa-align-justify'><\/i><\/span>    <div class=\"evcal_evdata_cell\">\n        <div class=\"eventon_full_description\">\n            <h3 class=\"padb5 evo_h3\"><span class='evcal_evdata_icons'><i class='fa fa-align-justify'><\/i><\/span>Event details<\/h3>\n            <div class=\"eventon_desc_in\" itemprop=\"description\">\n                After the success of the previous edition, the advanced acting course \u201cTHE INTEGRATED ACTOR\u201d by Civil Words returns to the ELF Teatro, directed by the director\u00a0<strong>Nicholas Rapp<\/strong>This training program pushes the art of acting beyond the confines of technique, into the realm of impulse. The Integrated Actor combines disciplined text analysis with rigorous physical and vocal training, creating an environment where experienced actors can push creative boundaries and step outside their own heads. As always, the course will begin with body and movement work, followed by scenes from the nominated playwright of the year (Tennessee Williams). The course encourages a personal and in-depth exploration of characters and texts, ensuring that each performance is a unique, living work of art.\nThis isn't just an \"acting course,\" but:\n\u2022 Vocal training, using exercises from the Linklater system\n\u2022 Physical training, using exercises from the Grotowski method and Viewpoints\n\u2022 Training in working with the text, learning to act and apply script analysis\n\u2022 A space for experimentation and exploration, where physical and vocal training can be applied to go beyond the limits of the Stanislavskian model\n\u2022 An opportunity to engage with feedback from a respected professional in the field\n\u2022 Practice your English in a professional acting context\n\u2022 Obtain video material for your showreel\r\n\r\n\u00a0\r\n<blockquote><em><strong>Nicholas Rapp<\/strong>\u00a0is a theater artist specializing in the reinterpretation of classical texts. Having studied with Lee Breuer and Gabor Tompa, Nicholas developed an interest in formal experimentation. His work has been presented in Los Angeles, New York, San Diego, and elsewhere. He graduated from UCLA and earned his Master of Fine Arts (MFA) in Theater and Directing from UC San Diego.<\/em><\/blockquote>            <\/div>\n            <div class='clear'><\/div>        <\/div>\n    <\/div>\n<\/div><\/div><\/div><div class='evocard_row'><div class='evocard_box learnmore' data-c='ffffff' \n\t\t\t\t\tstyle='background-color:#ffffff'><div class='evo_metarow_learnM evo_metarow_learnmore evorow'>\n\t\t\t\t\t\t\t<a class='evcal_evdata_row evo_clik_row' href='https:\/\/civilwordsaps.it\/en\/corso-avanzato-di-recitazione-lattore-integrato\/' >\n\t\t\t\t\t\t\t\t<span class='evcal_evdata_icons'><i class='fa fa-link'><\/i><\/span>\n\t\t\t\t\t\t\t\t<h3 class='evo_h3 evopad0i'>Learn more<\/h3>\n\t\t\t\t\t\t\t<\/a>\n\t\t\t\t\t\t\t<\/div><\/div><\/div><div class='evo_card_row_end evcal_close' title='Chiudi'><\/div><\/div><div class='clear end'><\/div><\/div><\/div><div class='evcal_month_line' data-d='eml_2_2026'><p>February 2026<\/p><\/div><div class='sep_month_events' data-d='eml_2_2026'><div id=\"event_1016_0\" class=\"eventon_list_event evo_eventtop scheduled past_event event event_1016_0\" data-event_id=\"1016\" data-ri=\"0r\" data-time=\"1770143400-1770157800\" data-colr=\"#a74349\" itemscope itemtype='http:\/\/schema.org\/Event'><div class=\"evo_event_schema\" style=\"display:none\" ><a itemprop='url'  href='https:\/\/civilwordsaps.it\/en\/evento\/corso-attore-integrato-lezione-7\/'><\/a><meta itemprop='image' content=\"https:\/\/civilwordsaps.it\/wp-content\/uploads\/2026\/01\/banner-home-attore-integrato_mono.png\" \/><meta itemprop='startDate' content=\"2026-2-3T19:30+0:00\" \/><meta itemprop='endDate' content=\"2026-2-3T23:30+0:00\" \/><meta itemprop='eventStatus' content=\"https:\/\/schema.org\/EventScheduled\" \/><item style=\"display:none\" itemprop=\"location\" itemscope itemtype=\"http:\/\/schema.org\/Place\"><span itemprop=\"name\">ELF Teatro<\/span><span itemprop=\"address\" itemscope itemtype=\"http:\/\/schema.org\/PostalAddress\"><item itemprop=\"streetAddress\">via S.G Emiliani 1, Milano<\/item><\/span><\/item><item style=\"display:none\" itemprop=\"eventAttendanceMode\" itemscope itemtype=\"https:\/\/schema.org\/OfflineEventAttendanceMode\"><\/item><script type=\"application\/ld+json\">{\"@context\": \"http:\/\/schema.org\",\"@type\": \"Event\",\n\t\t\t\t\"@id\": \"event_1016_0\",\n\t\t\t\t\"eventAttendanceMode\":\"https:\/\/schema.org\/OfflineEventAttendanceMode\",\n\t\t\t\t\"name\": \"L&#039;Attore Integrato\",\n\t\t\t\t\"url\": \"https:\/\/civilwordsaps.it\/en\/evento\/corso-attore-integrato-lezione-7\/\",\n\t\t\t\t\"startDate\": \"2026-2-3T19:30+0:00\",\n\t\t\t\t\"endDate\": \"2026-2-3T23:30+0:00\",\n\t\t\t\t\"image\":\"https:\/\/civilwordsaps.it\/wp-content\/uploads\/2026\/01\/banner-home-attore-integrato_mono.png\", \n\t\t\t\t\"description\":\"Dopo il successo dell\u2019edizione precedente, il corso avanzato di recitazione \u201cL\u2019ATTORE INTEGRATO\u201d di Civil Words torna all\u2019ELF Teatro, diretto dal regista\u00a0<strong>Nicholas Rapp<\/strong>. Questo programma di formazione spinge l\u2019arte della recitazione oltre i confini della tecnica, nello spazio dell\u2019impulso.    L\u2019Attore Integrato combina un\u2019analisi disciplinata del testo con un rigoroso allenamento fisico e vocale, creando un ambiente in cui gli attori esperti possono superare i limiti creativi e uscire dalla propria testa. Come sempre, il corso inizier\u00e0 con il lavoro sul corpo e sul movimento, seguito da scene del drammaturgo designato dell\u2019anno (Tennessee Williams). Il corso incoraggia un\u2019esplorazione personale e profonda di personaggi e testi, garantendo che ogni spettacolo sia un\u2019opera d\u2019arte unica e vivente.    Questo non \u00e8 solo un \u201ccorso di recitazione\u201d, ma:  \u2022 Allenamento vocale, utilizzando esercizi del sistema Linklater  \u2022 Allenamento fisico, utilizzando esercizi del metodo Grotowski e Viewpoints  \u2022 Allenamento al lavoro sul testo, imparando a recitare e applicare l\u2019analisi del copione  \u2022 Uno spazio di sperimentazione ed esplorazione, dove l\u2019allenamento fisico e vocale pu\u00f2 essere applicato per andare oltre i limiti del modello stanislavskiano  \u2022 Un\u2019opportunit\u00e0 di confrontarsi con il feedback di un professionista stimato del settore  \u2022 Esercitare la lingua inglese in un contesto professionale attoriale  \u2022 Ottenere materiale video per il proprio showreel    &nbsp;  <blockquote><em><strong>Nicholas Rapp<\/strong>\u00a0\u00e8 un artista del teatro specializzato nella reinterpretazione dei testi classici. Essendo stato allievo di Lee Breuer e Gabor Tompa, Nicholas ha sviluppato un interesse per la sperimentazione formale. Il suo lavoro \u00e8 stato presentato a Los Angeles, New York, San Diego e altrove. Laureato alla UCLA per poi conseguire il Master in Fine Arts (MFA) in Teatro e Regia alla UC San Diego.<\/em><\/blockquote>\",\"location\":[{\"@type\":\"Place\",\"name\":\"ELF Teatro\",\"address\":{\"@type\": \"PostalAddress\",\"streetAddress\":\"via S.G Emiliani 1, Milano\"}}],\"eventStatus\":\"https:\/\/schema.org\/EventScheduled\"}<\/script><\/div>\n\t\t\t\t<p class=\"desc_trig_outter\" style=\"\"><a data-gmap_status=\"null\" data-exlk=\"0\" style=\"background-color: #a74349;\" id=\"evc_17701434001016\" class=\"desc_trig sin_val evcal_list_a\" data-ux_val=\"1\" data-ux_val_mob=\"-\"  ><span class='evoet_c2 evoet_cx'><span class='evoet_dayblock evcal_cblock' data-bgcolor='#a74349' data-smon='Febbraio' data-syr='2026'><span class='evo_start'><em class='date'>03<\/em><em class='month'>feb<\/em><em class='time'>19:30<\/em><\/span><span class='evo_end only_time'><em class='time'>23:30<\/em><\/span><\/span><\/span><span style='display:none' class='event_location_attrs'  data-location_address=\"via S.G Emiliani 1, Milano\" data-location_type=\"address\" data-location_name=\"ELF Teatro\" data-location_url=\"https:\/\/civilwordsaps.it\/en\/event-location\/elf-teatro\/\" data-location_status=\"true\"><\/span><span class='evoet_c3 evoet_cx evcal_desc evo_info' ><span class='evoet_tags evo_above_title'><\/span><span class='evoet_title evcal_desc2 evcal_event_title' itemprop='name'>The Integrated Actor<\/span><span class='evoet_subtitle evo_below_title'><span class='evcal_event_subtitle' >WORKSHOP \/ LESSON 7<\/span><\/span><span class='evoet_time_expand level_3 evcal_desc_info evogap10'><\/span><span class='evcal_desc3'><\/span><\/span><em class='evoet_data' style='display:none' data-bgc='#a74349'data-bggrad=''><\/em><\/a><\/p><div class='event_description evcal_eventcard' style=\"display:none\"><div class='evocard_row'><div class='evocard_box ftimage' data-c='ffffff' \n\t\t\t\t\tstyle='background-color:#ffffff'><div class='evo_metarow_directimg evcal_evdata_row'><img class='evo_event_main_img' src='https:\/\/civilwordsaps.it\/wp-content\/uploads\/2026\/01\/banner-home-attore-integrato_mono.png' \/><\/div><\/div><\/div><div class='evocard_row bx2 bx'><div class='evocard_box time' data-c='ffffff' \n\t\t\t\t\tstyle='background-color:#ffffff'><div class='evo_metarow_time evorow evcal_evdata_row evcal_evrow_sm'>\n\t\t<span class='evcal_evdata_icons'><i class='fa fa-clock'><\/i><\/span>\n\t\t<div class='evcal_evdata_cell'>\t\t\t\t\t\t\t\n\t\t\t<h3 class='evo_h3'><span class='evcal_evdata_icons'><i class='fa fa-clock'><\/i><\/span>Hours<\/h3><p><span class='evo_eventcard_time_t'>03\/02\/2026 19:30 &#8211; 23:30<\/span><\/p>\n\t\t<\/div>\n\t<\/div><\/div><div class='evocard_box location' data-c='ffffff' \n\t\t\t\t\tstyle='background-color:#ffffff'><div class='evcal_evdata_row evo_metarow_time_location evorow'>\n\t\t\n\t\t\t<span class='evcal_evdata_icons'><i class='fa fa-map-marker'><\/i><\/span>\n\t\t\t<div class='evcal_evdata_cell' data-loc_tax_id='42'><h3 class='evo_h3'><span class='evcal_evdata_icons'><i class='fa fa-map-marker'><\/i><\/span>Location<\/h3><p class='evo_location_name' style='margin-bottom:10px; font-size:15px;'>ELF Teatro<\/p><p class='evo_location_address evodfxi evogap10'>via S.G Emiliani 1, Milano<a href='https:\/\/www.google.com\/maps?q=via+S.G+Emiliani+1%2C+Milano' target='_blank'><i class='fa fa-arrow-up-right-from-square'><\/i><\/a><\/p><\/div>\n\t\t\n\t<\/div><\/div><\/div><div class='evocard_row'><div class='evocard_box eventdetails' data-c='ffffff' \n\t\t\t\t\tstyle='background-color:#ffffff'><div class=\"evo_metarow_details evorow evcal_evdata_row evcal_event_details\">\n    <div class=\"event_excerpt\" style=\"display:none\"><h3 class=\"padb5 evo_h3\">Event details<\/h3><p>Dopo il successo dell\u2019edizione precedente, il corso avanzato di recitazione \u201cL\u2019ATTORE INTEGRATO\u201d di Civil Words torna all\u2019ELF Teatro, diretto dal regista\u00a0Nicholas Rapp. Questo programma di formazione spinge l\u2019arte della recitazione<\/p><\/div><span class='evcal_evdata_icons'><i class='fa fa-align-justify'><\/i><\/span>    <div class=\"evcal_evdata_cell\">\n        <div class=\"eventon_full_description\">\n            <h3 class=\"padb5 evo_h3\"><span class='evcal_evdata_icons'><i class='fa fa-align-justify'><\/i><\/span>Event details<\/h3>\n            <div class=\"eventon_desc_in\" itemprop=\"description\">\n                After the success of the previous edition, the advanced acting course \u201cTHE INTEGRATED ACTOR\u201d by Civil Words returns to the ELF Teatro, directed by the director\u00a0<strong>Nicholas Rapp<\/strong>This training program pushes the art of acting beyond the confines of technique, into the realm of impulse. The Integrated Actor combines disciplined text analysis with rigorous physical and vocal training, creating an environment where experienced actors can push creative boundaries and step outside their own heads. As always, the course will begin with body and movement work, followed by scenes from the nominated playwright of the year (Tennessee Williams). The course encourages a personal and in-depth exploration of characters and texts, ensuring that each performance is a unique, living work of art.\nThis isn't just an \"acting course,\" but:\n\u2022 Vocal training, using exercises from the Linklater system\n\u2022 Physical training, using exercises from the Grotowski method and Viewpoints\n\u2022 Training in working with the text, learning to act and apply script analysis\n\u2022 A space for experimentation and exploration, where physical and vocal training can be applied to go beyond the limits of the Stanislavskian model\n\u2022 An opportunity to engage with feedback from a respected professional in the field\n\u2022 Practice your English in a professional acting context\n\u2022 Obtain video material for your showreel\r\n\r\n\u00a0\r\n<blockquote><em><strong>Nicholas Rapp<\/strong>\u00a0is a theater artist specializing in the reinterpretation of classical texts. Having studied with Lee Breuer and Gabor Tompa, Nicholas developed an interest in formal experimentation. His work has been presented in Los Angeles, New York, San Diego, and elsewhere. He graduated from UCLA and earned his Master of Fine Arts (MFA) in Theater and Directing from UC San Diego.<\/em><\/blockquote>            <\/div>\n            <div class='clear'><\/div>        <\/div>\n    <\/div>\n<\/div><\/div><\/div><div class='evocard_row'><div class='evocard_box learnmore' data-c='ffffff' \n\t\t\t\t\tstyle='background-color:#ffffff'><div class='evo_metarow_learnM evo_metarow_learnmore evorow'>\n\t\t\t\t\t\t\t<a class='evcal_evdata_row evo_clik_row' href='https:\/\/civilwordsaps.it\/en\/corso-avanzato-di-recitazione-lattore-integrato\/' >\n\t\t\t\t\t\t\t\t<span class='evcal_evdata_icons'><i class='fa fa-link'><\/i><\/span>\n\t\t\t\t\t\t\t\t<h3 class='evo_h3 evopad0i'>Learn more<\/h3>\n\t\t\t\t\t\t\t<\/a>\n\t\t\t\t\t\t\t<\/div><\/div><\/div><div class='evo_card_row_end evcal_close' title='Chiudi'><\/div><\/div><div class='clear end'><\/div><\/div><div id=\"event_2267_0\" class=\"eventon_list_event evo_eventtop scheduled past_event event event_2267_0\" data-event_id=\"2267\" data-ri=\"0r\" data-time=\"1770498000-1770505200\" data-colr=\"#992b34\" itemscope itemtype='http:\/\/schema.org\/Event'><div class=\"evo_event_schema\" style=\"display:none\" ><a itemprop='url'  href='https:\/\/civilwordsaps.it\/en\/evento\/puro-puro-puro-7-febbraio\/'><\/a><meta itemprop='image' content=\"https:\/\/civilwordsaps.it\/wp-content\/uploads\/2026\/01\/Home-slide-04-PUROX3-b-01-01.png\" \/><meta itemprop='startDate' content=\"2026-2-7T22:00+0:00\" \/><meta itemprop='endDate' content=\"2026-2-8T00:00+0:00\" \/><meta itemprop='eventStatus' content=\"https:\/\/schema.org\/EventScheduled\" \/><item style=\"display:none\" itemprop=\"eventAttendanceMode\" itemscope itemtype=\"https:\/\/schema.org\/OfflineEventAttendanceMode\"><\/item><script type=\"application\/ld+json\">{\"@context\": \"http:\/\/schema.org\",\"@type\": \"Event\",\n\t\t\t\t\"@id\": \"event_2267_0\",\n\t\t\t\t\"eventAttendanceMode\":\"https:\/\/schema.org\/OfflineEventAttendanceMode\",\n\t\t\t\t\"name\": \"Puro Puro Puro!\",\n\t\t\t\t\"url\": \"https:\/\/civilwordsaps.it\/en\/evento\/puro-puro-puro-7-febbraio\/\",\n\t\t\t\t\"startDate\": \"2026-2-7T22:00+0:00\",\n\t\t\t\t\"endDate\": \"2026-2-8T00:00+0:00\",\n\t\t\t\t\"image\":\"https:\/\/civilwordsaps.it\/wp-content\/uploads\/2026\/01\/Home-slide-04-PUROX3-b-01-01.png\", \n\t\t\t\t\"description\":\"<span style=color: #000000;>Una produzione nata da un percorso laboratoriale che esplora il tema dell'impotenza dell'essere umano dinnanzi alla sua stessa natura, in una distopia in cui il Mondo \u00e8 stato ormai prosciugato dalla ricerca del profitto.<\/span>    <span style=color: #000000;>Qual'\u00e8 il costo della Libert\u00e0 in una societ\u00e0 dove tutto ha un prezzo ma nessuno ha niente, le IA controllano ogni cosa e dove perfino l'etica ha perso il suo valore? Un viaggio teatrale in un futuro che abbiamo (quasi) gi\u00e0 scritto.<\/span>\",\"eventStatus\":\"https:\/\/schema.org\/EventScheduled\"}<\/script><\/div>\n\t\t\t\t<p class=\"desc_trig_outter\" style=\"\"><a data-gmap_status=\"null\" data-exlk=\"0\" style=\"background-color: #992b34;\" id=\"evc_17704980002267\" class=\"desc_trig sin_val evcal_list_a\" data-ux_val=\"1\" data-ux_val_mob=\"-\"  ><span class='evoet_c2 evoet_cx'><span class='evoet_dayblock evcal_cblock' data-bgcolor='#992b34' data-smon='Febbraio' data-syr='2026'><span class='evo_start'><em class='date'>07<\/em><em class='month'>feb<\/em><em class='time'>21:00<\/em><\/span><span class='evo_end only_time'><em class='time'>23:00<\/em><\/span><\/span><\/span><span class='evoet_c3 evoet_cx evcal_desc evo_info' ><span class='evoet_tags evo_above_title'><\/span><span class='evoet_title evcal_desc2 evcal_event_title' itemprop='name'>Puro Puro Puro!<\/span><span class='evoet_subtitle evo_below_title'><span class='evcal_event_subtitle' >THEATRE SHOW<\/span><\/span><span class='evoet_time_expand level_3 evcal_desc_info evogap10'><\/span><span class='evcal_desc3'><\/span><\/span><em class='evoet_data' style='display:none' data-bgc='#992b34'data-bggrad=''><\/em><\/a><\/p><div class='event_description evcal_eventcard' style=\"display:none\"><div class='evocard_row'><div class='evocard_box ftimage' data-c='ffffff' \n\t\t\t\t\tstyle='background-color:#ffffff'><div class='evo_metarow_directimg evcal_evdata_row'><img class='evo_event_main_img' src='https:\/\/civilwordsaps.it\/wp-content\/uploads\/2026\/01\/Home-slide-04-PUROX3-b-01-01.png' \/><\/div><\/div><\/div><div class='evocard_row bx2 bx'><div class='evocard_box time' data-c='ffffff' \n\t\t\t\t\tstyle='background-color:#ffffff'><div class='evo_metarow_time evorow evcal_evdata_row evcal_evrow_sm'>\n\t\t<span class='evcal_evdata_icons'><i class='fa fa-clock'><\/i><\/span>\n\t\t<div class='evcal_evdata_cell'>\t\t\t\t\t\t\t\n\t\t\t<h3 class='evo_h3'><span class='evcal_evdata_icons'><i class='fa fa-clock'><\/i><\/span>Hours<\/h3><p><span class='evo_eventcard_time_t'>07\/02\/2026 21:00 &#8211; 23:00<\/span><\/p>\n\t\t<\/div>\n\t<\/div><\/div><div class='evocard_box location' data-c='ffffff' \n\t\t\t\t\tstyle='background-color:#ffffff'><div class='evcal_evdata_row evo_metarow_time_location evorow'>\n\t\t\n\t\t\t<span class='evcal_evdata_icons'><i class='fa fa-map-marker'><\/i><\/span>\n\t\t\t<div class='evcal_evdata_cell' data-loc_tax_id='56'><h3 class='evo_h3'><span class='evcal_evdata_icons'><i class='fa fa-map-marker'><\/i><\/span>Location<\/h3><p class='evo_location_name' style='margin-bottom:10px; font-size:15px;'>Teatro Blu<\/p><\/div>\n\t\t\n\t<\/div><\/div><\/div><div class='evocard_row'><div class='evocard_box eventdetails' data-c='ffffff' \n\t\t\t\t\tstyle='background-color:#ffffff'><div class=\"evo_metarow_details evorow evcal_evdata_row evcal_event_details\">\n    <div class=\"event_excerpt\" style=\"display:none\"><h3 class=\"padb5 evo_h3\">Event details<\/h3><p>Una produzione nata da un percorso laboratoriale che esplora il tema dell&#8217;impotenza dell&#8217;essere umano dinnanzi alla sua stessa natura, in una distopia in cui il Mondo \u00e8 stato<\/p><\/div><span class='evcal_evdata_icons'><i class='fa fa-align-justify'><\/i><\/span>    <div class=\"evcal_evdata_cell\">\n        <div class=\"eventon_full_description\">\n            <h3 class=\"padb5 evo_h3\"><span class='evcal_evdata_icons'><i class='fa fa-align-justify'><\/i><\/span>Event details<\/h3>\n            <div class=\"eventon_desc_in\" itemprop=\"description\">\n                <span style=\"color: #000000;\">Una produzione nata da un percorso laboratoriale che esplora il tema dell&#8217;impotenza dell&#8217;essere umano dinnanzi alla sua stessa natura, in una distopia in cui il Mondo \u00e8 stato ormai prosciugato dalla ricerca del profitto.<\/span>\r\n\r\n<span style=\"color: #000000;\">Qual&#8217;\u00e8 il costo della Libert\u00e0 in una societ\u00e0 dove tutto ha un prezzo ma nessuno ha niente, le IA controllano ogni cosa e dove perfino l&#8217;etica ha perso il suo valore? Un viaggio teatrale in un futuro che abbiamo (quasi) gi\u00e0 scritto.<\/span>            <\/div>\n            <div class='clear'><\/div>        <\/div>\n    <\/div>\n<\/div><\/div><\/div><div class='evocard_row'><div class='evocard_box learnmore' data-c='ffffff' \n\t\t\t\t\tstyle='background-color:#ffffff'><div class='evo_metarow_learnM evo_metarow_learnmore evorow'>\n\t\t\t\t\t\t\t<a class='evcal_evdata_row evo_clik_row' href='https:\/\/civilwordsaps.it\/en\/puro-puro-puro\/' >\n\t\t\t\t\t\t\t\t<span class='evcal_evdata_icons'><i class='fa fa-link'><\/i><\/span>\n\t\t\t\t\t\t\t\t<h3 class='evo_h3 evopad0i'>Learn more<\/h3>\n\t\t\t\t\t\t\t<\/a>\n\t\t\t\t\t\t\t<\/div><\/div><\/div><div class='evo_card_row_end evcal_close' title='Chiudi'><\/div><\/div><div class='clear end'><\/div><\/div><div id=\"event_1018_0\" class=\"eventon_list_event evo_eventtop scheduled past_event event event_1018_0\" data-event_id=\"1018\" data-ri=\"0r\" data-time=\"1770748200-1770762600\" data-colr=\"#a74349\" itemscope itemtype='http:\/\/schema.org\/Event'><div class=\"evo_event_schema\" style=\"display:none\" ><a itemprop='url'  href='https:\/\/civilwordsaps.it\/en\/evento\/corso-attore-integrato-lezione-8\/'><\/a><meta itemprop='image' content=\"https:\/\/civilwordsaps.it\/wp-content\/uploads\/2026\/01\/banner-home-attore-integrato_mono.png\" \/><meta itemprop='startDate' content=\"2026-2-10T19:30+0:00\" \/><meta itemprop='endDate' content=\"2026-2-10T23:30+0:00\" \/><meta itemprop='eventStatus' content=\"https:\/\/schema.org\/EventScheduled\" \/><item style=\"display:none\" itemprop=\"location\" itemscope itemtype=\"http:\/\/schema.org\/Place\"><span itemprop=\"name\">ELF Teatro<\/span><span itemprop=\"address\" itemscope itemtype=\"http:\/\/schema.org\/PostalAddress\"><item itemprop=\"streetAddress\">via S.G Emiliani 1, Milano<\/item><\/span><\/item><item style=\"display:none\" itemprop=\"eventAttendanceMode\" itemscope itemtype=\"https:\/\/schema.org\/OfflineEventAttendanceMode\"><\/item><script type=\"application\/ld+json\">{\"@context\": \"http:\/\/schema.org\",\"@type\": \"Event\",\n\t\t\t\t\"@id\": \"event_1018_0\",\n\t\t\t\t\"eventAttendanceMode\":\"https:\/\/schema.org\/OfflineEventAttendanceMode\",\n\t\t\t\t\"name\": \"L&#039;Attore Integrato\",\n\t\t\t\t\"url\": \"https:\/\/civilwordsaps.it\/en\/evento\/corso-attore-integrato-lezione-8\/\",\n\t\t\t\t\"startDate\": \"2026-2-10T19:30+0:00\",\n\t\t\t\t\"endDate\": \"2026-2-10T23:30+0:00\",\n\t\t\t\t\"image\":\"https:\/\/civilwordsaps.it\/wp-content\/uploads\/2026\/01\/banner-home-attore-integrato_mono.png\", \n\t\t\t\t\"description\":\"Dopo il successo dell\u2019edizione precedente, il corso avanzato di recitazione \u201cL\u2019ATTORE INTEGRATO\u201d di Civil Words torna all\u2019ELF Teatro, diretto dal regista\u00a0<strong>Nicholas Rapp<\/strong>. Questo programma di formazione spinge l\u2019arte della recitazione oltre i confini della tecnica, nello spazio dell\u2019impulso.    L\u2019Attore Integrato combina un\u2019analisi disciplinata del testo con un rigoroso allenamento fisico e vocale, creando un ambiente in cui gli attori esperti possono superare i limiti creativi e uscire dalla propria testa. Come sempre, il corso inizier\u00e0 con il lavoro sul corpo e sul movimento, seguito da scene del drammaturgo designato dell\u2019anno (Tennessee Williams). Il corso incoraggia un\u2019esplorazione personale e profonda di personaggi e testi, garantendo che ogni spettacolo sia un\u2019opera d\u2019arte unica e vivente.    Questo non \u00e8 solo un \u201ccorso di recitazione\u201d, ma:  \u2022 Allenamento vocale, utilizzando esercizi del sistema Linklater  \u2022 Allenamento fisico, utilizzando esercizi del metodo Grotowski e Viewpoints  \u2022 Allenamento al lavoro sul testo, imparando a recitare e applicare l\u2019analisi del copione  \u2022 Uno spazio di sperimentazione ed esplorazione, dove l\u2019allenamento fisico e vocale pu\u00f2 essere applicato per andare oltre i limiti del modello stanislavskiano  \u2022 Un\u2019opportunit\u00e0 di confrontarsi con il feedback di un professionista stimato del settore  \u2022 Esercitare la lingua inglese in un contesto professionale attoriale  \u2022 Ottenere materiale video per il proprio showreel    &nbsp;  <blockquote><em><strong>Nicholas Rapp<\/strong>\u00a0\u00e8 un artista del teatro specializzato nella reinterpretazione dei testi classici. Essendo stato allievo di Lee Breuer e Gabor Tompa, Nicholas ha sviluppato un interesse per la sperimentazione formale. Il suo lavoro \u00e8 stato presentato a Los Angeles, New York, San Diego e altrove. Laureato alla UCLA per poi conseguire il Master in Fine Arts (MFA) in Teatro e Regia alla UC San Diego.<\/em><\/blockquote>\",\"location\":[{\"@type\":\"Place\",\"name\":\"ELF Teatro\",\"address\":{\"@type\": \"PostalAddress\",\"streetAddress\":\"via S.G Emiliani 1, Milano\"}}],\"eventStatus\":\"https:\/\/schema.org\/EventScheduled\"}<\/script><\/div>\n\t\t\t\t<p class=\"desc_trig_outter\" style=\"\"><a data-gmap_status=\"null\" data-exlk=\"0\" style=\"background-color: #a74349;\" id=\"evc_17707482001018\" class=\"desc_trig sin_val evcal_list_a\" data-ux_val=\"1\" data-ux_val_mob=\"-\"  ><span class='evoet_c2 evoet_cx'><span class='evoet_dayblock evcal_cblock' data-bgcolor='#a74349' data-smon='Febbraio' data-syr='2026'><span class='evo_start'><em class='date'>10<\/em><em class='month'>feb<\/em><em class='time'>19:30<\/em><\/span><span class='evo_end only_time'><em class='time'>23:30<\/em><\/span><\/span><\/span><span style='display:none' class='event_location_attrs'  data-location_address=\"via S.G Emiliani 1, Milano\" data-location_type=\"address\" data-location_name=\"ELF Teatro\" data-location_url=\"https:\/\/civilwordsaps.it\/en\/event-location\/elf-teatro\/\" data-location_status=\"true\"><\/span><span class='evoet_c3 evoet_cx evcal_desc evo_info' ><span class='evoet_tags evo_above_title'><\/span><span class='evoet_title evcal_desc2 evcal_event_title' itemprop='name'>The Integrated Actor<\/span><span class='evoet_subtitle evo_below_title'><span class='evcal_event_subtitle' >WORKSHOP \/ LESSON 8<\/span><\/span><span class='evoet_time_expand level_3 evcal_desc_info evogap10'><\/span><span class='evcal_desc3'><\/span><\/span><em class='evoet_data' style='display:none' data-bgc='#a74349'data-bggrad=''><\/em><\/a><\/p><div class='event_description evcal_eventcard' style=\"display:none\"><div class='evocard_row'><div class='evocard_box ftimage' data-c='ffffff' \n\t\t\t\t\tstyle='background-color:#ffffff'><div class='evo_metarow_directimg evcal_evdata_row'><img class='evo_event_main_img' src='https:\/\/civilwordsaps.it\/wp-content\/uploads\/2026\/01\/banner-home-attore-integrato_mono.png' \/><\/div><\/div><\/div><div class='evocard_row bx2 bx'><div class='evocard_box time' data-c='ffffff' \n\t\t\t\t\tstyle='background-color:#ffffff'><div class='evo_metarow_time evorow evcal_evdata_row evcal_evrow_sm'>\n\t\t<span class='evcal_evdata_icons'><i class='fa fa-clock'><\/i><\/span>\n\t\t<div class='evcal_evdata_cell'>\t\t\t\t\t\t\t\n\t\t\t<h3 class='evo_h3'><span class='evcal_evdata_icons'><i class='fa fa-clock'><\/i><\/span>Hours<\/h3><p><span class='evo_eventcard_time_t'>10\/02\/2026 19:30 &#8211; 23:30<\/span><\/p>\n\t\t<\/div>\n\t<\/div><\/div><div class='evocard_box location' data-c='ffffff' \n\t\t\t\t\tstyle='background-color:#ffffff'><div class='evcal_evdata_row evo_metarow_time_location evorow'>\n\t\t\n\t\t\t<span class='evcal_evdata_icons'><i class='fa fa-map-marker'><\/i><\/span>\n\t\t\t<div class='evcal_evdata_cell' data-loc_tax_id='42'><h3 class='evo_h3'><span class='evcal_evdata_icons'><i class='fa fa-map-marker'><\/i><\/span>Location<\/h3><p class='evo_location_name' style='margin-bottom:10px; font-size:15px;'>ELF Teatro<\/p><p class='evo_location_address evodfxi evogap10'>via S.G Emiliani 1, Milano<a href='https:\/\/www.google.com\/maps?q=via+S.G+Emiliani+1%2C+Milano' target='_blank'><i class='fa fa-arrow-up-right-from-square'><\/i><\/a><\/p><\/div>\n\t\t\n\t<\/div><\/div><\/div><div class='evocard_row'><div class='evocard_box eventdetails' data-c='ffffff' \n\t\t\t\t\tstyle='background-color:#ffffff'><div class=\"evo_metarow_details evorow evcal_evdata_row evcal_event_details\">\n    <div class=\"event_excerpt\" style=\"display:none\"><h3 class=\"padb5 evo_h3\">Event details<\/h3><p>Dopo il successo dell\u2019edizione precedente, il corso avanzato di recitazione \u201cL\u2019ATTORE INTEGRATO\u201d di Civil Words torna all\u2019ELF Teatro, diretto dal regista\u00a0Nicholas Rapp. Questo programma di formazione spinge l\u2019arte della recitazione<\/p><\/div><span class='evcal_evdata_icons'><i class='fa fa-align-justify'><\/i><\/span>    <div class=\"evcal_evdata_cell\">\n        <div class=\"eventon_full_description\">\n            <h3 class=\"padb5 evo_h3\"><span class='evcal_evdata_icons'><i class='fa fa-align-justify'><\/i><\/span>Event details<\/h3>\n            <div class=\"eventon_desc_in\" itemprop=\"description\">\n                After the success of the previous edition, the advanced acting course \u201cTHE INTEGRATED ACTOR\u201d by Civil Words returns to the ELF Teatro, directed by the director\u00a0<strong>Nicholas Rapp<\/strong>This training program pushes the art of acting beyond the confines of technique, into the realm of impulse. The Integrated Actor combines disciplined text analysis with rigorous physical and vocal training, creating an environment where experienced actors can push creative boundaries and step outside their own heads. As always, the course will begin with body and movement work, followed by scenes from the nominated playwright of the year (Tennessee Williams). The course encourages a personal and in-depth exploration of characters and texts, ensuring that each performance is a unique, living work of art.\nThis isn't just an \"acting course,\" but:\n\u2022 Vocal training, using exercises from the Linklater system\n\u2022 Physical training, using exercises from the Grotowski method and Viewpoints\n\u2022 Training in working with the text, learning to act and apply script analysis\n\u2022 A space for experimentation and exploration, where physical and vocal training can be applied to go beyond the limits of the Stanislavskian model\n\u2022 An opportunity to engage with feedback from a respected professional in the field\n\u2022 Practice your English in a professional acting context\n\u2022 Obtain video material for your showreel\r\n\r\n\u00a0\r\n<blockquote><em><strong>Nicholas Rapp<\/strong>\u00a0is a theater artist specializing in the reinterpretation of classical texts. Having studied with Lee Breuer and Gabor Tompa, Nicholas developed an interest in formal experimentation. His work has been presented in Los Angeles, New York, San Diego, and elsewhere. He graduated from UCLA and earned his Master of Fine Arts (MFA) in Theater and Directing from UC San Diego.<\/em><\/blockquote>            <\/div>\n            <div class='clear'><\/div>        <\/div>\n    <\/div>\n<\/div><\/div><\/div><div class='evocard_row'><div class='evocard_box learnmore' data-c='ffffff' \n\t\t\t\t\tstyle='background-color:#ffffff'><div class='evo_metarow_learnM evo_metarow_learnmore evorow'>\n\t\t\t\t\t\t\t<a class='evcal_evdata_row evo_clik_row' href='https:\/\/civilwordsaps.it\/en\/corso-avanzato-di-recitazione-lattore-integrato\/' >\n\t\t\t\t\t\t\t\t<span class='evcal_evdata_icons'><i class='fa fa-link'><\/i><\/span>\n\t\t\t\t\t\t\t\t<h3 class='evo_h3 evopad0i'>Learn more<\/h3>\n\t\t\t\t\t\t\t<\/a>\n\t\t\t\t\t\t\t<\/div><\/div><\/div><div class='evo_card_row_end evcal_close' title='Chiudi'><\/div><\/div><div class='clear end'><\/div><\/div><div id=\"event_1019_0\" class=\"eventon_list_event evo_eventtop scheduled past_event event event_1019_0\" data-event_id=\"1019\" data-ri=\"0r\" data-time=\"1771353000-1771367400\" data-colr=\"#a74349\" itemscope itemtype='http:\/\/schema.org\/Event'><div class=\"evo_event_schema\" style=\"display:none\" ><a itemprop='url'  href='https:\/\/civilwordsaps.it\/en\/evento\/corso-attore-integrato-lezione-9\/'><\/a><meta itemprop='image' content=\"https:\/\/civilwordsaps.it\/wp-content\/uploads\/2026\/01\/banner-home-attore-integrato.png\" \/><meta itemprop='startDate' content=\"2026-2-17T19:30+0:00\" \/><meta itemprop='endDate' content=\"2026-2-17T23:30+0:00\" \/><meta itemprop='eventStatus' content=\"https:\/\/schema.org\/EventScheduled\" \/><item style=\"display:none\" itemprop=\"location\" itemscope itemtype=\"http:\/\/schema.org\/Place\"><span itemprop=\"name\">ELF Teatro<\/span><span itemprop=\"address\" itemscope itemtype=\"http:\/\/schema.org\/PostalAddress\"><item itemprop=\"streetAddress\">via S.G Emiliani 1, Milano<\/item><\/span><\/item><item style=\"display:none\" itemprop=\"eventAttendanceMode\" itemscope itemtype=\"https:\/\/schema.org\/OfflineEventAttendanceMode\"><\/item><script type=\"application\/ld+json\">{\"@context\": \"http:\/\/schema.org\",\"@type\": \"Event\",\n\t\t\t\t\"@id\": \"event_1019_0\",\n\t\t\t\t\"eventAttendanceMode\":\"https:\/\/schema.org\/OfflineEventAttendanceMode\",\n\t\t\t\t\"name\": \"L&#039;Attore Integrato\",\n\t\t\t\t\"url\": \"https:\/\/civilwordsaps.it\/en\/evento\/corso-attore-integrato-lezione-9\/\",\n\t\t\t\t\"startDate\": \"2026-2-17T19:30+0:00\",\n\t\t\t\t\"endDate\": \"2026-2-17T23:30+0:00\",\n\t\t\t\t\"image\":\"https:\/\/civilwordsaps.it\/wp-content\/uploads\/2026\/01\/banner-home-attore-integrato.png\", \n\t\t\t\t\"description\":\"Dopo il successo dell\u2019edizione precedente, il corso avanzato di recitazione \u201cL\u2019ATTORE INTEGRATO\u201d di Civil Words torna all\u2019ELF Teatro, diretto dal regista\u00a0<strong>Nicholas Rapp<\/strong>. Questo programma di formazione spinge l\u2019arte della recitazione oltre i confini della tecnica, nello spazio dell\u2019impulso.    L\u2019Attore Integrato combina un\u2019analisi disciplinata del testo con un rigoroso allenamento fisico e vocale, creando un ambiente in cui gli attori esperti possono superare i limiti creativi e uscire dalla propria testa. Come sempre, il corso inizier\u00e0 con il lavoro sul corpo e sul movimento, seguito da scene del drammaturgo designato dell\u2019anno (Tennessee Williams). Il corso incoraggia un\u2019esplorazione personale e profonda di personaggi e testi, garantendo che ogni spettacolo sia un\u2019opera d\u2019arte unica e vivente.    Questo non \u00e8 solo un \u201ccorso di recitazione\u201d, ma:  \u2022 Allenamento vocale, utilizzando esercizi del sistema Linklater  \u2022 Allenamento fisico, utilizzando esercizi del metodo Grotowski e Viewpoints  \u2022 Allenamento al lavoro sul testo, imparando a recitare e applicare l\u2019analisi del copione  \u2022 Uno spazio di sperimentazione ed esplorazione, dove l\u2019allenamento fisico e vocale pu\u00f2 essere applicato per andare oltre i limiti del modello stanislavskiano  \u2022 Un\u2019opportunit\u00e0 di confrontarsi con il feedback di un professionista stimato del settore  \u2022 Esercitare la lingua inglese in un contesto professionale attoriale  \u2022 Ottenere materiale video per il proprio showreel    &nbsp;  <blockquote><em><strong>Nicholas Rapp<\/strong>\u00a0\u00e8 un artista del teatro specializzato nella reinterpretazione dei testi classici. Essendo stato allievo di Lee Breuer e Gabor Tompa, Nicholas ha sviluppato un interesse per la sperimentazione formale. Il suo lavoro \u00e8 stato presentato a Los Angeles, New York, San Diego e altrove. Laureato alla UCLA per poi conseguire il Master in Fine Arts (MFA) in Teatro e Regia alla UC San Diego.<\/em><\/blockquote>\",\"location\":[{\"@type\":\"Place\",\"name\":\"ELF Teatro\",\"address\":{\"@type\": \"PostalAddress\",\"streetAddress\":\"via S.G Emiliani 1, Milano\"}}],\"eventStatus\":\"https:\/\/schema.org\/EventScheduled\"}<\/script><\/div>\n\t\t\t\t<p class=\"desc_trig_outter\" style=\"\"><a data-gmap_status=\"null\" data-exlk=\"0\" style=\"background-color: #a74349;\" id=\"evc_17713530001019\" class=\"desc_trig sin_val evcal_list_a\" data-ux_val=\"1\" data-ux_val_mob=\"-\"  ><span class='evoet_c2 evoet_cx'><span class='evoet_dayblock evcal_cblock' data-bgcolor='#a74349' data-smon='Febbraio' data-syr='2026'><span class='evo_start'><em class='date'>17<\/em><em class='month'>feb<\/em><em class='time'>19:30<\/em><\/span><span class='evo_end only_time'><em class='time'>23:30<\/em><\/span><\/span><\/span><span style='display:none' class='event_location_attrs'  data-location_address=\"via S.G Emiliani 1, Milano\" data-location_type=\"address\" data-location_name=\"ELF Teatro\" data-location_url=\"https:\/\/civilwordsaps.it\/en\/event-location\/elf-teatro\/\" data-location_status=\"true\"><\/span><span class='evoet_c3 evoet_cx evcal_desc evo_info' ><span class='evoet_tags evo_above_title'><\/span><span class='evoet_title evcal_desc2 evcal_event_title' itemprop='name'>The Integrated Actor<\/span><span class='evoet_subtitle evo_below_title'><span class='evcal_event_subtitle' >WORKSHOP \/ LESSON 9<\/span><\/span><span class='evoet_time_expand level_3 evcal_desc_info evogap10'><\/span><span class='evcal_desc3'><\/span><\/span><em class='evoet_data' style='display:none' data-bgc='#a74349'data-bggrad=''><\/em><\/a><\/p><div class='event_description evcal_eventcard' style=\"display:none\"><div class='evocard_row'><div class='evocard_box ftimage' data-c='ffffff' \n\t\t\t\t\tstyle='background-color:#ffffff'><div class='evo_metarow_directimg evcal_evdata_row'><img class='evo_event_main_img' src='https:\/\/civilwordsaps.it\/wp-content\/uploads\/2026\/01\/banner-home-attore-integrato.png' \/><\/div><\/div><\/div><div class='evocard_row bx2 bx'><div class='evocard_box time' data-c='ffffff' \n\t\t\t\t\tstyle='background-color:#ffffff'><div class='evo_metarow_time evorow evcal_evdata_row evcal_evrow_sm'>\n\t\t<span class='evcal_evdata_icons'><i class='fa fa-clock'><\/i><\/span>\n\t\t<div class='evcal_evdata_cell'>\t\t\t\t\t\t\t\n\t\t\t<h3 class='evo_h3'><span class='evcal_evdata_icons'><i class='fa fa-clock'><\/i><\/span>Hours<\/h3><p><span class='evo_eventcard_time_t'>17\/02\/2026 19:30 &#8211; 23:30<\/span><\/p>\n\t\t<\/div>\n\t<\/div><\/div><div class='evocard_box location' data-c='ffffff' \n\t\t\t\t\tstyle='background-color:#ffffff'><div class='evcal_evdata_row evo_metarow_time_location evorow'>\n\t\t\n\t\t\t<span class='evcal_evdata_icons'><i class='fa fa-map-marker'><\/i><\/span>\n\t\t\t<div class='evcal_evdata_cell' data-loc_tax_id='42'><h3 class='evo_h3'><span class='evcal_evdata_icons'><i class='fa fa-map-marker'><\/i><\/span>Location<\/h3><p class='evo_location_name' style='margin-bottom:10px; font-size:15px;'>ELF Teatro<\/p><p class='evo_location_address evodfxi evogap10'>via S.G Emiliani 1, Milano<a href='https:\/\/www.google.com\/maps?q=via+S.G+Emiliani+1%2C+Milano' target='_blank'><i class='fa fa-arrow-up-right-from-square'><\/i><\/a><\/p><\/div>\n\t\t\n\t<\/div><\/div><\/div><div class='evocard_row'><div class='evocard_box eventdetails' data-c='ffffff' \n\t\t\t\t\tstyle='background-color:#ffffff'><div class=\"evo_metarow_details evorow evcal_evdata_row evcal_event_details\">\n    <div class=\"event_excerpt\" style=\"display:none\"><h3 class=\"padb5 evo_h3\">Event details<\/h3><p>Dopo il successo dell\u2019edizione precedente, il corso avanzato di recitazione \u201cL\u2019ATTORE INTEGRATO\u201d di Civil Words torna all\u2019ELF Teatro, diretto dal regista\u00a0Nicholas Rapp. Questo programma di formazione spinge l\u2019arte della recitazione<\/p><\/div><span class='evcal_evdata_icons'><i class='fa fa-align-justify'><\/i><\/span>    <div class=\"evcal_evdata_cell\">\n        <div class=\"eventon_full_description\">\n            <h3 class=\"padb5 evo_h3\"><span class='evcal_evdata_icons'><i class='fa fa-align-justify'><\/i><\/span>Event details<\/h3>\n            <div class=\"eventon_desc_in\" itemprop=\"description\">\n                After the success of the previous edition, the advanced acting course \u201cTHE INTEGRATED ACTOR\u201d by Civil Words returns to the ELF Teatro, directed by the director\u00a0<strong>Nicholas Rapp<\/strong>This training program pushes the art of acting beyond the confines of technique, into the realm of impulse. The Integrated Actor combines disciplined text analysis with rigorous physical and vocal training, creating an environment where experienced actors can push creative boundaries and step outside their own heads. As always, the course will begin with body and movement work, followed by scenes from the nominated playwright of the year (Tennessee Williams). The course encourages a personal and in-depth exploration of characters and texts, ensuring that each performance is a unique, living work of art.\nThis isn't just an \"acting course,\" but:\n\u2022 Vocal training, using exercises from the Linklater system\n\u2022 Physical training, using exercises from the Grotowski method and Viewpoints\n\u2022 Training in working with the text, learning to act and apply script analysis\n\u2022 A space for experimentation and exploration, where physical and vocal training can be applied to go beyond the limits of the Stanislavskian model\n\u2022 An opportunity to engage with feedback from a respected professional in the field\n\u2022 Practice your English in a professional acting context\n\u2022 Obtain video material for your showreel\r\n\r\n\u00a0\r\n<blockquote><em><strong>Nicholas Rapp<\/strong>\u00a0is a theater artist specializing in the reinterpretation of classical texts. Having studied with Lee Breuer and Gabor Tompa, Nicholas developed an interest in formal experimentation. His work has been presented in Los Angeles, New York, San Diego, and elsewhere. He graduated from UCLA and earned his Master of Fine Arts (MFA) in Theater and Directing from UC San Diego.<\/em><\/blockquote>            <\/div>\n            <div class='clear'><\/div>        <\/div>\n    <\/div>\n<\/div><\/div><\/div><div class='evocard_row'><div class='evocard_box learnmore' data-c='ffffff' \n\t\t\t\t\tstyle='background-color:#ffffff'><div class='evo_metarow_learnM evo_metarow_learnmore evorow'>\n\t\t\t\t\t\t\t<a class='evcal_evdata_row evo_clik_row' href='https:\/\/civilwordsaps.it\/en\/corso-avanzato-di-recitazione-lattore-integrato\/' >\n\t\t\t\t\t\t\t\t<span class='evcal_evdata_icons'><i class='fa fa-link'><\/i><\/span>\n\t\t\t\t\t\t\t\t<h3 class='evo_h3 evopad0i'>Learn more<\/h3>\n\t\t\t\t\t\t\t<\/a>\n\t\t\t\t\t\t\t<\/div><\/div><\/div><div class='evo_card_row_end evcal_close' title='Chiudi'><\/div><\/div><div class='clear end'><\/div><\/div><div id=\"event_1020_0\" class=\"eventon_list_event evo_eventtop scheduled past_event event event_1020_0\" data-event_id=\"1020\" data-ri=\"0r\" data-time=\"1771957800-1771972200\" data-colr=\"#a74349\" itemscope itemtype='http:\/\/schema.org\/Event'><div class=\"evo_event_schema\" style=\"display:none\" ><a itemprop='url'  href='https:\/\/civilwordsaps.it\/en\/evento\/corso-attore-integrato-lezione-10\/'><\/a><meta itemprop='image' content=\"https:\/\/civilwordsaps.it\/wp-content\/uploads\/2026\/01\/banner-home-attore-integrato_mono.png\" \/><meta itemprop='startDate' content=\"2026-2-24T19:30+0:00\" \/><meta itemprop='endDate' content=\"2026-2-24T23:30+0:00\" \/><meta itemprop='eventStatus' content=\"https:\/\/schema.org\/EventScheduled\" \/><item style=\"display:none\" itemprop=\"location\" itemscope itemtype=\"http:\/\/schema.org\/Place\"><span itemprop=\"name\">ELF Teatro<\/span><span itemprop=\"address\" itemscope itemtype=\"http:\/\/schema.org\/PostalAddress\"><item itemprop=\"streetAddress\">via S.G Emiliani 1, Milano<\/item><\/span><\/item><item style=\"display:none\" itemprop=\"eventAttendanceMode\" itemscope itemtype=\"https:\/\/schema.org\/OfflineEventAttendanceMode\"><\/item><script type=\"application\/ld+json\">{\"@context\": \"http:\/\/schema.org\",\"@type\": \"Event\",\n\t\t\t\t\"@id\": \"event_1020_0\",\n\t\t\t\t\"eventAttendanceMode\":\"https:\/\/schema.org\/OfflineEventAttendanceMode\",\n\t\t\t\t\"name\": \"L&#039;Attore Integrato\",\n\t\t\t\t\"url\": \"https:\/\/civilwordsaps.it\/en\/evento\/corso-attore-integrato-lezione-10\/\",\n\t\t\t\t\"startDate\": \"2026-2-24T19:30+0:00\",\n\t\t\t\t\"endDate\": \"2026-2-24T23:30+0:00\",\n\t\t\t\t\"image\":\"https:\/\/civilwordsaps.it\/wp-content\/uploads\/2026\/01\/banner-home-attore-integrato_mono.png\", \n\t\t\t\t\"description\":\"Dopo il successo dell\u2019edizione precedente, il corso avanzato di recitazione \u201cL\u2019ATTORE INTEGRATO\u201d di Civil Words torna all\u2019ELF Teatro, diretto dal regista\u00a0<strong>Nicholas Rapp<\/strong>. Questo programma di formazione spinge l\u2019arte della recitazione oltre i confini della tecnica, nello spazio dell\u2019impulso.    L\u2019Attore Integrato combina un\u2019analisi disciplinata del testo con un rigoroso allenamento fisico e vocale, creando un ambiente in cui gli attori esperti possono superare i limiti creativi e uscire dalla propria testa. Come sempre, il corso inizier\u00e0 con il lavoro sul corpo e sul movimento, seguito da scene del drammaturgo designato dell\u2019anno (Tennessee Williams). Il corso incoraggia un\u2019esplorazione personale e profonda di personaggi e testi, garantendo che ogni spettacolo sia un\u2019opera d\u2019arte unica e vivente.    Questo non \u00e8 solo un \u201ccorso di recitazione\u201d, ma:  \u2022 Allenamento vocale, utilizzando esercizi del sistema Linklater  \u2022 Allenamento fisico, utilizzando esercizi del metodo Grotowski e Viewpoints  \u2022 Allenamento al lavoro sul testo, imparando a recitare e applicare l\u2019analisi del copione  \u2022 Uno spazio di sperimentazione ed esplorazione, dove l\u2019allenamento fisico e vocale pu\u00f2 essere applicato per andare oltre i limiti del modello stanislavskiano  \u2022 Un\u2019opportunit\u00e0 di confrontarsi con il feedback di un professionista stimato del settore  \u2022 Esercitare la lingua inglese in un contesto professionale attoriale  \u2022 Ottenere materiale video per il proprio showreel    &nbsp;  <blockquote><em><strong>Nicholas Rapp<\/strong>\u00a0\u00e8 un artista del teatro specializzato nella reinterpretazione dei testi classici. Essendo stato allievo di Lee Breuer e Gabor Tompa, Nicholas ha sviluppato un interesse per la sperimentazione formale. Il suo lavoro \u00e8 stato presentato a Los Angeles, New York, San Diego e altrove. Laureato alla UCLA per poi conseguire il Master in Fine Arts (MFA) in Teatro e Regia alla UC San Diego.<\/em><\/blockquote>\",\"location\":[{\"@type\":\"Place\",\"name\":\"ELF Teatro\",\"address\":{\"@type\": \"PostalAddress\",\"streetAddress\":\"via S.G Emiliani 1, Milano\"}}],\"eventStatus\":\"https:\/\/schema.org\/EventScheduled\"}<\/script><\/div>\n\t\t\t\t<p class=\"desc_trig_outter\" style=\"\"><a data-gmap_status=\"null\" data-exlk=\"0\" style=\"background-color: #a74349;\" id=\"evc_17719578001020\" class=\"desc_trig sin_val evcal_list_a\" data-ux_val=\"1\" data-ux_val_mob=\"-\"  ><span class='evoet_c2 evoet_cx'><span class='evoet_dayblock evcal_cblock' data-bgcolor='#a74349' data-smon='Febbraio' data-syr='2026'><span class='evo_start'><em class='date'>24<\/em><em class='month'>feb<\/em><em class='time'>19:30<\/em><\/span><span class='evo_end only_time'><em class='time'>23:30<\/em><\/span><\/span><\/span><span style='display:none' class='event_location_attrs'  data-location_address=\"via S.G Emiliani 1, Milano\" data-location_type=\"address\" data-location_name=\"ELF Teatro\" data-location_url=\"https:\/\/civilwordsaps.it\/en\/event-location\/elf-teatro\/\" data-location_status=\"true\"><\/span><span class='evoet_c3 evoet_cx evcal_desc evo_info' ><span class='evoet_tags evo_above_title'><\/span><span class='evoet_title evcal_desc2 evcal_event_title' itemprop='name'>The Integrated Actor<\/span><span class='evoet_subtitle evo_below_title'><span class='evcal_event_subtitle' >WORKSHOP \/ LESSON 10<\/span><\/span><span class='evoet_time_expand level_3 evcal_desc_info evogap10'><\/span><span class='evcal_desc3'><\/span><\/span><em class='evoet_data' style='display:none' data-bgc='#a74349'data-bggrad=''><\/em><\/a><\/p><div class='event_description evcal_eventcard' style=\"display:none\"><div class='evocard_row'><div class='evocard_box ftimage' data-c='ffffff' \n\t\t\t\t\tstyle='background-color:#ffffff'><div class='evo_metarow_directimg evcal_evdata_row'><img class='evo_event_main_img' src='https:\/\/civilwordsaps.it\/wp-content\/uploads\/2026\/01\/banner-home-attore-integrato_mono.png' \/><\/div><\/div><\/div><div class='evocard_row bx2 bx'><div class='evocard_box time' data-c='ffffff' \n\t\t\t\t\tstyle='background-color:#ffffff'><div class='evo_metarow_time evorow evcal_evdata_row evcal_evrow_sm'>\n\t\t<span class='evcal_evdata_icons'><i class='fa fa-clock'><\/i><\/span>\n\t\t<div class='evcal_evdata_cell'>\t\t\t\t\t\t\t\n\t\t\t<h3 class='evo_h3'><span class='evcal_evdata_icons'><i class='fa fa-clock'><\/i><\/span>Hours<\/h3><p><span class='evo_eventcard_time_t'>24\/02\/2026 19:30 &#8211; 23:30<\/span><\/p>\n\t\t<\/div>\n\t<\/div><\/div><div class='evocard_box location' data-c='ffffff' \n\t\t\t\t\tstyle='background-color:#ffffff'><div class='evcal_evdata_row evo_metarow_time_location evorow'>\n\t\t\n\t\t\t<span class='evcal_evdata_icons'><i class='fa fa-map-marker'><\/i><\/span>\n\t\t\t<div class='evcal_evdata_cell' data-loc_tax_id='42'><h3 class='evo_h3'><span class='evcal_evdata_icons'><i class='fa fa-map-marker'><\/i><\/span>Location<\/h3><p class='evo_location_name' style='margin-bottom:10px; font-size:15px;'>ELF Teatro<\/p><p class='evo_location_address evodfxi evogap10'>via S.G Emiliani 1, Milano<a href='https:\/\/www.google.com\/maps?q=via+S.G+Emiliani+1%2C+Milano' target='_blank'><i class='fa fa-arrow-up-right-from-square'><\/i><\/a><\/p><\/div>\n\t\t\n\t<\/div><\/div><\/div><div class='evocard_row'><div class='evocard_box eventdetails' data-c='ffffff' \n\t\t\t\t\tstyle='background-color:#ffffff'><div class=\"evo_metarow_details evorow evcal_evdata_row evcal_event_details\">\n    <div class=\"event_excerpt\" style=\"display:none\"><h3 class=\"padb5 evo_h3\">Event details<\/h3><p>Dopo il successo dell\u2019edizione precedente, il corso avanzato di recitazione \u201cL\u2019ATTORE INTEGRATO\u201d di Civil Words torna all\u2019ELF Teatro, diretto dal regista\u00a0Nicholas Rapp. Questo programma di formazione spinge l\u2019arte della recitazione<\/p><\/div><span class='evcal_evdata_icons'><i class='fa fa-align-justify'><\/i><\/span>    <div class=\"evcal_evdata_cell\">\n        <div class=\"eventon_full_description\">\n            <h3 class=\"padb5 evo_h3\"><span class='evcal_evdata_icons'><i class='fa fa-align-justify'><\/i><\/span>Event details<\/h3>\n            <div class=\"eventon_desc_in\" itemprop=\"description\">\n                After the success of the previous edition, the advanced acting course \u201cTHE INTEGRATED ACTOR\u201d by Civil Words returns to the ELF Teatro, directed by the director\u00a0<strong>Nicholas Rapp<\/strong>This training program pushes the art of acting beyond the confines of technique, into the realm of impulse. The Integrated Actor combines disciplined text analysis with rigorous physical and vocal training, creating an environment where experienced actors can push creative boundaries and step outside their own heads. As always, the course will begin with body and movement work, followed by scenes from the nominated playwright of the year (Tennessee Williams). The course encourages a personal and in-depth exploration of characters and texts, ensuring that each performance is a unique, living work of art.\nThis isn't just an \"acting course,\" but:\n\u2022 Vocal training, using exercises from the Linklater system\n\u2022 Physical training, using exercises from the Grotowski method and Viewpoints\n\u2022 Training in working with the text, learning to act and apply script analysis\n\u2022 A space for experimentation and exploration, where physical and vocal training can be applied to go beyond the limits of the Stanislavskian model\n\u2022 An opportunity to engage with feedback from a respected professional in the field\n\u2022 Practice your English in a professional acting context\n\u2022 Obtain video material for your showreel\r\n\r\n\u00a0\r\n<blockquote><em><strong>Nicholas Rapp<\/strong>\u00a0is a theater artist specializing in the reinterpretation of classical texts. Having studied with Lee Breuer and Gabor Tompa, Nicholas developed an interest in formal experimentation. His work has been presented in Los Angeles, New York, San Diego, and elsewhere. He graduated from UCLA and earned his Master of Fine Arts (MFA) in Theater and Directing from UC San Diego.<\/em><\/blockquote>            <\/div>\n            <div class='clear'><\/div>        <\/div>\n    <\/div>\n<\/div><\/div><\/div><div class='evocard_row'><div class='evocard_box learnmore' data-c='ffffff' \n\t\t\t\t\tstyle='background-color:#ffffff'><div class='evo_metarow_learnM evo_metarow_learnmore evorow'>\n\t\t\t\t\t\t\t<a class='evcal_evdata_row evo_clik_row' href='https:\/\/civilwordsaps.it\/en\/corso-avanzato-di-recitazione-lattore-integrato\/' >\n\t\t\t\t\t\t\t\t<span class='evcal_evdata_icons'><i class='fa fa-link'><\/i><\/span>\n\t\t\t\t\t\t\t\t<h3 class='evo_h3 evopad0i'>Learn more<\/h3>\n\t\t\t\t\t\t\t<\/a>\n\t\t\t\t\t\t\t<\/div><\/div><\/div><div class='evo_card_row_end evcal_close' title='Chiudi'><\/div><\/div><div class='clear end'><\/div><\/div><\/div><div class='evcal_month_line' data-d='eml_3_2026'><p>March 2026<\/p><\/div><div class='sep_month_events' data-d='eml_3_2026'><div id=\"event_1021_0\" class=\"eventon_list_event evo_eventtop scheduled past_event event event_1021_0\" data-event_id=\"1021\" data-ri=\"0r\" data-time=\"1772562600-1772577000\" data-colr=\"#a74349\" itemscope itemtype='http:\/\/schema.org\/Event'><div class=\"evo_event_schema\" style=\"display:none\" ><a itemprop='url'  href='https:\/\/civilwordsaps.it\/en\/evento\/corso-attore-integrato-lezione-11\/'><\/a><meta itemprop='image' content=\"https:\/\/civilwordsaps.it\/wp-content\/uploads\/2026\/01\/banner-home-attore-integrato_mono.png\" \/><meta itemprop='startDate' content=\"2026-3-3T19:30+0:00\" \/><meta itemprop='endDate' content=\"2026-3-3T23:30+0:00\" \/><meta itemprop='eventStatus' content=\"https:\/\/schema.org\/EventScheduled\" \/><item style=\"display:none\" itemprop=\"location\" itemscope itemtype=\"http:\/\/schema.org\/Place\"><span itemprop=\"name\">ELF Teatro<\/span><span itemprop=\"address\" itemscope itemtype=\"http:\/\/schema.org\/PostalAddress\"><item itemprop=\"streetAddress\">via S.G Emiliani 1, Milano<\/item><\/span><\/item><item style=\"display:none\" itemprop=\"eventAttendanceMode\" itemscope itemtype=\"https:\/\/schema.org\/OfflineEventAttendanceMode\"><\/item><script type=\"application\/ld+json\">{\"@context\": \"http:\/\/schema.org\",\"@type\": \"Event\",\n\t\t\t\t\"@id\": \"event_1021_0\",\n\t\t\t\t\"eventAttendanceMode\":\"https:\/\/schema.org\/OfflineEventAttendanceMode\",\n\t\t\t\t\"name\": \"L&#039;Attore Integrato\",\n\t\t\t\t\"url\": \"https:\/\/civilwordsaps.it\/en\/evento\/corso-attore-integrato-lezione-11\/\",\n\t\t\t\t\"startDate\": \"2026-3-3T19:30+0:00\",\n\t\t\t\t\"endDate\": \"2026-3-3T23:30+0:00\",\n\t\t\t\t\"image\":\"https:\/\/civilwordsaps.it\/wp-content\/uploads\/2026\/01\/banner-home-attore-integrato_mono.png\", \n\t\t\t\t\"description\":\"Dopo il successo dell\u2019edizione precedente, il corso avanzato di recitazione \u201cL\u2019ATTORE INTEGRATO\u201d di Civil Words torna all\u2019ELF Teatro, diretto dal regista\u00a0<strong>Nicholas Rapp<\/strong>. Questo programma di formazione spinge l\u2019arte della recitazione oltre i confini della tecnica, nello spazio dell\u2019impulso.    L\u2019Attore Integrato combina un\u2019analisi disciplinata del testo con un rigoroso allenamento fisico e vocale, creando un ambiente in cui gli attori esperti possono superare i limiti creativi e uscire dalla propria testa. Come sempre, il corso inizier\u00e0 con il lavoro sul corpo e sul movimento, seguito da scene del drammaturgo designato dell\u2019anno (Tennessee Williams). Il corso incoraggia un\u2019esplorazione personale e profonda di personaggi e testi, garantendo che ogni spettacolo sia un\u2019opera d\u2019arte unica e vivente.    Questo non \u00e8 solo un \u201ccorso di recitazione\u201d, ma:  \u2022 Allenamento vocale, utilizzando esercizi del sistema Linklater  \u2022 Allenamento fisico, utilizzando esercizi del metodo Grotowski e Viewpoints  \u2022 Allenamento al lavoro sul testo, imparando a recitare e applicare l\u2019analisi del copione  \u2022 Uno spazio di sperimentazione ed esplorazione, dove l\u2019allenamento fisico e vocale pu\u00f2 essere applicato per andare oltre i limiti del modello stanislavskiano  \u2022 Un\u2019opportunit\u00e0 di confrontarsi con il feedback di un professionista stimato del settore  \u2022 Esercitare la lingua inglese in un contesto professionale attoriale  \u2022 Ottenere materiale video per il proprio showreel    &nbsp;  <blockquote><em><strong>Nicholas Rapp<\/strong>\u00a0\u00e8 un artista del teatro specializzato nella reinterpretazione dei testi classici. Essendo stato allievo di Lee Breuer e Gabor Tompa, Nicholas ha sviluppato un interesse per la sperimentazione formale. Il suo lavoro \u00e8 stato presentato a Los Angeles, New York, San Diego e altrove. Laureato alla UCLA per poi conseguire il Master in Fine Arts (MFA) in Teatro e Regia alla UC San Diego.<\/em><\/blockquote>\",\"location\":[{\"@type\":\"Place\",\"name\":\"ELF Teatro\",\"address\":{\"@type\": \"PostalAddress\",\"streetAddress\":\"via S.G Emiliani 1, Milano\"}}],\"eventStatus\":\"https:\/\/schema.org\/EventScheduled\"}<\/script><\/div>\n\t\t\t\t<p class=\"desc_trig_outter\" style=\"\"><a data-gmap_status=\"null\" data-exlk=\"0\" style=\"background-color: #a74349;\" id=\"evc_17725626001021\" class=\"desc_trig sin_val evcal_list_a\" data-ux_val=\"1\" data-ux_val_mob=\"-\"  ><span class='evoet_c2 evoet_cx'><span class='evoet_dayblock evcal_cblock' data-bgcolor='#a74349' data-smon='Marzo' data-syr='2026'><span class='evo_start'><em class='date'>03<\/em><em class='month'>mar<\/em><em class='time'>19:30<\/em><\/span><span class='evo_end only_time'><em class='time'>23:30<\/em><\/span><\/span><\/span><span style='display:none' class='event_location_attrs'  data-location_address=\"via S.G Emiliani 1, Milano\" data-location_type=\"address\" data-location_name=\"ELF Teatro\" data-location_url=\"https:\/\/civilwordsaps.it\/en\/event-location\/elf-teatro\/\" data-location_status=\"true\"><\/span><span class='evoet_c3 evoet_cx evcal_desc evo_info' ><span class='evoet_tags evo_above_title'><\/span><span class='evoet_title evcal_desc2 evcal_event_title' itemprop='name'>The Integrated Actor<\/span><span class='evoet_subtitle evo_below_title'><span class='evcal_event_subtitle' >WORKSHOP \/ LESSON 11<\/span><\/span><span class='evoet_time_expand level_3 evcal_desc_info evogap10'><\/span><span class='evcal_desc3'><\/span><\/span><em class='evoet_data' style='display:none' data-bgc='#a74349'data-bggrad=''><\/em><\/a><\/p><div class='event_description evcal_eventcard' style=\"display:none\"><div class='evocard_row'><div class='evocard_box ftimage' data-c='ffffff' \n\t\t\t\t\tstyle='background-color:#ffffff'><div class='evo_metarow_directimg evcal_evdata_row'><img class='evo_event_main_img' src='https:\/\/civilwordsaps.it\/wp-content\/uploads\/2026\/01\/banner-home-attore-integrato_mono.png' \/><\/div><\/div><\/div><div class='evocard_row bx2 bx'><div class='evocard_box time' data-c='ffffff' \n\t\t\t\t\tstyle='background-color:#ffffff'><div class='evo_metarow_time evorow evcal_evdata_row evcal_evrow_sm'>\n\t\t<span class='evcal_evdata_icons'><i class='fa fa-clock'><\/i><\/span>\n\t\t<div class='evcal_evdata_cell'>\t\t\t\t\t\t\t\n\t\t\t<h3 class='evo_h3'><span class='evcal_evdata_icons'><i class='fa fa-clock'><\/i><\/span>Hours<\/h3><p><span class='evo_eventcard_time_t'>03\/03\/2026 19:30 &#8211; 23:30<\/span><\/p>\n\t\t<\/div>\n\t<\/div><\/div><div class='evocard_box location' data-c='ffffff' \n\t\t\t\t\tstyle='background-color:#ffffff'><div class='evcal_evdata_row evo_metarow_time_location evorow'>\n\t\t\n\t\t\t<span class='evcal_evdata_icons'><i class='fa fa-map-marker'><\/i><\/span>\n\t\t\t<div class='evcal_evdata_cell' data-loc_tax_id='42'><h3 class='evo_h3'><span class='evcal_evdata_icons'><i class='fa fa-map-marker'><\/i><\/span>Location<\/h3><p class='evo_location_name' style='margin-bottom:10px; font-size:15px;'>ELF Teatro<\/p><p class='evo_location_address evodfxi evogap10'>via S.G Emiliani 1, Milano<a href='https:\/\/www.google.com\/maps?q=via+S.G+Emiliani+1%2C+Milano' target='_blank'><i class='fa fa-arrow-up-right-from-square'><\/i><\/a><\/p><\/div>\n\t\t\n\t<\/div><\/div><\/div><div class='evocard_row'><div class='evocard_box eventdetails' data-c='ffffff' \n\t\t\t\t\tstyle='background-color:#ffffff'><div class=\"evo_metarow_details evorow evcal_evdata_row evcal_event_details\">\n    <div class=\"event_excerpt\" style=\"display:none\"><h3 class=\"padb5 evo_h3\">Event details<\/h3><p>Dopo il successo dell\u2019edizione precedente, il corso avanzato di recitazione \u201cL\u2019ATTORE INTEGRATO\u201d di Civil Words torna all\u2019ELF Teatro, diretto dal regista\u00a0Nicholas Rapp. Questo programma di formazione spinge l\u2019arte della recitazione<\/p><\/div><span class='evcal_evdata_icons'><i class='fa fa-align-justify'><\/i><\/span>    <div class=\"evcal_evdata_cell\">\n        <div class=\"eventon_full_description\">\n            <h3 class=\"padb5 evo_h3\"><span class='evcal_evdata_icons'><i class='fa fa-align-justify'><\/i><\/span>Event details<\/h3>\n            <div class=\"eventon_desc_in\" itemprop=\"description\">\n                After the success of the previous edition, the advanced acting course \u201cTHE INTEGRATED ACTOR\u201d by Civil Words returns to the ELF Teatro, directed by the director\u00a0<strong>Nicholas Rapp<\/strong>This training program pushes the art of acting beyond the confines of technique, into the realm of impulse. The Integrated Actor combines disciplined text analysis with rigorous physical and vocal training, creating an environment where experienced actors can push creative boundaries and step outside their own heads. As always, the course will begin with body and movement work, followed by scenes from the nominated playwright of the year (Tennessee Williams). The course encourages a personal and in-depth exploration of characters and texts, ensuring that each performance is a unique, living work of art.\nThis isn't just an \"acting course,\" but:\n\u2022 Vocal training, using exercises from the Linklater system\n\u2022 Physical training, using exercises from the Grotowski method and Viewpoints\n\u2022 Training in working with the text, learning to act and apply script analysis\n\u2022 A space for experimentation and exploration, where physical and vocal training can be applied to go beyond the limits of the Stanislavskian model\n\u2022 An opportunity to engage with feedback from a respected professional in the field\n\u2022 Practice your English in a professional acting context\n\u2022 Obtain video material for your showreel\r\n\r\n\u00a0\r\n<blockquote><em><strong>Nicholas Rapp<\/strong>\u00a0is a theater artist specializing in the reinterpretation of classical texts. Having studied with Lee Breuer and Gabor Tompa, Nicholas developed an interest in formal experimentation. His work has been presented in Los Angeles, New York, San Diego, and elsewhere. He graduated from UCLA and earned his Master of Fine Arts (MFA) in Theater and Directing from UC San Diego.<\/em><\/blockquote>            <\/div>\n            <div class='clear'><\/div>        <\/div>\n    <\/div>\n<\/div><\/div><\/div><div class='evocard_row'><div class='evocard_box learnmore' data-c='ffffff' \n\t\t\t\t\tstyle='background-color:#ffffff'><div class='evo_metarow_learnM evo_metarow_learnmore evorow'>\n\t\t\t\t\t\t\t<a class='evcal_evdata_row evo_clik_row' href='https:\/\/civilwordsaps.it\/en\/corso-avanzato-di-recitazione-lattore-integrato\/' >\n\t\t\t\t\t\t\t\t<span class='evcal_evdata_icons'><i class='fa fa-link'><\/i><\/span>\n\t\t\t\t\t\t\t\t<h3 class='evo_h3 evopad0i'>Learn more<\/h3>\n\t\t\t\t\t\t\t<\/a>\n\t\t\t\t\t\t\t<\/div><\/div><\/div><div class='evo_card_row_end evcal_close' title='Chiudi'><\/div><\/div><div class='clear end'><\/div><\/div><div id=\"event_1022_0\" class=\"eventon_list_event evo_eventtop scheduled past_event event event_1022_0\" data-event_id=\"1022\" data-ri=\"0r\" data-time=\"1773167400-1773181800\" data-colr=\"#a74349\" itemscope itemtype='http:\/\/schema.org\/Event'><div class=\"evo_event_schema\" style=\"display:none\" ><a itemprop='url'  href='https:\/\/civilwordsaps.it\/en\/evento\/corso-attore-integrato-lezione-12\/'><\/a><meta itemprop='image' content=\"https:\/\/civilwordsaps.it\/wp-content\/uploads\/2026\/01\/banner-home-attore-integrato_mono.png\" \/><meta itemprop='startDate' content=\"2026-3-10T19:30+0:00\" \/><meta itemprop='endDate' content=\"2026-3-10T23:30+0:00\" \/><meta itemprop='eventStatus' content=\"https:\/\/schema.org\/EventScheduled\" \/><item style=\"display:none\" itemprop=\"location\" itemscope itemtype=\"http:\/\/schema.org\/Place\"><span itemprop=\"name\">ELF Teatro<\/span><span itemprop=\"address\" itemscope itemtype=\"http:\/\/schema.org\/PostalAddress\"><item itemprop=\"streetAddress\">via S.G Emiliani 1, Milano<\/item><\/span><\/item><item style=\"display:none\" itemprop=\"eventAttendanceMode\" itemscope itemtype=\"https:\/\/schema.org\/OfflineEventAttendanceMode\"><\/item><script type=\"application\/ld+json\">{\"@context\": \"http:\/\/schema.org\",\"@type\": \"Event\",\n\t\t\t\t\"@id\": \"event_1022_0\",\n\t\t\t\t\"eventAttendanceMode\":\"https:\/\/schema.org\/OfflineEventAttendanceMode\",\n\t\t\t\t\"name\": \"L&#039;Attore Integrato\",\n\t\t\t\t\"url\": \"https:\/\/civilwordsaps.it\/en\/evento\/corso-attore-integrato-lezione-12\/\",\n\t\t\t\t\"startDate\": \"2026-3-10T19:30+0:00\",\n\t\t\t\t\"endDate\": \"2026-3-10T23:30+0:00\",\n\t\t\t\t\"image\":\"https:\/\/civilwordsaps.it\/wp-content\/uploads\/2026\/01\/banner-home-attore-integrato_mono.png\", \n\t\t\t\t\"description\":\"Dopo il successo dell\u2019edizione precedente, il corso avanzato di recitazione \u201cL\u2019ATTORE INTEGRATO\u201d di Civil Words torna all\u2019ELF Teatro, diretto dal regista\u00a0<strong>Nicholas Rapp<\/strong>. Questo programma di formazione spinge l\u2019arte della recitazione oltre i confini della tecnica, nello spazio dell\u2019impulso.    L\u2019Attore Integrato combina un\u2019analisi disciplinata del testo con un rigoroso allenamento fisico e vocale, creando un ambiente in cui gli attori esperti possono superare i limiti creativi e uscire dalla propria testa. Come sempre, il corso inizier\u00e0 con il lavoro sul corpo e sul movimento, seguito da scene del drammaturgo designato dell\u2019anno (Tennessee Williams). Il corso incoraggia un\u2019esplorazione personale e profonda di personaggi e testi, garantendo che ogni spettacolo sia un\u2019opera d\u2019arte unica e vivente.    Questo non \u00e8 solo un \u201ccorso di recitazione\u201d, ma:  \u2022 Allenamento vocale, utilizzando esercizi del sistema Linklater  \u2022 Allenamento fisico, utilizzando esercizi del metodo Grotowski e Viewpoints  \u2022 Allenamento al lavoro sul testo, imparando a recitare e applicare l\u2019analisi del copione  \u2022 Uno spazio di sperimentazione ed esplorazione, dove l\u2019allenamento fisico e vocale pu\u00f2 essere applicato per andare oltre i limiti del modello stanislavskiano  \u2022 Un\u2019opportunit\u00e0 di confrontarsi con il feedback di un professionista stimato del settore  \u2022 Esercitare la lingua inglese in un contesto professionale attoriale  \u2022 Ottenere materiale video per il proprio showreel    &nbsp;  <blockquote><em><strong>Nicholas Rapp<\/strong>\u00a0\u00e8 un artista del teatro specializzato nella reinterpretazione dei testi classici. Essendo stato allievo di Lee Breuer e Gabor Tompa, Nicholas ha sviluppato un interesse per la sperimentazione formale. Il suo lavoro \u00e8 stato presentato a Los Angeles, New York, San Diego e altrove. Laureato alla UCLA per poi conseguire il Master in Fine Arts (MFA) in Teatro e Regia alla UC San Diego.<\/em><\/blockquote>\",\"location\":[{\"@type\":\"Place\",\"name\":\"ELF Teatro\",\"address\":{\"@type\": \"PostalAddress\",\"streetAddress\":\"via S.G Emiliani 1, Milano\"}}],\"eventStatus\":\"https:\/\/schema.org\/EventScheduled\"}<\/script><\/div>\n\t\t\t\t<p class=\"desc_trig_outter\" style=\"\"><a data-gmap_status=\"null\" data-exlk=\"0\" style=\"background-color: #a74349;\" id=\"evc_17731674001022\" class=\"desc_trig sin_val evcal_list_a\" data-ux_val=\"1\" data-ux_val_mob=\"-\"  ><span class='evoet_c2 evoet_cx'><span class='evoet_dayblock evcal_cblock' data-bgcolor='#a74349' data-smon='Marzo' data-syr='2026'><span class='evo_start'><em class='date'>10<\/em><em class='month'>mar<\/em><em class='time'>19:30<\/em><\/span><span class='evo_end only_time'><em class='time'>23:30<\/em><\/span><\/span><\/span><span style='display:none' class='event_location_attrs'  data-location_address=\"via S.G Emiliani 1, Milano\" data-location_type=\"address\" data-location_name=\"ELF Teatro\" data-location_url=\"https:\/\/civilwordsaps.it\/en\/event-location\/elf-teatro\/\" data-location_status=\"true\"><\/span><span class='evoet_c3 evoet_cx evcal_desc evo_info' ><span class='evoet_tags evo_above_title'><\/span><span class='evoet_title evcal_desc2 evcal_event_title' itemprop='name'>The Integrated Actor<\/span><span class='evoet_subtitle evo_below_title'><span class='evcal_event_subtitle' >WORKSHOP \/ LESSON 12<\/span><\/span><span class='evoet_time_expand level_3 evcal_desc_info evogap10'><\/span><span class='evcal_desc3'><\/span><\/span><em class='evoet_data' style='display:none' data-bgc='#a74349'data-bggrad=''><\/em><\/a><\/p><div class='event_description evcal_eventcard' style=\"display:none\"><div class='evocard_row'><div class='evocard_box ftimage' data-c='ffffff' \n\t\t\t\t\tstyle='background-color:#ffffff'><div class='evo_metarow_directimg evcal_evdata_row'><img class='evo_event_main_img' src='https:\/\/civilwordsaps.it\/wp-content\/uploads\/2026\/01\/banner-home-attore-integrato_mono.png' \/><\/div><\/div><\/div><div class='evocard_row bx2 bx'><div class='evocard_box time' data-c='ffffff' \n\t\t\t\t\tstyle='background-color:#ffffff'><div class='evo_metarow_time evorow evcal_evdata_row evcal_evrow_sm'>\n\t\t<span class='evcal_evdata_icons'><i class='fa fa-clock'><\/i><\/span>\n\t\t<div class='evcal_evdata_cell'>\t\t\t\t\t\t\t\n\t\t\t<h3 class='evo_h3'><span class='evcal_evdata_icons'><i class='fa fa-clock'><\/i><\/span>Hours<\/h3><p><span class='evo_eventcard_time_t'>10\/03\/2026 19:30 &#8211; 23:30<\/span><\/p>\n\t\t<\/div>\n\t<\/div><\/div><div class='evocard_box location' data-c='ffffff' \n\t\t\t\t\tstyle='background-color:#ffffff'><div class='evcal_evdata_row evo_metarow_time_location evorow'>\n\t\t\n\t\t\t<span class='evcal_evdata_icons'><i class='fa fa-map-marker'><\/i><\/span>\n\t\t\t<div class='evcal_evdata_cell' data-loc_tax_id='42'><h3 class='evo_h3'><span class='evcal_evdata_icons'><i class='fa fa-map-marker'><\/i><\/span>Location<\/h3><p class='evo_location_name' style='margin-bottom:10px; font-size:15px;'>ELF Teatro<\/p><p class='evo_location_address evodfxi evogap10'>via S.G Emiliani 1, Milano<a href='https:\/\/www.google.com\/maps?q=via+S.G+Emiliani+1%2C+Milano' target='_blank'><i class='fa fa-arrow-up-right-from-square'><\/i><\/a><\/p><\/div>\n\t\t\n\t<\/div><\/div><\/div><div class='evocard_row'><div class='evocard_box eventdetails' data-c='ffffff' \n\t\t\t\t\tstyle='background-color:#ffffff'><div class=\"evo_metarow_details evorow evcal_evdata_row evcal_event_details\">\n    <div class=\"event_excerpt\" style=\"display:none\"><h3 class=\"padb5 evo_h3\">Event details<\/h3><p>Dopo il successo dell\u2019edizione precedente, il corso avanzato di recitazione \u201cL\u2019ATTORE INTEGRATO\u201d di Civil Words torna all\u2019ELF Teatro, diretto dal regista\u00a0Nicholas Rapp. Questo programma di formazione spinge l\u2019arte della recitazione<\/p><\/div><span class='evcal_evdata_icons'><i class='fa fa-align-justify'><\/i><\/span>    <div class=\"evcal_evdata_cell\">\n        <div class=\"eventon_full_description\">\n            <h3 class=\"padb5 evo_h3\"><span class='evcal_evdata_icons'><i class='fa fa-align-justify'><\/i><\/span>Event details<\/h3>\n            <div class=\"eventon_desc_in\" itemprop=\"description\">\n                After the success of the previous edition, the advanced acting course \u201cTHE INTEGRATED ACTOR\u201d by Civil Words returns to the ELF Teatro, directed by the director\u00a0<strong>Nicholas Rapp<\/strong>This training program pushes the art of acting beyond the confines of technique, into the realm of impulse. The Integrated Actor combines disciplined text analysis with rigorous physical and vocal training, creating an environment where experienced actors can push creative boundaries and step outside their own heads. As always, the course will begin with body and movement work, followed by scenes from the nominated playwright of the year (Tennessee Williams). The course encourages a personal and in-depth exploration of characters and texts, ensuring that each performance is a unique, living work of art.\nThis isn't just an \"acting course,\" but:\n\u2022 Vocal training, using exercises from the Linklater system\n\u2022 Physical training, using exercises from the Grotowski method and Viewpoints\n\u2022 Training in working with the text, learning to act and apply script analysis\n\u2022 A space for experimentation and exploration, where physical and vocal training can be applied to go beyond the limits of the Stanislavskian model\n\u2022 An opportunity to engage with feedback from a respected professional in the field\n\u2022 Practice your English in a professional acting context\n\u2022 Obtain video material for your showreel\r\n\r\n\u00a0\r\n<blockquote><em><strong>Nicholas Rapp<\/strong>\u00a0is a theater artist specializing in the reinterpretation of classical texts. Having studied with Lee Breuer and Gabor Tompa, Nicholas developed an interest in formal experimentation. His work has been presented in Los Angeles, New York, San Diego, and elsewhere. He graduated from UCLA and earned his Master of Fine Arts (MFA) in Theater and Directing from UC San Diego.<\/em><\/blockquote>            <\/div>\n            <div class='clear'><\/div>        <\/div>\n    <\/div>\n<\/div><\/div><\/div><div class='evocard_row'><div class='evocard_box learnmore' data-c='ffffff' \n\t\t\t\t\tstyle='background-color:#ffffff'><div class='evo_metarow_learnM evo_metarow_learnmore evorow'>\n\t\t\t\t\t\t\t<a class='evcal_evdata_row evo_clik_row' href='https:\/\/civilwordsaps.it\/en\/corso-avanzato-di-recitazione-lattore-integrato\/' >\n\t\t\t\t\t\t\t\t<span class='evcal_evdata_icons'><i class='fa fa-link'><\/i><\/span>\n\t\t\t\t\t\t\t\t<h3 class='evo_h3 evopad0i'>Learn more<\/h3>\n\t\t\t\t\t\t\t<\/a>\n\t\t\t\t\t\t\t<\/div><\/div><\/div><div class='evo_card_row_end evcal_close' title='Chiudi'><\/div><\/div><div class='clear end'><\/div><\/div><div id=\"event_1023_0\" class=\"eventon_list_event evo_eventtop scheduled past_event event event_1023_0\" data-event_id=\"1023\" data-ri=\"0r\" data-time=\"1773772200-1773786600\" data-colr=\"#a74349\" itemscope itemtype='http:\/\/schema.org\/Event'><div class=\"evo_event_schema\" style=\"display:none\" ><a itemprop='url'  href='https:\/\/civilwordsaps.it\/en\/evento\/corso-attore-integrato-lezione-13\/'><\/a><meta itemprop='image' content=\"https:\/\/civilwordsaps.it\/wp-content\/uploads\/2026\/01\/banner-home-attore-integrato_mono.png\" \/><meta itemprop='startDate' content=\"2026-3-17T19:30+0:00\" \/><meta itemprop='endDate' content=\"2026-3-17T23:30+0:00\" \/><meta itemprop='eventStatus' content=\"https:\/\/schema.org\/EventScheduled\" \/><item style=\"display:none\" itemprop=\"location\" itemscope itemtype=\"http:\/\/schema.org\/Place\"><span itemprop=\"name\">ELF Teatro<\/span><span itemprop=\"address\" itemscope itemtype=\"http:\/\/schema.org\/PostalAddress\"><item itemprop=\"streetAddress\">via S.G Emiliani 1, Milano<\/item><\/span><\/item><item style=\"display:none\" itemprop=\"eventAttendanceMode\" itemscope itemtype=\"https:\/\/schema.org\/OfflineEventAttendanceMode\"><\/item><script type=\"application\/ld+json\">{\"@context\": \"http:\/\/schema.org\",\"@type\": \"Event\",\n\t\t\t\t\"@id\": \"event_1023_0\",\n\t\t\t\t\"eventAttendanceMode\":\"https:\/\/schema.org\/OfflineEventAttendanceMode\",\n\t\t\t\t\"name\": \"L&#039;Attore Integrato\",\n\t\t\t\t\"url\": \"https:\/\/civilwordsaps.it\/en\/evento\/corso-attore-integrato-lezione-13\/\",\n\t\t\t\t\"startDate\": \"2026-3-17T19:30+0:00\",\n\t\t\t\t\"endDate\": \"2026-3-17T23:30+0:00\",\n\t\t\t\t\"image\":\"https:\/\/civilwordsaps.it\/wp-content\/uploads\/2026\/01\/banner-home-attore-integrato_mono.png\", \n\t\t\t\t\"description\":\"Dopo il successo dell\u2019edizione precedente, il corso avanzato di recitazione \u201cL\u2019ATTORE INTEGRATO\u201d di Civil Words torna all\u2019ELF Teatro, diretto dal regista\u00a0<strong>Nicholas Rapp<\/strong>. Questo programma di formazione spinge l\u2019arte della recitazione oltre i confini della tecnica, nello spazio dell\u2019impulso.    L\u2019Attore Integrato combina un\u2019analisi disciplinata del testo con un rigoroso allenamento fisico e vocale, creando un ambiente in cui gli attori esperti possono superare i limiti creativi e uscire dalla propria testa. Come sempre, il corso inizier\u00e0 con il lavoro sul corpo e sul movimento, seguito da scene del drammaturgo designato dell\u2019anno (Tennessee Williams). Il corso incoraggia un\u2019esplorazione personale e profonda di personaggi e testi, garantendo che ogni spettacolo sia un\u2019opera d\u2019arte unica e vivente.    Questo non \u00e8 solo un \u201ccorso di recitazione\u201d, ma:  \u2022 Allenamento vocale, utilizzando esercizi del sistema Linklater  \u2022 Allenamento fisico, utilizzando esercizi del metodo Grotowski e Viewpoints  \u2022 Allenamento al lavoro sul testo, imparando a recitare e applicare l\u2019analisi del copione  \u2022 Uno spazio di sperimentazione ed esplorazione, dove l\u2019allenamento fisico e vocale pu\u00f2 essere applicato per andare oltre i limiti del modello stanislavskiano  \u2022 Un\u2019opportunit\u00e0 di confrontarsi con il feedback di un professionista stimato del settore  \u2022 Esercitare la lingua inglese in un contesto professionale attoriale  \u2022 Ottenere materiale video per il proprio showreel    &nbsp;  <blockquote><em><strong>Nicholas Rapp<\/strong>\u00a0\u00e8 un artista del teatro specializzato nella reinterpretazione dei testi classici. Essendo stato allievo di Lee Breuer e Gabor Tompa, Nicholas ha sviluppato un interesse per la sperimentazione formale. Il suo lavoro \u00e8 stato presentato a Los Angeles, New York, San Diego e altrove. Laureato alla UCLA per poi conseguire il Master in Fine Arts (MFA) in Teatro e Regia alla UC San Diego.<\/em><\/blockquote>\",\"location\":[{\"@type\":\"Place\",\"name\":\"ELF Teatro\",\"address\":{\"@type\": \"PostalAddress\",\"streetAddress\":\"via S.G Emiliani 1, Milano\"}}],\"eventStatus\":\"https:\/\/schema.org\/EventScheduled\"}<\/script><\/div>\n\t\t\t\t<p class=\"desc_trig_outter\" style=\"\"><a data-gmap_status=\"null\" data-exlk=\"0\" style=\"background-color: #a74349;\" id=\"evc_17737722001023\" class=\"desc_trig sin_val evcal_list_a\" data-ux_val=\"1\" data-ux_val_mob=\"-\"  ><span class='evoet_c2 evoet_cx'><span class='evoet_dayblock evcal_cblock' data-bgcolor='#a74349' data-smon='Marzo' data-syr='2026'><span class='evo_start'><em class='date'>17<\/em><em class='month'>mar<\/em><em class='time'>19:30<\/em><\/span><span class='evo_end only_time'><em class='time'>23:30<\/em><\/span><\/span><\/span><span style='display:none' class='event_location_attrs'  data-location_address=\"via S.G Emiliani 1, Milano\" data-location_type=\"address\" data-location_name=\"ELF Teatro\" data-location_url=\"https:\/\/civilwordsaps.it\/en\/event-location\/elf-teatro\/\" data-location_status=\"true\"><\/span><span class='evoet_c3 evoet_cx evcal_desc evo_info' ><span class='evoet_tags evo_above_title'><\/span><span class='evoet_title evcal_desc2 evcal_event_title' itemprop='name'>The Integrated Actor<\/span><span class='evoet_subtitle evo_below_title'><span class='evcal_event_subtitle' >WORKSHOP \/ LESSON 13<\/span><\/span><span class='evoet_time_expand level_3 evcal_desc_info evogap10'><\/span><span class='evcal_desc3'><\/span><\/span><em class='evoet_data' style='display:none' data-bgc='#a74349'data-bggrad=''><\/em><\/a><\/p><div class='event_description evcal_eventcard' style=\"display:none\"><div class='evocard_row'><div class='evocard_box ftimage' data-c='ffffff' \n\t\t\t\t\tstyle='background-color:#ffffff'><div class='evo_metarow_directimg evcal_evdata_row'><img class='evo_event_main_img' src='https:\/\/civilwordsaps.it\/wp-content\/uploads\/2026\/01\/banner-home-attore-integrato_mono.png' \/><\/div><\/div><\/div><div class='evocard_row bx2 bx'><div class='evocard_box time' data-c='ffffff' \n\t\t\t\t\tstyle='background-color:#ffffff'><div class='evo_metarow_time evorow evcal_evdata_row evcal_evrow_sm'>\n\t\t<span class='evcal_evdata_icons'><i class='fa fa-clock'><\/i><\/span>\n\t\t<div class='evcal_evdata_cell'>\t\t\t\t\t\t\t\n\t\t\t<h3 class='evo_h3'><span class='evcal_evdata_icons'><i class='fa fa-clock'><\/i><\/span>Hours<\/h3><p><span class='evo_eventcard_time_t'>17\/03\/2026 19:30 &#8211; 23:30<\/span><\/p>\n\t\t<\/div>\n\t<\/div><\/div><div class='evocard_box location' data-c='ffffff' \n\t\t\t\t\tstyle='background-color:#ffffff'><div class='evcal_evdata_row evo_metarow_time_location evorow'>\n\t\t\n\t\t\t<span class='evcal_evdata_icons'><i class='fa fa-map-marker'><\/i><\/span>\n\t\t\t<div class='evcal_evdata_cell' data-loc_tax_id='42'><h3 class='evo_h3'><span class='evcal_evdata_icons'><i class='fa fa-map-marker'><\/i><\/span>Location<\/h3><p class='evo_location_name' style='margin-bottom:10px; font-size:15px;'>ELF Teatro<\/p><p class='evo_location_address evodfxi evogap10'>via S.G Emiliani 1, Milano<a href='https:\/\/www.google.com\/maps?q=via+S.G+Emiliani+1%2C+Milano' target='_blank'><i class='fa fa-arrow-up-right-from-square'><\/i><\/a><\/p><\/div>\n\t\t\n\t<\/div><\/div><\/div><div class='evocard_row'><div class='evocard_box eventdetails' data-c='ffffff' \n\t\t\t\t\tstyle='background-color:#ffffff'><div class=\"evo_metarow_details evorow evcal_evdata_row evcal_event_details\">\n    <div class=\"event_excerpt\" style=\"display:none\"><h3 class=\"padb5 evo_h3\">Event details<\/h3><p>Dopo il successo dell\u2019edizione precedente, il corso avanzato di recitazione \u201cL\u2019ATTORE INTEGRATO\u201d di Civil Words torna all\u2019ELF Teatro, diretto dal regista\u00a0Nicholas Rapp. Questo programma di formazione spinge l\u2019arte della recitazione<\/p><\/div><span class='evcal_evdata_icons'><i class='fa fa-align-justify'><\/i><\/span>    <div class=\"evcal_evdata_cell\">\n        <div class=\"eventon_full_description\">\n            <h3 class=\"padb5 evo_h3\"><span class='evcal_evdata_icons'><i class='fa fa-align-justify'><\/i><\/span>Event details<\/h3>\n            <div class=\"eventon_desc_in\" itemprop=\"description\">\n                After the success of the previous edition, the advanced acting course \u201cTHE INTEGRATED ACTOR\u201d by Civil Words returns to the ELF Teatro, directed by the director\u00a0<strong>Nicholas Rapp<\/strong>This training program pushes the art of acting beyond the confines of technique, into the realm of impulse. The Integrated Actor combines disciplined text analysis with rigorous physical and vocal training, creating an environment where experienced actors can push creative boundaries and step outside their own heads. As always, the course will begin with body and movement work, followed by scenes from the nominated playwright of the year (Tennessee Williams). The course encourages a personal and in-depth exploration of characters and texts, ensuring that each performance is a unique, living work of art.\nThis isn't just an \"acting course,\" but:\n\u2022 Vocal training, using exercises from the Linklater system\n\u2022 Physical training, using exercises from the Grotowski method and Viewpoints\n\u2022 Training in working with the text, learning to act and apply script analysis\n\u2022 A space for experimentation and exploration, where physical and vocal training can be applied to go beyond the limits of the Stanislavskian model\n\u2022 An opportunity to engage with feedback from a respected professional in the field\n\u2022 Practice your English in a professional acting context\n\u2022 Obtain video material for your showreel\r\n\r\n\u00a0\r\n<blockquote><em><strong>Nicholas Rapp<\/strong>\u00a0is a theater artist specializing in the reinterpretation of classical texts. Having studied with Lee Breuer and Gabor Tompa, Nicholas developed an interest in formal experimentation. His work has been presented in Los Angeles, New York, San Diego, and elsewhere. He graduated from UCLA and earned his Master of Fine Arts (MFA) in Theater and Directing from UC San Diego.<\/em><\/blockquote>            <\/div>\n            <div class='clear'><\/div>        <\/div>\n    <\/div>\n<\/div><\/div><\/div><div class='evocard_row'><div class='evocard_box learnmore' data-c='ffffff' \n\t\t\t\t\tstyle='background-color:#ffffff'><div class='evo_metarow_learnM evo_metarow_learnmore evorow'>\n\t\t\t\t\t\t\t<a class='evcal_evdata_row evo_clik_row' href='https:\/\/civilwordsaps.it\/en\/corso-avanzato-di-recitazione-lattore-integrato\/' >\n\t\t\t\t\t\t\t\t<span class='evcal_evdata_icons'><i class='fa fa-link'><\/i><\/span>\n\t\t\t\t\t\t\t\t<h3 class='evo_h3 evopad0i'>Learn more<\/h3>\n\t\t\t\t\t\t\t<\/a>\n\t\t\t\t\t\t\t<\/div><\/div><\/div><div class='evo_card_row_end evcal_close' title='Chiudi'><\/div><\/div><div class='clear end'><\/div><\/div><div id=\"event_2273_0\" class=\"eventon_list_event evo_eventtop scheduled past_event event event_2273_0\" data-event_id=\"2273\" data-ri=\"0r\" data-time=\"1774213200-1774220400\" data-colr=\"#992b34\" itemscope itemtype='http:\/\/schema.org\/Event'><div class=\"evo_event_schema\" style=\"display:none\" ><a itemprop='url'  href='https:\/\/civilwordsaps.it\/en\/evento\/i-17-di-via-rasella\/'><\/a><meta itemprop='image' content=\"https:\/\/civilwordsaps.it\/wp-content\/uploads\/2026\/01\/banner-i-17-di-via-Rasella.png\" \/><meta itemprop='startDate' content=\"2026-3-22T22:00+0:00\" \/><meta itemprop='endDate' content=\"2026-3-23T00:00+0:00\" \/><meta itemprop='eventStatus' content=\"https:\/\/schema.org\/EventScheduled\" \/><item style=\"display:none\" itemprop=\"location\" itemscope itemtype=\"http:\/\/schema.org\/Place\"><span itemprop=\"name\">Spazio Polline<\/span><span itemprop=\"address\" itemscope itemtype=\"http:\/\/schema.org\/PostalAddress\"><item itemprop=\"streetAddress\">Stazione Villapizzone del Passante Ferroviario di Milano, 20156 Milano MI<\/item><\/span><\/item><item style=\"display:none\" itemprop=\"eventAttendanceMode\" itemscope itemtype=\"https:\/\/schema.org\/OfflineEventAttendanceMode\"><\/item><script type=\"application\/ld+json\">{\"@context\": \"http:\/\/schema.org\",\"@type\": \"Event\",\n\t\t\t\t\"@id\": \"event_2273_0\",\n\t\t\t\t\"eventAttendanceMode\":\"https:\/\/schema.org\/OfflineEventAttendanceMode\",\n\t\t\t\t\"name\": \"I 17 di via Rasella\",\n\t\t\t\t\"url\": \"https:\/\/civilwordsaps.it\/en\/evento\/i-17-di-via-rasella\/\",\n\t\t\t\t\"startDate\": \"2026-3-22T22:00+0:00\",\n\t\t\t\t\"endDate\": \"2026-3-23T00:00+0:00\",\n\t\t\t\t\"image\":\"https:\/\/civilwordsaps.it\/wp-content\/uploads\/2026\/01\/banner-i-17-di-via-Rasella.png\", \n\t\t\t\t\"description\":\"<span style=color: #000000;>Civil Words parte dall'intervento dello storico Alessandro Barbero per raccontare la verit\u00e0 accertata dell'attacco e per fare luce sulle menzogne che avvelenano la memoria italiana, smentendole.<\/span>    <span style=color: #000000;>La pl\u00e8ce \u00e8 tanto un monito quanto un invito: ognuno di noi \u00e8 responsabile della trasmissione della memoria passata alle future generazioni e questo dev'essere fatto in un'ottica di onest\u00e0, umilt\u00e0 e verit\u00e0; se lasciassimo che le menzogne contaminino i fatti che ci hanno portato dove siamo oggi comprometteremmo il nostro futuro e la nostra identit\u00e0 nazionale.<\/span>\",\"location\":[{\"@type\":\"Place\",\"name\":\"Spazio Polline\",\"address\":{\"@type\": \"PostalAddress\",\"streetAddress\":\"Stazione Villapizzone del Passante Ferroviario di Milano, 20156 Milano MI\"}}],\"eventStatus\":\"https:\/\/schema.org\/EventScheduled\"}<\/script><\/div>\n\t\t\t\t<p class=\"desc_trig_outter\" style=\"\"><a data-gmap_status=\"null\" data-exlk=\"0\" style=\"background-color: #992b34;\" id=\"evc_17742132002273\" class=\"desc_trig sin_val evcal_list_a\" data-ux_val=\"1\" data-ux_val_mob=\"-\"  ><span class='evoet_c2 evoet_cx'><span class='evoet_dayblock evcal_cblock' data-bgcolor='#992b34' data-smon='Marzo' data-syr='2026'><span class='evo_start'><em class='date'>22<\/em><em class='month'>mar<\/em><em class='time'>21:00<\/em><\/span><span class='evo_end only_time'><em class='time'>23:00<\/em><\/span><\/span><\/span><span style='display:none' class='event_location_attrs'  data-location_address=\"Stazione Villapizzone del Passante Ferroviario di Milano, 20156 Milano MI\" data-location_type=\"address\" data-location_name=\"Spazio Polline\" data-location_url=\"https:\/\/civilwordsaps.it\/en\/event-location\/spazio-polline\/\" data-location_status=\"true\"><\/span><span class='evoet_c3 evoet_cx evcal_desc evo_info' ><span class='evoet_tags evo_above_title'><\/span><span class='evoet_title evcal_desc2 evcal_event_title' itemprop='name'>I 17 di via Rasella<\/span><span class='evoet_subtitle evo_below_title'><span class='evcal_event_subtitle' >THEATRE SHOW<\/span><\/span><span class='evoet_time_expand level_3 evcal_desc_info evogap10'><\/span><span class='evcal_desc3'><\/span><\/span><em class='evoet_data' style='display:none' data-bgc='#992b34'data-bggrad=''><\/em><\/a><\/p><div class='event_description evcal_eventcard' style=\"display:none\"><div class='evocard_row'><div class='evocard_box ftimage' data-c='ffffff' \n\t\t\t\t\tstyle='background-color:#ffffff'><div class='evo_metarow_directimg evcal_evdata_row'><img class='evo_event_main_img' src='https:\/\/civilwordsaps.it\/wp-content\/uploads\/2026\/01\/banner-i-17-di-via-Rasella.png' \/><\/div><\/div><\/div><div class='evocard_row bx2 bx'><div class='evocard_box time' data-c='ffffff' \n\t\t\t\t\tstyle='background-color:#ffffff'><div class='evo_metarow_time evorow evcal_evdata_row evcal_evrow_sm'>\n\t\t<span class='evcal_evdata_icons'><i class='fa fa-clock'><\/i><\/span>\n\t\t<div class='evcal_evdata_cell'>\t\t\t\t\t\t\t\n\t\t\t<h3 class='evo_h3'><span class='evcal_evdata_icons'><i class='fa fa-clock'><\/i><\/span>Hours<\/h3><p><span class='evo_eventcard_time_t'>22\/03\/2026 21:00 &#8211; 23:00<\/span><\/p>\n\t\t<\/div>\n\t<\/div><\/div><div class='evocard_box location' data-c='ffffff' \n\t\t\t\t\tstyle='background-color:#ffffff'><div class='evcal_evdata_row evo_metarow_time_location evorow'>\n\t\t\n\t\t\t<span class='evcal_evdata_icons'><i class='fa fa-map-marker'><\/i><\/span>\n\t\t\t<div class='evcal_evdata_cell' data-loc_tax_id='50'><h3 class='evo_h3'><span class='evcal_evdata_icons'><i class='fa fa-map-marker'><\/i><\/span><a target=\"\" href=\"https:\/\/lebelleartiaps.it\/eventi\/categoria\/spazio-polline-stazione-di-villapizzone\/\">Location<\/a><\/h3><p class='evo_location_name' style='margin-bottom:10px; font-size:15px;'><a target=\"\" href=\"https:\/\/lebelleartiaps.it\/eventi\/categoria\/spazio-polline-stazione-di-villapizzone\/\">Spazio Polline<\/a><\/p><p class='evo_location_address evodfxi evogap10'><a target=\"\" href=\"https:\/\/lebelleartiaps.it\/eventi\/categoria\/spazio-polline-stazione-di-villapizzone\/\">Stazione Villapizzone del Passante Ferroviario di Milano, 20156 Milano MI<\/a><a href='https:\/\/www.google.com\/maps?q=Stazione+Villapizzone+del+Passante+Ferroviario+di+Milano%2C+20156+Milano+MI' target='_blank'><i class='fa fa-arrow-up-right-from-square'><\/i><\/a><\/p><\/div>\n\t\t\n\t<\/div><\/div><\/div><div class='evocard_row'><div class='evocard_box eventdetails' data-c='ffffff' \n\t\t\t\t\tstyle='background-color:#ffffff'><div class=\"evo_metarow_details evorow evcal_evdata_row evcal_event_details\">\n    <div class=\"event_excerpt\" style=\"display:none\"><h3 class=\"padb5 evo_h3\">Event details<\/h3><p>Civil Words parte dall&#8217;intervento dello storico Alessandro Barbero per raccontare la verit\u00e0 accertata dell&#8217;attacco e per fare luce sulle menzogne che avvelenano la memoria italiana, smentendole.\r\n\r\nLa<\/p><\/div><span class='evcal_evdata_icons'><i class='fa fa-align-justify'><\/i><\/span>    <div class=\"evcal_evdata_cell\">\n        <div class=\"eventon_full_description\">\n            <h3 class=\"padb5 evo_h3\"><span class='evcal_evdata_icons'><i class='fa fa-align-justify'><\/i><\/span>Event details<\/h3>\n            <div class=\"eventon_desc_in\" itemprop=\"description\">\n                <span style=\"color: #000000;\">Civil Words begins with a presentation by historian Alessandro Barbero to reveal the established truth of the attack and to shed light on the lies that poison Italian memory, debunking them.<\/span>\r\n\r\n<span style=\"color: #000000;\">The plea is both a warning and an invitation: each of us is responsible for passing on the memory of the past to future generations, and this must be done with honesty, humility, and truth. If we allow lies to contaminate the facts that have brought us to where we are today, we will compromise our future and our national identity.<\/span>            <\/div>\n            <div class='clear'><\/div>        <\/div>\n    <\/div>\n<\/div><\/div><\/div><div class='evocard_row'><div class='evocard_box learnmore' data-c='ffffff' \n\t\t\t\t\tstyle='background-color:#ffffff'><div class='evo_metarow_learnM evo_metarow_learnmore evorow'>\n\t\t\t\t\t\t\t<a class='evcal_evdata_row evo_clik_row' href='https:\/\/civilwordsaps.it\/en\/i-17-di-via-rasella\/' >\n\t\t\t\t\t\t\t\t<span class='evcal_evdata_icons'><i class='fa fa-link'><\/i><\/span>\n\t\t\t\t\t\t\t\t<h3 class='evo_h3 evopad0i'>Learn more<\/h3>\n\t\t\t\t\t\t\t<\/a>\n\t\t\t\t\t\t\t<\/div><\/div><\/div><div class='evo_card_row_end evcal_close' title='Chiudi'><\/div><\/div><div class='clear end'><\/div><\/div><div id=\"event_1024_0\" class=\"eventon_list_event evo_eventtop scheduled past_event event event_1024_0\" data-event_id=\"1024\" data-ri=\"0r\" data-time=\"1774377000-1774391400\" data-colr=\"#a74349\" itemscope itemtype='http:\/\/schema.org\/Event'><div class=\"evo_event_schema\" style=\"display:none\" ><a itemprop='url'  href='https:\/\/civilwordsaps.it\/en\/evento\/corso-attore-integrato-lezione-14\/'><\/a><meta itemprop='image' content=\"https:\/\/civilwordsaps.it\/wp-content\/uploads\/2026\/01\/banner-home-attore-integrato_mono.png\" \/><meta itemprop='startDate' content=\"2026-3-24T19:30+0:00\" \/><meta itemprop='endDate' content=\"2026-3-24T23:30+0:00\" \/><meta itemprop='eventStatus' content=\"https:\/\/schema.org\/EventScheduled\" \/><item style=\"display:none\" itemprop=\"location\" itemscope itemtype=\"http:\/\/schema.org\/Place\"><span itemprop=\"name\">ELF Teatro<\/span><span itemprop=\"address\" itemscope itemtype=\"http:\/\/schema.org\/PostalAddress\"><item itemprop=\"streetAddress\">via S.G Emiliani 1, Milano<\/item><\/span><\/item><item style=\"display:none\" itemprop=\"eventAttendanceMode\" itemscope itemtype=\"https:\/\/schema.org\/OfflineEventAttendanceMode\"><\/item><script type=\"application\/ld+json\">{\"@context\": \"http:\/\/schema.org\",\"@type\": \"Event\",\n\t\t\t\t\"@id\": \"event_1024_0\",\n\t\t\t\t\"eventAttendanceMode\":\"https:\/\/schema.org\/OfflineEventAttendanceMode\",\n\t\t\t\t\"name\": \"L&#039;Attore Integrato\",\n\t\t\t\t\"url\": \"https:\/\/civilwordsaps.it\/en\/evento\/corso-attore-integrato-lezione-14\/\",\n\t\t\t\t\"startDate\": \"2026-3-24T19:30+0:00\",\n\t\t\t\t\"endDate\": \"2026-3-24T23:30+0:00\",\n\t\t\t\t\"image\":\"https:\/\/civilwordsaps.it\/wp-content\/uploads\/2026\/01\/banner-home-attore-integrato_mono.png\", \n\t\t\t\t\"description\":\"Dopo il successo dell\u2019edizione precedente, il corso avanzato di recitazione \u201cL\u2019ATTORE INTEGRATO\u201d di Civil Words torna all\u2019ELF Teatro, diretto dal regista\u00a0<strong>Nicholas Rapp<\/strong>. Questo programma di formazione spinge l\u2019arte della recitazione oltre i confini della tecnica, nello spazio dell\u2019impulso.    L\u2019Attore Integrato combina un\u2019analisi disciplinata del testo con un rigoroso allenamento fisico e vocale, creando un ambiente in cui gli attori esperti possono superare i limiti creativi e uscire dalla propria testa. Come sempre, il corso inizier\u00e0 con il lavoro sul corpo e sul movimento, seguito da scene del drammaturgo designato dell\u2019anno (Tennessee Williams). Il corso incoraggia un\u2019esplorazione personale e profonda di personaggi e testi, garantendo che ogni spettacolo sia un\u2019opera d\u2019arte unica e vivente.    Questo non \u00e8 solo un \u201ccorso di recitazione\u201d, ma:  \u2022 Allenamento vocale, utilizzando esercizi del sistema Linklater  \u2022 Allenamento fisico, utilizzando esercizi del metodo Grotowski e Viewpoints  \u2022 Allenamento al lavoro sul testo, imparando a recitare e applicare l\u2019analisi del copione  \u2022 Uno spazio di sperimentazione ed esplorazione, dove l\u2019allenamento fisico e vocale pu\u00f2 essere applicato per andare oltre i limiti del modello stanislavskiano  \u2022 Un\u2019opportunit\u00e0 di confrontarsi con il feedback di un professionista stimato del settore  \u2022 Esercitare la lingua inglese in un contesto professionale attoriale  \u2022 Ottenere materiale video per il proprio showreel    &nbsp;  <blockquote><em><strong>Nicholas Rapp<\/strong>\u00a0\u00e8 un artista del teatro specializzato nella reinterpretazione dei testi classici. Essendo stato allievo di Lee Breuer e Gabor Tompa, Nicholas ha sviluppato un interesse per la sperimentazione formale. Il suo lavoro \u00e8 stato presentato a Los Angeles, New York, San Diego e altrove. Laureato alla UCLA per poi conseguire il Master in Fine Arts (MFA) in Teatro e Regia alla UC San Diego.<\/em><\/blockquote>\",\"location\":[{\"@type\":\"Place\",\"name\":\"ELF Teatro\",\"address\":{\"@type\": \"PostalAddress\",\"streetAddress\":\"via S.G Emiliani 1, Milano\"}}],\"eventStatus\":\"https:\/\/schema.org\/EventScheduled\"}<\/script><\/div>\n\t\t\t\t<p class=\"desc_trig_outter\" style=\"\"><a data-gmap_status=\"null\" data-exlk=\"0\" style=\"background-color: #a74349;\" id=\"evc_17743770001024\" class=\"desc_trig sin_val evcal_list_a\" data-ux_val=\"1\" data-ux_val_mob=\"-\"  ><span class='evoet_c2 evoet_cx'><span class='evoet_dayblock evcal_cblock' data-bgcolor='#a74349' data-smon='Marzo' data-syr='2026'><span class='evo_start'><em class='date'>24<\/em><em class='month'>mar<\/em><em class='time'>19:30<\/em><\/span><span class='evo_end only_time'><em class='time'>23:30<\/em><\/span><\/span><\/span><span style='display:none' class='event_location_attrs'  data-location_address=\"via S.G Emiliani 1, Milano\" data-location_type=\"address\" data-location_name=\"ELF Teatro\" data-location_url=\"https:\/\/civilwordsaps.it\/en\/event-location\/elf-teatro\/\" data-location_status=\"true\"><\/span><span class='evoet_c3 evoet_cx evcal_desc evo_info' ><span class='evoet_tags evo_above_title'><\/span><span class='evoet_title evcal_desc2 evcal_event_title' itemprop='name'>The Integrated Actor<\/span><span class='evoet_subtitle evo_below_title'><span class='evcal_event_subtitle' >WORKSHOP \/ LESSON 14<\/span><\/span><span class='evoet_time_expand level_3 evcal_desc_info evogap10'><\/span><span class='evcal_desc3'><\/span><\/span><em class='evoet_data' style='display:none' data-bgc='#a74349'data-bggrad=''><\/em><\/a><\/p><div class='event_description evcal_eventcard' style=\"display:none\"><div class='evocard_row'><div class='evocard_box ftimage' data-c='ffffff' \n\t\t\t\t\tstyle='background-color:#ffffff'><div class='evo_metarow_directimg evcal_evdata_row'><img class='evo_event_main_img' src='https:\/\/civilwordsaps.it\/wp-content\/uploads\/2026\/01\/banner-home-attore-integrato_mono.png' \/><\/div><\/div><\/div><div class='evocard_row bx2 bx'><div class='evocard_box time' data-c='ffffff' \n\t\t\t\t\tstyle='background-color:#ffffff'><div class='evo_metarow_time evorow evcal_evdata_row evcal_evrow_sm'>\n\t\t<span class='evcal_evdata_icons'><i class='fa fa-clock'><\/i><\/span>\n\t\t<div class='evcal_evdata_cell'>\t\t\t\t\t\t\t\n\t\t\t<h3 class='evo_h3'><span class='evcal_evdata_icons'><i class='fa fa-clock'><\/i><\/span>Hours<\/h3><p><span class='evo_eventcard_time_t'>March 24, 2026, 7:30 PM \u2013 11:30 PM<\/span><\/p>\n\t\t<\/div>\n\t<\/div><\/div><div class='evocard_box location' data-c='ffffff' \n\t\t\t\t\tstyle='background-color:#ffffff'><div class='evcal_evdata_row evo_metarow_time_location evorow'>\n\t\t\n\t\t\t<span class='evcal_evdata_icons'><i class='fa fa-map-marker'><\/i><\/span>\n\t\t\t<div class='evcal_evdata_cell' data-loc_tax_id='42'><h3 class='evo_h3'><span class='evcal_evdata_icons'><i class='fa fa-map-marker'><\/i><\/span>Location<\/h3><p class='evo_location_name' style='margin-bottom:10px; font-size:15px;'>ELF Teatro<\/p><p class='evo_location_address evodfxi evogap10'>via S.G Emiliani 1, Milano<a href='https:\/\/www.google.com\/maps?q=via+S.G+Emiliani+1%2C+Milano' target='_blank'><i class='fa fa-arrow-up-right-from-square'><\/i><\/a><\/p><\/div>\n\t\t\n\t<\/div><\/div><\/div><div class='evocard_row'><div class='evocard_box eventdetails' data-c='ffffff' \n\t\t\t\t\tstyle='background-color:#ffffff'><div class=\"evo_metarow_details evorow evcal_evdata_row evcal_event_details\">\n    <div class=\"event_excerpt\" style=\"display:none\"><h3 class=\"padb5 evo_h3\">Event details<\/h3><p>Dopo il successo dell\u2019edizione precedente, il corso avanzato di recitazione \u201cL\u2019ATTORE INTEGRATO\u201d di Civil Words torna all\u2019ELF Teatro, diretto dal regista\u00a0Nicholas Rapp. Questo programma di formazione spinge l\u2019arte della recitazione<\/p><\/div><span class='evcal_evdata_icons'><i class='fa fa-align-justify'><\/i><\/span>    <div class=\"evcal_evdata_cell\">\n        <div class=\"eventon_full_description\">\n            <h3 class=\"padb5 evo_h3\"><span class='evcal_evdata_icons'><i class='fa fa-align-justify'><\/i><\/span>Event details<\/h3>\n            <div class=\"eventon_desc_in\" itemprop=\"description\">\n                After the success of the previous edition, the advanced acting course \u201cTHE INTEGRATED ACTOR\u201d by Civil Words returns to the ELF Teatro, directed by the director\u00a0<strong>Nicholas Rapp<\/strong>This training program pushes the art of acting beyond the confines of technique, into the realm of impulse. The Integrated Actor combines disciplined text analysis with rigorous physical and vocal training, creating an environment where experienced actors can push creative boundaries and step outside their own heads. As always, the course will begin with body and movement work, followed by scenes from the nominated playwright of the year (Tennessee Williams). The course encourages a personal and in-depth exploration of characters and texts, ensuring that each performance is a unique, living work of art.\nThis isn't just an \"acting course,\" but:\n\u2022 Vocal training, using exercises from the Linklater system\n\u2022 Physical training, using exercises from the Grotowski method and Viewpoints\n\u2022 Training in working with the text, learning to act and apply script analysis\n\u2022 A space for experimentation and exploration, where physical and vocal training can be applied to go beyond the limits of the Stanislavskian model\n\u2022 An opportunity to engage with feedback from a respected professional in the field\n\u2022 Practice your English in a professional acting context\n\u2022 Obtain video material for your showreel\r\n\r\n\u00a0\r\n<blockquote><em><strong>Nicholas Rapp<\/strong>\u00a0is a theater artist specializing in the reinterpretation of classical texts. Having studied with Lee Breuer and Gabor Tompa, Nicholas developed an interest in formal experimentation. His work has been presented in Los Angeles, New York, San Diego, and elsewhere. He graduated from UCLA and earned his Master of Fine Arts (MFA) in Theater and Directing from UC San Diego.<\/em><\/blockquote>            <\/div>\n            <div class='clear'><\/div>        <\/div>\n    <\/div>\n<\/div><\/div><\/div><div class='evocard_row'><div class='evocard_box learnmore' data-c='ffffff' \n\t\t\t\t\tstyle='background-color:#ffffff'><div class='evo_metarow_learnM evo_metarow_learnmore evorow'>\n\t\t\t\t\t\t\t<a class='evcal_evdata_row evo_clik_row' href='https:\/\/civilwordsaps.it\/en\/corso-avanzato-di-recitazione-lattore-integrato\/' >\n\t\t\t\t\t\t\t\t<span class='evcal_evdata_icons'><i class='fa fa-link'><\/i><\/span>\n\t\t\t\t\t\t\t\t<h3 class='evo_h3 evopad0i'>Learn more<\/h3>\n\t\t\t\t\t\t\t<\/a>\n\t\t\t\t\t\t\t<\/div><\/div><\/div><div class='evo_card_row_end evcal_close' title='Chiudi'><\/div><\/div><div class='clear end'><\/div><\/div><div id=\"event_2684_0\" class=\"eventon_list_event evo_eventtop scheduled past_event event event_2684_0\" data-event_id=\"2684\" data-ri=\"0r\" data-time=\"1774645200-1774652400\" data-colr=\"#d3686e\" itemscope itemtype='http:\/\/schema.org\/Event'><div class=\"evo_event_schema\" style=\"display:none\" ><a itemprop='url'  href='https:\/\/civilwordsaps.it\/en\/evento\/giornata-mondiale-del-teatro-2026\/'><\/a><meta itemprop='image'  \/><meta itemprop='startDate' content=\"2026-3-27T22:00+0:00\" \/><meta itemprop='endDate' content=\"2026-3-28T00:00+0:00\" \/><meta itemprop='eventStatus' content=\"https:\/\/schema.org\/EventScheduled\" \/><item style=\"display:none\" itemprop=\"eventAttendanceMode\" itemscope itemtype=\"https:\/\/schema.org\/OfflineEventAttendanceMode\"><\/item><script type=\"application\/ld+json\">{\"@context\": \"http:\/\/schema.org\",\"@type\": \"Event\",\n\t\t\t\t\"@id\": \"event_2684_0\",\n\t\t\t\t\"eventAttendanceMode\":\"https:\/\/schema.org\/OfflineEventAttendanceMode\",\n\t\t\t\t\"name\": \"Giornata Mondiale del Teatro\",\n\t\t\t\t\"url\": \"https:\/\/civilwordsaps.it\/en\/evento\/giornata-mondiale-del-teatro-2026\/\",\n\t\t\t\t\"startDate\": \"2026-3-27T22:00+0:00\",\n\t\t\t\t\"endDate\": \"2026-3-28T00:00+0:00\",\n\t\t\t\t\"image\":\"\", \n\t\t\t\t\"description\":\"Giornata Mondiale del Teatro\",\"eventStatus\":\"https:\/\/schema.org\/EventScheduled\"}<\/script><\/div>\n\t\t\t\t<p class=\"desc_trig_outter\" style=\"\"><a data-gmap_status=\"null\" data-exlk=\"0\" style=\"background-color: #d3686e;\" id=\"evc_17746452002684\" class=\"desc_trig sin_val evcal_list_a\" data-ux_val=\"1\" data-ux_val_mob=\"-\"  ><span class='evoet_c2 evoet_cx'><span class='evoet_dayblock evcal_cblock' data-bgcolor='#d3686e' data-smon='Marzo' data-syr='2026'><span class='evo_start'><em class='date'>27<\/em><em class='month'>mar<\/em><em class='time'>21:00<\/em><\/span><span class='evo_end only_time'><em class='time'>23:00<\/em><\/span><\/span><\/span><span class='evoet_c3 evoet_cx evcal_desc evo_info' ><span class='evoet_tags evo_above_title'><\/span><span class='evoet_title evcal_desc2 evcal_event_title' itemprop='name'>World Theater Day<\/span><span class='evoet_subtitle evo_below_title'><\/span><span class='evoet_time_expand level_3 evcal_desc_info evogap10'><\/span><span class='evcal_desc3'><\/span><\/span><em class='evoet_data' style='display:none' data-bgc='#d3686e'data-bggrad=''><\/em><\/a><\/p><div class='event_description evcal_eventcard' style=\"display:none\"><div class='evocard_row bx2 bx'><div class='evocard_box time' data-c='ffffff' \n\t\t\t\t\tstyle='background-color:#ffffff'><div class='evo_metarow_time evorow evcal_evdata_row evcal_evrow_sm'>\n\t\t<span class='evcal_evdata_icons'><i class='fa fa-clock'><\/i><\/span>\n\t\t<div class='evcal_evdata_cell'>\t\t\t\t\t\t\t\n\t\t\t<h3 class='evo_h3'><span class='evcal_evdata_icons'><i class='fa fa-clock'><\/i><\/span>Hours<\/h3><p><span class='evo_eventcard_time_t'>27\/03\/2026 21:00 &#8211; 23:00<\/span><\/p>\n\t\t<\/div>\n\t<\/div><\/div><div class='evocard_box location' data-c='ffffff' \n\t\t\t\t\tstyle='background-color:#ffffff'><div class='evcal_evdata_row evo_metarow_time_location evorow'>\n\t\t\n\t\t\t<span class='evcal_evdata_icons'><i class='fa fa-map-marker'><\/i><\/span>\n\t\t\t<div class='evcal_evdata_cell' data-loc_tax_id='59'><h3 class='evo_h3'><span class='evcal_evdata_icons'><i class='fa fa-map-marker'><\/i><\/span>Location<\/h3><p class='evo_location_name' style='margin-bottom:10px; font-size:15px;'>TBD<\/p><\/div>\n\t\t\n\t<\/div><\/div><\/div><div class='evo_card_row_end evcal_close' title='Chiudi'><\/div><\/div><div class='clear end'><\/div><\/div><div id=\"event_2272_0\" class=\"eventon_list_event evo_eventtop scheduled past_event event event_2272_0\" data-event_id=\"2272\" data-ri=\"0r\" data-time=\"1774645200-1774652400\" data-colr=\"#d88f95\" itemscope itemtype='http:\/\/schema.org\/Event'><div class=\"evo_event_schema\" style=\"display:none\" ><a itemprop='url'  href='https:\/\/civilwordsaps.it\/en\/evento\/civil-readings-27-marzo\/'><\/a><meta itemprop='image' content=\"https:\/\/civilwordsaps.it\/wp-content\/uploads\/2026\/03\/io-sono-capitan-meraviglia-civil-readings.jpg\" \/><meta itemprop='startDate' content=\"2026-3-27T22:00+0:00\" \/><meta itemprop='endDate' content=\"2026-3-28T00:00+0:00\" \/><meta itemprop='eventStatus' content=\"https:\/\/schema.org\/EventScheduled\" \/><item style=\"display:none\" itemprop=\"location\" itemscope itemtype=\"http:\/\/schema.org\/Place\"><span itemprop=\"name\">Spazio Polline<\/span><span itemprop=\"address\" itemscope itemtype=\"http:\/\/schema.org\/PostalAddress\"><item itemprop=\"streetAddress\">Stazione Villapizzone del Passante Ferroviario di Milano, 20156 Milano MI<\/item><\/span><\/item><item style=\"display:none\" itemprop=\"eventAttendanceMode\" itemscope itemtype=\"https:\/\/schema.org\/OfflineEventAttendanceMode\"><\/item><script type=\"application\/ld+json\">{\"@context\": \"http:\/\/schema.org\",\"@type\": \"Event\",\n\t\t\t\t\"@id\": \"event_2272_0\",\n\t\t\t\t\"eventAttendanceMode\":\"https:\/\/schema.org\/OfflineEventAttendanceMode\",\n\t\t\t\t\"name\": \"Civil Readings - Io sono capitan meraviglia\",\n\t\t\t\t\"url\": \"https:\/\/civilwordsaps.it\/en\/evento\/civil-readings-27-marzo\/\",\n\t\t\t\t\"startDate\": \"2026-3-27T22:00+0:00\",\n\t\t\t\t\"endDate\": \"2026-3-28T00:00+0:00\",\n\t\t\t\t\"image\":\"https:\/\/civilwordsaps.it\/wp-content\/uploads\/2026\/03\/io-sono-capitan-meraviglia-civil-readings.jpg\", \n\t\t\t\t\"description\":\"<span style=color: #000000;>In una stanza spoglia, sotto un neon freddo, Met tiene sua madre legata a una sedia. Non \u00e8 un criminale, ma un figlio in crisi che vuole costringerla a fare i conti col passato. Quello che sembra un atto punitivo diventa un duello psicologico feroce, dove vittima e carnefice si confondono e il loro legame tossico emerge in tutta la sua forza.<\/span>    <span style=color: #000000;>A rompere il realismo irrompe Capitan Meraviglia, l\u2019eroe dei fumetti d\u2019infanzia di Met: una presenza surreale che trasforma lo scontro in un confronto grottesco tra l\u2019illusione del supereroe e la verit\u00e0 nuda della famiglia.<\/span>  <span style=color: #000000;>Un viaggio spietato dentro le eredit\u00e0 familiari, tra bisogno di essere riconosciuti e impossibilit\u00e0 di perdonare.<\/span>\",\"location\":[{\"@type\":\"Place\",\"name\":\"Spazio Polline\",\"address\":{\"@type\": \"PostalAddress\",\"streetAddress\":\"Stazione Villapizzone del Passante Ferroviario di Milano, 20156 Milano MI\"}}],\"eventStatus\":\"https:\/\/schema.org\/EventScheduled\"}<\/script><\/div>\n\t\t\t\t<p class=\"desc_trig_outter\" style=\"\"><a data-gmap_status=\"null\" data-exlk=\"0\" style=\"background-color: #d88f95;\" id=\"evc_17746452002272\" class=\"desc_trig sin_val evcal_list_a\" data-ux_val=\"1\" data-ux_val_mob=\"-\"  ><span class='evoet_c2 evoet_cx'><span class='evoet_dayblock evcal_cblock' data-bgcolor='#d88f95' data-smon='Marzo' data-syr='2026'><span class='evo_start'><em class='date'>27<\/em><em class='month'>mar<\/em><em class='time'>21:00<\/em><\/span><span class='evo_end only_time'><em class='time'>23:00<\/em><\/span><\/span><\/span><span style='display:none' class='event_location_attrs'  data-location_address=\"Stazione Villapizzone del Passante Ferroviario di Milano, 20156 Milano MI\" data-location_type=\"address\" data-location_name=\"Spazio Polline\" data-location_url=\"https:\/\/civilwordsaps.it\/en\/event-location\/spazio-polline\/\" data-location_status=\"true\"><\/span><span class='evoet_c3 evoet_cx evcal_desc evo_info' ><span class='evoet_tags evo_above_title'><\/span><span class='evoet_title evcal_desc2 evcal_event_title' itemprop='name'>Civil Readings &#8211; Io sono capitan meraviglia<\/span><span class='evoet_subtitle evo_below_title'><span class='evcal_event_subtitle' >STAGED READINGS<\/span><\/span><span class='evoet_time_expand level_3 evcal_desc_info evogap10'><\/span><span class='evcal_desc3'><\/span><\/span><em class='evoet_data' style='display:none' data-bgc='#d88f95'data-bggrad=''><\/em><\/a><\/p><div class='event_description evcal_eventcard' style=\"display:none\"><div class='evocard_row'><div class='evocard_box ftimage' data-c='ffffff' \n\t\t\t\t\tstyle='background-color:#ffffff'><div class='evo_metarow_directimg evcal_evdata_row'><img class='evo_event_main_img' src='https:\/\/civilwordsaps.it\/wp-content\/uploads\/2026\/03\/io-sono-capitan-meraviglia-civil-readings.jpg' \/><\/div><\/div><\/div><div class='evocard_row bx2 bx'><div class='evocard_box time' data-c='ffffff' \n\t\t\t\t\tstyle='background-color:#ffffff'><div class='evo_metarow_time evorow evcal_evdata_row evcal_evrow_sm'>\n\t\t<span class='evcal_evdata_icons'><i class='fa fa-clock'><\/i><\/span>\n\t\t<div class='evcal_evdata_cell'>\t\t\t\t\t\t\t\n\t\t\t<h3 class='evo_h3'><span class='evcal_evdata_icons'><i class='fa fa-clock'><\/i><\/span>Hours<\/h3><p><span class='evo_eventcard_time_t'>27\/03\/2026 21:00 &#8211; 23:00<\/span><\/p>\n\t\t<\/div>\n\t<\/div><\/div><div class='evocard_box location' data-c='ffffff' \n\t\t\t\t\tstyle='background-color:#ffffff'><div class='evcal_evdata_row evo_metarow_time_location evorow'>\n\t\t\n\t\t\t<span class='evcal_evdata_icons'><i class='fa fa-map-marker'><\/i><\/span>\n\t\t\t<div class='evcal_evdata_cell' data-loc_tax_id='50'><h3 class='evo_h3'><span class='evcal_evdata_icons'><i class='fa fa-map-marker'><\/i><\/span><a target=\"\" href=\"https:\/\/lebelleartiaps.it\/eventi\/categoria\/spazio-polline-stazione-di-villapizzone\/\">Location<\/a><\/h3><p class='evo_location_name' style='margin-bottom:10px; font-size:15px;'><a target=\"\" href=\"https:\/\/lebelleartiaps.it\/eventi\/categoria\/spazio-polline-stazione-di-villapizzone\/\">Spazio Polline<\/a><\/p><p class='evo_location_address evodfxi evogap10'><a target=\"\" href=\"https:\/\/lebelleartiaps.it\/eventi\/categoria\/spazio-polline-stazione-di-villapizzone\/\">Stazione Villapizzone del Passante Ferroviario di Milano, 20156 Milano MI<\/a><a href='https:\/\/www.google.com\/maps?q=Stazione+Villapizzone+del+Passante+Ferroviario+di+Milano%2C+20156+Milano+MI' target='_blank'><i class='fa fa-arrow-up-right-from-square'><\/i><\/a><\/p><\/div>\n\t\t\n\t<\/div><\/div><\/div><div class='evocard_row'><div class='evocard_box eventdetails' data-c='ffffff' \n\t\t\t\t\tstyle='background-color:#ffffff'><div class=\"evo_metarow_details evorow evcal_evdata_row evcal_event_details\">\n    <div class=\"event_excerpt\" style=\"display:none\"><h3 class=\"padb5 evo_h3\">Event details<\/h3><p>In a bare room, under a cold neon light, Met has his mother tied to a chair. He's not a criminal, but a son in crisis who wants to force her to<\/p><\/div><span class='evcal_evdata_icons'><i class='fa fa-align-justify'><\/i><\/span>    <div class=\"evcal_evdata_cell\">\n        <div class=\"eventon_full_description\">\n            <h3 class=\"padb5 evo_h3\"><span class='evcal_evdata_icons'><i class='fa fa-align-justify'><\/i><\/span>Event details<\/h3>\n            <div class=\"eventon_desc_in\" itemprop=\"description\">\n                <span style=\"color: #000000;\">In a bare room, under a cold neon light, Met holds his mother tied to a chair. He's not a criminal, but a son in crisis who wants to force her to confront her past. What seems like a punitive act becomes a ferocious psychological duel, where victim and perpetrator become confused and their toxic bond emerges in all its force.<\/span>\r\n\r\n<span style=\"color: #000000;\">Captain Wonder, Met's childhood comic book hero, breaks through the realism: a surreal presence that transforms the clash into a grotesque confrontation between the illusion of the superhero and the naked truth of the family.<\/span>\r\n<span style=\"color: #000000;\">A merciless journey into family legacies, between the need for recognition and the impossibility of forgiveness.<\/span>            <\/div>\n            <div class='clear'><\/div>        <\/div>\n    <\/div>\n<\/div><\/div><\/div><div class='evocard_row'><div class='evocard_box learnmore' data-c='ffffff' \n\t\t\t\t\tstyle='background-color:#ffffff'><div class='evo_metarow_learnM evo_metarow_learnmore evorow'>\n\t\t\t\t\t\t\t<a class='evcal_evdata_row evo_clik_row' href='https:\/\/civilwordsaps.it\/en\/civil-readings\/' >\n\t\t\t\t\t\t\t\t<span class='evcal_evdata_icons'><i class='fa fa-link'><\/i><\/span>\n\t\t\t\t\t\t\t\t<h3 class='evo_h3 evopad0i'>Learn more<\/h3>\n\t\t\t\t\t\t\t<\/a>\n\t\t\t\t\t\t\t<\/div><\/div><\/div><div class='evo_card_row_end evcal_close' title='Chiudi'><\/div><\/div><div class='clear end'><\/div><\/div><div id=\"event_1025_0\" class=\"eventon_list_event evo_eventtop scheduled past_event event event_1025_0\" data-event_id=\"1025\" data-ri=\"0r\" data-time=\"1774978200-1774992600\" data-colr=\"#a74349\" itemscope itemtype='http:\/\/schema.org\/Event'><div class=\"evo_event_schema\" style=\"display:none\" ><a itemprop='url'  href='https:\/\/civilwordsaps.it\/en\/evento\/corso-attore-integrato-lezione-15\/'><\/a><meta itemprop='image' content=\"https:\/\/civilwordsaps.it\/wp-content\/uploads\/2026\/01\/banner-home-attore-integrato_mono.png\" \/><meta itemprop='startDate' content=\"2026-3-31T19:30+0:00\" \/><meta itemprop='endDate' content=\"2026-3-31T23:30+0:00\" \/><meta itemprop='eventStatus' content=\"https:\/\/schema.org\/EventScheduled\" \/><item style=\"display:none\" itemprop=\"location\" itemscope itemtype=\"http:\/\/schema.org\/Place\"><span itemprop=\"name\">ELF Teatro<\/span><span itemprop=\"address\" itemscope itemtype=\"http:\/\/schema.org\/PostalAddress\"><item itemprop=\"streetAddress\">via S.G Emiliani 1, Milano<\/item><\/span><\/item><item style=\"display:none\" itemprop=\"eventAttendanceMode\" itemscope itemtype=\"https:\/\/schema.org\/OfflineEventAttendanceMode\"><\/item><script type=\"application\/ld+json\">{\"@context\": \"http:\/\/schema.org\",\"@type\": \"Event\",\n\t\t\t\t\"@id\": \"event_1025_0\",\n\t\t\t\t\"eventAttendanceMode\":\"https:\/\/schema.org\/OfflineEventAttendanceMode\",\n\t\t\t\t\"name\": \"L&#039;Attore Integrato\",\n\t\t\t\t\"url\": \"https:\/\/civilwordsaps.it\/en\/evento\/corso-attore-integrato-lezione-15\/\",\n\t\t\t\t\"startDate\": \"2026-3-31T19:30+0:00\",\n\t\t\t\t\"endDate\": \"2026-3-31T23:30+0:00\",\n\t\t\t\t\"image\":\"https:\/\/civilwordsaps.it\/wp-content\/uploads\/2026\/01\/banner-home-attore-integrato_mono.png\", \n\t\t\t\t\"description\":\"Dopo il successo dell\u2019edizione precedente, il corso avanzato di recitazione \u201cL\u2019ATTORE INTEGRATO\u201d di Civil Words torna all\u2019ELF Teatro, diretto dal regista\u00a0<strong>Nicholas Rapp<\/strong>. Questo programma di formazione spinge l\u2019arte della recitazione oltre i confini della tecnica, nello spazio dell\u2019impulso.    L\u2019Attore Integrato combina un\u2019analisi disciplinata del testo con un rigoroso allenamento fisico e vocale, creando un ambiente in cui gli attori esperti possono superare i limiti creativi e uscire dalla propria testa. Come sempre, il corso inizier\u00e0 con il lavoro sul corpo e sul movimento, seguito da scene del drammaturgo designato dell\u2019anno (Tennessee Williams). Il corso incoraggia un\u2019esplorazione personale e profonda di personaggi e testi, garantendo che ogni spettacolo sia un\u2019opera d\u2019arte unica e vivente.    Questo non \u00e8 solo un \u201ccorso di recitazione\u201d, ma:  \u2022 Allenamento vocale, utilizzando esercizi del sistema Linklater  \u2022 Allenamento fisico, utilizzando esercizi del metodo Grotowski e Viewpoints  \u2022 Allenamento al lavoro sul testo, imparando a recitare e applicare l\u2019analisi del copione  \u2022 Uno spazio di sperimentazione ed esplorazione, dove l\u2019allenamento fisico e vocale pu\u00f2 essere applicato per andare oltre i limiti del modello stanislavskiano  \u2022 Un\u2019opportunit\u00e0 di confrontarsi con il feedback di un professionista stimato del settore  \u2022 Esercitare la lingua inglese in un contesto professionale attoriale  \u2022 Ottenere materiale video per il proprio showreel    &nbsp;  <blockquote><em><strong>Nicholas Rapp<\/strong>\u00a0\u00e8 un artista del teatro specializzato nella reinterpretazione dei testi classici. Essendo stato allievo di Lee Breuer e Gabor Tompa, Nicholas ha sviluppato un interesse per la sperimentazione formale. Il suo lavoro \u00e8 stato presentato a Los Angeles, New York, San Diego e altrove. Laureato alla UCLA per poi conseguire il Master in Fine Arts (MFA) in Teatro e Regia alla UC San Diego.<\/em><\/blockquote>\",\"location\":[{\"@type\":\"Place\",\"name\":\"ELF Teatro\",\"address\":{\"@type\": \"PostalAddress\",\"streetAddress\":\"via S.G Emiliani 1, Milano\"}}],\"eventStatus\":\"https:\/\/schema.org\/EventScheduled\"}<\/script><\/div>\n\t\t\t\t<p class=\"desc_trig_outter\" style=\"\"><a data-gmap_status=\"null\" data-exlk=\"0\" style=\"background-color: #a74349;\" id=\"evc_17749782001025\" class=\"desc_trig sin_val evcal_list_a\" data-ux_val=\"1\" data-ux_val_mob=\"-\"  ><span class='evoet_c2 evoet_cx'><span class='evoet_dayblock evcal_cblock' data-bgcolor='#a74349' data-smon='Marzo' data-syr='2026'><span class='evo_start'><em class='date'>31<\/em><em class='month'>mar<\/em><em class='time'>19:30<\/em><\/span><span class='evo_end only_time'><em class='time'>23:30<\/em><\/span><\/span><\/span><span style='display:none' class='event_location_attrs'  data-location_address=\"via S.G Emiliani 1, Milano\" data-location_type=\"address\" data-location_name=\"ELF Teatro\" data-location_url=\"https:\/\/civilwordsaps.it\/en\/event-location\/elf-teatro\/\" data-location_status=\"true\"><\/span><span class='evoet_c3 evoet_cx evcal_desc evo_info' ><span class='evoet_tags evo_above_title'><\/span><span class='evoet_title evcal_desc2 evcal_event_title' itemprop='name'>The Integrated Actor<\/span><span class='evoet_subtitle evo_below_title'><span class='evcal_event_subtitle' >WORKSHOP \/ LESSON 15<\/span><\/span><span class='evoet_time_expand level_3 evcal_desc_info evogap10'><\/span><span class='evcal_desc3'><\/span><\/span><em class='evoet_data' style='display:none' data-bgc='#a74349'data-bggrad=''><\/em><\/a><\/p><div class='event_description evcal_eventcard' style=\"display:none\"><div class='evocard_row'><div class='evocard_box ftimage' data-c='ffffff' \n\t\t\t\t\tstyle='background-color:#ffffff'><div class='evo_metarow_directimg evcal_evdata_row'><img class='evo_event_main_img' src='https:\/\/civilwordsaps.it\/wp-content\/uploads\/2026\/01\/banner-home-attore-integrato_mono.png' \/><\/div><\/div><\/div><div class='evocard_row bx2 bx'><div class='evocard_box time' data-c='ffffff' \n\t\t\t\t\tstyle='background-color:#ffffff'><div class='evo_metarow_time evorow evcal_evdata_row evcal_evrow_sm'>\n\t\t<span class='evcal_evdata_icons'><i class='fa fa-clock'><\/i><\/span>\n\t\t<div class='evcal_evdata_cell'>\t\t\t\t\t\t\t\n\t\t\t<h3 class='evo_h3'><span class='evcal_evdata_icons'><i class='fa fa-clock'><\/i><\/span>Hours<\/h3><p><span class='evo_eventcard_time_t'>31\/03\/2026 19:30 &#8211; 23:30<\/span><\/p>\n\t\t<\/div>\n\t<\/div><\/div><div class='evocard_box location' data-c='ffffff' \n\t\t\t\t\tstyle='background-color:#ffffff'><div class='evcal_evdata_row evo_metarow_time_location evorow'>\n\t\t\n\t\t\t<span class='evcal_evdata_icons'><i class='fa fa-map-marker'><\/i><\/span>\n\t\t\t<div class='evcal_evdata_cell' data-loc_tax_id='42'><h3 class='evo_h3'><span class='evcal_evdata_icons'><i class='fa fa-map-marker'><\/i><\/span>Location<\/h3><p class='evo_location_name' style='margin-bottom:10px; font-size:15px;'>ELF Teatro<\/p><p class='evo_location_address evodfxi evogap10'>via S.G Emiliani 1, Milano<a href='https:\/\/www.google.com\/maps?q=via+S.G+Emiliani+1%2C+Milano' target='_blank'><i class='fa fa-arrow-up-right-from-square'><\/i><\/a><\/p><\/div>\n\t\t\n\t<\/div><\/div><\/div><div class='evocard_row'><div class='evocard_box eventdetails' data-c='ffffff' \n\t\t\t\t\tstyle='background-color:#ffffff'><div class=\"evo_metarow_details evorow evcal_evdata_row evcal_event_details\">\n    <div class=\"event_excerpt\" style=\"display:none\"><h3 class=\"padb5 evo_h3\">Event details<\/h3><p>Dopo il successo dell\u2019edizione precedente, il corso avanzato di recitazione \u201cL\u2019ATTORE INTEGRATO\u201d di Civil Words torna all\u2019ELF Teatro, diretto dal regista\u00a0Nicholas Rapp. Questo programma di formazione spinge l\u2019arte della recitazione<\/p><\/div><span class='evcal_evdata_icons'><i class='fa fa-align-justify'><\/i><\/span>    <div class=\"evcal_evdata_cell\">\n        <div class=\"eventon_full_description\">\n            <h3 class=\"padb5 evo_h3\"><span class='evcal_evdata_icons'><i class='fa fa-align-justify'><\/i><\/span>Event details<\/h3>\n            <div class=\"eventon_desc_in\" itemprop=\"description\">\n                After the success of the previous edition, the advanced acting course \u201cTHE INTEGRATED ACTOR\u201d by Civil Words returns to the ELF Teatro, directed by the director\u00a0<strong>Nicholas Rapp<\/strong>This training program pushes the art of acting beyond the confines of technique, into the realm of impulse. The Integrated Actor combines disciplined text analysis with rigorous physical and vocal training, creating an environment where experienced actors can push creative boundaries and step outside their own heads. As always, the course will begin with body and movement work, followed by scenes from the nominated playwright of the year (Tennessee Williams). The course encourages a personal and in-depth exploration of characters and texts, ensuring that each performance is a unique, living work of art.\nThis isn't just an \"acting course,\" but:\n\u2022 Vocal training, using exercises from the Linklater system\n\u2022 Physical training, using exercises from the Grotowski method and Viewpoints\n\u2022 Training in working with the text, learning to act and apply script analysis\n\u2022 A space for experimentation and exploration, where physical and vocal training can be applied to go beyond the limits of the Stanislavskian model\n\u2022 An opportunity to engage with feedback from a respected professional in the field\n\u2022 Practice your English in a professional acting context\n\u2022 Obtain video material for your showreel\r\n\r\n\u00a0\r\n<blockquote><em><strong>Nicholas Rapp<\/strong>\u00a0is a theater artist specializing in the reinterpretation of classical texts. Having studied with Lee Breuer and Gabor Tompa, Nicholas developed an interest in formal experimentation. His work has been presented in Los Angeles, New York, San Diego, and elsewhere. He graduated from UCLA and earned his Master of Fine Arts (MFA) in Theater and Directing from UC San Diego.<\/em><\/blockquote>            <\/div>\n            <div class='clear'><\/div>        <\/div>\n    <\/div>\n<\/div><\/div><\/div><div class='evocard_row'><div class='evocard_box learnmore' data-c='ffffff' \n\t\t\t\t\tstyle='background-color:#ffffff'><div class='evo_metarow_learnM evo_metarow_learnmore evorow'>\n\t\t\t\t\t\t\t<a class='evcal_evdata_row evo_clik_row' href='https:\/\/civilwordsaps.it\/en\/corso-avanzato-di-recitazione-lattore-integrato\/' >\n\t\t\t\t\t\t\t\t<span class='evcal_evdata_icons'><i class='fa fa-link'><\/i><\/span>\n\t\t\t\t\t\t\t\t<h3 class='evo_h3 evopad0i'>Learn more<\/h3>\n\t\t\t\t\t\t\t<\/a>\n\t\t\t\t\t\t\t<\/div><\/div><\/div><div class='evo_card_row_end evcal_close' title='Chiudi'><\/div><\/div><div class='clear end'><\/div><\/div><\/div>\t\t\t<div class='clear'><\/div>\n\t\t\t<\/div>\n\t\t\t<div class='clear'><\/div>\n\t\t\t\n\t\t\t\t\t \t<div id='evcal_footer' class='evo_bottom' style='display:none'>\n\t\t \t\t<div class='evo_cal_data' data-sc='{&quot;accord&quot;:&quot;no&quot;,&quot;bottom_nav&quot;:&quot;no&quot;,&quot;cal_id&quot;:&quot;&quot;,&quot;cal_init_nonajax&quot;:&quot;no&quot;,&quot;calendar_type&quot;:&quot;list&quot;,&quot;ep_fields&quot;:&quot;&quot;,&quot;etc_override&quot;:&quot;no&quot;,&quot;evc_open&quot;:&quot;no&quot;,&quot;event_count&quot;:0,&quot;event_location&quot;:&quot;all&quot;,&quot;event_order&quot;:&quot;ASC&quot;,&quot;event_organizer&quot;:&quot;all&quot;,&quot;event_parts&quot;:&quot;no&quot;,&quot;event_past_future&quot;:&quot;all&quot;,&quot;event_status&quot;:&quot;all&quot;,&quot;event_tag&quot;:&quot;all&quot;,&quot;event_type&quot;:&quot;all&quot;,&quot;event_type_2&quot;:&quot;all&quot;,&quot;event_virtual&quot;:&quot;all&quot;,&quot;eventtop_date_style&quot;:0,&quot;eventtop_style&quot;:&quot;2&quot;,&quot;exp_jumper&quot;:&quot;no&quot;,&quot;exp_so&quot;:&quot;no&quot;,&quot;filter_relationship&quot;:&quot;AND&quot;,&quot;filter_show_set_only&quot;:&quot;no&quot;,&quot;filter_type&quot;:&quot;default&quot;,&quot;filters&quot;:&quot;yes&quot;,&quot;fixed_month&quot;:&quot;7&quot;,&quot;fixed_year&quot;:&quot;2017&quot;,&quot;focus_end_date_range&quot;:&quot;1774994399&quot;,&quot;focus_start_date_range&quot;:&quot;1498860000&quot;,&quot;ft_event_priority&quot;:&quot;no&quot;,&quot;hide_arrows&quot;:&quot;no&quot;,&quot;hide_cancels&quot;:&quot;no&quot;,&quot;hide_empty_months&quot;:&quot;yes&quot;,&quot;hide_end_time&quot;:&quot;no&quot;,&quot;hide_et_dn&quot;:&quot;no&quot;,&quot;hide_et_extra&quot;:&quot;no&quot;,&quot;hide_et_tags&quot;:&quot;no&quot;,&quot;hide_et_tl&quot;:&quot;no&quot;,&quot;hide_ft&quot;:&quot;no&quot;,&quot;hide_ft_img&quot;:&quot;no&quot;,&quot;hide_month_headers&quot;:&quot;no&quot;,&quot;hide_mult_occur&quot;:&quot;no&quot;,&quot;hide_past&quot;:&quot;no&quot;,&quot;hide_past_by&quot;:&quot;ee&quot;,&quot;hide_so&quot;:&quot;no&quot;,&quot;ics&quot;:&quot;no&quot;,&quot;jumper&quot;:&quot;no&quot;,&quot;jumper_count&quot;:5,&quot;jumper_offset&quot;:&quot;0&quot;,&quot;lang&quot;:&quot;L1&quot;,&quot;layout_changer&quot;:&quot;no&quot;,&quot;livenow_bar&quot;:&quot;yes&quot;,&quot;mapformat&quot;:&quot;roadmap&quot;,&quot;mapiconurl&quot;:&quot;&quot;,&quot;maps_load&quot;:&quot;yes&quot;,&quot;mapscroll&quot;:&quot;true&quot;,&quot;mapzoom&quot;:&quot;18&quot;,&quot;members_only&quot;:&quot;no&quot;,&quot;ml_priority&quot;:&quot;no&quot;,&quot;month_incre&quot;:&quot;37&quot;,&quot;number_of_months&quot;:&quot;105&quot;,&quot;only_ft&quot;:&quot;no&quot;,&quot;pec&quot;:&quot;&quot;,&quot;s&quot;:&quot;&quot;,&quot;search&quot;:&quot;&quot;,&quot;search_all&quot;:&quot;no&quot;,&quot;sep_month&quot;:&quot;yes&quot;,&quot;show_et_ft_img&quot;:&quot;no&quot;,&quot;show_limit&quot;:&quot;no&quot;,&quot;show_limit_ajax&quot;:&quot;no&quot;,&quot;show_limit_paged&quot;:1,&quot;show_limit_redir&quot;:&quot;&quot;,&quot;show_repeats&quot;:&quot;no&quot;,&quot;show_upcoming&quot;:0,&quot;show_year&quot;:&quot;yes&quot;,&quot;social_share&quot;:&quot;no&quot;,&quot;sort_by&quot;:&quot;sort_date&quot;,&quot;tile_bg&quot;:0,&quot;tile_bg_size&quot;:&quot;full&quot;,&quot;tile_count&quot;:2,&quot;tile_height&quot;:0,&quot;tile_style&quot;:0,&quot;tiles&quot;:&quot;no&quot;,&quot;ux_val&quot;:&quot;0&quot;,&quot;wpml_l1&quot;:&quot;&quot;,&quot;wpml_l2&quot;:&quot;&quot;,&quot;wpml_l3&quot;:&quot;&quot;,&quot;yl_priority&quot;:&quot;no&quot;,&quot;fixed_day&quot;:&quot;29&quot;,&quot;_cver&quot;:&quot;2.4.7&quot;}'data-od='{&quot;lang_no_events&quot;:&quot;Nessun evento&quot;,&quot;cal_tz_offset&quot;:120,&quot;cal_tz&quot;:&quot;Europe\\\/Rome&quot;}'><\/div>\n\t\t \t\t<div class='evo_cal_events' data-events=\"\"><\/div>\n\t\t \t<\/div>\n\t\t\t\t\n\t\t\t\n\t\t\t\n\t\t\t\t\t\t<\/div><!-- EventON End -->\n\t\t\t<\/p>\t\t\t\t\t\t\t\t<\/div>\n\t\t\t\t\t<\/div>\n\t\t\t\t<\/div>\n\t\t\t\t<\/div>","protected":false},"excerpt":{"rendered":"<p>EVENTI PASSATI: SPETTACOLO TEATRALE LA SCELTA FESTIVAL EUFREE SPETTACOLO TEATRALE I 17 DI VIA RASELLA FESTIVAL TEDX COUNTDOWN SPETTACOLO TEATRALE STILL WAITING FOR GODOT CIVIL READINGS A CHE SERVE IL PETROLIO? SPETTACOLO TEATRALE GL&#8217;INNAMORATI FESTIVAL ACTival SPETTACOLO TEATRALE FIORI DI CILIEGIO Consulta Eventi Futuri &gt;&gt;&gt;\u00a0<\/p>","protected":false},"author":2,"featured_media":0,"parent":793,"menu_order":0,"comment_status":"closed","ping_status":"closed","template":"","meta":{"_exactmetrics_skip_tracking":false,"_exactmetrics_sitenote_active":false,"_exactmetrics_sitenote_note":"","_exactmetrics_sitenote_category":0,"neve_meta_sidebar":"","neve_meta_container":"contained","neve_meta_enable_content_width":"off","neve_meta_content_width":100,"neve_meta_title_alignment":"","neve_meta_author_avatar":"","neve_post_elements_order":"","neve_meta_disable_header":"","neve_meta_disable_footer":"","neve_meta_disable_title":"on","footnotes":""},"class_list":["post-2618","page","type-page","status-publish","hentry"],"yoast_head":"<!-- This site is optimized with the Yoast SEO plugin v25.7 - https:\/\/yoast.com\/wordpress\/plugins\/seo\/ -->\n<title>EVENTI PASSATI - CIVIL WORDS<\/title>\n<meta name=\"robots\" content=\"index, follow, max-snippet:-1, max-image-preview:large, max-video-preview:-1\" \/>\n<link rel=\"canonical\" href=\"https:\/\/civilwordsaps.it\/en\/calendario\/eventi-passati\/\" \/>\n<meta property=\"og:locale\" content=\"en_GB\" \/>\n<meta property=\"og:type\" content=\"article\" \/>\n<meta property=\"og:title\" content=\"EVENTI PASSATI - CIVIL WORDS\" \/>\n<meta property=\"og:description\" content=\"EVENTI PASSATI: SPETTACOLO TEATRALE LA SCELTA FESTIVAL EUFREE SPETTACOLO TEATRALE I 17 DI VIA RASELLA FESTIVAL TEDX COUNTDOWN SPETTACOLO TEATRALE STILL WAITING FOR GODOT CIVIL READINGS A CHE SERVE IL PETROLIO? SPETTACOLO TEATRALE GL&#8217;INNAMORATI FESTIVAL ACTival SPETTACOLO TEATRALE FIORI DI CILIEGIO Consulta Eventi Futuri &gt;&gt;&gt;\u00a0\" \/>\n<meta property=\"og:url\" content=\"https:\/\/civilwordsaps.it\/en\/calendario\/eventi-passati\/\" \/>\n<meta property=\"og:site_name\" content=\"CIVIL WORDS\" \/>\n<meta property=\"article:publisher\" content=\"https:\/\/www.facebook.com\/CivWords\" \/>\n<meta property=\"article:modified_time\" content=\"2026-04-01T08:19:44+00:00\" \/>\n<meta property=\"og:image\" content=\"https:\/\/civilwordsaps.it\/wp-content\/uploads\/2026\/01\/Spettacoli-anteprima-La-scelta-768x768.jpg\" \/>\n<meta name=\"twitter:card\" content=\"summary_large_image\" \/>\n<meta name=\"twitter:label1\" content=\"Estimated reading time\" \/>\n\t<meta name=\"twitter:data1\" content=\"5 minutes\" \/>\n<script type=\"application\/ld+json\" class=\"yoast-schema-graph\">{\"@context\":\"https:\/\/schema.org\",\"@graph\":[{\"@type\":\"WebPage\",\"@id\":\"https:\/\/civilwordsaps.it\/calendario\/eventi-passati\/\",\"url\":\"https:\/\/civilwordsaps.it\/calendario\/eventi-passati\/\",\"name\":\"EVENTI PASSATI - CIVIL WORDS\",\"isPartOf\":{\"@id\":\"https:\/\/civilwordsaps.it\/#website\"},\"primaryImageOfPage\":{\"@id\":\"https:\/\/civilwordsaps.it\/calendario\/eventi-passati\/#primaryimage\"},\"image\":{\"@id\":\"https:\/\/civilwordsaps.it\/calendario\/eventi-passati\/#primaryimage\"},\"thumbnailUrl\":\"https:\/\/civilwordsaps.it\/wp-content\/uploads\/2026\/01\/Spettacoli-anteprima-La-scelta-768x768.jpg\",\"datePublished\":\"2025-12-23T14:59:27+00:00\",\"dateModified\":\"2026-04-01T08:19:44+00:00\",\"breadcrumb\":{\"@id\":\"https:\/\/civilwordsaps.it\/calendario\/eventi-passati\/#breadcrumb\"},\"inLanguage\":\"en-GB\",\"potentialAction\":[{\"@type\":\"ReadAction\",\"target\":[\"https:\/\/civilwordsaps.it\/calendario\/eventi-passati\/\"]}]},{\"@type\":\"ImageObject\",\"inLanguage\":\"en-GB\",\"@id\":\"https:\/\/civilwordsaps.it\/calendario\/eventi-passati\/#primaryimage\",\"url\":\"https:\/\/civilwordsaps.it\/wp-content\/uploads\/2026\/01\/Spettacoli-anteprima-La-scelta-768x768.jpg\",\"contentUrl\":\"https:\/\/civilwordsaps.it\/wp-content\/uploads\/2026\/01\/Spettacoli-anteprima-La-scelta-768x768.jpg\"},{\"@type\":\"BreadcrumbList\",\"@id\":\"https:\/\/civilwordsaps.it\/calendario\/eventi-passati\/#breadcrumb\",\"itemListElement\":[{\"@type\":\"ListItem\",\"position\":1,\"name\":\"Home\",\"item\":\"https:\/\/civilwordsaps.it\/\"},{\"@type\":\"ListItem\",\"position\":2,\"name\":\"CALENDARIO\",\"item\":\"https:\/\/civilwordsaps.it\/calendario\/\"},{\"@type\":\"ListItem\",\"position\":3,\"name\":\"EVENTI PASSATI\"}]},{\"@type\":\"WebSite\",\"@id\":\"https:\/\/civilwordsaps.it\/#website\",\"url\":\"https:\/\/civilwordsaps.it\/\",\"name\":\"Civil Words\",\"description\":\"STAY HUMAN\",\"publisher\":{\"@id\":\"https:\/\/civilwordsaps.it\/#organization\"},\"potentialAction\":[{\"@type\":\"SearchAction\",\"target\":{\"@type\":\"EntryPoint\",\"urlTemplate\":\"https:\/\/civilwordsaps.it\/?s={search_term_string}\"},\"query-input\":{\"@type\":\"PropertyValueSpecification\",\"valueRequired\":true,\"valueName\":\"search_term_string\"}}],\"inLanguage\":\"en-GB\"},{\"@type\":\"Organization\",\"@id\":\"https:\/\/civilwordsaps.it\/#organization\",\"name\":\"Civil Words\",\"url\":\"https:\/\/civilwordsaps.it\/\",\"logo\":{\"@type\":\"ImageObject\",\"inLanguage\":\"en-GB\",\"@id\":\"https:\/\/civilwordsaps.it\/#\/schema\/logo\/image\/\",\"url\":\"https:\/\/civilwordsaps.it\/wp-content\/uploads\/2025\/08\/logo-civil-words.png\",\"contentUrl\":\"https:\/\/civilwordsaps.it\/wp-content\/uploads\/2025\/08\/logo-civil-words.png\",\"width\":279,\"height\":105,\"caption\":\"Civil Words\"},\"image\":{\"@id\":\"https:\/\/civilwordsaps.it\/#\/schema\/logo\/image\/\"},\"sameAs\":[\"https:\/\/www.facebook.com\/CivWords\",\"https:\/\/www.instagram.com\/civilwords\/\",\"https:\/\/www.youtube.com\/@civilwords\/\"]}]}<\/script>\n<!-- \/ Yoast SEO plugin. -->","yoast_head_json":{"title":"EVENTI PASSATI - CIVIL WORDS","robots":{"index":"index","follow":"follow","max-snippet":"max-snippet:-1","max-image-preview":"max-image-preview:large","max-video-preview":"max-video-preview:-1"},"canonical":"https:\/\/civilwordsaps.it\/en\/calendario\/eventi-passati\/","og_locale":"en_GB","og_type":"article","og_title":"EVENTI PASSATI - CIVIL WORDS","og_description":"EVENTI PASSATI: SPETTACOLO TEATRALE LA SCELTA FESTIVAL EUFREE SPETTACOLO TEATRALE I 17 DI VIA RASELLA FESTIVAL TEDX COUNTDOWN SPETTACOLO TEATRALE STILL WAITING FOR GODOT CIVIL READINGS A CHE SERVE IL PETROLIO? SPETTACOLO TEATRALE GL&#8217;INNAMORATI FESTIVAL ACTival SPETTACOLO TEATRALE FIORI DI CILIEGIO Consulta Eventi Futuri &gt;&gt;&gt;\u00a0","og_url":"https:\/\/civilwordsaps.it\/en\/calendario\/eventi-passati\/","og_site_name":"CIVIL WORDS","article_publisher":"https:\/\/www.facebook.com\/CivWords","article_modified_time":"2026-04-01T08:19:44+00:00","og_image":[{"url":"https:\/\/civilwordsaps.it\/wp-content\/uploads\/2026\/01\/Spettacoli-anteprima-La-scelta-768x768.jpg","type":"","width":"","height":""}],"twitter_card":"summary_large_image","twitter_misc":{"Estimated reading time":"5 minutes"},"schema":{"@context":"https:\/\/schema.org","@graph":[{"@type":"WebPage","@id":"https:\/\/civilwordsaps.it\/calendario\/eventi-passati\/","url":"https:\/\/civilwordsaps.it\/calendario\/eventi-passati\/","name":"EVENTI PASSATI - CIVIL WORDS","isPartOf":{"@id":"https:\/\/civilwordsaps.it\/#website"},"primaryImageOfPage":{"@id":"https:\/\/civilwordsaps.it\/calendario\/eventi-passati\/#primaryimage"},"image":{"@id":"https:\/\/civilwordsaps.it\/calendario\/eventi-passati\/#primaryimage"},"thumbnailUrl":"https:\/\/civilwordsaps.it\/wp-content\/uploads\/2026\/01\/Spettacoli-anteprima-La-scelta-768x768.jpg","datePublished":"2025-12-23T14:59:27+00:00","dateModified":"2026-04-01T08:19:44+00:00","breadcrumb":{"@id":"https:\/\/civilwordsaps.it\/calendario\/eventi-passati\/#breadcrumb"},"inLanguage":"en-GB","potentialAction":[{"@type":"ReadAction","target":["https:\/\/civilwordsaps.it\/calendario\/eventi-passati\/"]}]},{"@type":"ImageObject","inLanguage":"en-GB","@id":"https:\/\/civilwordsaps.it\/calendario\/eventi-passati\/#primaryimage","url":"https:\/\/civilwordsaps.it\/wp-content\/uploads\/2026\/01\/Spettacoli-anteprima-La-scelta-768x768.jpg","contentUrl":"https:\/\/civilwordsaps.it\/wp-content\/uploads\/2026\/01\/Spettacoli-anteprima-La-scelta-768x768.jpg"},{"@type":"BreadcrumbList","@id":"https:\/\/civilwordsaps.it\/calendario\/eventi-passati\/#breadcrumb","itemListElement":[{"@type":"ListItem","position":1,"name":"Home","item":"https:\/\/civilwordsaps.it\/"},{"@type":"ListItem","position":2,"name":"CALENDARIO","item":"https:\/\/civilwordsaps.it\/calendario\/"},{"@type":"ListItem","position":3,"name":"EVENTI PASSATI"}]},{"@type":"WebSite","@id":"https:\/\/civilwordsaps.it\/#website","url":"https:\/\/civilwordsaps.it\/","name":"Civil Words","description":"STAY HUMAN","publisher":{"@id":"https:\/\/civilwordsaps.it\/#organization"},"potentialAction":[{"@type":"SearchAction","target":{"@type":"EntryPoint","urlTemplate":"https:\/\/civilwordsaps.it\/?s={search_term_string}"},"query-input":{"@type":"PropertyValueSpecification","valueRequired":true,"valueName":"search_term_string"}}],"inLanguage":"en-GB"},{"@type":"Organization","@id":"https:\/\/civilwordsaps.it\/#organization","name":"Civil Words","url":"https:\/\/civilwordsaps.it\/","logo":{"@type":"ImageObject","inLanguage":"en-GB","@id":"https:\/\/civilwordsaps.it\/#\/schema\/logo\/image\/","url":"https:\/\/civilwordsaps.it\/wp-content\/uploads\/2025\/08\/logo-civil-words.png","contentUrl":"https:\/\/civilwordsaps.it\/wp-content\/uploads\/2025\/08\/logo-civil-words.png","width":279,"height":105,"caption":"Civil Words"},"image":{"@id":"https:\/\/civilwordsaps.it\/#\/schema\/logo\/image\/"},"sameAs":["https:\/\/www.facebook.com\/CivWords","https:\/\/www.instagram.com\/civilwords\/","https:\/\/www.youtube.com\/@civilwords\/"]}]}},"_links":{"self":[{"href":"https:\/\/civilwordsaps.it\/en\/wp-json\/wp\/v2\/pages\/2618","targetHints":{"allow":["GET"]}}],"collection":[{"href":"https:\/\/civilwordsaps.it\/en\/wp-json\/wp\/v2\/pages"}],"about":[{"href":"https:\/\/civilwordsaps.it\/en\/wp-json\/wp\/v2\/types\/page"}],"author":[{"embeddable":true,"href":"https:\/\/civilwordsaps.it\/en\/wp-json\/wp\/v2\/users\/2"}],"replies":[{"embeddable":true,"href":"https:\/\/civilwordsaps.it\/en\/wp-json\/wp\/v2\/comments?post=2618"}],"version-history":[{"count":150,"href":"https:\/\/civilwordsaps.it\/en\/wp-json\/wp\/v2\/pages\/2618\/revisions"}],"predecessor-version":[{"id":5612,"href":"https:\/\/civilwordsaps.it\/en\/wp-json\/wp\/v2\/pages\/2618\/revisions\/5612"}],"up":[{"embeddable":true,"href":"https:\/\/civilwordsaps.it\/en\/wp-json\/wp\/v2\/pages\/793"}],"wp:attachment":[{"href":"https:\/\/civilwordsaps.it\/en\/wp-json\/wp\/v2\/media?parent=2618"}],"curies":[{"name":"wp","href":"https:\/\/api.w.org\/{rel}","templated":true}]}}